{"id":6611,"date":"2025-06-11T15:49:48","date_gmt":"2025-06-11T15:49:48","guid":{"rendered":"https:\/\/guides.muzee.it\/mnac\/guide\/lart-de-caminar\/"},"modified":"2026-01-16T12:25:49","modified_gmt":"2026-01-16T12:25:49","slug":"lart-de-caminar","status":"publish","type":"guide","link":"https:\/\/guides.muzee.it\/ca\/mnac\/guide\/lart-de-caminar\/","title":{"rendered":"L&#8217;art de caminar"},"content":{"rendered":"<section class=\"section  section-collapsible  mb-8\"\n    id=\"section-69eeffc4ef9aa\" data-title=\"Preparant el llen\u00e7.  Abans de la ruta\">\n          <div class=\"sticky z-10 w-full bg-bg  top-16 \">\n              <div role=\"button\" class=\"cursor-pointer\" tabindex=\"0\" data-toggle=\"collapse\"\n        data-target=\"#section-block_73e684c3b87fe80710066f1a10b0dc30-content\" data-group=\"sections\"\n        aria-controls=\"section-block_73e684c3b87fe80710066f1a10b0dc30-content\" aria-expanded=\"false\">\n              <h2 class=\"flex items-baseline text-3xl leading-tight font-headings !mb-0 pb-2\">\n                  <i class=\"mr-4 rtl:mr-0 rtl:ml-4 text-accent\">\n            <svg width=\"22\" height=\"21\" viewBox=\"0 0 22 21\" xmlns=\"http:\/\/www.w3.org\/2000\/svg\"><path d=\"M9.6875.5v15.2123l-7.337-6.9876L.5 10.5l10.5 10 10.5-10-1.8504-1.7623-7.3371 6.9746V.5z\" fill=\"currentColor\" fill-rule=\"nonzero\"\/><\/svg>\n          <\/i>\n                <span>Preparant el llen\u00e7. <br><small><em> Abans de la ruta<\/em><\/small><\/span>\n      <\/h2>\n                  <\/div>\n              <\/div>\n              <div id=\"section-block_73e684c3b87fe80710066f1a10b0dc30-content\"\n        class=\"overflow-hidden transition-[max-height] duration-300 max-h-0 collapse-flexible\">\n        \n    <div class=\"acf-innerblocks-container\">\n<div class=\"element audio-block\">\n  <div class=\"flex items-center\">\n            <div class=\"flex-1 info\">\n              <h3 class=\"text-xl font-bold\">L&#8217;art de caminar<\/h3>\n                          <div class=\"flex flex-wrap -mx-2 -mt-2\">\n                      <a href=\"#\" data-target=\"#transcription-4e7e2920dea4ca5ea56732fd9eb57c41\" data-toggle=\"modal\"\n              class=\"px-2 text-sm border-0 text-accent\">\n              <svg width=\"11\" height=\"12\" class=\"inline-block mr-1 text-accent\"\n                xmlns=\"http:\/\/www.w3.org\/2000\/svg\">\n                <path d=\"M0 0h11v9H8.7642v2.8481L5.5 9H0z\" fill=\"currentColor\" fill-rule=\"evenodd\" \/>\n              <\/svg>\n              <span class=\"underline underline-offset\">Transcripci\u00f3<\/span>\n            <\/a>\n                            <\/div>\n          <\/div>\n    <div class=\"flex flex-col items-center ml-4 audio-control rtl:ml-0 rtl:mr-4\">\n      <button class=\"flex items-center justify-center w-12 h-12 !p-0 !my-0 rounded-full btn !text-bg\"\n  data-target=\"#audio-4e7e2920dea4ca5ea56732fd9eb57c41\">\n  <svg width=\"100%\" height=\"100%\" viewBox=\"0 0 36 36\" version=\"1.1\" xmlns=\"http:\/\/www.w3.org\/2000\/svg\" xmlns:xlink=\"http:\/\/www.w3.org\/1999\/xlink\">\n  <path id=\"ytp-12\" d=\"M11,10 L18,13.74 18,22.28 11,26 M18,13.74 L26,18 26,18 18,22.28\" fill=\"currentColor\">\n    <animate id=\"animation\" begin=\"indefinite\" attributeType=\"XML\" attributeName=\"d\" fill=\"freeze\" from=\"M11,10 L17,10 17,26 11,26 M20,10 L26,10 26,26 20,26\" to=\"M11,10 L18,13.74 18,22.28 11,26 M18,13.74 L26,18 26,18 18,22.28\" dur=\"0.1s\" keySplines=\".4 0 1 1\" repeatCount=\"1\" data-play=\"M11,10 L18,13.74 18,22.28 11,26 M18,13.74 L26,18 26,18 18,22.28\" data-pause=\"M11,10 L17,10 17,26 11,26 M20,10 L26,10 26,26 20,26\"><\/animate>\n  <\/path>\n<\/svg>\n<\/button>\n      <div class=\"text-sm total-time\"><\/div>\n    <\/div>\n  <\/div>\n        <div class=\"audio-content\" dir=\"ltr\">\n      <audio id=\"audio-4e7e2920dea4ca5ea56732fd9eb57c41\" data-label=\"L&#039;art de caminar\"\n        data-category=\"00-Silvia-Bel-CAT-PREPARANT-EL-LLENC-LART-DE-CAMINAR_mezcla2-1.mp3\" class=\"hidden\" controls\n        src=\"https:\/\/guides.muzee.it\/app\/uploads\/2025\/06\/00-Silvia-Bel-CAT-PREPARANT-EL-LLENC-LART-DE-CAMINAR_mezcla2-1.mp3\"><\/audio>\n      <div class=\"mt-2 transition-opacity opacity-0 meta\">\n        <div class=\"flex items-end\" style=\"gap: 16px;\">\n          <div class=\"flex-1\">\n            <progress class=\"w-full border-0 appearance-none\" value=\"0\" max=\"1\"><\/progress>\n            <div class=\"flex justify-between text-sm\">\n              <div class=\"current-time\"><\/div>\n              <div class=\"total-time\"><\/div>\n            <\/div>\n          <\/div>\n                  <\/div>\n      <\/div>\n    <\/div>\n        <div id=\"transcription-4e7e2920dea4ca5ea56732fd9eb57c41\"\n  class=\"fixed inset-0 z-50 hidden w-screen h-screen opacity-0 pointer-events-none modal transcription\"\n  tabindex=\"-1\" role=\"dialog\">\n  <div class=\"absolute w-full h-full bg-black opacity-75 modal-overlay\"><\/div>\n  <div\n    class=\"absolute z-30 w-11\/12 mx-auto overflow-y-auto text-black bg-white shadow-lg modal-container center-xy md:max-w-4xl\"\n    role=\"document\">\n    <div class=\"flex items-center justify-between px-4 py-4 text-gray-700 border-b md:px-8\">\n      <h2 class=\"!mb-0 font-bold\">Transcripci\u00f3<\/h2>\n      <div class=\"z-50 flex flex-col items-center ml-auto cursor-pointer rtl:ml-0 rtl:mr-auto modal-close\">\n        <svg class=\"w-auto h-6\" width=\"18\" height=\"23\" xmlns=\"http:\/\/www.w3.org\/2000\/svg\">\n  <g stroke=\"currentColor\" fill=\"none\" fill-rule=\"evenodd\" stroke-linecap=\"square\">\n    <path d=\"M.7248.974l16.1076 20.6167M16.655 1.2654L.9097 22.1601\" \/>\n  <\/g>\n<\/svg>        <div class=\"hidden\">Close<\/div>\n      <\/div>\n    <\/div>\n    <div class=\"px-4 py-8 overflow-y-auto max-h-modal md:px-8 modal-content\">\n      <div class=\"mb-6\">\n                      <h3 class=\"text-xl font-bold\">L&#8217;art de caminar<\/h3>\n                            <\/div>\n            <p>Et donem la benvinguda a <em>L\u2019art de caminar<\/em>, un itinerari sonor d&#8217;arts i salut pels camins de <strong>Montju\u00efc<\/strong>.<\/p>\n<p>Et proposem una experi\u00e8ncia per gaudir sense presses de la natura i l\u2019art que et permetr\u00e0 connectar amb l&#8217;entorn i millorar el teu benestar. La pintura, l&#8217;escultura, la fotografia, la literatura i la m\u00fasica t&#8217;acompanyaran en aquest recorregut per la muntanya que envolta el <strong>MNAC<\/strong>. Un museu que s&#8217;obre en totes direccions, escampant els colors, les formes i les textures de les seves obres a cada flor, arbre o paisatge que trobar\u00e0s al llarg del cam\u00ed.<\/p>\n<p>Viatjar\u00e0s tamb\u00e9 al passat, a trav\u00e9s de la col\u00b7lecci\u00f3 de fotografia del museu i de filmacions antigues que preserva la<strong> Filmoteca de Catalunya<\/strong>. Si ho vols, tu tamb\u00e9 et podr\u00e0s convertir en artista, treure la c\u00e0mera (o el m\u00f2bil) i seguir els suggeriments fotogr\u00e0fics que et donarem per capturar la llum i els colors de la muntanya.<\/p>\n<p>L\u2019eina que et guiar\u00e0 \u00e9s aquesta <strong>WebApp<\/strong> que est\u00e0s consultant. Hi trobar\u00e0s els continguts de cada tram de la ruta i unes icones amb indicacions per orientar-te, aix\u00ed com suggeriments fotogr\u00e0fics i d&#8217;ampliaci\u00f3 de continguts. \u00c9s important que t&#8217;hi familiaritzis per treure tot el suc a l&#8217;activitat.<\/p>\n<p>Tamb\u00e9 et proposarem diverses indicacions i consells de salut preparats per professionals sanitaris de l\u2019<strong>Institut Catal\u00e0 de la Salut<\/strong> espec\u00edficament per <em>L&#8217;art de caminar<\/em> i que se centren en l\u2019exercici, la relaxaci\u00f3, la nutrici\u00f3, la concentraci\u00f3, el gaudi, l\u2019atenci\u00f3 plena i la respiraci\u00f3 aix\u00ed com propostes d\u2019estiraments musculars i d&#8217;higiene postural.<\/p>\n<p>La ruta comen\u00e7a al <strong>MNAC<\/strong> i et proposa un primer tram fins als <strong>jardins de Moss\u00e8n Cinto Verdaguer<\/strong>. Si vols continuar caminant, o reprendre la ruta un altre dia, hem preparat un segon tram fins al cim de <strong>Montju\u00efc<\/strong>, on hi ha el <strong>Castell de Montju\u00efc<\/strong>. Tamb\u00e9 et suggerim que la facis en diverses estacions de l\u2019any, per admirar les pinzellades de colors que va fent la natura sobre el paisatge, normalment molt amagades a la ciutat.<\/p>\n<p>Deixa\u2019t portar. Aquest moment \u00e9s nom\u00e9s per a tu, per respirar, per passejar i per sentir les passes com un metr\u00f2nom, com un ritme, com un batec.<\/p>\n    <\/div>\n  <\/div>\n<\/div>\n    <\/div>\n\n\n<div class=\"element content-in-icons\">\n    <div class=\"flex icons\">\n                                  <div data-target=\"0\" data-toggle=\"tab\"\n            class=\"flex flex-col items-center flex-1 cursor-pointer icon\">\n                          <div class=\"flex-shrink-0 w-10 h-10\">\n                <svg class=\"object-contain w-full h-auto\" xmlns=\"http:\/\/www.w3.org\/2000\/svg\" fill=\"none\" viewBox=\"0 0 40 40\"><path fill=\"currentColor\" fill-rule=\"evenodd\" d=\"M20 40c11.0457 0 20-8.9543 20-20S31.0457 0 20 0 0 8.9543 0 20s8.9543 20 20 20Zm9-22c0-4.9675-4.0325-9-9-9s-9 4.0325-9 9c0 2.6142 1.3929 5.2671 3.0896 7.4986 2.484 3.267 5.5896 5.6287 5.5896 5.6287h.0005a.529.529 0 0 0 .6406 0h.0005s3.1056-2.3617 5.5896-5.6287C27.6071 23.2671 29 20.6142 29 18Zm-12.7059 0c0-2.0451 1.6608-3.7059 3.7059-3.7059S23.7059 15.9549 23.7059 18 22.0451 21.7059 20 21.7059 16.2941 20.0451 16.2941 18Z\" clip-rule=\"evenodd\"\/><\/svg>\n              <\/div>\n                                      <span class=\"text-sm font-semibold leading-none text-center lg:text-base\">Orientaci\u00f3<\/span>\n                      <\/div>\n                                          <div data-target=\"1\" data-toggle=\"tab\"\n            class=\"flex flex-col items-center flex-1 cursor-pointer icon\">\n                          <div class=\"flex-shrink-0 w-10 h-10\">\n                <svg class=\"object-contain w-full h-auto\" fill=\"none\" xmlns=\"http:\/\/www.w3.org\/2000\/svg\" viewBox=\"0 0 40 40\">\n  <path fill-rule=\"evenodd\" clip-rule=\"evenodd\"\n    d=\"M20 40c11.046 0 20-8.954 20-20S31.046 0 20 0 0 8.954 0 20s8.954 20 20 20Zm-8.552-19.077c-1.93-2.049-1.932-5.342 0-7.388 1.931-2.047 5.04-2.047 6.972 0l1.585 1.679 1.574-1.669c1.932-2.046 5.041-2.046 6.973 0 1.93 2.047 1.93 5.342 0 7.388L19.995 30l-8.547-9.077Z\"\n    fill=\"currentColor\" \/>\n<\/svg>\n              <\/div>\n                                      <span class=\"text-sm font-semibold leading-none text-center lg:text-base\">Salut i benestar<\/span>\n                      <\/div>\n                  <\/div>\n\n    <div class=\"flex flex-col content\">\n      <div class=\"acf-innerblocks-container\">\n<div class=\"icon-tab-content overflow-hidden transition-[max-height] duration-300 max-h-0\">\n    <div class=\"pt-6\">\n      <div class=\"acf-innerblocks-container\">\n<div class=\"element audio-block\">\n  <div class=\"flex items-center\">\n            <div class=\"flex-1 info\">\n              <h3 class=\"text-xl font-bold\">Com arribar-hi<\/h3>\n                          <div class=\"flex flex-wrap -mx-2 -mt-2\">\n                      <a href=\"#\" data-target=\"#transcription-3469a580d6a156eb5083ab9320e673a9\" data-toggle=\"modal\"\n              class=\"px-2 text-sm border-0 text-accent\">\n              <svg width=\"11\" height=\"12\" class=\"inline-block mr-1 text-accent\"\n                xmlns=\"http:\/\/www.w3.org\/2000\/svg\">\n                <path d=\"M0 0h11v9H8.7642v2.8481L5.5 9H0z\" fill=\"currentColor\" fill-rule=\"evenodd\" \/>\n              <\/svg>\n              <span class=\"underline underline-offset\">Transcripci\u00f3<\/span>\n            <\/a>\n                            <\/div>\n          <\/div>\n    <div class=\"flex flex-col items-center ml-4 audio-control rtl:ml-0 rtl:mr-4\">\n      <button class=\"flex items-center justify-center w-12 h-12 !p-0 !my-0 rounded-full btn !text-bg\"\n  data-target=\"#audio-3469a580d6a156eb5083ab9320e673a9\">\n  <svg width=\"100%\" height=\"100%\" viewBox=\"0 0 36 36\" version=\"1.1\" xmlns=\"http:\/\/www.w3.org\/2000\/svg\" xmlns:xlink=\"http:\/\/www.w3.org\/1999\/xlink\">\n  <path id=\"ytp-12\" d=\"M11,10 L18,13.74 18,22.28 11,26 M18,13.74 L26,18 26,18 18,22.28\" fill=\"currentColor\">\n    <animate id=\"animation\" begin=\"indefinite\" attributeType=\"XML\" attributeName=\"d\" fill=\"freeze\" from=\"M11,10 L17,10 17,26 11,26 M20,10 L26,10 26,26 20,26\" to=\"M11,10 L18,13.74 18,22.28 11,26 M18,13.74 L26,18 26,18 18,22.28\" dur=\"0.1s\" keySplines=\".4 0 1 1\" repeatCount=\"1\" data-play=\"M11,10 L18,13.74 18,22.28 11,26 M18,13.74 L26,18 26,18 18,22.28\" data-pause=\"M11,10 L17,10 17,26 11,26 M20,10 L26,10 26,26 20,26\"><\/animate>\n  <\/path>\n<\/svg>\n<\/button>\n      <div class=\"text-sm total-time\"><\/div>\n    <\/div>\n  <\/div>\n        <div class=\"audio-content\" dir=\"ltr\">\n      <audio id=\"audio-3469a580d6a156eb5083ab9320e673a9\" data-label=\"Com arribar-hi\"\n        data-category=\"01-ORIENTACIO-CAT-COM-SHI-ARRIBA_mezcla2.mp3\" class=\"hidden\" controls\n        src=\"https:\/\/guides.muzee.it\/app\/uploads\/2025\/06\/01-ORIENTACIO-CAT-COM-SHI-ARRIBA_mezcla2.mp3\"><\/audio>\n      <div class=\"mt-2 transition-opacity opacity-0 meta\">\n        <div class=\"flex items-end\" style=\"gap: 16px;\">\n          <div class=\"flex-1\">\n            <progress class=\"w-full border-0 appearance-none\" value=\"0\" max=\"1\"><\/progress>\n            <div class=\"flex justify-between text-sm\">\n              <div class=\"current-time\"><\/div>\n              <div class=\"total-time\"><\/div>\n            <\/div>\n          <\/div>\n                  <\/div>\n      <\/div>\n    <\/div>\n        <div id=\"transcription-3469a580d6a156eb5083ab9320e673a9\"\n  class=\"fixed inset-0 z-50 hidden w-screen h-screen opacity-0 pointer-events-none modal transcription\"\n  tabindex=\"-1\" role=\"dialog\">\n  <div class=\"absolute w-full h-full bg-black opacity-75 modal-overlay\"><\/div>\n  <div\n    class=\"absolute z-30 w-11\/12 mx-auto overflow-y-auto text-black bg-white shadow-lg modal-container center-xy md:max-w-4xl\"\n    role=\"document\">\n    <div class=\"flex items-center justify-between px-4 py-4 text-gray-700 border-b md:px-8\">\n      <h2 class=\"!mb-0 font-bold\">Transcripci\u00f3<\/h2>\n      <div class=\"z-50 flex flex-col items-center ml-auto cursor-pointer rtl:ml-0 rtl:mr-auto modal-close\">\n        <svg class=\"w-auto h-6\" width=\"18\" height=\"23\" xmlns=\"http:\/\/www.w3.org\/2000\/svg\">\n  <g stroke=\"currentColor\" fill=\"none\" fill-rule=\"evenodd\" stroke-linecap=\"square\">\n    <path d=\"M.7248.974l16.1076 20.6167M16.655 1.2654L.9097 22.1601\" \/>\n  <\/g>\n<\/svg>        <div class=\"hidden\">Close<\/div>\n      <\/div>\n    <\/div>\n    <div class=\"px-4 py-8 overflow-y-auto max-h-modal md:px-8 modal-content\">\n      <div class=\"mb-6\">\n                      <h3 class=\"text-xl font-bold\">Com arribar-hi<\/h3>\n                            <\/div>\n            <p>La ruta comen\u00e7a a les escales de davant del <strong>Museu Nacional d&#8217;Art de Catalunya<\/strong>, a <strong>Montju\u00efc<\/strong>.<\/p>\n<p>Pots arribar fins a la<strong> pla\u00e7a Espanya<\/strong> amb la l\u00ednia 1 o la l\u00ednia 3 de metro o amb els Ferrocarrils de la Generalitat de Catalunya. Un cop surtis de l&#8217;estaci\u00f3 continua per l&#8217;<strong>avinguda Maria Cristina<\/strong>, passant per la font m\u00e0gica i les quatre barres fins a arribar a dalt de tot. A gaireb\u00e9 tot el tram hi pots trobar escales mec\u00e0niques per facilitar-te la pujada.<\/p>\n    <\/div>\n  <\/div>\n<\/div>\n    <\/div>\n\n\n<div class=\"element image-block\">\n      <div class=\"flex mb-4\">\n            <div class=\"flex-1 info\">\n                  <h3 class=\"text-xl font-bold\">Mapa<\/h3>\n                      <\/div>\n    <\/div>\n          <figure class=\"mb-0\">\n      <img loading=\"lazy\" decoding=\"async\" width=\"1800\" height=\"1080\" src=\"https:\/\/guides.muzee.it\/app\/uploads\/2025\/06\/Mapa-1.jpg\" class=\"block mx-auto\" alt=\"\" srcset=\"https:\/\/guides.muzee.it\/app\/uploads\/2025\/06\/Mapa-1.jpg 1800w, https:\/\/guides.muzee.it\/app\/uploads\/2025\/06\/Mapa-1-300x180.jpg 300w, https:\/\/guides.muzee.it\/app\/uploads\/2025\/06\/Mapa-1-1024x614.jpg 1024w, https:\/\/guides.muzee.it\/app\/uploads\/2025\/06\/Mapa-1-768x461.jpg 768w, https:\/\/guides.muzee.it\/app\/uploads\/2025\/06\/Mapa-1-1536x922.jpg 1536w\" sizes=\"auto, (max-width: 1800px) 100vw, 1800px\" \/>\n          <\/figure>\n    \n<\/div>\n\n<\/div>\n    <\/div>\n  <\/div>\n\n\n<div class=\"icon-tab-content overflow-hidden transition-[max-height] duration-300 max-h-0\">\n    <div class=\"pt-6\">\n      <div class=\"acf-innerblocks-container\">\n<div class=\"element audio-block\">\n  <div class=\"flex items-center\">\n            <div class=\"flex-1 info\">\n              <h3 class=\"text-xl font-bold\">Abans de comen\u00e7ar<\/h3>\n                          <div class=\"flex flex-wrap -mx-2 -mt-2\">\n                      <a href=\"#\" data-target=\"#transcription-3bacbc40ba726cb04cde7a3ea2193453\" data-toggle=\"modal\"\n              class=\"px-2 text-sm border-0 text-accent\">\n              <svg width=\"11\" height=\"12\" class=\"inline-block mr-1 text-accent\"\n                xmlns=\"http:\/\/www.w3.org\/2000\/svg\">\n                <path d=\"M0 0h11v9H8.7642v2.8481L5.5 9H0z\" fill=\"currentColor\" fill-rule=\"evenodd\" \/>\n              <\/svg>\n              <span class=\"underline underline-offset\">Transcripci\u00f3<\/span>\n            <\/a>\n                            <\/div>\n          <\/div>\n    <div class=\"flex flex-col items-center ml-4 audio-control rtl:ml-0 rtl:mr-4\">\n      <button class=\"flex items-center justify-center w-12 h-12 !p-0 !my-0 rounded-full btn !text-bg\"\n  data-target=\"#audio-3bacbc40ba726cb04cde7a3ea2193453\">\n  <svg width=\"100%\" height=\"100%\" viewBox=\"0 0 36 36\" version=\"1.1\" xmlns=\"http:\/\/www.w3.org\/2000\/svg\" xmlns:xlink=\"http:\/\/www.w3.org\/1999\/xlink\">\n  <path id=\"ytp-12\" d=\"M11,10 L18,13.74 18,22.28 11,26 M18,13.74 L26,18 26,18 18,22.28\" fill=\"currentColor\">\n    <animate id=\"animation\" begin=\"indefinite\" attributeType=\"XML\" attributeName=\"d\" fill=\"freeze\" from=\"M11,10 L17,10 17,26 11,26 M20,10 L26,10 26,26 20,26\" to=\"M11,10 L18,13.74 18,22.28 11,26 M18,13.74 L26,18 26,18 18,22.28\" dur=\"0.1s\" keySplines=\".4 0 1 1\" repeatCount=\"1\" data-play=\"M11,10 L18,13.74 18,22.28 11,26 M18,13.74 L26,18 26,18 18,22.28\" data-pause=\"M11,10 L17,10 17,26 11,26 M20,10 L26,10 26,26 20,26\"><\/animate>\n  <\/path>\n<\/svg>\n<\/button>\n      <div class=\"text-sm total-time\"><\/div>\n    <\/div>\n  <\/div>\n        <div class=\"audio-content\" dir=\"ltr\">\n      <audio id=\"audio-3bacbc40ba726cb04cde7a3ea2193453\" data-label=\"Abans de comen\u00e7ar\"\n        data-category=\"01-SALUT-CAT-ABANS-DE-COMENCAR_mezcla2.mp3\" class=\"hidden\" controls\n        src=\"https:\/\/guides.muzee.it\/app\/uploads\/2025\/06\/01-SALUT-CAT-ABANS-DE-COMENCAR_mezcla2.mp3\"><\/audio>\n      <div class=\"mt-2 transition-opacity opacity-0 meta\">\n        <div class=\"flex items-end\" style=\"gap: 16px;\">\n          <div class=\"flex-1\">\n            <progress class=\"w-full border-0 appearance-none\" value=\"0\" max=\"1\"><\/progress>\n            <div class=\"flex justify-between text-sm\">\n              <div class=\"current-time\"><\/div>\n              <div class=\"total-time\"><\/div>\n            <\/div>\n          <\/div>\n                  <\/div>\n      <\/div>\n    <\/div>\n        <div id=\"transcription-3bacbc40ba726cb04cde7a3ea2193453\"\n  class=\"fixed inset-0 z-50 hidden w-screen h-screen opacity-0 pointer-events-none modal transcription\"\n  tabindex=\"-1\" role=\"dialog\">\n  <div class=\"absolute w-full h-full bg-black opacity-75 modal-overlay\"><\/div>\n  <div\n    class=\"absolute z-30 w-11\/12 mx-auto overflow-y-auto text-black bg-white shadow-lg modal-container center-xy md:max-w-4xl\"\n    role=\"document\">\n    <div class=\"flex items-center justify-between px-4 py-4 text-gray-700 border-b md:px-8\">\n      <h2 class=\"!mb-0 font-bold\">Transcripci\u00f3<\/h2>\n      <div class=\"z-50 flex flex-col items-center ml-auto cursor-pointer rtl:ml-0 rtl:mr-auto modal-close\">\n        <svg class=\"w-auto h-6\" width=\"18\" height=\"23\" xmlns=\"http:\/\/www.w3.org\/2000\/svg\">\n  <g stroke=\"currentColor\" fill=\"none\" fill-rule=\"evenodd\" stroke-linecap=\"square\">\n    <path d=\"M.7248.974l16.1076 20.6167M16.655 1.2654L.9097 22.1601\" \/>\n  <\/g>\n<\/svg>        <div class=\"hidden\">Close<\/div>\n      <\/div>\n    <\/div>\n    <div class=\"px-4 py-8 overflow-y-auto max-h-modal md:px-8 modal-content\">\n      <div class=\"mb-6\">\n                      <h3 class=\"text-xl font-bold\">Abans de comen\u00e7ar<\/h3>\n                            <\/div>\n            <p>Abans de comen\u00e7ar et donarem uns consells de salut per gaudir al m\u00e0xim d\u2019aquesta experi\u00e8ncia.<\/p>\n<p><strong>Fotoprotecci\u00f3:<\/strong><br \/>\n&#8211; Aplica\u2019t una quantitat generosa de crema solar a la cara, orelles, coll, clatell i, en definitiva, a totes aquelles parts del cos que estiguin descobertes.<br \/>\n&#8211; Aplica\u2019t als llavis una barra labial amb protecci\u00f3 solar.<br \/>\n&#8211; Posa\u2019t les ulleres de sol i un barret o gorra (recorda que, com m\u00e9s gran sigui l\u2019ala, m\u00e9s et protegir\u00e0. Aix\u00ed doncs, no nom\u00e9s et protegir\u00e0 la pell de la cara, sin\u00f3 tamb\u00e9 la del clatell, el coll i l\u2019escot).<\/p>\n<p>Recorda que en dies ennuvolats o de pluja tamb\u00e9 cal protegir-se del sol. \u00c9s molt important seguir aquests consells de fotoprotecci\u00f3 per evitar les odiades cremades a la pell i, en definitiva, evitar a la nostra pell tot el dany solar que puguem. Acumular dany solar \u00e9s factor de risc per al desenvolupament de c\u00e0ncers a la pell, arrugues i taques solars.<\/p>\n<p><strong>Alimentaci\u00f3 saludable: <\/strong><br \/>\nHas esmorzat b\u00e9? Espero que s\u00ed! Tot seguit, et donarem unes idees d\u2019esmorzars saludables per fer a casa abans de comen\u00e7ar el dia:<br \/>\n&#8211; Una torrada integral amb formatge fresc<br \/>\n&#8211; Un iogurt amb maduixes i flocs de civada<br \/>\n&#8211; Una torrada integral amb ruca i tom\u00e0quet<br \/>\n&#8211; Una poma amb crema de cacauet<\/p>\n<p>Prefereixes endur-t\u2019ho? Doncs aqu\u00ed tens algunes idees de snacks saludables:<\/p>\n<p>&#8211; Pl\u00e0tan i fruits secs<br \/>\n&#8211; Bastonets integrals baixos en sal<br \/>\n&#8211; Entrepanet integral amb escalivada i tonyina natural<br \/>\n&#8211; Bastonets vegetals i hummus<br \/>\n&#8211; Una grapadeta de nous<br \/>\n&#8211; Entrepanet integral amb hummus, tom\u00e0quet i canonges<\/p>\n<p>Aix\u00f2 nom\u00e9s s\u00f3n algunes idees, a partir d\u2019aqu\u00ed&#8230; creativitat al poder!<\/p>\n<p><strong>Hidrataci\u00f3:<\/strong><br \/>\nBeus prou aigua? Recorda que la beguda principal ha de ser l\u2019aigua, porta\u2019n sempre a sobre una ampolla quan surtis a passejar. Durant el trajecte, ves fent glopets encara que no tinguis set. Si l\u2019aigua et sembla avorrida, aqu\u00ed tens alguns trucs:<br \/>\n&#8211; Infusions calentes o fredes<br \/>\n&#8211; Donar sabor a l\u2019aigua amb trossets de fruita: nabius i gerds, llimona o taronja, etc.<br \/>\n&#8211; Brou vegetal (per escalfar-nos a l\u2019hivern!)<\/p>\n<p><strong>Roba i cal\u00e7at: <\/strong><br \/>\n&#8211; Recorda portar roba c\u00f2moda i un cal\u00e7at adient. No facis grans passejades el dia que estrenes un cal\u00e7at nou, perqu\u00e8 et pot fer llagues<br \/>\n&#8211; Recorda fer servir els complements adequats per a l\u2019\u00e8poca de l\u2019any:<br \/>\n&#8211; Gorra o barret si fa sol<br \/>\n&#8211; Impermeable si hi ha n\u00favols o pot ploure<br \/>\n&#8211; Guants, barret i roba d\u2019abrigar si fa fred<\/p>\n<p><strong>Farmaciola: <\/strong><br \/>\n&#8211; Esparadrap<br \/>\n&#8211; Tiretes<br \/>\n&#8211; Benes d&#8217;entre 5 i 10 cm<br \/>\n&#8211; Ap\u00f2sits<br \/>\n&#8211; Punts de sutura<br \/>\n&#8211; Gases<br \/>\n&#8211; Guants<br \/>\n&#8211; Clorhexidina<br \/>\n&#8211; S\u00e8rum fisiol\u00f2gic<br \/>\n&#8211; Tisores<br \/>\n&#8211; Repel\u00b7lent d\u2019insectes i producte per a picadures<br \/>\n&#8211; Sucre<br \/>\n&#8211; Pomada per a cops<br \/>\n&#8211; Paracetamol<\/p>\n<p><strong>Qu\u00e8 fer si em marejo: <\/strong><br \/>\nEn primer lloc, agafar-se abans de caure a terra, si \u00e9s possible tombar-se amb les cames elevades en un angle de 45 graus i amb el cap cap a un costat per si es vomita. Afluixar la roba (cinturons, corbates, bufandes&#8230;) per respirar millor. Evitar que s&#8217;hi agrupin massa persones al voltant. Mantenir la posici\u00f3 tombada amb les cames a 45 graus durant 15 minuts, i si es troba millor incorporar-se a poc a poc.<br \/>\nEls marejos en general s\u00f3n causats per baixades de tensi\u00f3. Per millorar el mareig una vegada semi incorporats s\u2019ha de beure aigua, aix\u00ed es reposen l\u00edquids al cos i la tensi\u00f3 augmenta. Si la sensaci\u00f3 de mareig no millora, s\u2019ha d&#8217;acudir al centre de salut perqu\u00e8 un professional el valori.<\/p>\n<p><strong>Primeres cures si et fas mal: <\/strong><br \/>\nAl moment de fer-se mal si hi ha una lesi\u00f3 oberta, el primer que s\u2019ha de fer \u00e9s netejar molt b\u00e9 la ferida, si \u00e9s possible amb aigua (a raig) i sab\u00f3 i despr\u00e9s desinfectar-la amb algun antis\u00e8ptic. Si hi ha molt sagnat, es fa compressi\u00f3 amb una gasa neta fins que deixi de sagnar. Un cop s\u2019ha tallat l&#8217;hemorr\u00e0gia, es tapa per evitar que s&#8217;infecti i, en tot cas, si \u00e9s profunda o hi ha dubtes, millor que sigui valorada per un professional de la salut.\u2028En tot cas est\u00e0 b\u00e9 tenir la vacuna del t\u00e8tanus al dia.<\/p>\n    <\/div>\n  <\/div>\n<\/div>\n    <\/div>\n\n<\/div>\n    <\/div>\n  <\/div>\n\n<\/div>\n    <\/div>\n  <\/div>\n\n<\/div>\n          <\/div>\n      <\/section>\n\n\n<section class=\"section  section-collapsible  mb-8\"\n    id=\"section-69eeffc52634e\" data-title=\"1. El museu expandit. Inici al MNAC\">\n          <div class=\"sticky z-10 w-full bg-bg  top-16 \">\n              <div role=\"button\" class=\"cursor-pointer\" tabindex=\"0\" data-toggle=\"collapse\"\n        data-target=\"#section-block_0ce3587d809e39f2348d86cd6533a737-content\" data-group=\"sections\"\n        aria-controls=\"section-block_0ce3587d809e39f2348d86cd6533a737-content\" aria-expanded=\"false\">\n              <h2 class=\"flex items-baseline text-3xl leading-tight font-headings !mb-0 pb-2\">\n                  <i class=\"mr-4 rtl:mr-0 rtl:ml-4 text-accent\">\n            <svg width=\"22\" height=\"21\" viewBox=\"0 0 22 21\" xmlns=\"http:\/\/www.w3.org\/2000\/svg\"><path d=\"M9.6875.5v15.2123l-7.337-6.9876L.5 10.5l10.5 10 10.5-10-1.8504-1.7623-7.3371 6.9746V.5z\" fill=\"currentColor\" fill-rule=\"nonzero\"\/><\/svg>\n          <\/i>\n                <span>1. El museu expandit. <br><small><em>Inici al MNAC<\/em><\/small><\/span>\n      <\/h2>\n                  <\/div>\n              <\/div>\n              <div id=\"section-block_0ce3587d809e39f2348d86cd6533a737-content\"\n        class=\"overflow-hidden transition-[max-height] duration-300 max-h-0 collapse-flexible\">\n        \n    <div class=\"acf-innerblocks-container\">\n<div class=\"element audio-block\">\n  <div class=\"flex items-center\">\n            <div class=\"flex-1 info\">\n              <h3 class=\"text-xl font-bold\">El museu expandit<\/h3>\n                          <div class=\"flex flex-wrap -mx-2 -mt-2\">\n                      <a href=\"#\" data-target=\"#transcription-dc2ecbca6ff2e2660b40d5daa5ac5e47\" data-toggle=\"modal\"\n              class=\"px-2 text-sm border-0 text-accent\">\n              <svg width=\"11\" height=\"12\" class=\"inline-block mr-1 text-accent\"\n                xmlns=\"http:\/\/www.w3.org\/2000\/svg\">\n                <path d=\"M0 0h11v9H8.7642v2.8481L5.5 9H0z\" fill=\"currentColor\" fill-rule=\"evenodd\" \/>\n              <\/svg>\n              <span class=\"underline underline-offset\">Transcripci\u00f3<\/span>\n            <\/a>\n                            <\/div>\n          <\/div>\n    <div class=\"flex flex-col items-center ml-4 audio-control rtl:ml-0 rtl:mr-4\">\n      <button class=\"flex items-center justify-center w-12 h-12 !p-0 !my-0 rounded-full btn !text-bg\"\n  data-target=\"#audio-dc2ecbca6ff2e2660b40d5daa5ac5e47\">\n  <svg width=\"100%\" height=\"100%\" viewBox=\"0 0 36 36\" version=\"1.1\" xmlns=\"http:\/\/www.w3.org\/2000\/svg\" xmlns:xlink=\"http:\/\/www.w3.org\/1999\/xlink\">\n  <path id=\"ytp-12\" d=\"M11,10 L18,13.74 18,22.28 11,26 M18,13.74 L26,18 26,18 18,22.28\" fill=\"currentColor\">\n    <animate id=\"animation\" begin=\"indefinite\" attributeType=\"XML\" attributeName=\"d\" fill=\"freeze\" from=\"M11,10 L17,10 17,26 11,26 M20,10 L26,10 26,26 20,26\" to=\"M11,10 L18,13.74 18,22.28 11,26 M18,13.74 L26,18 26,18 18,22.28\" dur=\"0.1s\" keySplines=\".4 0 1 1\" repeatCount=\"1\" data-play=\"M11,10 L18,13.74 18,22.28 11,26 M18,13.74 L26,18 26,18 18,22.28\" data-pause=\"M11,10 L17,10 17,26 11,26 M20,10 L26,10 26,26 20,26\"><\/animate>\n  <\/path>\n<\/svg>\n<\/button>\n      <div class=\"text-sm total-time\"><\/div>\n    <\/div>\n  <\/div>\n        <div class=\"audio-content\" dir=\"ltr\">\n      <audio id=\"audio-dc2ecbca6ff2e2660b40d5daa5ac5e47\" data-label=\"El museu expandit\"\n        data-category=\"01-Silvia-Bel-CAT-EL-MUSEU-EXPANDIT-AUDIO-1-INICI-DE-LA-RUTA_mezcla3.mp3\" class=\"hidden\" controls\n        src=\"https:\/\/guides.muzee.it\/app\/uploads\/2025\/06\/01-Silvia-Bel-CAT-EL-MUSEU-EXPANDIT-AUDIO-1-INICI-DE-LA-RUTA_mezcla3.mp3\"><\/audio>\n      <div class=\"mt-2 transition-opacity opacity-0 meta\">\n        <div class=\"flex items-end\" style=\"gap: 16px;\">\n          <div class=\"flex-1\">\n            <progress class=\"w-full border-0 appearance-none\" value=\"0\" max=\"1\"><\/progress>\n            <div class=\"flex justify-between text-sm\">\n              <div class=\"current-time\"><\/div>\n              <div class=\"total-time\"><\/div>\n            <\/div>\n          <\/div>\n                  <\/div>\n      <\/div>\n    <\/div>\n        <div id=\"transcription-dc2ecbca6ff2e2660b40d5daa5ac5e47\"\n  class=\"fixed inset-0 z-50 hidden w-screen h-screen opacity-0 pointer-events-none modal transcription\"\n  tabindex=\"-1\" role=\"dialog\">\n  <div class=\"absolute w-full h-full bg-black opacity-75 modal-overlay\"><\/div>\n  <div\n    class=\"absolute z-30 w-11\/12 mx-auto overflow-y-auto text-black bg-white shadow-lg modal-container center-xy md:max-w-4xl\"\n    role=\"document\">\n    <div class=\"flex items-center justify-between px-4 py-4 text-gray-700 border-b md:px-8\">\n      <h2 class=\"!mb-0 font-bold\">Transcripci\u00f3<\/h2>\n      <div class=\"z-50 flex flex-col items-center ml-auto cursor-pointer rtl:ml-0 rtl:mr-auto modal-close\">\n        <svg class=\"w-auto h-6\" width=\"18\" height=\"23\" xmlns=\"http:\/\/www.w3.org\/2000\/svg\">\n  <g stroke=\"currentColor\" fill=\"none\" fill-rule=\"evenodd\" stroke-linecap=\"square\">\n    <path d=\"M.7248.974l16.1076 20.6167M16.655 1.2654L.9097 22.1601\" \/>\n  <\/g>\n<\/svg>        <div class=\"hidden\">Close<\/div>\n      <\/div>\n    <\/div>\n    <div class=\"px-4 py-8 overflow-y-auto max-h-modal md:px-8 modal-content\">\n      <div class=\"mb-6\">\n                      <h3 class=\"text-xl font-bold\">El museu expandit<\/h3>\n                            <\/div>\n            <p>Ara mateix et trobes a les grades exteriors del <strong>Palau Nacional<\/strong>, seu del <strong>Museu Nacional d\u2019Art de Catalunya<\/strong>.<\/p>\n<p>Tant si ja hi has vingut com si encara no, el <strong>MNAC<\/strong> \u00e9s un museu infinit amb una capacitat de sorprendre&#8217;t inacabable.<\/p>\n<p>Per exemple, aix\u00f2 que sents ara \u00e9s part <em><strong>OVAL<\/strong><\/em>, un projecte de l\u2019artista <strong>Fito Conesa<\/strong> que va fer reviure l\u2019orgue de la <strong>Sala Oval<\/strong> a partir de gravacions digitals amplificades pels tubs i que va comptar amb la col\u00b7laboraci\u00f3 de la cantant <strong>Maria Arnal<\/strong>. L&#8217;orgue va ser en el seu dia el m\u00e9s gran d\u2019Europa, per\u00f2 actualment est\u00e0 pendent d&#8217;una gran restauraci\u00f3 i ja no sona.<\/p>\n<p>Davant del <strong>Palau<\/strong> pots contemplar l\u2019<strong>avinguda Maria Cristina<\/strong>, un passeig monumental constru\u00eft per l&#8217;<strong>Exposici\u00f3 Internacional del 1929<\/strong>. I la font m\u00e0gica de <strong>Carles Bu\u00efgas<\/strong> encara desperta l&#8217;admiraci\u00f3 de mig m\u00f3n amb el seu espectacle d&#8217;aigua, llums i colors.<\/p>\n<p>L\u2019<strong>Exposici\u00f3 del 1929<\/strong> va transformar enormement la muntanya de <strong>Montju\u00efc<\/strong>, la va urbanitzar i la va connectar amb la ciutat. El seu aspecte actual i els parcs i els camins que recorrerem a partir d&#8217;ara s\u00f3n d&#8217;aquest moment hist\u00f2ric. Gr\u00e0cies a l\u2019avantguarda tecnol\u00f2gica i arquitect\u00f2nica, es van erigir edificis moderns i innovadors, brolladors d\u2019aigua espectaculars i m\u00e9s de 100 obeliscs il\u00b7luminats amb llum el\u00e8ctrica que van fer de l\u2019<strong>avinguda de la Reina Maria Cristina<\/strong>, que arriba fins a la <strong>pla\u00e7a Espanya<\/strong>, un espai \u00fanic. La ciutat mirava al futur a trav\u00e9s de la tecnologia i les arts, i \u00e9s que el tema de l&#8217;<strong>Exposici\u00f3<\/strong> era un aven\u00e7 fascinant: l\u2019electricitat.<\/p>\n<p>A partir d\u2019ara, comencem a passejar, seguint el ritme de les passes i les paraules, els sons i les olors\u2026 Ens endinsarem per camins i jardins per colors i textures, per poemes i contes, per paisatges i horitzons\u2026<\/p>\n<p>Per preparar-te i comen\u00e7ar la ruta escolta l&#8217;\u00e0udio de salut <em>Prepara el cos<\/em>, tamb\u00e9 pots escoltar el primer suggeriment fotogr\u00e0fic. A continuaci\u00f3, per arribar al primer tram de la ruta escolta l\u2019\u00e0udio d&#8217;<em>Orientaci\u00f3<\/em>.<\/p>\n    <\/div>\n  <\/div>\n<\/div>\n    <\/div>\n\n\n<div class=\"element gallery-block\">\n          <div class=\"relative overflow-hidden gallery swiper-container\">\n      <div class=\"swiper-wrapper\">\n                  <figure class=\"mb-0 swiper-slide\">\n            <img loading=\"lazy\" decoding=\"async\" width=\"1920\" height=\"1280\" src=\"https:\/\/guides.muzee.it\/app\/uploads\/2025\/06\/Copia-de-1.-INICI-MNAC.jpg\" class=\"block mx-auto\" alt=\"\" srcset=\"https:\/\/guides.muzee.it\/app\/uploads\/2025\/06\/Copia-de-1.-INICI-MNAC.jpg 1920w, https:\/\/guides.muzee.it\/app\/uploads\/2025\/06\/Copia-de-1.-INICI-MNAC-300x200.jpg 300w, https:\/\/guides.muzee.it\/app\/uploads\/2025\/06\/Copia-de-1.-INICI-MNAC-1024x683.jpg 1024w, https:\/\/guides.muzee.it\/app\/uploads\/2025\/06\/Copia-de-1.-INICI-MNAC-768x512.jpg 768w, https:\/\/guides.muzee.it\/app\/uploads\/2025\/06\/Copia-de-1.-INICI-MNAC-1536x1024.jpg 1536w\" sizes=\"auto, (max-width: 1920px) 100vw, 1920px\" \/>\n                      <\/figure>\n                  <figure class=\"mb-0 swiper-slide\">\n            <img loading=\"lazy\" decoding=\"async\" width=\"1920\" height=\"1280\" src=\"https:\/\/guides.muzee.it\/app\/uploads\/2025\/06\/Copia-de-2.-INICI-MNAC_Quatre-barres.jpg\" class=\"block mx-auto\" alt=\"\" srcset=\"https:\/\/guides.muzee.it\/app\/uploads\/2025\/06\/Copia-de-2.-INICI-MNAC_Quatre-barres.jpg 1920w, https:\/\/guides.muzee.it\/app\/uploads\/2025\/06\/Copia-de-2.-INICI-MNAC_Quatre-barres-300x200.jpg 300w, https:\/\/guides.muzee.it\/app\/uploads\/2025\/06\/Copia-de-2.-INICI-MNAC_Quatre-barres-1024x683.jpg 1024w, https:\/\/guides.muzee.it\/app\/uploads\/2025\/06\/Copia-de-2.-INICI-MNAC_Quatre-barres-768x512.jpg 768w, https:\/\/guides.muzee.it\/app\/uploads\/2025\/06\/Copia-de-2.-INICI-MNAC_Quatre-barres-1536x1024.jpg 1536w\" sizes=\"auto, (max-width: 1920px) 100vw, 1920px\" \/>\n                      <\/figure>\n                  <figure class=\"mb-0 swiper-slide\">\n            <img loading=\"lazy\" decoding=\"async\" width=\"1620\" height=\"1080\" src=\"https:\/\/guides.muzee.it\/app\/uploads\/2025\/06\/Copia-de-3.-INICI-MNAC_Escultura.jpg\" class=\"block mx-auto\" alt=\"\" srcset=\"https:\/\/guides.muzee.it\/app\/uploads\/2025\/06\/Copia-de-3.-INICI-MNAC_Escultura.jpg 1620w, https:\/\/guides.muzee.it\/app\/uploads\/2025\/06\/Copia-de-3.-INICI-MNAC_Escultura-300x200.jpg 300w, https:\/\/guides.muzee.it\/app\/uploads\/2025\/06\/Copia-de-3.-INICI-MNAC_Escultura-1024x683.jpg 1024w, https:\/\/guides.muzee.it\/app\/uploads\/2025\/06\/Copia-de-3.-INICI-MNAC_Escultura-768x512.jpg 768w, https:\/\/guides.muzee.it\/app\/uploads\/2025\/06\/Copia-de-3.-INICI-MNAC_Escultura-1536x1024.jpg 1536w\" sizes=\"auto, (max-width: 1620px) 100vw, 1620px\" \/>\n                      <\/figure>\n              <\/div>\n      <div class=\"inset-0 swiper-pagination w-fit\"><\/div>\n      <div class=\"swiper-button-prev\"><\/div>\n      <div class=\"swiper-button-next\"><\/div>\n    <\/div>\n  <\/div>\n\n\n<div class=\"element content-in-icons\">\n    <div class=\"flex icons\">\n                                  <div data-target=\"0\" data-toggle=\"tab\"\n            class=\"flex flex-col items-center flex-1 cursor-pointer icon\">\n                          <div class=\"flex-shrink-0 w-10 h-10\">\n                <svg class=\"object-contain w-full h-auto\" fill=\"none\" xmlns=\"http:\/\/www.w3.org\/2000\/svg\" viewBox=\"0 0 40 40\">\n  <path fill-rule=\"evenodd\" clip-rule=\"evenodd\"\n    d=\"M20 40c11.046 0 20-8.954 20-20S31.046 0 20 0 0 8.954 0 20s8.954 20 20 20Zm-8.552-19.077c-1.93-2.049-1.932-5.342 0-7.388 1.931-2.047 5.04-2.047 6.972 0l1.585 1.679 1.574-1.669c1.932-2.046 5.041-2.046 6.973 0 1.93 2.047 1.93 5.342 0 7.388L19.995 30l-8.547-9.077Z\"\n    fill=\"currentColor\" \/>\n<\/svg>\n              <\/div>\n                                      <span class=\"text-sm font-semibold leading-none text-center lg:text-base\">Salut<br>i benestar<\/span>\n                      <\/div>\n                                          <div data-target=\"1\" data-toggle=\"tab\"\n            class=\"flex flex-col items-center flex-1 cursor-pointer icon\">\n                          <div class=\"flex-shrink-0 w-10 h-10\">\n                <svg class=\"object-contain w-full h-auto\" xmlns=\"http:\/\/www.w3.org\/2000\/svg\" fill=\"none\" viewBox=\"0 0 40 41\"><path fill=\"currentColor\" fill-rule=\"evenodd\" d=\"M40 20.1541c0 11.0456-8.9543 20-20 20s-20-8.9544-20-20c0-11.0457 8.9543-20 20-20s20 8.9543 20 20Zm-20 4.6385c2.1628 0 3.9162-1.7533 3.9162-3.9162 0-2.1628-1.7534-3.9161-3.9162-3.9161s-3.9161 1.7533-3.9161 3.9161c0 2.1629 1.7533 3.9162 3.9161 3.9162Zm7.1395-11.0904h.935c1.7837 0 3.2298 1.4453 3.2298 3.2298v8.5792c0 1.7836-1.4461 3.2298-3.2298 3.2298h-16.149c-1.7837 0-3.2298-1.4462-3.2298-3.2298V16.932c0-1.7837 1.4461-3.2298 3.2298-3.2298h.935c.319 0 .4732 0 .5679-.0752.0886-.0703.1249-.2067.1951-.4707l.3795-1.107c.3403-.6374.503-.9966.7803-1.1991.358-.2614.9068-.2614 2.2751-.2614h5.8823c2.2857 0 2.2857.0001 2.9267 1.2171.0402.0763.0828.1573.1287.2434l.3796 1.107c.0168.055.0308.1046.0434.1493.0965.3419.112.3966.7204.3966Zm-12.5091 7.1742c0 2.9609 2.4087 5.3696 5.3696 5.3696s5.3696-2.4087 5.3696-5.3696S22.9609 15.5068 20 15.5068s-5.3696 2.4087-5.3696 5.3696Zm11.8212-3.8265c0 .4505.3649.8155.8155.8155.4505 0 .8155-.3658.8155-.8155a.8154.8154 0 0 0-.8155-.8156.8153.8153 0 0 0-.8155.8156Z\" clip-rule=\"evenodd\"\/><\/svg>\n              <\/div>\n                                      <span class=\"text-sm font-semibold leading-none text-center lg:text-base\">Suggeriments<br>fotogr\u00e0fics<\/span>\n                      <\/div>\n                                          <div data-target=\"2\" data-toggle=\"tab\"\n            class=\"flex flex-col items-center flex-1 cursor-pointer icon\">\n                          <div class=\"flex-shrink-0 w-10 h-10\">\n                <svg class=\"object-contain w-full h-auto\" xmlns=\"http:\/\/www.w3.org\/2000\/svg\" fill=\"none\" viewBox=\"0 0 40 41\"><path fill=\"currentColor\" fill-rule=\"evenodd\" d=\"M20 40.731c11.0457 0 20-8.9543 20-20s-8.9543-20-20-20-20 8.9543-20 20 8.9543 20 20 20Zm1.2245-21.2244h6.551c.6764 0 1.2245.548 1.2245 1.2244 0 .6765-.5481 1.2245-1.2245 1.2245h-6.551v6.5511c0 .6764-.5481 1.2244-1.2245 1.2244-.6764 0-1.2245-.548-1.2245-1.2244v-6.5511h-6.551c-.6764 0-1.2245-.548-1.2245-1.2245 0-.6764.5481-1.2244 1.2245-1.2244h6.551v-6.5511c0-.6764.5481-1.2245 1.2245-1.2245.6764 0 1.2245.5481 1.2245 1.2245v6.5511Z\" clip-rule=\"evenodd\"\/><\/svg>\n              <\/div>\n                                      <span class=\"text-sm font-semibold leading-none text-center lg:text-base\">M\u00e9s<br>contingut<\/span>\n                      <\/div>\n                                          <div data-target=\"3\" data-toggle=\"tab\"\n            class=\"flex flex-col items-center flex-1 cursor-pointer icon\">\n                          <div class=\"flex-shrink-0 w-10 h-10\">\n                <svg class=\"object-contain w-full h-auto\" xmlns=\"http:\/\/www.w3.org\/2000\/svg\" fill=\"none\" viewBox=\"0 0 40 40\"><path fill=\"currentColor\" fill-rule=\"evenodd\" d=\"M20 40c11.0457 0 20-8.9543 20-20S31.0457 0 20 0 0 8.9543 0 20s8.9543 20 20 20Zm9-22c0-4.9675-4.0325-9-9-9s-9 4.0325-9 9c0 2.6142 1.3929 5.2671 3.0896 7.4986 2.484 3.267 5.5896 5.6287 5.5896 5.6287h.0005a.529.529 0 0 0 .6406 0h.0005s3.1056-2.3617 5.5896-5.6287C27.6071 23.2671 29 20.6142 29 18Zm-12.7059 0c0-2.0451 1.6608-3.7059 3.7059-3.7059S23.7059 15.9549 23.7059 18 22.0451 21.7059 20 21.7059 16.2941 20.0451 16.2941 18Z\" clip-rule=\"evenodd\"\/><\/svg>\n              <\/div>\n                                      <span class=\"text-sm font-semibold leading-none text-center lg:text-base\">Orientaci\u00f3<\/span>\n                      <\/div>\n                  <\/div>\n\n    <div class=\"flex flex-col content\">\n      <div class=\"acf-innerblocks-container\">\n<div class=\"icon-tab-content overflow-hidden transition-[max-height] duration-300 max-h-0\">\n    <div class=\"pt-6\">\n      <div class=\"acf-innerblocks-container\">\n<div class=\"element audio-block\">\n  <div class=\"flex items-center\">\n            <div class=\"flex-1 info\">\n              <h3 class=\"text-xl font-bold\">Preparem el cos<\/h3>\n                          <div class=\"flex flex-wrap -mx-2 -mt-2\">\n                      <a href=\"#\" data-target=\"#transcription-91840dfd8c04a3a132bc76a2cc770280\" data-toggle=\"modal\"\n              class=\"px-2 text-sm border-0 text-accent\">\n              <svg width=\"11\" height=\"12\" class=\"inline-block mr-1 text-accent\"\n                xmlns=\"http:\/\/www.w3.org\/2000\/svg\">\n                <path d=\"M0 0h11v9H8.7642v2.8481L5.5 9H0z\" fill=\"currentColor\" fill-rule=\"evenodd\" \/>\n              <\/svg>\n              <span class=\"underline underline-offset\">Transcripci\u00f3<\/span>\n            <\/a>\n                            <\/div>\n          <\/div>\n    <div class=\"flex flex-col items-center ml-4 audio-control rtl:ml-0 rtl:mr-4\">\n      <button class=\"flex items-center justify-center w-12 h-12 !p-0 !my-0 rounded-full btn !text-bg\"\n  data-target=\"#audio-91840dfd8c04a3a132bc76a2cc770280\">\n  <svg width=\"100%\" height=\"100%\" viewBox=\"0 0 36 36\" version=\"1.1\" xmlns=\"http:\/\/www.w3.org\/2000\/svg\" xmlns:xlink=\"http:\/\/www.w3.org\/1999\/xlink\">\n  <path id=\"ytp-12\" d=\"M11,10 L18,13.74 18,22.28 11,26 M18,13.74 L26,18 26,18 18,22.28\" fill=\"currentColor\">\n    <animate id=\"animation\" begin=\"indefinite\" attributeType=\"XML\" attributeName=\"d\" fill=\"freeze\" from=\"M11,10 L17,10 17,26 11,26 M20,10 L26,10 26,26 20,26\" to=\"M11,10 L18,13.74 18,22.28 11,26 M18,13.74 L26,18 26,18 18,22.28\" dur=\"0.1s\" keySplines=\".4 0 1 1\" repeatCount=\"1\" data-play=\"M11,10 L18,13.74 18,22.28 11,26 M18,13.74 L26,18 26,18 18,22.28\" data-pause=\"M11,10 L17,10 17,26 11,26 M20,10 L26,10 26,26 20,26\"><\/animate>\n  <\/path>\n<\/svg>\n<\/button>\n      <div class=\"text-sm total-time\"><\/div>\n    <\/div>\n  <\/div>\n        <div class=\"audio-content\" dir=\"ltr\">\n      <audio id=\"audio-91840dfd8c04a3a132bc76a2cc770280\" data-label=\"Preparem el cos\"\n        data-category=\"02-SALUT-CAT-PRIMERA-PARADA_mezcla2.mp3\" class=\"hidden\" controls\n        src=\"https:\/\/guides.muzee.it\/app\/uploads\/2025\/06\/02-SALUT-CAT-PRIMERA-PARADA_mezcla2.mp3\"><\/audio>\n      <div class=\"mt-2 transition-opacity opacity-0 meta\">\n        <div class=\"flex items-end\" style=\"gap: 16px;\">\n          <div class=\"flex-1\">\n            <progress class=\"w-full border-0 appearance-none\" value=\"0\" max=\"1\"><\/progress>\n            <div class=\"flex justify-between text-sm\">\n              <div class=\"current-time\"><\/div>\n              <div class=\"total-time\"><\/div>\n            <\/div>\n          <\/div>\n                  <\/div>\n      <\/div>\n    <\/div>\n        <div id=\"transcription-91840dfd8c04a3a132bc76a2cc770280\"\n  class=\"fixed inset-0 z-50 hidden w-screen h-screen opacity-0 pointer-events-none modal transcription\"\n  tabindex=\"-1\" role=\"dialog\">\n  <div class=\"absolute w-full h-full bg-black opacity-75 modal-overlay\"><\/div>\n  <div\n    class=\"absolute z-30 w-11\/12 mx-auto overflow-y-auto text-black bg-white shadow-lg modal-container center-xy md:max-w-4xl\"\n    role=\"document\">\n    <div class=\"flex items-center justify-between px-4 py-4 text-gray-700 border-b md:px-8\">\n      <h2 class=\"!mb-0 font-bold\">Transcripci\u00f3<\/h2>\n      <div class=\"z-50 flex flex-col items-center ml-auto cursor-pointer rtl:ml-0 rtl:mr-auto modal-close\">\n        <svg class=\"w-auto h-6\" width=\"18\" height=\"23\" xmlns=\"http:\/\/www.w3.org\/2000\/svg\">\n  <g stroke=\"currentColor\" fill=\"none\" fill-rule=\"evenodd\" stroke-linecap=\"square\">\n    <path d=\"M.7248.974l16.1076 20.6167M16.655 1.2654L.9097 22.1601\" \/>\n  <\/g>\n<\/svg>        <div class=\"hidden\">Close<\/div>\n      <\/div>\n    <\/div>\n    <div class=\"px-4 py-8 overflow-y-auto max-h-modal md:px-8 modal-content\">\n      <div class=\"mb-6\">\n                      <h3 class=\"text-xl font-bold\">Preparem el cos<\/h3>\n                            <\/div>\n            <p><strong>Preparem el cos per a aquesta aventura!\u00a0<\/strong><\/p>\n<p>&#8211; Fes rotacions suaus amb les espatlles cap endavant i cap enrere.<br \/>\n&#8211; Mou el cap suaument a la dreta i a l\u2019esquerra.<br \/>\n&#8211; Mou el cap suaument endavant i endarrere.<br \/>\n&#8211; Ajunta els dits de les dues mans, entrella\u00e7a els dits entre si i fes moviments suaus amb els canells en una direcci\u00f3 i en l&#8217;altra.<br \/>\n&#8211; Amb les cames una mica separades, posa les mans als malucs i fes girs suaus amb la cintura cap a la dreta. Canvia el sentit i ves cap a l\u2019esquerra.<br \/>\n&#8211; Ajunta les cames, recolza les mans als genolls i, sense que aquests se separin, ves fent cercles amb les cames cap a la dreta. Despr\u00e9s, fes els girs cap a l\u2019esquerra.<br \/>\n&#8211; Porta el pes del cos sobre el peu esquerre. Amb el peu dret, toca el terra amb la punta del peu i, despr\u00e9s, amb el tal\u00f3. Quan acabis, repeteix el procediment amb l\u2019altre peu.<\/p>\n<p>Ja pots comen\u00e7ar!<\/p>\n    <\/div>\n  <\/div>\n<\/div>\n    <\/div>\n\n<\/div>\n    <\/div>\n  <\/div>\n\n\n<div class=\"icon-tab-content overflow-hidden transition-[max-height] duration-300 max-h-0\">\n    <div class=\"pt-6\">\n      <div class=\"acf-innerblocks-container\">\n<div class=\"element audio-block\">\n  <div class=\"flex items-center\">\n            <div class=\"flex-1 info\">\n              <h3 class=\"text-xl font-bold\">La fotografia, l\u2019art d\u2019observar<\/h3>\n                          <div class=\"flex flex-wrap -mx-2 -mt-2\">\n                      <a href=\"#\" data-target=\"#transcription-282e94b3c7474f610c62b946c472385d\" data-toggle=\"modal\"\n              class=\"px-2 text-sm border-0 text-accent\">\n              <svg width=\"11\" height=\"12\" class=\"inline-block mr-1 text-accent\"\n                xmlns=\"http:\/\/www.w3.org\/2000\/svg\">\n                <path d=\"M0 0h11v9H8.7642v2.8481L5.5 9H0z\" fill=\"currentColor\" fill-rule=\"evenodd\" \/>\n              <\/svg>\n              <span class=\"underline underline-offset\">Transcripci\u00f3<\/span>\n            <\/a>\n                            <\/div>\n          <\/div>\n    <div class=\"flex flex-col items-center ml-4 audio-control rtl:ml-0 rtl:mr-4\">\n      <button class=\"flex items-center justify-center w-12 h-12 !p-0 !my-0 rounded-full btn !text-bg\"\n  data-target=\"#audio-282e94b3c7474f610c62b946c472385d\">\n  <svg width=\"100%\" height=\"100%\" viewBox=\"0 0 36 36\" version=\"1.1\" xmlns=\"http:\/\/www.w3.org\/2000\/svg\" xmlns:xlink=\"http:\/\/www.w3.org\/1999\/xlink\">\n  <path id=\"ytp-12\" d=\"M11,10 L18,13.74 18,22.28 11,26 M18,13.74 L26,18 26,18 18,22.28\" fill=\"currentColor\">\n    <animate id=\"animation\" begin=\"indefinite\" attributeType=\"XML\" attributeName=\"d\" fill=\"freeze\" from=\"M11,10 L17,10 17,26 11,26 M20,10 L26,10 26,26 20,26\" to=\"M11,10 L18,13.74 18,22.28 11,26 M18,13.74 L26,18 26,18 18,22.28\" dur=\"0.1s\" keySplines=\".4 0 1 1\" repeatCount=\"1\" data-play=\"M11,10 L18,13.74 18,22.28 11,26 M18,13.74 L26,18 26,18 18,22.28\" data-pause=\"M11,10 L17,10 17,26 11,26 M20,10 L26,10 26,26 20,26\"><\/animate>\n  <\/path>\n<\/svg>\n<\/button>\n      <div class=\"text-sm total-time\"><\/div>\n    <\/div>\n  <\/div>\n        <div class=\"audio-content\" dir=\"ltr\">\n      <audio id=\"audio-282e94b3c7474f610c62b946c472385d\" data-label=\"La fotografia, l\u2019art d\u2019observar\"\n        data-category=\"01-FOTO-CAT-CLIP-1-PUNT-INICI_mezcla2-1.mp3\" class=\"hidden\" controls\n        src=\"https:\/\/guides.muzee.it\/app\/uploads\/2025\/06\/01-FOTO-CAT-CLIP-1-PUNT-INICI_mezcla2-1.mp3\"><\/audio>\n      <div class=\"mt-2 transition-opacity opacity-0 meta\">\n        <div class=\"flex items-end\" style=\"gap: 16px;\">\n          <div class=\"flex-1\">\n            <progress class=\"w-full border-0 appearance-none\" value=\"0\" max=\"1\"><\/progress>\n            <div class=\"flex justify-between text-sm\">\n              <div class=\"current-time\"><\/div>\n              <div class=\"total-time\"><\/div>\n            <\/div>\n          <\/div>\n                  <\/div>\n      <\/div>\n    <\/div>\n        <div id=\"transcription-282e94b3c7474f610c62b946c472385d\"\n  class=\"fixed inset-0 z-50 hidden w-screen h-screen opacity-0 pointer-events-none modal transcription\"\n  tabindex=\"-1\" role=\"dialog\">\n  <div class=\"absolute w-full h-full bg-black opacity-75 modal-overlay\"><\/div>\n  <div\n    class=\"absolute z-30 w-11\/12 mx-auto overflow-y-auto text-black bg-white shadow-lg modal-container center-xy md:max-w-4xl\"\n    role=\"document\">\n    <div class=\"flex items-center justify-between px-4 py-4 text-gray-700 border-b md:px-8\">\n      <h2 class=\"!mb-0 font-bold\">Transcripci\u00f3<\/h2>\n      <div class=\"z-50 flex flex-col items-center ml-auto cursor-pointer rtl:ml-0 rtl:mr-auto modal-close\">\n        <svg class=\"w-auto h-6\" width=\"18\" height=\"23\" xmlns=\"http:\/\/www.w3.org\/2000\/svg\">\n  <g stroke=\"currentColor\" fill=\"none\" fill-rule=\"evenodd\" stroke-linecap=\"square\">\n    <path d=\"M.7248.974l16.1076 20.6167M16.655 1.2654L.9097 22.1601\" \/>\n  <\/g>\n<\/svg>        <div class=\"hidden\">Close<\/div>\n      <\/div>\n    <\/div>\n    <div class=\"px-4 py-8 overflow-y-auto max-h-modal md:px-8 modal-content\">\n      <div class=\"mb-6\">\n                      <h3 class=\"text-xl font-bold\">La fotografia, l\u2019art d\u2019observar<\/h3>\n                            <\/div>\n            <p>En aquest itinerari de <em>L\u2019art de caminar<\/em>\u00a0tamb\u00e9 podr\u00e0s gaudir de l\u2019art de la fotografia mentre el practiques! Al llarg de la ruta t\u2019anirem donant petits suggeriments fotogr\u00e0fics perqu\u00e8 puguis experimentar amb la teva c\u00e0mera (o m\u00f2bil) i ser tu tamb\u00e9 un artista!<\/p>\n<p>Paisatges naturals, escultures i monuments hist\u00f2rics, arbres de mil formes i flors de mil colors, juntament amb les millors vistes de la ciutat, s\u00f3n el marc perfecte per atrevir-te a comen\u00e7ar a fer fotografies o perfeccionar-les.<\/p>\n<p>La fotografia s\u00f3n moltes coses i s\u2019utilitza per a moltes m\u00e9s. Per\u00f2 en aquest itinerari ens ajudar\u00e0 a tenir un moment de calma i ser\u00e0 l\u2019eina que ens faciliti observar el nostre voltant. Ens permetr\u00e0 dirigir la mirada atenta, meravellar-nos amb el m\u00f3n que ens envolta i en totes aquelles coses a qu\u00e8 fa refer\u00e8ncia <strong>Merc\u00e8 Rodoreda<\/strong> quan escrivia que \u201cles coses importants s\u00f3n les que no ho semblen\u201d.<\/p>\n<p>L\u2019art de la fotografia \u00e9s m\u00e9s que fer clic a un bot\u00f3. Cal entrenar la mirada i observar els paisatges en constant moviment, decidir qu\u00e8 es vol fotografiar, com, per\u00f2, sobretot, per qu\u00e8. La fotografia comen\u00e7a a n\u00e9ixer quan mires el teu voltant i el sents.<\/p>\n<p>Per fer fotografies ens cal una c\u00e0mera fotogr\u00e0fica. S\u2019han de con\u00e8ixer aspectes t\u00e8cnics com l\u2019\u00f2ptica, el diafragma, l\u2019obturador o la sensibilitat. Per\u00f2, avui dia, les c\u00e0meres autom\u00e0tiques i els tel\u00e8fons m\u00f2bils faciliten molt el fet de poder fer fotografies i anar aprenent a poc a poc tots els elements t\u00e8cnics. Per aix\u00f2 aquests consells fotogr\u00e0fics estan pensats per fer fotografies amb el m\u00f2bil.<\/p>\n<p><strong>Per\u00f2, per comen\u00e7ar, et donarem uns consells inicials molt b\u00e0sics a tenir en compte a l\u2019hora de fer fotografies:<\/strong><\/p>\n<p>&#8211;<strong>Neteja l\u2019\u00f2ptica de la c\u00e0mera:<\/strong> per aquesta petita obertura entra la llum que crear\u00e0 la fotografia; com m\u00e9s neta i clara pugui entrar la llum, millor. \u00c9s molt f\u00e0cil que l\u2019\u00f2ptica de la c\u00e0mera del m\u00f2bil s\u2019embruti, sobretot per les ditades en tenir-lo a les mans. Pots netejar-la amb un drap suau i sec, llis o de microfibra. O, en el cas que no en tinguis, pots netejar-la suaument amb una samarreta de cot\u00f3, tot fent moviments circulars.<\/p>\n<p>&#8211;<strong>Evita fer fotografies a contrallum:<\/strong> si tens el sol de cara, els objectes que estar\u00e0s fotografiant quedaran m\u00e9s enfosquits i poden apar\u00e8ixer aberracions lum\u00edniques a la imatge. Sempre que puguis, has de tenir la font de llum (en aquest cas, el sol) a l\u2019esquena o en un lateral.<\/p>\n<p>-Has de tenir present que la llum del dia t\u00e9 una import\u00e0ncia clau en el resultat de la fotografia; si fa un sol radiant o el dia est\u00e0 ennuvolat, les fotos tindran un resultat diferent, les textures, les ombres i la temperatura de la llum canviaran.<\/p>\n<p>-Les millors hores per fer fotos s\u00f3n ben d\u2019hora al mat\u00ed o cap al tard al vespre. La llum del migdia provoca un contrast molt alt entre llums i ombres, encara que tamb\u00e9 es pot utilitzar com a punt fort si art\u00edsticament es busquen grans contrastos de llum.<\/p>\n<p>Des del mirador del <strong>MNAC<\/strong> tens una panor\u00e0mica impressionant fins al <strong>Tibidabo<\/strong>, una imatge que val la pena capturar! O tamb\u00e9 pots comen\u00e7ar amb petits detalls de les escultures que tens al voltant. Al llarg dels diversos trams de la ruta t\u2019anirem donant petits consells i t\u00e8cniques. Per\u00f2 recorda-ho: quan ja es dominen les t\u00e8cniques, un bon artista les trenca!<\/p>\n    <\/div>\n  <\/div>\n<\/div>\n    <\/div>\n\n\n<div class=\"element gallery-block\">\n          <div class=\"relative overflow-hidden gallery swiper-container\">\n      <div class=\"swiper-wrapper\">\n                  <figure class=\"mb-0 swiper-slide\">\n            <img loading=\"lazy\" decoding=\"async\" width=\"1620\" height=\"1080\" src=\"https:\/\/guides.muzee.it\/app\/uploads\/2025\/06\/1.-SF_Quatre-barres.jpg\" class=\"block mx-auto\" alt=\"\" srcset=\"https:\/\/guides.muzee.it\/app\/uploads\/2025\/06\/1.-SF_Quatre-barres.jpg 1620w, https:\/\/guides.muzee.it\/app\/uploads\/2025\/06\/1.-SF_Quatre-barres-300x200.jpg 300w, https:\/\/guides.muzee.it\/app\/uploads\/2025\/06\/1.-SF_Quatre-barres-1024x683.jpg 1024w, https:\/\/guides.muzee.it\/app\/uploads\/2025\/06\/1.-SF_Quatre-barres-768x512.jpg 768w, https:\/\/guides.muzee.it\/app\/uploads\/2025\/06\/1.-SF_Quatre-barres-1536x1024.jpg 1536w\" sizes=\"auto, (max-width: 1620px) 100vw, 1620px\" \/>\n                      <\/figure>\n                  <figure class=\"mb-0 swiper-slide\">\n            <img loading=\"lazy\" decoding=\"async\" width=\"1920\" height=\"1280\" src=\"https:\/\/guides.muzee.it\/app\/uploads\/2025\/06\/2.-SF_Gerros.jpg\" class=\"block mx-auto\" alt=\"\" srcset=\"https:\/\/guides.muzee.it\/app\/uploads\/2025\/06\/2.-SF_Gerros.jpg 1920w, https:\/\/guides.muzee.it\/app\/uploads\/2025\/06\/2.-SF_Gerros-300x200.jpg 300w, https:\/\/guides.muzee.it\/app\/uploads\/2025\/06\/2.-SF_Gerros-1024x683.jpg 1024w, https:\/\/guides.muzee.it\/app\/uploads\/2025\/06\/2.-SF_Gerros-768x512.jpg 768w, https:\/\/guides.muzee.it\/app\/uploads\/2025\/06\/2.-SF_Gerros-1536x1024.jpg 1536w\" sizes=\"auto, (max-width: 1920px) 100vw, 1920px\" \/>\n                      <\/figure>\n                  <figure class=\"mb-0 swiper-slide\">\n            <img loading=\"lazy\" decoding=\"async\" width=\"1620\" height=\"1080\" src=\"https:\/\/guides.muzee.it\/app\/uploads\/2025\/06\/3.-SF_Escales.jpg\" class=\"block mx-auto\" alt=\"\" srcset=\"https:\/\/guides.muzee.it\/app\/uploads\/2025\/06\/3.-SF_Escales.jpg 1620w, https:\/\/guides.muzee.it\/app\/uploads\/2025\/06\/3.-SF_Escales-300x200.jpg 300w, https:\/\/guides.muzee.it\/app\/uploads\/2025\/06\/3.-SF_Escales-1024x683.jpg 1024w, https:\/\/guides.muzee.it\/app\/uploads\/2025\/06\/3.-SF_Escales-768x512.jpg 768w, https:\/\/guides.muzee.it\/app\/uploads\/2025\/06\/3.-SF_Escales-1536x1024.jpg 1536w\" sizes=\"auto, (max-width: 1620px) 100vw, 1620px\" \/>\n                      <\/figure>\n              <\/div>\n      <div class=\"inset-0 swiper-pagination w-fit\"><\/div>\n      <div class=\"swiper-button-prev\"><\/div>\n      <div class=\"swiper-button-next\"><\/div>\n    <\/div>\n  <\/div>\n\n<\/div>\n    <\/div>\n  <\/div>\n\n\n<div class=\"icon-tab-content overflow-hidden transition-[max-height] duration-300 max-h-0\">\n    <div class=\"pt-6\">\n      <div class=\"acf-innerblocks-container\">\n<div class=\"element gallery-block\">\n          <div class=\"relative overflow-hidden gallery swiper-container\">\n      <div class=\"swiper-wrapper\">\n                  <figure class=\"mb-0 swiper-slide\">\n            <img loading=\"lazy\" decoding=\"async\" width=\"1695\" height=\"1080\" src=\"https:\/\/guides.muzee.it\/app\/uploads\/2025\/06\/Copia-de-123561-000_012722.jpg\" class=\"block mx-auto\" alt=\"\" srcset=\"https:\/\/guides.muzee.it\/app\/uploads\/2025\/06\/Copia-de-123561-000_012722.jpg 1695w, https:\/\/guides.muzee.it\/app\/uploads\/2025\/06\/Copia-de-123561-000_012722-300x191.jpg 300w, https:\/\/guides.muzee.it\/app\/uploads\/2025\/06\/Copia-de-123561-000_012722-1024x652.jpg 1024w, https:\/\/guides.muzee.it\/app\/uploads\/2025\/06\/Copia-de-123561-000_012722-768x489.jpg 768w, https:\/\/guides.muzee.it\/app\/uploads\/2025\/06\/Copia-de-123561-000_012722-1536x979.jpg 1536w\" sizes=\"auto, (max-width: 1695px) 100vw, 1695px\" \/>\n                      <\/figure>\n                  <figure class=\"mb-0 swiper-slide\">\n            <img loading=\"lazy\" decoding=\"async\" width=\"858\" height=\"1080\" src=\"https:\/\/guides.muzee.it\/app\/uploads\/2025\/06\/Copia-de-208770-000_012723.jpg\" class=\"block mx-auto\" alt=\"\" srcset=\"https:\/\/guides.muzee.it\/app\/uploads\/2025\/06\/Copia-de-208770-000_012723.jpg 858w, https:\/\/guides.muzee.it\/app\/uploads\/2025\/06\/Copia-de-208770-000_012723-238x300.jpg 238w, https:\/\/guides.muzee.it\/app\/uploads\/2025\/06\/Copia-de-208770-000_012723-814x1024.jpg 814w, https:\/\/guides.muzee.it\/app\/uploads\/2025\/06\/Copia-de-208770-000_012723-768x967.jpg 768w\" sizes=\"auto, (max-width: 858px) 100vw, 858px\" \/>\n                      <\/figure>\n                  <figure class=\"mb-0 swiper-slide\">\n            <img loading=\"lazy\" decoding=\"async\" width=\"1752\" height=\"1080\" src=\"https:\/\/guides.muzee.it\/app\/uploads\/2025\/06\/Copia-de-214211-000_059745.jpg\" class=\"block mx-auto\" alt=\"\" srcset=\"https:\/\/guides.muzee.it\/app\/uploads\/2025\/06\/Copia-de-214211-000_059745.jpg 1752w, https:\/\/guides.muzee.it\/app\/uploads\/2025\/06\/Copia-de-214211-000_059745-300x185.jpg 300w, https:\/\/guides.muzee.it\/app\/uploads\/2025\/06\/Copia-de-214211-000_059745-1024x631.jpg 1024w, https:\/\/guides.muzee.it\/app\/uploads\/2025\/06\/Copia-de-214211-000_059745-768x473.jpg 768w, https:\/\/guides.muzee.it\/app\/uploads\/2025\/06\/Copia-de-214211-000_059745-1536x947.jpg 1536w\" sizes=\"auto, (max-width: 1752px) 100vw, 1752px\" \/>\n                      <\/figure>\n                  <figure class=\"mb-0 swiper-slide\">\n            <img loading=\"lazy\" decoding=\"async\" width=\"1760\" height=\"1080\" src=\"https:\/\/guides.muzee.it\/app\/uploads\/2025\/06\/Copia-de-214213-000_059739.jpg\" class=\"block mx-auto\" alt=\"\" srcset=\"https:\/\/guides.muzee.it\/app\/uploads\/2025\/06\/Copia-de-214213-000_059739.jpg 1760w, https:\/\/guides.muzee.it\/app\/uploads\/2025\/06\/Copia-de-214213-000_059739-300x184.jpg 300w, https:\/\/guides.muzee.it\/app\/uploads\/2025\/06\/Copia-de-214213-000_059739-1024x628.jpg 1024w, https:\/\/guides.muzee.it\/app\/uploads\/2025\/06\/Copia-de-214213-000_059739-768x471.jpg 768w, https:\/\/guides.muzee.it\/app\/uploads\/2025\/06\/Copia-de-214213-000_059739-1536x943.jpg 1536w\" sizes=\"auto, (max-width: 1760px) 100vw, 1760px\" \/>\n                      <\/figure>\n              <\/div>\n      <div class=\"inset-0 swiper-pagination w-fit\"><\/div>\n      <div class=\"swiper-button-prev\"><\/div>\n      <div class=\"swiper-button-next\"><\/div>\n    <\/div>\n  <\/div>\n\n\n<div class=\"element video-block\">\n          <div class=\"embed-responsive\"><iframe loading=\"lazy\" title=\"MNAC ITINERARI MONTJUI\u0308C - EXPOSICIO\u0301 p3\" width=\"640\" height=\"360\" src=\"https:\/\/www.youtube.com\/embed\/5NmtDCb5y_c?feature=oembed\" frameborder=\"0\" allow=\"accelerometer; autoplay; clipboard-write; encrypted-media; gyroscope; picture-in-picture; web-share\" referrerpolicy=\"strict-origin-when-cross-origin\" allowfullscreen><\/iframe><\/div>\n    \n<\/div>\n\n\n<div class=\"element video-block\">\n          <div class=\"embed-responsive\"><iframe loading=\"lazy\" title=\"MNAC FITO CONESA TEASER Murmuri Latent p2\" width=\"640\" height=\"360\" src=\"https:\/\/www.youtube.com\/embed\/TH-7cZTdJfw?feature=oembed\" frameborder=\"0\" allow=\"accelerometer; autoplay; clipboard-write; encrypted-media; gyroscope; picture-in-picture; web-share\" referrerpolicy=\"strict-origin-when-cross-origin\" allowfullscreen><\/iframe><\/div>\n    \n<\/div>\n\n<\/div>\n    <\/div>\n  <\/div>\n\n\n<div class=\"icon-tab-content overflow-hidden transition-[max-height] duration-300 max-h-0\">\n    <div class=\"pt-6\">\n      <div class=\"acf-innerblocks-container\">\n<div class=\"element audio-block\">\n  <div class=\"flex items-center\">\n            <div class=\"flex-1 info\">\n              <h3 class=\"text-xl font-bold\">Inici de la ruta: del MNAC al jard\u00ed de Laribal<\/h3>\n                          <div class=\"flex flex-wrap -mx-2 -mt-2\">\n                      <a href=\"#\" data-target=\"#transcription-39c9a63b9204c76d188529da102a2746\" data-toggle=\"modal\"\n              class=\"px-2 text-sm border-0 text-accent\">\n              <svg width=\"11\" height=\"12\" class=\"inline-block mr-1 text-accent\"\n                xmlns=\"http:\/\/www.w3.org\/2000\/svg\">\n                <path d=\"M0 0h11v9H8.7642v2.8481L5.5 9H0z\" fill=\"currentColor\" fill-rule=\"evenodd\" \/>\n              <\/svg>\n              <span class=\"underline underline-offset\">Transcripci\u00f3<\/span>\n            <\/a>\n                            <\/div>\n          <\/div>\n    <div class=\"flex flex-col items-center ml-4 audio-control rtl:ml-0 rtl:mr-4\">\n      <button class=\"flex items-center justify-center w-12 h-12 !p-0 !my-0 rounded-full btn !text-bg\"\n  data-target=\"#audio-39c9a63b9204c76d188529da102a2746\">\n  <svg width=\"100%\" height=\"100%\" viewBox=\"0 0 36 36\" version=\"1.1\" xmlns=\"http:\/\/www.w3.org\/2000\/svg\" xmlns:xlink=\"http:\/\/www.w3.org\/1999\/xlink\">\n  <path id=\"ytp-12\" d=\"M11,10 L18,13.74 18,22.28 11,26 M18,13.74 L26,18 26,18 18,22.28\" fill=\"currentColor\">\n    <animate id=\"animation\" begin=\"indefinite\" attributeType=\"XML\" attributeName=\"d\" fill=\"freeze\" from=\"M11,10 L17,10 17,26 11,26 M20,10 L26,10 26,26 20,26\" to=\"M11,10 L18,13.74 18,22.28 11,26 M18,13.74 L26,18 26,18 18,22.28\" dur=\"0.1s\" keySplines=\".4 0 1 1\" repeatCount=\"1\" data-play=\"M11,10 L18,13.74 18,22.28 11,26 M18,13.74 L26,18 26,18 18,22.28\" data-pause=\"M11,10 L17,10 17,26 11,26 M20,10 L26,10 26,26 20,26\"><\/animate>\n  <\/path>\n<\/svg>\n<\/button>\n      <div class=\"text-sm total-time\"><\/div>\n    <\/div>\n  <\/div>\n        <div class=\"audio-content\" dir=\"ltr\">\n      <audio id=\"audio-39c9a63b9204c76d188529da102a2746\" data-label=\"Inici de la ruta: del MNAC al jard\u00ed de Laribal\"\n        data-category=\"02-ORIENTACIO-CAT-INICI-DE-LA-RUTA-versio-1_mezcla2-1.mp3\" class=\"hidden\" controls\n        src=\"https:\/\/guides.muzee.it\/app\/uploads\/2025\/06\/02-ORIENTACIO-CAT-INICI-DE-LA-RUTA-versio-1_mezcla2-1.mp3\"><\/audio>\n      <div class=\"mt-2 transition-opacity opacity-0 meta\">\n        <div class=\"flex items-end\" style=\"gap: 16px;\">\n          <div class=\"flex-1\">\n            <progress class=\"w-full border-0 appearance-none\" value=\"0\" max=\"1\"><\/progress>\n            <div class=\"flex justify-between text-sm\">\n              <div class=\"current-time\"><\/div>\n              <div class=\"total-time\"><\/div>\n            <\/div>\n          <\/div>\n                  <\/div>\n      <\/div>\n    <\/div>\n        <div id=\"transcription-39c9a63b9204c76d188529da102a2746\"\n  class=\"fixed inset-0 z-50 hidden w-screen h-screen opacity-0 pointer-events-none modal transcription\"\n  tabindex=\"-1\" role=\"dialog\">\n  <div class=\"absolute w-full h-full bg-black opacity-75 modal-overlay\"><\/div>\n  <div\n    class=\"absolute z-30 w-11\/12 mx-auto overflow-y-auto text-black bg-white shadow-lg modal-container center-xy md:max-w-4xl\"\n    role=\"document\">\n    <div class=\"flex items-center justify-between px-4 py-4 text-gray-700 border-b md:px-8\">\n      <h2 class=\"!mb-0 font-bold\">Transcripci\u00f3<\/h2>\n      <div class=\"z-50 flex flex-col items-center ml-auto cursor-pointer rtl:ml-0 rtl:mr-auto modal-close\">\n        <svg class=\"w-auto h-6\" width=\"18\" height=\"23\" xmlns=\"http:\/\/www.w3.org\/2000\/svg\">\n  <g stroke=\"currentColor\" fill=\"none\" fill-rule=\"evenodd\" stroke-linecap=\"square\">\n    <path d=\"M.7248.974l16.1076 20.6167M16.655 1.2654L.9097 22.1601\" \/>\n  <\/g>\n<\/svg>        <div class=\"hidden\">Close<\/div>\n      <\/div>\n    <\/div>\n    <div class=\"px-4 py-8 overflow-y-auto max-h-modal md:px-8 modal-content\">\n      <div class=\"mb-6\">\n                      <h3 class=\"text-xl font-bold\">Inici de la ruta: del MNAC al jard\u00ed de Laribal<\/h3>\n                            <\/div>\n            <p>Ens dirigim als<strong> jardins de Laribal<\/strong>. Ets a les escales del mirador del <strong>MNAC<\/strong> i amb la ciutat als teus peus. Ves cap a la dreta cap a l\u2019avinguda dels Montanyans. Abans de girar cap a la dreta a la carretera que trobar\u00e0s, no te n&#8217;estiguis de donar un cop d&#8217;ull a les fant\u00e0stiques vistes de la ciutat des del mirador.<\/p>\n<p>Un cop a l\u2019avinguda travessa-la pel pas de vianants i passa per la petita pla\u00e7a amb bancs i envoltada d&#8217;arbres.<\/p>\n<p>Baixa les escales que trobar\u00e0s al final a l&#8217;esquerra i un cop a la carretera a m\u00e0 la dreta hi veur\u00e0s el <strong>Museu Etnol\u00f2gic<\/strong>.<\/p>\n<p>Dirigeix-t&#8217;hi a trav\u00e9s del pas de vianants, puja uns 20 metres i trobar\u00e0s la senyalitzaci\u00f3 de l\u2019entrada als <strong>jardins de Laribal<\/strong>, on hi ha el roserar de la colla de l\u2019Arr\u00f2s.<\/p>\n    <\/div>\n  <\/div>\n<\/div>\n    <\/div>\n\n\n<div class=\"element image-block\">\n      <div class=\"flex mb-4\">\n            <div class=\"flex-1 info\">\n                  <h3 class=\"text-xl font-bold\">Mapa<\/h3>\n                      <\/div>\n    <\/div>\n          <figure class=\"mb-0\">\n      <img loading=\"lazy\" decoding=\"async\" width=\"1800\" height=\"1080\" src=\"https:\/\/guides.muzee.it\/app\/uploads\/2025\/06\/Mapa-2.jpg\" class=\"block mx-auto\" alt=\"\" srcset=\"https:\/\/guides.muzee.it\/app\/uploads\/2025\/06\/Mapa-2.jpg 1800w, https:\/\/guides.muzee.it\/app\/uploads\/2025\/06\/Mapa-2-300x180.jpg 300w, https:\/\/guides.muzee.it\/app\/uploads\/2025\/06\/Mapa-2-1024x614.jpg 1024w, https:\/\/guides.muzee.it\/app\/uploads\/2025\/06\/Mapa-2-768x461.jpg 768w, https:\/\/guides.muzee.it\/app\/uploads\/2025\/06\/Mapa-2-1536x922.jpg 1536w\" sizes=\"auto, (max-width: 1800px) 100vw, 1800px\" \/>\n          <\/figure>\n    \n<\/div>\n\n<\/div>\n    <\/div>\n  <\/div>\n\n<\/div>\n    <\/div>\n  <\/div>\n\n<\/div>\n          <\/div>\n      <\/section>\n\n\n<section class=\"section  section-collapsible  mb-8\"\n    id=\"section-69eeffc541125\" data-title=\"2. La simetria en la natura. Jardins de Laribal\">\n          <div class=\"sticky z-10 w-full bg-bg  top-16 \">\n              <div role=\"button\" class=\"cursor-pointer\" tabindex=\"0\" data-toggle=\"collapse\"\n        data-target=\"#section-block_2eb982a611bb945f17170b4c8ac97616-content\" data-group=\"sections\"\n        aria-controls=\"section-block_2eb982a611bb945f17170b4c8ac97616-content\" aria-expanded=\"false\">\n              <h2 class=\"flex items-baseline text-3xl leading-tight font-headings !mb-0 pb-2\">\n                  <i class=\"mr-4 rtl:mr-0 rtl:ml-4 text-accent\">\n            <svg width=\"22\" height=\"21\" viewBox=\"0 0 22 21\" xmlns=\"http:\/\/www.w3.org\/2000\/svg\"><path d=\"M9.6875.5v15.2123l-7.337-6.9876L.5 10.5l10.5 10 10.5-10-1.8504-1.7623-7.3371 6.9746V.5z\" fill=\"currentColor\" fill-rule=\"nonzero\"\/><\/svg>\n          <\/i>\n                <span>2. La simetria en la natura. <br><small><em>Jardins de Laribal<\/em><\/small><\/span>\n      <\/h2>\n                  <\/div>\n              <\/div>\n              <div id=\"section-block_2eb982a611bb945f17170b4c8ac97616-content\"\n        class=\"overflow-hidden transition-[max-height] duration-300 max-h-0 collapse-flexible\">\n        \n    <div class=\"acf-innerblocks-container\">\n<div class=\"element audio-block\">\n  <div class=\"flex items-center\">\n            <div class=\"flex-1 info\">\n              <h3 class=\"text-xl font-bold\">Jardins de Laribal &#8211; Del roserar de la colla de l\u2019arr\u00f2s a la font de la cer\u00e0mica<\/h3>\n                          <div class=\"flex flex-wrap -mx-2 -mt-2\">\n                      <a href=\"#\" data-target=\"#transcription-2457472e5ad5eed8d259ef1cb56642d9\" data-toggle=\"modal\"\n              class=\"px-2 text-sm border-0 text-accent\">\n              <svg width=\"11\" height=\"12\" class=\"inline-block mr-1 text-accent\"\n                xmlns=\"http:\/\/www.w3.org\/2000\/svg\">\n                <path d=\"M0 0h11v9H8.7642v2.8481L5.5 9H0z\" fill=\"currentColor\" fill-rule=\"evenodd\" \/>\n              <\/svg>\n              <span class=\"underline underline-offset\">Transcripci\u00f3<\/span>\n            <\/a>\n                            <\/div>\n          <\/div>\n    <div class=\"flex flex-col items-center ml-4 audio-control rtl:ml-0 rtl:mr-4\">\n      <button class=\"flex items-center justify-center w-12 h-12 !p-0 !my-0 rounded-full btn !text-bg\"\n  data-target=\"#audio-2457472e5ad5eed8d259ef1cb56642d9\">\n  <svg width=\"100%\" height=\"100%\" viewBox=\"0 0 36 36\" version=\"1.1\" xmlns=\"http:\/\/www.w3.org\/2000\/svg\" xmlns:xlink=\"http:\/\/www.w3.org\/1999\/xlink\">\n  <path id=\"ytp-12\" d=\"M11,10 L18,13.74 18,22.28 11,26 M18,13.74 L26,18 26,18 18,22.28\" fill=\"currentColor\">\n    <animate id=\"animation\" begin=\"indefinite\" attributeType=\"XML\" attributeName=\"d\" fill=\"freeze\" from=\"M11,10 L17,10 17,26 11,26 M20,10 L26,10 26,26 20,26\" to=\"M11,10 L18,13.74 18,22.28 11,26 M18,13.74 L26,18 26,18 18,22.28\" dur=\"0.1s\" keySplines=\".4 0 1 1\" repeatCount=\"1\" data-play=\"M11,10 L18,13.74 18,22.28 11,26 M18,13.74 L26,18 26,18 18,22.28\" data-pause=\"M11,10 L17,10 17,26 11,26 M20,10 L26,10 26,26 20,26\"><\/animate>\n  <\/path>\n<\/svg>\n<\/button>\n      <div class=\"text-sm total-time\"><\/div>\n    <\/div>\n  <\/div>\n        <div class=\"audio-content\" dir=\"ltr\">\n      <audio id=\"audio-2457472e5ad5eed8d259ef1cb56642d9\" data-label=\"Jardins de Laribal - Del roserar de la colla de l\u2019arr\u00f2s a la font de la cer\u00e0mica\"\n        data-category=\"02-Silvia-Bel-CAT-1R-TRAM-AUDIO-2_mezcla2.mp3\" class=\"hidden\" controls\n        src=\"https:\/\/guides.muzee.it\/app\/uploads\/2025\/06\/02-Silvia-Bel-CAT-1R-TRAM-AUDIO-2_mezcla2.mp3\"><\/audio>\n      <div class=\"mt-2 transition-opacity opacity-0 meta\">\n        <div class=\"flex items-end\" style=\"gap: 16px;\">\n          <div class=\"flex-1\">\n            <progress class=\"w-full border-0 appearance-none\" value=\"0\" max=\"1\"><\/progress>\n            <div class=\"flex justify-between text-sm\">\n              <div class=\"current-time\"><\/div>\n              <div class=\"total-time\"><\/div>\n            <\/div>\n          <\/div>\n                  <\/div>\n      <\/div>\n    <\/div>\n        <div id=\"transcription-2457472e5ad5eed8d259ef1cb56642d9\"\n  class=\"fixed inset-0 z-50 hidden w-screen h-screen opacity-0 pointer-events-none modal transcription\"\n  tabindex=\"-1\" role=\"dialog\">\n  <div class=\"absolute w-full h-full bg-black opacity-75 modal-overlay\"><\/div>\n  <div\n    class=\"absolute z-30 w-11\/12 mx-auto overflow-y-auto text-black bg-white shadow-lg modal-container center-xy md:max-w-4xl\"\n    role=\"document\">\n    <div class=\"flex items-center justify-between px-4 py-4 text-gray-700 border-b md:px-8\">\n      <h2 class=\"!mb-0 font-bold\">Transcripci\u00f3<\/h2>\n      <div class=\"z-50 flex flex-col items-center ml-auto cursor-pointer rtl:ml-0 rtl:mr-auto modal-close\">\n        <svg class=\"w-auto h-6\" width=\"18\" height=\"23\" xmlns=\"http:\/\/www.w3.org\/2000\/svg\">\n  <g stroke=\"currentColor\" fill=\"none\" fill-rule=\"evenodd\" stroke-linecap=\"square\">\n    <path d=\"M.7248.974l16.1076 20.6167M16.655 1.2654L.9097 22.1601\" \/>\n  <\/g>\n<\/svg>        <div class=\"hidden\">Close<\/div>\n      <\/div>\n    <\/div>\n    <div class=\"px-4 py-8 overflow-y-auto max-h-modal md:px-8 modal-content\">\n      <div class=\"mb-6\">\n                      <h3 class=\"text-xl font-bold\">Jardins de Laribal &#8211; Del roserar de la colla de l\u2019arr\u00f2s a la font de la cer\u00e0mica<\/h3>\n                            <\/div>\n            <p>Tot perfilant per la dreta el <strong>Museu Etnol\u00f2gic<\/strong>, ens endinsem en els primers jardins de la ruta, els <strong>jardins de Laribal<\/strong>. Un rac\u00f3 de <strong>Montju\u00efc<\/strong> extens, bell i ple d\u2019harmonia, de fonts naturals i de celebracions populars.<\/p>\n<p>Just on som ara, pots contemplar el roserar on es reunia a finals del segle XIX i principis del XX la <strong>Societat Gastron\u00f2mica i Pol\u00edtica de la Colla de l\u2019Arr\u00f2s<\/strong>. De fet, els terrenys que ocupa l\u2019actual <strong>Museu Etnol\u00f2gic<\/strong> hi havia hagut l&#8217;ara desaparegut <strong>pavell\u00f3 Balaguer<\/strong>, constru\u00eft el 1917 per<strong> Puig i Cadafalch<\/strong> i anomenat aix\u00ed en honor a <strong>V\u00edctor Balaguer<\/strong>, escriptor, periodista, pol\u00edtic i una de les figures principals de la <strong>Renaixen\u00e7a<\/strong> a m\u00e9s de membre destacat de la <strong>Colla de l\u2019Arr\u00f2s<\/strong>.<\/p>\n<p>En general, per\u00f2, a les nombroses fonts de <strong>Montju\u00efc<\/strong> s\u2019hi agrupaven les classes populars per celebrar-hi dates assenyalades, com la revetlla de Sant Joan o l\u2019enterrament de la sardina a la fi del Carnaval. Tamb\u00e9 per gaudir d\u2019un diumenge d\u2019esbarjo al voltant de l\u2019aigua, una tradici\u00f3 ancestral i que en el cas de <strong>Montju\u00efc<\/strong> venia de lluny, de quan la muntanya era un estol de terres de conreu, masies i ermites.<\/p>\n<p>Les fontades, que aix\u00ed s&#8217;anomenaven aquestes tradicionals trobades, es van popularitzar encara m\u00e9s durant l&#8217;embranzida industrial de la ciutat. <strong>Montju\u00efc<\/strong> era un oasi de tranquil\u00b7litat en uns temps convulsos. Una oportunitat de contacte amb la natura i un espai per compartir amb els altres bon menjar, m\u00fasica i rialles.<\/p>\n<p>Avui, el jard\u00ed encara \u00e9s un espai tranquil i de rep\u00f2s on passejar i perdre\u2019s pels racons, en solitud o en companyia. Un refugi del brogit des del qual sentir el batec del temps i regalar-se un moment de pausa. A Barcelona tenim aquesta muntanya de jardins que \u00e9s <strong>Montju\u00efc<\/strong>. Passegem, doncs, entre aquests rosers tot contemplant el seu esclat de verd i de color.<\/p>\n<p>Deixem enrere el roserar i la p\u00e8rgola, i arribarem a la<strong> Font de Cer\u00e0mica<\/strong> dissenyada per <strong>Llorens Artigas<\/strong> en els <strong>jardins de Laribal<\/strong>, que duen el nom del propietari del terreny a qui l\u2019ajuntament els va comprar el 1908 amb l\u2019objectiu d\u2019embellir la muntanya per l\u2019<strong>Exposici\u00f3 Internacional<\/strong>. Els jardins, dissenyats pel paisatgista franc\u00e8s <strong>Jean-Claude Nicolas Forestier<\/strong> amb l\u2019ajut de<strong> Nicolau Rubi\u00f3 i Tudur\u00ed<\/strong>, van ser constru\u00efts entre 1916 i 1919 per enc\u00e0rrec de<strong> Josep Camb\u00f3<\/strong>, va incorporar un estil paisatg\u00edstic d\u2019arrel mediterr\u00e0nia que tant beu de la tradici\u00f3 cl\u00e0ssica com del m\u00f3n \u00e0rab.<\/p>\n<p>En els diversos espais del recinte tamb\u00e9 hi pots trobar diverses escultures que guarneixen l\u2019espai, unes obres que dialoguen perfectament amb la tranquil\u00b7litat i la calma de l&#8217;entorn.<\/p>\n<p><strong>&#8211; Mira:<\/strong> en aquest punt pots escoltar l\u2019\u00e0udio de <em>S<\/em><em>uggeriments fotogr\u00e0fics<\/em> i practicar fent fotografies a la font de la cer\u00e0mica.<br \/>\n<strong>&#8211; Escolta:<\/strong> seu en un dels bancs que envolten la font i sent el suau murmuri de l\u2019aigua que regalima de la font o el cant viu dels ocells.<\/p>\n    <\/div>\n  <\/div>\n<\/div>\n    <\/div>\n\n\n<div class=\"element audio-block\">\n  <div class=\"flex items-center\">\n            <div class=\"flex-1 info\">\n              <h3 class=\"text-xl font-bold\">Jardins de Laribal &#8211; De la Font del Gat a les cascades del Generalife<\/h3>\n                          <div class=\"flex flex-wrap -mx-2 -mt-2\">\n                      <a href=\"#\" data-target=\"#transcription-a7a6522574b7ab19ddfa96946e72ebf3\" data-toggle=\"modal\"\n              class=\"px-2 text-sm border-0 text-accent\">\n              <svg width=\"11\" height=\"12\" class=\"inline-block mr-1 text-accent\"\n                xmlns=\"http:\/\/www.w3.org\/2000\/svg\">\n                <path d=\"M0 0h11v9H8.7642v2.8481L5.5 9H0z\" fill=\"currentColor\" fill-rule=\"evenodd\" \/>\n              <\/svg>\n              <span class=\"underline underline-offset\">Transcripci\u00f3<\/span>\n            <\/a>\n                            <\/div>\n          <\/div>\n    <div class=\"flex flex-col items-center ml-4 audio-control rtl:ml-0 rtl:mr-4\">\n      <button class=\"flex items-center justify-center w-12 h-12 !p-0 !my-0 rounded-full btn !text-bg\"\n  data-target=\"#audio-a7a6522574b7ab19ddfa96946e72ebf3\">\n  <svg width=\"100%\" height=\"100%\" viewBox=\"0 0 36 36\" version=\"1.1\" xmlns=\"http:\/\/www.w3.org\/2000\/svg\" xmlns:xlink=\"http:\/\/www.w3.org\/1999\/xlink\">\n  <path id=\"ytp-12\" d=\"M11,10 L18,13.74 18,22.28 11,26 M18,13.74 L26,18 26,18 18,22.28\" fill=\"currentColor\">\n    <animate id=\"animation\" begin=\"indefinite\" attributeType=\"XML\" attributeName=\"d\" fill=\"freeze\" from=\"M11,10 L17,10 17,26 11,26 M20,10 L26,10 26,26 20,26\" to=\"M11,10 L18,13.74 18,22.28 11,26 M18,13.74 L26,18 26,18 18,22.28\" dur=\"0.1s\" keySplines=\".4 0 1 1\" repeatCount=\"1\" data-play=\"M11,10 L18,13.74 18,22.28 11,26 M18,13.74 L26,18 26,18 18,22.28\" data-pause=\"M11,10 L17,10 17,26 11,26 M20,10 L26,10 26,26 20,26\"><\/animate>\n  <\/path>\n<\/svg>\n<\/button>\n      <div class=\"text-sm total-time\"><\/div>\n    <\/div>\n  <\/div>\n        <div class=\"audio-content\" dir=\"ltr\">\n      <audio id=\"audio-a7a6522574b7ab19ddfa96946e72ebf3\" data-label=\"Jardins de Laribal - De la Font del Gat a les cascades del Generalife\"\n        data-category=\"03-Silvia-Bel-CAT-1R-TRAM-AUDIO-3_mezcla2.mp3\" class=\"hidden\" controls\n        src=\"https:\/\/guides.muzee.it\/app\/uploads\/2025\/06\/03-Silvia-Bel-CAT-1R-TRAM-AUDIO-3_mezcla2.mp3\"><\/audio>\n      <div class=\"mt-2 transition-opacity opacity-0 meta\">\n        <div class=\"flex items-end\" style=\"gap: 16px;\">\n          <div class=\"flex-1\">\n            <progress class=\"w-full border-0 appearance-none\" value=\"0\" max=\"1\"><\/progress>\n            <div class=\"flex justify-between text-sm\">\n              <div class=\"current-time\"><\/div>\n              <div class=\"total-time\"><\/div>\n            <\/div>\n          <\/div>\n                  <\/div>\n      <\/div>\n    <\/div>\n        <div id=\"transcription-a7a6522574b7ab19ddfa96946e72ebf3\"\n  class=\"fixed inset-0 z-50 hidden w-screen h-screen opacity-0 pointer-events-none modal transcription\"\n  tabindex=\"-1\" role=\"dialog\">\n  <div class=\"absolute w-full h-full bg-black opacity-75 modal-overlay\"><\/div>\n  <div\n    class=\"absolute z-30 w-11\/12 mx-auto overflow-y-auto text-black bg-white shadow-lg modal-container center-xy md:max-w-4xl\"\n    role=\"document\">\n    <div class=\"flex items-center justify-between px-4 py-4 text-gray-700 border-b md:px-8\">\n      <h2 class=\"!mb-0 font-bold\">Transcripci\u00f3<\/h2>\n      <div class=\"z-50 flex flex-col items-center ml-auto cursor-pointer rtl:ml-0 rtl:mr-auto modal-close\">\n        <svg class=\"w-auto h-6\" width=\"18\" height=\"23\" xmlns=\"http:\/\/www.w3.org\/2000\/svg\">\n  <g stroke=\"currentColor\" fill=\"none\" fill-rule=\"evenodd\" stroke-linecap=\"square\">\n    <path d=\"M.7248.974l16.1076 20.6167M16.655 1.2654L.9097 22.1601\" \/>\n  <\/g>\n<\/svg>        <div class=\"hidden\">Close<\/div>\n      <\/div>\n    <\/div>\n    <div class=\"px-4 py-8 overflow-y-auto max-h-modal md:px-8 modal-content\">\n      <div class=\"mb-6\">\n                      <h3 class=\"text-xl font-bold\">Jardins de Laribal &#8211; De la Font del Gat a les cascades del Generalife<\/h3>\n                            <\/div>\n            <p>Segueix cap al cam\u00ed que veur\u00e0s al costat de l&#8217;edifici de la dreta. Continua recte i deixa la <strong>Font de la cer\u00e0mica<\/strong> enrere, tot seguit puja unes escales que trobar\u00e0s a la dreta i arribar\u00e0s al que potser \u00e9s la font potser m\u00e9s coneguda de <strong>Montju\u00efc<\/strong> (amb perm\u00eds de la <strong>Font M\u00e0gica<\/strong>), la <strong>Font del Gat<\/strong>.<\/p>\n<p>Aquesta obra de <strong>Josep Antoni Homs<\/strong> est\u00e0 situada al costat d\u2019un edifici d\u2019estil neo\u00e0rab de <strong>Josep Puig i Cadafalch<\/strong>. Esculpida dins d\u2019un arc de pedra tosca, el brollador t\u00e9 la forma del cap d\u2019un gat i d\u2019aqu\u00ed el seu nom. \u00c9s un espai fresc perqu\u00e8 est\u00e0 encarat a nord, i aix\u00f2 la va fer molt popular. Fins i tot hi ha una can\u00e7\u00f3 tradicional catalana que en parla. Segur que la saps&#8230; &#8220;Baixant de la font del gat, una noia&#8230;&#8221;. La coneixes?<\/p>\n<p>Sortint d\u2019aquest espai emblem\u00e0tic, gira cap a la dreta i puja les escales fins a arribar al cam\u00ed. Un cop a dalt, veur\u00e0s l&#8217;abeurador del bestiar llavors gira a l&#8217;esquerra, segueix caminant fins a trobar les fonts del generalife, amb dues escalinates als seus laterals. Aquestes escales van ser una proposta de <strong>Forestier<\/strong> inspirada en els <strong>jardins del Generalife<\/strong> i els <strong>c\u00e1rmenes de Granada<\/strong>. Veur\u00e0s un seguit de terrasses superposades que salven el desnivell i connecten els <strong>Jardins de Laribal<\/strong> amb el <strong>Teatre Grec<\/strong> de <strong>Ramon Revent\u00f3s<\/strong>. Petits camins, basses, bancs per descansar, una p\u00e8rgola guarnida de flors\u2026 Un rac\u00f3 de muntanya per sentir la calma i el so suau de l\u2019aigua.<\/p>\n<p>Puja les escales i un cop a dalt et trobar\u00e0s en un dels extrems de la p\u00e8rgola, aqu\u00ed hi pots escoltar el clip d\u2019\u00e0udio dels consells de salut.<\/p>\n<p>Despr\u00e9s per arribar al <strong>Jard\u00ed de les escultures<\/strong> activa el clip d\u2019\u00e0udio d\u2019orientaci\u00f3.<\/p>\n    <\/div>\n  <\/div>\n<\/div>\n    <\/div>\n\n\n<div class=\"element gallery-block\">\n          <div class=\"relative overflow-hidden gallery swiper-container\">\n      <div class=\"swiper-wrapper\">\n                  <figure class=\"mb-0 swiper-slide\">\n            <img loading=\"lazy\" decoding=\"async\" width=\"1920\" height=\"1280\" src=\"https:\/\/guides.muzee.it\/app\/uploads\/2025\/06\/3.-JARDINS-LARIBAL_Cascada.jpg\" class=\"block mx-auto\" alt=\"\" srcset=\"https:\/\/guides.muzee.it\/app\/uploads\/2025\/06\/3.-JARDINS-LARIBAL_Cascada.jpg 1920w, https:\/\/guides.muzee.it\/app\/uploads\/2025\/06\/3.-JARDINS-LARIBAL_Cascada-300x200.jpg 300w, https:\/\/guides.muzee.it\/app\/uploads\/2025\/06\/3.-JARDINS-LARIBAL_Cascada-1024x683.jpg 1024w, https:\/\/guides.muzee.it\/app\/uploads\/2025\/06\/3.-JARDINS-LARIBAL_Cascada-768x512.jpg 768w, https:\/\/guides.muzee.it\/app\/uploads\/2025\/06\/3.-JARDINS-LARIBAL_Cascada-1536x1024.jpg 1536w\" sizes=\"auto, (max-width: 1920px) 100vw, 1920px\" \/>\n                      <\/figure>\n                  <figure class=\"mb-0 swiper-slide\">\n            <img loading=\"lazy\" decoding=\"async\" width=\"1920\" height=\"1280\" src=\"https:\/\/guides.muzee.it\/app\/uploads\/2025\/06\/4.-JARDINS-LARIBAL_Pergola.jpg\" class=\"block mx-auto\" alt=\"\" srcset=\"https:\/\/guides.muzee.it\/app\/uploads\/2025\/06\/4.-JARDINS-LARIBAL_Pergola.jpg 1920w, https:\/\/guides.muzee.it\/app\/uploads\/2025\/06\/4.-JARDINS-LARIBAL_Pergola-300x200.jpg 300w, https:\/\/guides.muzee.it\/app\/uploads\/2025\/06\/4.-JARDINS-LARIBAL_Pergola-1024x683.jpg 1024w, https:\/\/guides.muzee.it\/app\/uploads\/2025\/06\/4.-JARDINS-LARIBAL_Pergola-768x512.jpg 768w, https:\/\/guides.muzee.it\/app\/uploads\/2025\/06\/4.-JARDINS-LARIBAL_Pergola-1536x1024.jpg 1536w\" sizes=\"auto, (max-width: 1920px) 100vw, 1920px\" \/>\n                      <\/figure>\n                  <figure class=\"mb-0 swiper-slide\">\n            <img loading=\"lazy\" decoding=\"async\" width=\"1620\" height=\"1080\" src=\"https:\/\/guides.muzee.it\/app\/uploads\/2025\/06\/2.-JARDINS-LARIBAL_Detall-aigua.jpg\" class=\"block mx-auto\" alt=\"\" srcset=\"https:\/\/guides.muzee.it\/app\/uploads\/2025\/06\/2.-JARDINS-LARIBAL_Detall-aigua.jpg 1620w, https:\/\/guides.muzee.it\/app\/uploads\/2025\/06\/2.-JARDINS-LARIBAL_Detall-aigua-300x200.jpg 300w, https:\/\/guides.muzee.it\/app\/uploads\/2025\/06\/2.-JARDINS-LARIBAL_Detall-aigua-1024x683.jpg 1024w, https:\/\/guides.muzee.it\/app\/uploads\/2025\/06\/2.-JARDINS-LARIBAL_Detall-aigua-768x512.jpg 768w, https:\/\/guides.muzee.it\/app\/uploads\/2025\/06\/2.-JARDINS-LARIBAL_Detall-aigua-1536x1024.jpg 1536w\" sizes=\"auto, (max-width: 1620px) 100vw, 1620px\" \/>\n                      <\/figure>\n                  <figure class=\"mb-0 swiper-slide\">\n            <img loading=\"lazy\" decoding=\"async\" width=\"1920\" height=\"1280\" src=\"https:\/\/guides.muzee.it\/app\/uploads\/2025\/06\/1.-JARDINS-LARIBAL_Font-Ceramica.jpg\" class=\"block mx-auto\" alt=\"\" srcset=\"https:\/\/guides.muzee.it\/app\/uploads\/2025\/06\/1.-JARDINS-LARIBAL_Font-Ceramica.jpg 1920w, https:\/\/guides.muzee.it\/app\/uploads\/2025\/06\/1.-JARDINS-LARIBAL_Font-Ceramica-300x200.jpg 300w, https:\/\/guides.muzee.it\/app\/uploads\/2025\/06\/1.-JARDINS-LARIBAL_Font-Ceramica-1024x683.jpg 1024w, https:\/\/guides.muzee.it\/app\/uploads\/2025\/06\/1.-JARDINS-LARIBAL_Font-Ceramica-768x512.jpg 768w, https:\/\/guides.muzee.it\/app\/uploads\/2025\/06\/1.-JARDINS-LARIBAL_Font-Ceramica-1536x1024.jpg 1536w\" sizes=\"auto, (max-width: 1920px) 100vw, 1920px\" \/>\n                      <\/figure>\n              <\/div>\n      <div class=\"inset-0 swiper-pagination w-fit\"><\/div>\n      <div class=\"swiper-button-prev\"><\/div>\n      <div class=\"swiper-button-next\"><\/div>\n    <\/div>\n  <\/div>\n\n\n<div class=\"element content-in-icons\">\n    <div class=\"flex icons\">\n                                  <div data-target=\"0\" data-toggle=\"tab\"\n            class=\"flex flex-col items-center flex-1 cursor-pointer icon\">\n                          <div class=\"flex-shrink-0 w-10 h-10\">\n                <svg class=\"object-contain w-full h-auto\" xmlns=\"http:\/\/www.w3.org\/2000\/svg\" fill=\"none\" viewBox=\"0 0 40 40\"><path fill=\"currentColor\" fill-rule=\"evenodd\" d=\"M20 40c11.0457 0 20-8.9543 20-20S31.0457 0 20 0 0 8.9543 0 20s8.9543 20 20 20Zm9-22c0-4.9675-4.0325-9-9-9s-9 4.0325-9 9c0 2.6142 1.3929 5.2671 3.0896 7.4986 2.484 3.267 5.5896 5.6287 5.5896 5.6287h.0005a.529.529 0 0 0 .6406 0h.0005s3.1056-2.3617 5.5896-5.6287C27.6071 23.2671 29 20.6142 29 18Zm-12.7059 0c0-2.0451 1.6608-3.7059 3.7059-3.7059S23.7059 15.9549 23.7059 18 22.0451 21.7059 20 21.7059 16.2941 20.0451 16.2941 18Z\" clip-rule=\"evenodd\"\/><\/svg>\n              <\/div>\n                                      <span class=\"text-sm font-semibold leading-none text-center lg:text-base\">Orientaci\u00f3<\/span>\n                      <\/div>\n                                          <div data-target=\"1\" data-toggle=\"tab\"\n            class=\"flex flex-col items-center flex-1 cursor-pointer icon\">\n                          <div class=\"flex-shrink-0 w-10 h-10\">\n                <svg class=\"object-contain w-full h-auto\" fill=\"none\" xmlns=\"http:\/\/www.w3.org\/2000\/svg\" viewBox=\"0 0 40 40\">\n  <path fill-rule=\"evenodd\" clip-rule=\"evenodd\"\n    d=\"M20 40c11.046 0 20-8.954 20-20S31.046 0 20 0 0 8.954 0 20s8.954 20 20 20Zm-8.552-19.077c-1.93-2.049-1.932-5.342 0-7.388 1.931-2.047 5.04-2.047 6.972 0l1.585 1.679 1.574-1.669c1.932-2.046 5.041-2.046 6.973 0 1.93 2.047 1.93 5.342 0 7.388L19.995 30l-8.547-9.077Z\"\n    fill=\"currentColor\" \/>\n<\/svg>\n              <\/div>\n                                      <span class=\"text-sm font-semibold leading-none text-center lg:text-base\">Salut<br>i benestar<\/span>\n                      <\/div>\n                                          <div data-target=\"2\" data-toggle=\"tab\"\n            class=\"flex flex-col items-center flex-1 cursor-pointer icon\">\n                          <div class=\"flex-shrink-0 w-10 h-10\">\n                <svg class=\"object-contain w-full h-auto\" xmlns=\"http:\/\/www.w3.org\/2000\/svg\" fill=\"none\" viewBox=\"0 0 40 41\"><path fill=\"currentColor\" fill-rule=\"evenodd\" d=\"M40 20.1541c0 11.0456-8.9543 20-20 20s-20-8.9544-20-20c0-11.0457 8.9543-20 20-20s20 8.9543 20 20Zm-20 4.6385c2.1628 0 3.9162-1.7533 3.9162-3.9162 0-2.1628-1.7534-3.9161-3.9162-3.9161s-3.9161 1.7533-3.9161 3.9161c0 2.1629 1.7533 3.9162 3.9161 3.9162Zm7.1395-11.0904h.935c1.7837 0 3.2298 1.4453 3.2298 3.2298v8.5792c0 1.7836-1.4461 3.2298-3.2298 3.2298h-16.149c-1.7837 0-3.2298-1.4462-3.2298-3.2298V16.932c0-1.7837 1.4461-3.2298 3.2298-3.2298h.935c.319 0 .4732 0 .5679-.0752.0886-.0703.1249-.2067.1951-.4707l.3795-1.107c.3403-.6374.503-.9966.7803-1.1991.358-.2614.9068-.2614 2.2751-.2614h5.8823c2.2857 0 2.2857.0001 2.9267 1.2171.0402.0763.0828.1573.1287.2434l.3796 1.107c.0168.055.0308.1046.0434.1493.0965.3419.112.3966.7204.3966Zm-12.5091 7.1742c0 2.9609 2.4087 5.3696 5.3696 5.3696s5.3696-2.4087 5.3696-5.3696S22.9609 15.5068 20 15.5068s-5.3696 2.4087-5.3696 5.3696Zm11.8212-3.8265c0 .4505.3649.8155.8155.8155.4505 0 .8155-.3658.8155-.8155a.8154.8154 0 0 0-.8155-.8156.8153.8153 0 0 0-.8155.8156Z\" clip-rule=\"evenodd\"\/><\/svg>\n              <\/div>\n                                      <span class=\"text-sm font-semibold leading-none text-center lg:text-base\">Suggeriments<br>fotogr\u00e0fics<\/span>\n                      <\/div>\n                                          <div data-target=\"3\" data-toggle=\"tab\"\n            class=\"flex flex-col items-center flex-1 cursor-pointer icon\">\n                          <div class=\"flex-shrink-0 w-10 h-10\">\n                <svg class=\"object-contain w-full h-auto\" xmlns=\"http:\/\/www.w3.org\/2000\/svg\" fill=\"none\" viewBox=\"0 0 40 41\"><path fill=\"currentColor\" fill-rule=\"evenodd\" d=\"M20 40.731c11.0457 0 20-8.9543 20-20s-8.9543-20-20-20-20 8.9543-20 20 8.9543 20 20 20Zm1.2245-21.2244h6.551c.6764 0 1.2245.548 1.2245 1.2244 0 .6765-.5481 1.2245-1.2245 1.2245h-6.551v6.5511c0 .6764-.5481 1.2244-1.2245 1.2244-.6764 0-1.2245-.548-1.2245-1.2244v-6.5511h-6.551c-.6764 0-1.2245-.548-1.2245-1.2245 0-.6764.5481-1.2244 1.2245-1.2244h6.551v-6.5511c0-.6764.5481-1.2245 1.2245-1.2245.6764 0 1.2245.5481 1.2245 1.2245v6.5511Z\" clip-rule=\"evenodd\"\/><\/svg>\n              <\/div>\n                                      <span class=\"text-sm font-semibold leading-none text-center lg:text-base\">M\u00e9s<br>contingut<\/span>\n                      <\/div>\n                  <\/div>\n\n    <div class=\"flex flex-col content\">\n      <div class=\"acf-innerblocks-container\">\n<div class=\"icon-tab-content overflow-hidden transition-[max-height] duration-300 max-h-0\">\n    <div class=\"pt-6\">\n      <div class=\"acf-innerblocks-container\">\n<div class=\"element audio-block\">\n  <div class=\"flex items-center\">\n            <div class=\"flex-1 info\">\n              <h3 class=\"text-xl font-bold\">Del jard\u00ed de Laribal al jard\u00ed de les escultures<\/h3>\n                          <div class=\"flex flex-wrap -mx-2 -mt-2\">\n                      <a href=\"#\" data-target=\"#transcription-85690ea6276ae6db031d0d35151bd7a2\" data-toggle=\"modal\"\n              class=\"px-2 text-sm border-0 text-accent\">\n              <svg width=\"11\" height=\"12\" class=\"inline-block mr-1 text-accent\"\n                xmlns=\"http:\/\/www.w3.org\/2000\/svg\">\n                <path d=\"M0 0h11v9H8.7642v2.8481L5.5 9H0z\" fill=\"currentColor\" fill-rule=\"evenodd\" \/>\n              <\/svg>\n              <span class=\"underline underline-offset\">Transcripci\u00f3<\/span>\n            <\/a>\n                            <\/div>\n          <\/div>\n    <div class=\"flex flex-col items-center ml-4 audio-control rtl:ml-0 rtl:mr-4\">\n      <button class=\"flex items-center justify-center w-12 h-12 !p-0 !my-0 rounded-full btn !text-bg\"\n  data-target=\"#audio-85690ea6276ae6db031d0d35151bd7a2\">\n  <svg width=\"100%\" height=\"100%\" viewBox=\"0 0 36 36\" version=\"1.1\" xmlns=\"http:\/\/www.w3.org\/2000\/svg\" xmlns:xlink=\"http:\/\/www.w3.org\/1999\/xlink\">\n  <path id=\"ytp-12\" d=\"M11,10 L18,13.74 18,22.28 11,26 M18,13.74 L26,18 26,18 18,22.28\" fill=\"currentColor\">\n    <animate id=\"animation\" begin=\"indefinite\" attributeType=\"XML\" attributeName=\"d\" fill=\"freeze\" from=\"M11,10 L17,10 17,26 11,26 M20,10 L26,10 26,26 20,26\" to=\"M11,10 L18,13.74 18,22.28 11,26 M18,13.74 L26,18 26,18 18,22.28\" dur=\"0.1s\" keySplines=\".4 0 1 1\" repeatCount=\"1\" data-play=\"M11,10 L18,13.74 18,22.28 11,26 M18,13.74 L26,18 26,18 18,22.28\" data-pause=\"M11,10 L17,10 17,26 11,26 M20,10 L26,10 26,26 20,26\"><\/animate>\n  <\/path>\n<\/svg>\n<\/button>\n      <div class=\"text-sm total-time\"><\/div>\n    <\/div>\n  <\/div>\n        <div class=\"audio-content\" dir=\"ltr\">\n      <audio id=\"audio-85690ea6276ae6db031d0d35151bd7a2\" data-label=\"Del jard\u00ed de Laribal al jard\u00ed de les escultures\"\n        data-category=\"03-ORIENTACIO-CAT-TRAM-1_mezcla2.mp3\" class=\"hidden\" controls\n        src=\"https:\/\/guides.muzee.it\/app\/uploads\/2025\/06\/03-ORIENTACIO-CAT-TRAM-1_mezcla2.mp3\"><\/audio>\n      <div class=\"mt-2 transition-opacity opacity-0 meta\">\n        <div class=\"flex items-end\" style=\"gap: 16px;\">\n          <div class=\"flex-1\">\n            <progress class=\"w-full border-0 appearance-none\" value=\"0\" max=\"1\"><\/progress>\n            <div class=\"flex justify-between text-sm\">\n              <div class=\"current-time\"><\/div>\n              <div class=\"total-time\"><\/div>\n            <\/div>\n          <\/div>\n                  <\/div>\n      <\/div>\n    <\/div>\n        <div id=\"transcription-85690ea6276ae6db031d0d35151bd7a2\"\n  class=\"fixed inset-0 z-50 hidden w-screen h-screen opacity-0 pointer-events-none modal transcription\"\n  tabindex=\"-1\" role=\"dialog\">\n  <div class=\"absolute w-full h-full bg-black opacity-75 modal-overlay\"><\/div>\n  <div\n    class=\"absolute z-30 w-11\/12 mx-auto overflow-y-auto text-black bg-white shadow-lg modal-container center-xy md:max-w-4xl\"\n    role=\"document\">\n    <div class=\"flex items-center justify-between px-4 py-4 text-gray-700 border-b md:px-8\">\n      <h2 class=\"!mb-0 font-bold\">Transcripci\u00f3<\/h2>\n      <div class=\"z-50 flex flex-col items-center ml-auto cursor-pointer rtl:ml-0 rtl:mr-auto modal-close\">\n        <svg class=\"w-auto h-6\" width=\"18\" height=\"23\" xmlns=\"http:\/\/www.w3.org\/2000\/svg\">\n  <g stroke=\"currentColor\" fill=\"none\" fill-rule=\"evenodd\" stroke-linecap=\"square\">\n    <path d=\"M.7248.974l16.1076 20.6167M16.655 1.2654L.9097 22.1601\" \/>\n  <\/g>\n<\/svg>        <div class=\"hidden\">Close<\/div>\n      <\/div>\n    <\/div>\n    <div class=\"px-4 py-8 overflow-y-auto max-h-modal md:px-8 modal-content\">\n      <div class=\"mb-6\">\n                      <h3 class=\"text-xl font-bold\">Del jard\u00ed de Laribal al jard\u00ed de les escultures<\/h3>\n                            <\/div>\n            <p>Per arribar al <strong>Jard\u00ed de les escultures<\/strong> dirigeix-te cap al centre de les p\u00e8rgoles i veur\u00e0s unes escales amb un arbre just al mig de l\u2019escalinata.<\/p>\n<p>Puja-les i un cop a dalt ves cap a l&#8217;esquerra on hi trobar\u00e0s l&#8217;escultura <em>Rep\u00f2s<\/em>\u00a0de <strong>Josep Viladomat<\/strong>. L&#8217;edifici del davant \u00e9s la <strong>Fundaci\u00f3 Joan Mir\u00f3<\/strong>, passa-hi per darrere i arribar\u00e0s al<strong> Jard\u00ed de les escultures<\/strong>.<\/p>\n    <\/div>\n  <\/div>\n<\/div>\n    <\/div>\n\n\n<div class=\"element image-block\">\n      <div class=\"flex mb-4\">\n            <div class=\"flex-1 info\">\n                  <h3 class=\"text-xl font-bold\">Mapa<\/h3>\n                      <\/div>\n    <\/div>\n          <figure class=\"mb-0\">\n      <img loading=\"lazy\" decoding=\"async\" width=\"1800\" height=\"1080\" src=\"https:\/\/guides.muzee.it\/app\/uploads\/2025\/06\/Mapa-3.jpg\" class=\"block mx-auto\" alt=\"\" srcset=\"https:\/\/guides.muzee.it\/app\/uploads\/2025\/06\/Mapa-3.jpg 1800w, https:\/\/guides.muzee.it\/app\/uploads\/2025\/06\/Mapa-3-300x180.jpg 300w, https:\/\/guides.muzee.it\/app\/uploads\/2025\/06\/Mapa-3-1024x614.jpg 1024w, https:\/\/guides.muzee.it\/app\/uploads\/2025\/06\/Mapa-3-768x461.jpg 768w, https:\/\/guides.muzee.it\/app\/uploads\/2025\/06\/Mapa-3-1536x922.jpg 1536w\" sizes=\"auto, (max-width: 1800px) 100vw, 1800px\" \/>\n          <\/figure>\n    \n<\/div>\n\n<\/div>\n    <\/div>\n  <\/div>\n\n\n<div class=\"icon-tab-content overflow-hidden transition-[max-height] duration-300 max-h-0\">\n    <div class=\"pt-6\">\n      <div class=\"acf-innerblocks-container\">\n<div class=\"element audio-block\">\n  <div class=\"flex items-center\">\n            <div class=\"flex-1 info\">\n              <h3 class=\"text-xl font-bold\">Exercici de relaxaci\u00f3<\/h3>\n                          <div class=\"flex flex-wrap -mx-2 -mt-2\">\n                      <a href=\"#\" data-target=\"#transcription-696ef698dfb2f1b90ac9ee145145f96e\" data-toggle=\"modal\"\n              class=\"px-2 text-sm border-0 text-accent\">\n              <svg width=\"11\" height=\"12\" class=\"inline-block mr-1 text-accent\"\n                xmlns=\"http:\/\/www.w3.org\/2000\/svg\">\n                <path d=\"M0 0h11v9H8.7642v2.8481L5.5 9H0z\" fill=\"currentColor\" fill-rule=\"evenodd\" \/>\n              <\/svg>\n              <span class=\"underline underline-offset\">Transcripci\u00f3<\/span>\n            <\/a>\n                            <\/div>\n          <\/div>\n    <div class=\"flex flex-col items-center ml-4 audio-control rtl:ml-0 rtl:mr-4\">\n      <button class=\"flex items-center justify-center w-12 h-12 !p-0 !my-0 rounded-full btn !text-bg\"\n  data-target=\"#audio-696ef698dfb2f1b90ac9ee145145f96e\">\n  <svg width=\"100%\" height=\"100%\" viewBox=\"0 0 36 36\" version=\"1.1\" xmlns=\"http:\/\/www.w3.org\/2000\/svg\" xmlns:xlink=\"http:\/\/www.w3.org\/1999\/xlink\">\n  <path id=\"ytp-12\" d=\"M11,10 L18,13.74 18,22.28 11,26 M18,13.74 L26,18 26,18 18,22.28\" fill=\"currentColor\">\n    <animate id=\"animation\" begin=\"indefinite\" attributeType=\"XML\" attributeName=\"d\" fill=\"freeze\" from=\"M11,10 L17,10 17,26 11,26 M20,10 L26,10 26,26 20,26\" to=\"M11,10 L18,13.74 18,22.28 11,26 M18,13.74 L26,18 26,18 18,22.28\" dur=\"0.1s\" keySplines=\".4 0 1 1\" repeatCount=\"1\" data-play=\"M11,10 L18,13.74 18,22.28 11,26 M18,13.74 L26,18 26,18 18,22.28\" data-pause=\"M11,10 L17,10 17,26 11,26 M20,10 L26,10 26,26 20,26\"><\/animate>\n  <\/path>\n<\/svg>\n<\/button>\n      <div class=\"text-sm total-time\"><\/div>\n    <\/div>\n  <\/div>\n        <div class=\"audio-content\" dir=\"ltr\">\n      <audio id=\"audio-696ef698dfb2f1b90ac9ee145145f96e\" data-label=\"Exercici de relaxaci\u00f3\"\n        data-category=\"03-SALUT-CAT-SEGONA-PARADA_mezcla2.mp3\" class=\"hidden\" controls\n        src=\"https:\/\/guides.muzee.it\/app\/uploads\/2025\/06\/03-SALUT-CAT-SEGONA-PARADA_mezcla2.mp3\"><\/audio>\n      <div class=\"mt-2 transition-opacity opacity-0 meta\">\n        <div class=\"flex items-end\" style=\"gap: 16px;\">\n          <div class=\"flex-1\">\n            <progress class=\"w-full border-0 appearance-none\" value=\"0\" max=\"1\"><\/progress>\n            <div class=\"flex justify-between text-sm\">\n              <div class=\"current-time\"><\/div>\n              <div class=\"total-time\"><\/div>\n            <\/div>\n          <\/div>\n                  <\/div>\n      <\/div>\n    <\/div>\n        <div id=\"transcription-696ef698dfb2f1b90ac9ee145145f96e\"\n  class=\"fixed inset-0 z-50 hidden w-screen h-screen opacity-0 pointer-events-none modal transcription\"\n  tabindex=\"-1\" role=\"dialog\">\n  <div class=\"absolute w-full h-full bg-black opacity-75 modal-overlay\"><\/div>\n  <div\n    class=\"absolute z-30 w-11\/12 mx-auto overflow-y-auto text-black bg-white shadow-lg modal-container center-xy md:max-w-4xl\"\n    role=\"document\">\n    <div class=\"flex items-center justify-between px-4 py-4 text-gray-700 border-b md:px-8\">\n      <h2 class=\"!mb-0 font-bold\">Transcripci\u00f3<\/h2>\n      <div class=\"z-50 flex flex-col items-center ml-auto cursor-pointer rtl:ml-0 rtl:mr-auto modal-close\">\n        <svg class=\"w-auto h-6\" width=\"18\" height=\"23\" xmlns=\"http:\/\/www.w3.org\/2000\/svg\">\n  <g stroke=\"currentColor\" fill=\"none\" fill-rule=\"evenodd\" stroke-linecap=\"square\">\n    <path d=\"M.7248.974l16.1076 20.6167M16.655 1.2654L.9097 22.1601\" \/>\n  <\/g>\n<\/svg>        <div class=\"hidden\">Close<\/div>\n      <\/div>\n    <\/div>\n    <div class=\"px-4 py-8 overflow-y-auto max-h-modal md:px-8 modal-content\">\n      <div class=\"mb-6\">\n                      <h3 class=\"text-xl font-bold\">Exercici de relaxaci\u00f3<\/h3>\n                            <\/div>\n            <p>Quan arribis a la p\u00e8rgola, busca un dels bancs a l\u2019ombra, posa\u2019t c\u00f2mode i observa la natura amb la ciutat de fons.<\/p>\n<p>Despr\u00e9s, tanca els ulls un moment.<\/p>\n<p>Sent el teu pes arrelat damunt dels teus peus. Deixa que els sons de la natura arribin a tu, sense for\u00e7ar. No ho jutgis, no intentis canviar res, simplement, observa. Despr\u00e9s, suaument, porta l\u2019atenci\u00f3 a la teva <strong>respiraci\u00f3<\/strong>. Compta \u201cun\u201d quan inhalis, \u201cdos\u201d quan exhalis, \u201ctres\u201d quan inhalis, \u201cquatre\u201d quan exhalis&#8230; Fins a arribar al n\u00famero deu. Quan hi hagis arribat, obre suaument els ulls. Com notes el cos? Est\u00e0 igual que quan has comen\u00e7at aquesta breu meditaci\u00f3? De nou, no ho jutgis, nom\u00e9s observa si hi ha hagut algun canvi i tamb\u00e9 observa si no n\u2019hi ha hagut cap, ambdues coses estan b\u00e9. Com notes la ment? Est\u00e0 igual que quan has comen\u00e7at aquesta breu meditaci\u00f3? De nou, no ho jutgis, nom\u00e9s observa si hi ha hagut algun canvi i tamb\u00e9 observa si no n\u2019hi ha hagut cap, ambdues coses estan b\u00e9.<\/p>\n    <\/div>\n  <\/div>\n<\/div>\n    <\/div>\n\n<\/div>\n    <\/div>\n  <\/div>\n\n\n<div class=\"icon-tab-content overflow-hidden transition-[max-height] duration-300 max-h-0\">\n    <div class=\"pt-6\">\n      <div class=\"acf-innerblocks-container\">\n<div class=\"element audio-block\">\n  <div class=\"flex items-center\">\n            <div class=\"flex-1 info\">\n              <h3 class=\"text-xl font-bold\">Enquadrament<\/h3>\n                          <div class=\"flex flex-wrap -mx-2 -mt-2\">\n                      <a href=\"#\" data-target=\"#transcription-279cbf24ed132db32ef55f3bac6ed11c\" data-toggle=\"modal\"\n              class=\"px-2 text-sm border-0 text-accent\">\n              <svg width=\"11\" height=\"12\" class=\"inline-block mr-1 text-accent\"\n                xmlns=\"http:\/\/www.w3.org\/2000\/svg\">\n                <path d=\"M0 0h11v9H8.7642v2.8481L5.5 9H0z\" fill=\"currentColor\" fill-rule=\"evenodd\" \/>\n              <\/svg>\n              <span class=\"underline underline-offset\">Transcripci\u00f3<\/span>\n            <\/a>\n                            <\/div>\n          <\/div>\n    <div class=\"flex flex-col items-center ml-4 audio-control rtl:ml-0 rtl:mr-4\">\n      <button class=\"flex items-center justify-center w-12 h-12 !p-0 !my-0 rounded-full btn !text-bg\"\n  data-target=\"#audio-279cbf24ed132db32ef55f3bac6ed11c\">\n  <svg width=\"100%\" height=\"100%\" viewBox=\"0 0 36 36\" version=\"1.1\" xmlns=\"http:\/\/www.w3.org\/2000\/svg\" xmlns:xlink=\"http:\/\/www.w3.org\/1999\/xlink\">\n  <path id=\"ytp-12\" d=\"M11,10 L18,13.74 18,22.28 11,26 M18,13.74 L26,18 26,18 18,22.28\" fill=\"currentColor\">\n    <animate id=\"animation\" begin=\"indefinite\" attributeType=\"XML\" attributeName=\"d\" fill=\"freeze\" from=\"M11,10 L17,10 17,26 11,26 M20,10 L26,10 26,26 20,26\" to=\"M11,10 L18,13.74 18,22.28 11,26 M18,13.74 L26,18 26,18 18,22.28\" dur=\"0.1s\" keySplines=\".4 0 1 1\" repeatCount=\"1\" data-play=\"M11,10 L18,13.74 18,22.28 11,26 M18,13.74 L26,18 26,18 18,22.28\" data-pause=\"M11,10 L17,10 17,26 11,26 M20,10 L26,10 26,26 20,26\"><\/animate>\n  <\/path>\n<\/svg>\n<\/button>\n      <div class=\"text-sm total-time\"><\/div>\n    <\/div>\n  <\/div>\n        <div class=\"audio-content\" dir=\"ltr\">\n      <audio id=\"audio-279cbf24ed132db32ef55f3bac6ed11c\" data-label=\"Enquadrament\"\n        data-category=\"02-FOTO-CAT-CLIP-2-ENQUADRAMENT_mezcla2.mp3\" class=\"hidden\" controls\n        src=\"https:\/\/guides.muzee.it\/app\/uploads\/2025\/06\/02-FOTO-CAT-CLIP-2-ENQUADRAMENT_mezcla2.mp3\"><\/audio>\n      <div class=\"mt-2 transition-opacity opacity-0 meta\">\n        <div class=\"flex items-end\" style=\"gap: 16px;\">\n          <div class=\"flex-1\">\n            <progress class=\"w-full border-0 appearance-none\" value=\"0\" max=\"1\"><\/progress>\n            <div class=\"flex justify-between text-sm\">\n              <div class=\"current-time\"><\/div>\n              <div class=\"total-time\"><\/div>\n            <\/div>\n          <\/div>\n                  <\/div>\n      <\/div>\n    <\/div>\n        <div id=\"transcription-279cbf24ed132db32ef55f3bac6ed11c\"\n  class=\"fixed inset-0 z-50 hidden w-screen h-screen opacity-0 pointer-events-none modal transcription\"\n  tabindex=\"-1\" role=\"dialog\">\n  <div class=\"absolute w-full h-full bg-black opacity-75 modal-overlay\"><\/div>\n  <div\n    class=\"absolute z-30 w-11\/12 mx-auto overflow-y-auto text-black bg-white shadow-lg modal-container center-xy md:max-w-4xl\"\n    role=\"document\">\n    <div class=\"flex items-center justify-between px-4 py-4 text-gray-700 border-b md:px-8\">\n      <h2 class=\"!mb-0 font-bold\">Transcripci\u00f3<\/h2>\n      <div class=\"z-50 flex flex-col items-center ml-auto cursor-pointer rtl:ml-0 rtl:mr-auto modal-close\">\n        <svg class=\"w-auto h-6\" width=\"18\" height=\"23\" xmlns=\"http:\/\/www.w3.org\/2000\/svg\">\n  <g stroke=\"currentColor\" fill=\"none\" fill-rule=\"evenodd\" stroke-linecap=\"square\">\n    <path d=\"M.7248.974l16.1076 20.6167M16.655 1.2654L.9097 22.1601\" \/>\n  <\/g>\n<\/svg>        <div class=\"hidden\">Close<\/div>\n      <\/div>\n    <\/div>\n    <div class=\"px-4 py-8 overflow-y-auto max-h-modal md:px-8 modal-content\">\n      <div class=\"mb-6\">\n                      <h3 class=\"text-xl font-bold\">Enquadrament<\/h3>\n                            <\/div>\n            <p>Aquests jardins tan frondosos s\u00f3n un espai \u00fanic per jugar amb la c\u00e0mera, fotografiar totes les coses que hi ha i totes les coses que hi passen. Observa els immensos arbres o els petits animals que s\u2019amaguen darrere les fulles o a les basses d\u2019aigua. Mira tots els mons que s\u2019hi amaguen, mira-ho des d\u2019una altra perspectiva. Com deia el fotoperiodista<strong> Robert Capa<\/strong>, \u201csi una fotografia no \u00e9s prou bona, \u00e9s perqu\u00e8 no t\u2019hi has apropat prou\u201d.<\/p>\n<p>En aquest tram de la ruta coneixerem la import\u00e0ncia de la <strong>composici\u00f3<\/strong>, la disposici\u00f3 dels elements en una imatge, com hi estan col\u00b7locats. \u00c9s un dels moments m\u00e9s creatius del proc\u00e9s, com quan un pintor decideix com ordena els elements en un quadre o un m\u00fasic quines notes i quin ritme utilitzar\u00e0. La <strong>simetria<\/strong> et pot ajudar a crear imatges agradables i belles. Les l\u00ednies rectes i l\u2019enquadrament frontal et proporcionaran sensacions est\u00e0tiques i les l\u00ednies corbes i diagonals, sensaci\u00f3 de moviment.<\/p>\n<p>Quan enquadris a trav\u00e9s del visor o la pantalla, has de decidir quins elements hi sortiran. \u00c9s tan important decidir qu\u00e8 hi surt com qu\u00e8 s\u2019obvia: si hi surt tot el jard\u00ed o nom\u00e9s una part, quins elements seran els principals i quins els secundaris, i com s\u2019han de ressaltar.<\/p>\n<p>En aquest punt pots practicar<strong> la regla dels ter\u00e7os<\/strong>, una regla b\u00e0sica que ens ser\u00e0 molt \u00fatil per ordenar els elements de la imatge: dues l\u00ednies horitzontals i dues verticals divideixen la imatge en nou parts iguals i ens serveixen de quadr\u00edcula per poder col\u00b7locar els elements de la fotografia. En els quatre punts d\u2019intersecci\u00f3 anomenats \u201cpunts forts\u201d s\u2019hi col\u00b7loquen els elements d\u2019atenci\u00f3 principals i aix\u00ed es crea una imatge equilibrada i sim\u00e8trica (normalment, en tots els tel\u00e8fons m\u00f2bils es pot activar la quadr\u00edcula en l\u2019apartat de configuraci\u00f3).<\/p>\n    <\/div>\n  <\/div>\n<\/div>\n    <\/div>\n\n\n<div class=\"element gallery-block\">\n          <div class=\"relative overflow-hidden gallery swiper-container\">\n      <div class=\"swiper-wrapper\">\n                  <figure class=\"mb-0 swiper-slide\">\n            <img loading=\"lazy\" decoding=\"async\" width=\"1620\" height=\"1080\" src=\"https:\/\/guides.muzee.it\/app\/uploads\/2025\/06\/1.-SF_Fulla.jpg\" class=\"block mx-auto\" alt=\"\" srcset=\"https:\/\/guides.muzee.it\/app\/uploads\/2025\/06\/1.-SF_Fulla.jpg 1620w, https:\/\/guides.muzee.it\/app\/uploads\/2025\/06\/1.-SF_Fulla-300x200.jpg 300w, https:\/\/guides.muzee.it\/app\/uploads\/2025\/06\/1.-SF_Fulla-1024x683.jpg 1024w, https:\/\/guides.muzee.it\/app\/uploads\/2025\/06\/1.-SF_Fulla-768x512.jpg 768w, https:\/\/guides.muzee.it\/app\/uploads\/2025\/06\/1.-SF_Fulla-1536x1024.jpg 1536w\" sizes=\"auto, (max-width: 1620px) 100vw, 1620px\" \/>\n                      <\/figure>\n                  <figure class=\"mb-0 swiper-slide\">\n            <img loading=\"lazy\" decoding=\"async\" width=\"1620\" height=\"1080\" src=\"https:\/\/guides.muzee.it\/app\/uploads\/2025\/06\/2.-SF_Font.jpg\" class=\"block mx-auto\" alt=\"\" srcset=\"https:\/\/guides.muzee.it\/app\/uploads\/2025\/06\/2.-SF_Font.jpg 1620w, https:\/\/guides.muzee.it\/app\/uploads\/2025\/06\/2.-SF_Font-300x200.jpg 300w, https:\/\/guides.muzee.it\/app\/uploads\/2025\/06\/2.-SF_Font-1024x683.jpg 1024w, https:\/\/guides.muzee.it\/app\/uploads\/2025\/06\/2.-SF_Font-768x512.jpg 768w, https:\/\/guides.muzee.it\/app\/uploads\/2025\/06\/2.-SF_Font-1536x1024.jpg 1536w\" sizes=\"auto, (max-width: 1620px) 100vw, 1620px\" \/>\n                      <\/figure>\n                  <figure class=\"mb-0 swiper-slide\">\n            <img loading=\"lazy\" decoding=\"async\" width=\"1620\" height=\"1080\" src=\"https:\/\/guides.muzee.it\/app\/uploads\/2025\/06\/3.-SF_Vespa.jpg\" class=\"block mx-auto\" alt=\"\" srcset=\"https:\/\/guides.muzee.it\/app\/uploads\/2025\/06\/3.-SF_Vespa.jpg 1620w, https:\/\/guides.muzee.it\/app\/uploads\/2025\/06\/3.-SF_Vespa-300x200.jpg 300w, https:\/\/guides.muzee.it\/app\/uploads\/2025\/06\/3.-SF_Vespa-1024x683.jpg 1024w, https:\/\/guides.muzee.it\/app\/uploads\/2025\/06\/3.-SF_Vespa-768x512.jpg 768w, https:\/\/guides.muzee.it\/app\/uploads\/2025\/06\/3.-SF_Vespa-1536x1024.jpg 1536w\" sizes=\"auto, (max-width: 1620px) 100vw, 1620px\" \/>\n                      <\/figure>\n              <\/div>\n      <div class=\"inset-0 swiper-pagination w-fit\"><\/div>\n      <div class=\"swiper-button-prev\"><\/div>\n      <div class=\"swiper-button-next\"><\/div>\n    <\/div>\n  <\/div>\n\n<\/div>\n    <\/div>\n  <\/div>\n\n\n<div class=\"icon-tab-content overflow-hidden transition-[max-height] duration-300 max-h-0\">\n    <div class=\"pt-6\">\n      <div class=\"acf-innerblocks-container\">\n<div class=\"element gallery-block\">\n          <div class=\"relative overflow-hidden gallery swiper-container\">\n      <div class=\"swiper-wrapper\">\n                  <figure class=\"mb-0 swiper-slide\">\n            <img loading=\"lazy\" decoding=\"async\" width=\"1497\" height=\"1080\" src=\"https:\/\/guides.muzee.it\/app\/uploads\/2025\/06\/Copia-de-212991-000_520880.jpg\" class=\"block mx-auto\" alt=\"\" srcset=\"https:\/\/guides.muzee.it\/app\/uploads\/2025\/06\/Copia-de-212991-000_520880.jpg 1497w, https:\/\/guides.muzee.it\/app\/uploads\/2025\/06\/Copia-de-212991-000_520880-300x216.jpg 300w, https:\/\/guides.muzee.it\/app\/uploads\/2025\/06\/Copia-de-212991-000_520880-1024x739.jpg 1024w, https:\/\/guides.muzee.it\/app\/uploads\/2025\/06\/Copia-de-212991-000_520880-768x554.jpg 768w\" sizes=\"auto, (max-width: 1497px) 100vw, 1497px\" \/>\n                      <\/figure>\n                  <figure class=\"mb-0 swiper-slide\">\n            <img loading=\"lazy\" decoding=\"async\" width=\"1920\" height=\"870\" src=\"https:\/\/guides.muzee.it\/app\/uploads\/2025\/06\/Copia-de-213086-000_520731.jpg\" class=\"block mx-auto\" alt=\"\" srcset=\"https:\/\/guides.muzee.it\/app\/uploads\/2025\/06\/Copia-de-213086-000_520731.jpg 1920w, https:\/\/guides.muzee.it\/app\/uploads\/2025\/06\/Copia-de-213086-000_520731-300x136.jpg 300w, https:\/\/guides.muzee.it\/app\/uploads\/2025\/06\/Copia-de-213086-000_520731-1024x464.jpg 1024w, https:\/\/guides.muzee.it\/app\/uploads\/2025\/06\/Copia-de-213086-000_520731-768x348.jpg 768w, https:\/\/guides.muzee.it\/app\/uploads\/2025\/06\/Copia-de-213086-000_520731-1536x696.jpg 1536w\" sizes=\"auto, (max-width: 1920px) 100vw, 1920px\" \/>\n                      <\/figure>\n                  <figure class=\"mb-0 swiper-slide\">\n            <img loading=\"lazy\" decoding=\"async\" width=\"1454\" height=\"1080\" src=\"https:\/\/guides.muzee.it\/app\/uploads\/2025\/06\/Copia-de-213840-000_520805.jpg\" class=\"block mx-auto\" alt=\"\" srcset=\"https:\/\/guides.muzee.it\/app\/uploads\/2025\/06\/Copia-de-213840-000_520805.jpg 1454w, https:\/\/guides.muzee.it\/app\/uploads\/2025\/06\/Copia-de-213840-000_520805-300x223.jpg 300w, https:\/\/guides.muzee.it\/app\/uploads\/2025\/06\/Copia-de-213840-000_520805-1024x761.jpg 1024w, https:\/\/guides.muzee.it\/app\/uploads\/2025\/06\/Copia-de-213840-000_520805-768x570.jpg 768w\" sizes=\"auto, (max-width: 1454px) 100vw, 1454px\" \/>\n                      <\/figure>\n              <\/div>\n      <div class=\"inset-0 swiper-pagination w-fit\"><\/div>\n      <div class=\"swiper-button-prev\"><\/div>\n      <div class=\"swiper-button-next\"><\/div>\n    <\/div>\n  <\/div>\n\n\n<div class=\"element video-block\">\n      <div class=\"flex mb-4\">\n            <div class=\"flex-1 info\">\n                  <h3 class=\"text-xl font-bold\">ITINERARI MONTJU\u00cfC JARDINS<\/h3>\n                      <\/div>\n    <\/div>\n          <div class=\"embed-responsive\"><iframe loading=\"lazy\" title=\"MNAC ITINERARI MONTJUI\u0308C JARDINS p3\" width=\"640\" height=\"360\" src=\"https:\/\/www.youtube.com\/embed\/JjxFz3TP2BY?feature=oembed\" frameborder=\"0\" allow=\"accelerometer; autoplay; clipboard-write; encrypted-media; gyroscope; picture-in-picture; web-share\" referrerpolicy=\"strict-origin-when-cross-origin\" allowfullscreen><\/iframe><\/div>\n    \n<\/div>\n\n<\/div>\n    <\/div>\n  <\/div>\n\n<\/div>\n    <\/div>\n  <\/div>\n\n<\/div>\n          <\/div>\n      <\/section>\n\n\n<section class=\"section  section-collapsible  mb-8\"\n    id=\"section-69eeffc54c988\" data-title=\"3. Canvi de perspectives. Jard\u00ed de les escultures\">\n          <div class=\"sticky z-10 w-full bg-bg  top-16 \">\n              <div role=\"button\" class=\"cursor-pointer\" tabindex=\"0\" data-toggle=\"collapse\"\n        data-target=\"#section-block_ca55f999408e10a0e2db3faeca01a65e-content\" data-group=\"sections\"\n        aria-controls=\"section-block_ca55f999408e10a0e2db3faeca01a65e-content\" aria-expanded=\"false\">\n              <h2 class=\"flex items-baseline text-3xl leading-tight font-headings !mb-0 pb-2\">\n                  <i class=\"mr-4 rtl:mr-0 rtl:ml-4 text-accent\">\n            <svg width=\"22\" height=\"21\" viewBox=\"0 0 22 21\" xmlns=\"http:\/\/www.w3.org\/2000\/svg\"><path d=\"M9.6875.5v15.2123l-7.337-6.9876L.5 10.5l10.5 10 10.5-10-1.8504-1.7623-7.3371 6.9746V.5z\" fill=\"currentColor\" fill-rule=\"nonzero\"\/><\/svg>\n          <\/i>\n                <span>3. Canvi de perspectives. <br><small><em>Jard\u00ed de les escultures<\/em><\/small><\/span>\n      <\/h2>\n                  <\/div>\n              <\/div>\n              <div id=\"section-block_ca55f999408e10a0e2db3faeca01a65e-content\"\n        class=\"overflow-hidden transition-[max-height] duration-300 max-h-0 collapse-flexible\">\n        \n    <div class=\"acf-innerblocks-container\">\n<div class=\"element audio-block\">\n  <div class=\"flex items-center\">\n            <div class=\"flex-1 info\">\n              <h3 class=\"text-xl font-bold\">Jard\u00ed de les escultures<\/h3>\n                          <div class=\"flex flex-wrap -mx-2 -mt-2\">\n                      <a href=\"#\" data-target=\"#transcription-713d0fabcc30a3c04ddde5e983969a02\" data-toggle=\"modal\"\n              class=\"px-2 text-sm border-0 text-accent\">\n              <svg width=\"11\" height=\"12\" class=\"inline-block mr-1 text-accent\"\n                xmlns=\"http:\/\/www.w3.org\/2000\/svg\">\n                <path d=\"M0 0h11v9H8.7642v2.8481L5.5 9H0z\" fill=\"currentColor\" fill-rule=\"evenodd\" \/>\n              <\/svg>\n              <span class=\"underline underline-offset\">Transcripci\u00f3<\/span>\n            <\/a>\n                            <\/div>\n          <\/div>\n    <div class=\"flex flex-col items-center ml-4 audio-control rtl:ml-0 rtl:mr-4\">\n      <button class=\"flex items-center justify-center w-12 h-12 !p-0 !my-0 rounded-full btn !text-bg\"\n  data-target=\"#audio-713d0fabcc30a3c04ddde5e983969a02\">\n  <svg width=\"100%\" height=\"100%\" viewBox=\"0 0 36 36\" version=\"1.1\" xmlns=\"http:\/\/www.w3.org\/2000\/svg\" xmlns:xlink=\"http:\/\/www.w3.org\/1999\/xlink\">\n  <path id=\"ytp-12\" d=\"M11,10 L18,13.74 18,22.28 11,26 M18,13.74 L26,18 26,18 18,22.28\" fill=\"currentColor\">\n    <animate id=\"animation\" begin=\"indefinite\" attributeType=\"XML\" attributeName=\"d\" fill=\"freeze\" from=\"M11,10 L17,10 17,26 11,26 M20,10 L26,10 26,26 20,26\" to=\"M11,10 L18,13.74 18,22.28 11,26 M18,13.74 L26,18 26,18 18,22.28\" dur=\"0.1s\" keySplines=\".4 0 1 1\" repeatCount=\"1\" data-play=\"M11,10 L18,13.74 18,22.28 11,26 M18,13.74 L26,18 26,18 18,22.28\" data-pause=\"M11,10 L17,10 17,26 11,26 M20,10 L26,10 26,26 20,26\"><\/animate>\n  <\/path>\n<\/svg>\n<\/button>\n      <div class=\"text-sm total-time\"><\/div>\n    <\/div>\n  <\/div>\n      <div class=\"mb-4 prose\">\n      <p><br data-mce-bogus=\"1\"><\/p>\n\n    <\/div>\n        <div class=\"audio-content\" dir=\"ltr\">\n      <audio id=\"audio-713d0fabcc30a3c04ddde5e983969a02\" data-label=\"Jard\u00ed de les escultures\"\n        data-category=\"04-Silvia-Bel-CAT-2N-TRAM-AUDIO-4_mezcla2.mp3\" class=\"hidden\" controls\n        src=\"https:\/\/guides.muzee.it\/app\/uploads\/2025\/06\/04-Silvia-Bel-CAT-2N-TRAM-AUDIO-4_mezcla2.mp3\"><\/audio>\n      <div class=\"mt-2 transition-opacity opacity-0 meta\">\n        <div class=\"flex items-end\" style=\"gap: 16px;\">\n          <div class=\"flex-1\">\n            <progress class=\"w-full border-0 appearance-none\" value=\"0\" max=\"1\"><\/progress>\n            <div class=\"flex justify-between text-sm\">\n              <div class=\"current-time\"><\/div>\n              <div class=\"total-time\"><\/div>\n            <\/div>\n          <\/div>\n                  <\/div>\n      <\/div>\n    <\/div>\n        <div id=\"transcription-713d0fabcc30a3c04ddde5e983969a02\"\n  class=\"fixed inset-0 z-50 hidden w-screen h-screen opacity-0 pointer-events-none modal transcription\"\n  tabindex=\"-1\" role=\"dialog\">\n  <div class=\"absolute w-full h-full bg-black opacity-75 modal-overlay\"><\/div>\n  <div\n    class=\"absolute z-30 w-11\/12 mx-auto overflow-y-auto text-black bg-white shadow-lg modal-container center-xy md:max-w-4xl\"\n    role=\"document\">\n    <div class=\"flex items-center justify-between px-4 py-4 text-gray-700 border-b md:px-8\">\n      <h2 class=\"!mb-0 font-bold\">Transcripci\u00f3<\/h2>\n      <div class=\"z-50 flex flex-col items-center ml-auto cursor-pointer rtl:ml-0 rtl:mr-auto modal-close\">\n        <svg class=\"w-auto h-6\" width=\"18\" height=\"23\" xmlns=\"http:\/\/www.w3.org\/2000\/svg\">\n  <g stroke=\"currentColor\" fill=\"none\" fill-rule=\"evenodd\" stroke-linecap=\"square\">\n    <path d=\"M.7248.974l16.1076 20.6167M16.655 1.2654L.9097 22.1601\" \/>\n  <\/g>\n<\/svg>        <div class=\"hidden\">Close<\/div>\n      <\/div>\n    <\/div>\n    <div class=\"px-4 py-8 overflow-y-auto max-h-modal md:px-8 modal-content\">\n      <div class=\"mb-6\">\n                      <h3 class=\"text-xl font-bold\">Jard\u00ed de les escultures<\/h3>\n                            <\/div>\n            <p>Arribem per la part posterior de l\u2019edifici de la <strong>Fundaci\u00f3 Mir\u00f3<\/strong>, al <strong>Jard\u00ed de les Escultures<\/strong>, un annex creat el 1990 i reconstru\u00eft el 2002. La <strong>Fundaci\u00f3 Joan Mir\u00f3<\/strong> va ser creada pel mateix artista el 1975 i \u00e9s un espai cultural de refer\u00e8ncia de la seva obra i de la creaci\u00f3 contempor\u00e0nia.<\/p>\n<p>El mateix edifici \u00e9s un di\u00e0leg entre <strong>Mir\u00f3<\/strong> i el seu amic i arquitecte <strong>Josep Llu\u00eds Sert<\/strong>, qui va dissenyar un edifici on el qual la llum i la natura entren i formen part del mateix museu. Tamb\u00e9 en l\u2019obra de <strong>Mir\u00f3<\/strong>, la llum, el color i les formes de la natura s\u00f3n un tema recurrent i font d\u2019inspiraci\u00f3.<\/p>\n<p>Ara i aqu\u00ed a nosaltres l&#8217;art, l&#8217;arquitectura i la natura ens ajuden a desconnectar i a connectar. L\u2019art ens dona eines per expressar emocions i pensaments, veure el m\u00f3n des d&#8217;una altra perspectiva o simplement deixar-nos endur pel gaudi de la bellesa.<\/p>\n<p>En aquest <strong>jard\u00ed d\u2019escultures<\/strong> podem veure com la natura ha inspirat tamb\u00e9 a alguns artistes a crear i a preguntar-se sobre la seva relaci\u00f3 amb el m\u00f3n. L\u2019artista i muse\u00f2graf <strong>Llu\u00eds Alabern<\/strong>, per exemple, ha reflexionat sobre un dels pilars fonamentals que suporten la seva vida: el seu impuls de rec\u00f3rrer i dibuixar els camins sense rumb, al seu llibre <em>Breviario de un viejo corredor<\/em>, de l\u2019Editorial Siruela.<\/p>\n<p>Ens explica:<br \/>\n\u00ab<strong>Thoreau<\/strong>, en su tratado <em>Caminar<\/em>, comenta: &#8220;A medida que el hombre envejece aumenta su disposici\u00f3n para la inmovilidad y las ocupaciones caseras. El corredor de caminos anciano rompe con ese postulado tan humano, vuelve al estado salvaje que lo obliga a estar siempre alerta, siempre movi\u00e9ndose. Se adentra en el camino que no conoce para llegar al lugar desconocido. Cuando quiero relajarme, busco el bosque m\u00e1s oscuro, o el pantano que, a ojos de mis conciudadanos, resulta m\u00e1s impenetrable y l\u00fagubre. Camino por all\u00ed como por un lugar sagrado; un sanctasanct\u00f3rum. All\u00ed est\u00e1 la fuerza, la m\u00e9dula de la naturaleza&#8221;, concluye <strong>Thoreau<\/strong>. Trotar adentr\u00e1ndose en el bosque pone en funcionamiento los resortes de la atenci\u00f3n. Nos conecta de nuevo con la naturaleza. Solo si dibujamos sin rumbo, solo si nos adentramos en un paseo invernal, la densa vegetaci\u00f3n de lo desconocido, el dibujo nos llevar\u00e1 a un nuevo sitio.\u00bb<\/p>\n<p>Per tot el jard\u00ed trobem diverses peces d\u2019art contemporani de diversos autors, en pots trobar el llistat a l\u2019apartat de m\u00e9s contingut. Al centre, per\u00f2, hi predomina l\u2019escultura del <em>Manelic<\/em>\u00a0de <strong>Josep Montserrat<\/strong>, el protagonista de l\u2019obra teatral <em>Terra baixa<\/em>, un cl\u00e0ssic del teatre catal\u00e0 escrit per <strong>\u00c0ngel Guimer\u00e0<\/strong>. L&#8217;obra \u00e9s una trag\u00e8dia rom\u00e0ntica i un drama realista en que el simbolisme i la natura tenen un paper cabdal. Tamb\u00e9 \u00e9s molt representativa del context de la Barcelona de finals del segle XIX, on els conflictes socials i la lluita de classes es van deixar sentir amb for\u00e7a al barri del <strong>Poble-sec<\/strong> i a <strong>Montju\u00efc<\/strong>.<\/p>\n<p>&#8220;&#8230; Quan de cop sento fressa i trepig, i fent un bot com un diable, el llop me passa per sobre flairant fort, que la vaig sentir al coll la seva bufera, i els cabells se\u2019m posaren de punta, i aqu\u00ed dintre uns cops m\u00e9s forts que m\u2019ofegaven!\u2026 Tot d\u2019una, a la ja\u00e7a quins udols i lladrucs i belar esgarrif\u00f3s de les ovelles. I jo quina r\u00e0bia a mi mateix per no haver-lo envestit, el lloparro! I no s\u00e9 com va ser, que em planto al mig del cam\u00ed per a on havia de passar el lloparro\u2026 I a l\u2019entornar-se\u2019n la bestiassa amb l\u2019ovella al morro, s\u2019entrebanca amb mi, i jo amb ell, i m\u2019hi abraono, i li clavo tota aquesta fulla endintre. I ell corrent o rodolant rostos avall, i jo amb ell; arrapats l\u2019un a l\u2019altre; mossegant-lo jo en ell i ell a mi, i udolant los dos, m\u00e9s que ell jo cent vegades, com dues feres salvatgines.&#8221;<\/p>\n<p>Fem un salt temporal i geogr\u00e0fic i de <strong>Guimer\u00e0<\/strong> passem a <strong>Dante Alighieri<\/strong>, el gran poeta itali\u00e0 del segle XIII. T\u2019has imaginat mai com seria l\u2019entrada a l\u2019infern? Si et dirigeixes cap a la porta de sortida hi trobar\u00e0s una interpretaci\u00f3 contempor\u00e0nia de l\u2019artista <strong>Jaume Plensa<\/strong> que es titula <em>Dell\u2019arte<\/em>, i fa refer\u00e8ncia a l\u2019acc\u00e9s a l\u2019infern de la <em>Divina Com\u00e8dia<\/em>.<\/p>\n<p>I \u00e9s que l&#8217;art pot calmar, emocionar, sacsejar, sorprendre o fer-nos imaginar mons nous: des de paradisos perduts a inferns horribles passant per futurs dist\u00f2pics o noves maneres d\u2019encarar els reptes als quals ens hem d&#8217;enfrontar\u2026<\/p>\n<p><strong>&#8211; Mira:<\/strong> Observa des d\u2019una altre perspectiva seguint els <em>Suggeriments fotogr\u00e0fics<\/em>.<br \/>\n<strong>&#8211; Escolta:<\/strong> Un jard\u00ed d\u2019escultures pot semblar un espai silenci\u00f3s, per\u00f2 si pares b\u00e9 l&#8217;orella podr\u00e0s sentir el m\u00f3n que les envolta, sempre en moviment constant.<\/p>\n<p>Abans de continuar cap al pr\u00f2xim tram de la ruta, en aquest gran espai pots estirar diverses parts del cos, escoltant el clip d&#8217;\u00e0udio de salut. I despr\u00e9s per seguir la ruta activa l\u2019\u00e0udio <em>Orientaci\u00f3<\/em>.<\/p>\n    <\/div>\n  <\/div>\n<\/div>\n    <\/div>\n\n\n<div class=\"element gallery-block\">\n          <div class=\"relative overflow-hidden gallery swiper-container\">\n      <div class=\"swiper-wrapper\">\n                  <figure class=\"mb-0 swiper-slide\">\n            <img loading=\"lazy\" decoding=\"async\" width=\"1920\" height=\"1280\" src=\"https:\/\/guides.muzee.it\/app\/uploads\/2025\/06\/1.-Jardi-escultures-1.jpg\" class=\"block mx-auto\" alt=\"\" srcset=\"https:\/\/guides.muzee.it\/app\/uploads\/2025\/06\/1.-Jardi-escultures-1.jpg 1920w, https:\/\/guides.muzee.it\/app\/uploads\/2025\/06\/1.-Jardi-escultures-1-300x200.jpg 300w, https:\/\/guides.muzee.it\/app\/uploads\/2025\/06\/1.-Jardi-escultures-1-1024x683.jpg 1024w, https:\/\/guides.muzee.it\/app\/uploads\/2025\/06\/1.-Jardi-escultures-1-768x512.jpg 768w, https:\/\/guides.muzee.it\/app\/uploads\/2025\/06\/1.-Jardi-escultures-1-1536x1024.jpg 1536w\" sizes=\"auto, (max-width: 1920px) 100vw, 1920px\" \/>\n                      <\/figure>\n                  <figure class=\"mb-0 swiper-slide\">\n            <img loading=\"lazy\" decoding=\"async\" width=\"1920\" height=\"1280\" src=\"https:\/\/guides.muzee.it\/app\/uploads\/2025\/06\/2.-Arbre-1.jpg\" class=\"block mx-auto\" alt=\"\" srcset=\"https:\/\/guides.muzee.it\/app\/uploads\/2025\/06\/2.-Arbre-1.jpg 1920w, https:\/\/guides.muzee.it\/app\/uploads\/2025\/06\/2.-Arbre-1-300x200.jpg 300w, https:\/\/guides.muzee.it\/app\/uploads\/2025\/06\/2.-Arbre-1-1024x683.jpg 1024w, https:\/\/guides.muzee.it\/app\/uploads\/2025\/06\/2.-Arbre-1-768x512.jpg 768w, https:\/\/guides.muzee.it\/app\/uploads\/2025\/06\/2.-Arbre-1-1536x1024.jpg 1536w\" sizes=\"auto, (max-width: 1920px) 100vw, 1920px\" \/>\n                      <\/figure>\n                  <figure class=\"mb-0 swiper-slide\">\n            <img loading=\"lazy\" decoding=\"async\" width=\"1920\" height=\"1280\" src=\"https:\/\/guides.muzee.it\/app\/uploads\/2025\/06\/3.-Escultura-1.jpg\" class=\"block mx-auto\" alt=\"\" srcset=\"https:\/\/guides.muzee.it\/app\/uploads\/2025\/06\/3.-Escultura-1.jpg 1920w, https:\/\/guides.muzee.it\/app\/uploads\/2025\/06\/3.-Escultura-1-300x200.jpg 300w, https:\/\/guides.muzee.it\/app\/uploads\/2025\/06\/3.-Escultura-1-1024x683.jpg 1024w, https:\/\/guides.muzee.it\/app\/uploads\/2025\/06\/3.-Escultura-1-768x512.jpg 768w, https:\/\/guides.muzee.it\/app\/uploads\/2025\/06\/3.-Escultura-1-1536x1024.jpg 1536w\" sizes=\"auto, (max-width: 1920px) 100vw, 1920px\" \/>\n                      <\/figure>\n              <\/div>\n      <div class=\"inset-0 swiper-pagination w-fit\"><\/div>\n      <div class=\"swiper-button-prev\"><\/div>\n      <div class=\"swiper-button-next\"><\/div>\n    <\/div>\n  <\/div>\n\n\n<div class=\"element content-in-icons\">\n    <div class=\"flex icons\">\n                                  <div data-target=\"0\" data-toggle=\"tab\"\n            class=\"flex flex-col items-center flex-1 cursor-pointer icon\">\n                          <div class=\"flex-shrink-0 w-10 h-10\">\n                <svg class=\"object-contain w-full h-auto\" xmlns=\"http:\/\/www.w3.org\/2000\/svg\" fill=\"none\" viewBox=\"0 0 40 40\"><path fill=\"currentColor\" fill-rule=\"evenodd\" d=\"M20 40c11.0457 0 20-8.9543 20-20S31.0457 0 20 0 0 8.9543 0 20s8.9543 20 20 20Zm9-22c0-4.9675-4.0325-9-9-9s-9 4.0325-9 9c0 2.6142 1.3929 5.2671 3.0896 7.4986 2.484 3.267 5.5896 5.6287 5.5896 5.6287h.0005a.529.529 0 0 0 .6406 0h.0005s3.1056-2.3617 5.5896-5.6287C27.6071 23.2671 29 20.6142 29 18Zm-12.7059 0c0-2.0451 1.6608-3.7059 3.7059-3.7059S23.7059 15.9549 23.7059 18 22.0451 21.7059 20 21.7059 16.2941 20.0451 16.2941 18Z\" clip-rule=\"evenodd\"\/><\/svg>\n              <\/div>\n                                      <span class=\"text-sm font-semibold leading-none text-center lg:text-base\">Orientaci\u00f3<\/span>\n                      <\/div>\n                                          <div data-target=\"1\" data-toggle=\"tab\"\n            class=\"flex flex-col items-center flex-1 cursor-pointer icon\">\n                          <div class=\"flex-shrink-0 w-10 h-10\">\n                <svg class=\"object-contain w-full h-auto\" fill=\"none\" xmlns=\"http:\/\/www.w3.org\/2000\/svg\" viewBox=\"0 0 40 40\">\n  <path fill-rule=\"evenodd\" clip-rule=\"evenodd\"\n    d=\"M20 40c11.046 0 20-8.954 20-20S31.046 0 20 0 0 8.954 0 20s8.954 20 20 20Zm-8.552-19.077c-1.93-2.049-1.932-5.342 0-7.388 1.931-2.047 5.04-2.047 6.972 0l1.585 1.679 1.574-1.669c1.932-2.046 5.041-2.046 6.973 0 1.93 2.047 1.93 5.342 0 7.388L19.995 30l-8.547-9.077Z\"\n    fill=\"currentColor\" \/>\n<\/svg>\n              <\/div>\n                                      <span class=\"text-sm font-semibold leading-none text-center lg:text-base\">Salut<br>i benestar<\/span>\n                      <\/div>\n                                          <div data-target=\"2\" data-toggle=\"tab\"\n            class=\"flex flex-col items-center flex-1 cursor-pointer icon\">\n                          <div class=\"flex-shrink-0 w-10 h-10\">\n                <svg class=\"object-contain w-full h-auto\" xmlns=\"http:\/\/www.w3.org\/2000\/svg\" fill=\"none\" viewBox=\"0 0 40 41\"><path fill=\"currentColor\" fill-rule=\"evenodd\" d=\"M40 20.1541c0 11.0456-8.9543 20-20 20s-20-8.9544-20-20c0-11.0457 8.9543-20 20-20s20 8.9543 20 20Zm-20 4.6385c2.1628 0 3.9162-1.7533 3.9162-3.9162 0-2.1628-1.7534-3.9161-3.9162-3.9161s-3.9161 1.7533-3.9161 3.9161c0 2.1629 1.7533 3.9162 3.9161 3.9162Zm7.1395-11.0904h.935c1.7837 0 3.2298 1.4453 3.2298 3.2298v8.5792c0 1.7836-1.4461 3.2298-3.2298 3.2298h-16.149c-1.7837 0-3.2298-1.4462-3.2298-3.2298V16.932c0-1.7837 1.4461-3.2298 3.2298-3.2298h.935c.319 0 .4732 0 .5679-.0752.0886-.0703.1249-.2067.1951-.4707l.3795-1.107c.3403-.6374.503-.9966.7803-1.1991.358-.2614.9068-.2614 2.2751-.2614h5.8823c2.2857 0 2.2857.0001 2.9267 1.2171.0402.0763.0828.1573.1287.2434l.3796 1.107c.0168.055.0308.1046.0434.1493.0965.3419.112.3966.7204.3966Zm-12.5091 7.1742c0 2.9609 2.4087 5.3696 5.3696 5.3696s5.3696-2.4087 5.3696-5.3696S22.9609 15.5068 20 15.5068s-5.3696 2.4087-5.3696 5.3696Zm11.8212-3.8265c0 .4505.3649.8155.8155.8155.4505 0 .8155-.3658.8155-.8155a.8154.8154 0 0 0-.8155-.8156.8153.8153 0 0 0-.8155.8156Z\" clip-rule=\"evenodd\"\/><\/svg>\n              <\/div>\n                                      <span class=\"text-sm font-semibold leading-none text-center lg:text-base\">Suggeriments<br>fotogr\u00e0fics<\/span>\n                      <\/div>\n                                          <div data-target=\"3\" data-toggle=\"tab\"\n            class=\"flex flex-col items-center flex-1 cursor-pointer icon\">\n                          <div class=\"flex-shrink-0 w-10 h-10\">\n                <svg class=\"object-contain w-full h-auto\" xmlns=\"http:\/\/www.w3.org\/2000\/svg\" fill=\"none\" viewBox=\"0 0 40 41\"><path fill=\"currentColor\" fill-rule=\"evenodd\" d=\"M20 40.731c11.0457 0 20-8.9543 20-20s-8.9543-20-20-20-20 8.9543-20 20 8.9543 20 20 20Zm1.2245-21.2244h6.551c.6764 0 1.2245.548 1.2245 1.2244 0 .6765-.5481 1.2245-1.2245 1.2245h-6.551v6.5511c0 .6764-.5481 1.2244-1.2245 1.2244-.6764 0-1.2245-.548-1.2245-1.2244v-6.5511h-6.551c-.6764 0-1.2245-.548-1.2245-1.2245 0-.6764.5481-1.2244 1.2245-1.2244h6.551v-6.5511c0-.6764.5481-1.2245 1.2245-1.2245.6764 0 1.2245.5481 1.2245 1.2245v6.5511Z\" clip-rule=\"evenodd\"\/><\/svg>\n              <\/div>\n                                      <span class=\"text-sm font-semibold leading-none text-center lg:text-base\">M\u00e9s<br>contingut<\/span>\n                      <\/div>\n                  <\/div>\n\n    <div class=\"flex flex-col content\">\n      <div class=\"acf-innerblocks-container\">\n<div class=\"icon-tab-content overflow-hidden transition-[max-height] duration-300 max-h-0\">\n    <div class=\"pt-6\">\n      <div class=\"acf-innerblocks-container\">\n<div class=\"element audio-block\">\n  <div class=\"flex items-center\">\n            <div class=\"flex-1 info\">\n              <h3 class=\"text-xl font-bold\">Del jard\u00ed de les escultures als jardins de Moss\u00e8n Cinto Verdaguer<\/h3>\n                          <div class=\"flex flex-wrap -mx-2 -mt-2\">\n                      <a href=\"#\" data-target=\"#transcription-84f09eb17d2d22dec884794dd856558c\" data-toggle=\"modal\"\n              class=\"px-2 text-sm border-0 text-accent\">\n              <svg width=\"11\" height=\"12\" class=\"inline-block mr-1 text-accent\"\n                xmlns=\"http:\/\/www.w3.org\/2000\/svg\">\n                <path d=\"M0 0h11v9H8.7642v2.8481L5.5 9H0z\" fill=\"currentColor\" fill-rule=\"evenodd\" \/>\n              <\/svg>\n              <span class=\"underline underline-offset\">Transcripci\u00f3<\/span>\n            <\/a>\n                            <\/div>\n          <\/div>\n    <div class=\"flex flex-col items-center ml-4 audio-control rtl:ml-0 rtl:mr-4\">\n      <button class=\"flex items-center justify-center w-12 h-12 !p-0 !my-0 rounded-full btn !text-bg\"\n  data-target=\"#audio-84f09eb17d2d22dec884794dd856558c\">\n  <svg width=\"100%\" height=\"100%\" viewBox=\"0 0 36 36\" version=\"1.1\" xmlns=\"http:\/\/www.w3.org\/2000\/svg\" xmlns:xlink=\"http:\/\/www.w3.org\/1999\/xlink\">\n  <path id=\"ytp-12\" d=\"M11,10 L18,13.74 18,22.28 11,26 M18,13.74 L26,18 26,18 18,22.28\" fill=\"currentColor\">\n    <animate id=\"animation\" begin=\"indefinite\" attributeType=\"XML\" attributeName=\"d\" fill=\"freeze\" from=\"M11,10 L17,10 17,26 11,26 M20,10 L26,10 26,26 20,26\" to=\"M11,10 L18,13.74 18,22.28 11,26 M18,13.74 L26,18 26,18 18,22.28\" dur=\"0.1s\" keySplines=\".4 0 1 1\" repeatCount=\"1\" data-play=\"M11,10 L18,13.74 18,22.28 11,26 M18,13.74 L26,18 26,18 18,22.28\" data-pause=\"M11,10 L17,10 17,26 11,26 M20,10 L26,10 26,26 20,26\"><\/animate>\n  <\/path>\n<\/svg>\n<\/button>\n      <div class=\"text-sm total-time\"><\/div>\n    <\/div>\n  <\/div>\n        <div class=\"audio-content\" dir=\"ltr\">\n      <audio id=\"audio-84f09eb17d2d22dec884794dd856558c\" data-label=\"Del jard\u00ed de les escultures als jardins de Moss\u00e8n Cinto Verdaguer\"\n        data-category=\"04-ORIENTACIO-CAT-TRAM-2_mezcla3.mp3\" class=\"hidden\" controls\n        src=\"https:\/\/guides.muzee.it\/app\/uploads\/2025\/06\/04-ORIENTACIO-CAT-TRAM-2_mezcla3.mp3\"><\/audio>\n      <div class=\"mt-2 transition-opacity opacity-0 meta\">\n        <div class=\"flex items-end\" style=\"gap: 16px;\">\n          <div class=\"flex-1\">\n            <progress class=\"w-full border-0 appearance-none\" value=\"0\" max=\"1\"><\/progress>\n            <div class=\"flex justify-between text-sm\">\n              <div class=\"current-time\"><\/div>\n              <div class=\"total-time\"><\/div>\n            <\/div>\n          <\/div>\n                  <\/div>\n      <\/div>\n    <\/div>\n        <div id=\"transcription-84f09eb17d2d22dec884794dd856558c\"\n  class=\"fixed inset-0 z-50 hidden w-screen h-screen opacity-0 pointer-events-none modal transcription\"\n  tabindex=\"-1\" role=\"dialog\">\n  <div class=\"absolute w-full h-full bg-black opacity-75 modal-overlay\"><\/div>\n  <div\n    class=\"absolute z-30 w-11\/12 mx-auto overflow-y-auto text-black bg-white shadow-lg modal-container center-xy md:max-w-4xl\"\n    role=\"document\">\n    <div class=\"flex items-center justify-between px-4 py-4 text-gray-700 border-b md:px-8\">\n      <h2 class=\"!mb-0 font-bold\">Transcripci\u00f3<\/h2>\n      <div class=\"z-50 flex flex-col items-center ml-auto cursor-pointer rtl:ml-0 rtl:mr-auto modal-close\">\n        <svg class=\"w-auto h-6\" width=\"18\" height=\"23\" xmlns=\"http:\/\/www.w3.org\/2000\/svg\">\n  <g stroke=\"currentColor\" fill=\"none\" fill-rule=\"evenodd\" stroke-linecap=\"square\">\n    <path d=\"M.7248.974l16.1076 20.6167M16.655 1.2654L.9097 22.1601\" \/>\n  <\/g>\n<\/svg>        <div class=\"hidden\">Close<\/div>\n      <\/div>\n    <\/div>\n    <div class=\"px-4 py-8 overflow-y-auto max-h-modal md:px-8 modal-content\">\n      <div class=\"mb-6\">\n                      <h3 class=\"text-xl font-bold\">Del jard\u00ed de les escultures als jardins de Moss\u00e8n Cinto Verdaguer<\/h3>\n                            <\/div>\n            <p>Sortint del <strong>jard\u00ed de les escultures<\/strong> arribem a la transitada<strong> avinguda Miramar<\/strong>.<\/p>\n<p>Gira a l\u2019esquerra i segueix l\u2019avinguda fins a trobar l\u2019estaci\u00f3 del <strong>Funicular<\/strong>. Un cop al davant travessa pel pas de vianants que hi ha. Continua per la mateixa vorera a l\u2019esquerra i puja a la dreta cap al carrer dels tarongers. A uns 50 metres hi trobar\u00e0s la porta principal dels <strong>Jardins de Moss\u00e8n Cinto Verdaguer<\/strong>.<\/p>\n    <\/div>\n  <\/div>\n<\/div>\n    <\/div>\n\n\n<div class=\"element image-block\">\n      <div class=\"flex mb-4\">\n            <div class=\"flex-1 info\">\n                  <h3 class=\"text-xl font-bold\">Mapa<\/h3>\n                      <\/div>\n    <\/div>\n          <figure class=\"mb-0\">\n      <img loading=\"lazy\" decoding=\"async\" width=\"1800\" height=\"1080\" src=\"https:\/\/guides.muzee.it\/app\/uploads\/2025\/06\/Mapa-4.jpg\" class=\"block mx-auto\" alt=\"\" srcset=\"https:\/\/guides.muzee.it\/app\/uploads\/2025\/06\/Mapa-4.jpg 1800w, https:\/\/guides.muzee.it\/app\/uploads\/2025\/06\/Mapa-4-300x180.jpg 300w, https:\/\/guides.muzee.it\/app\/uploads\/2025\/06\/Mapa-4-1024x614.jpg 1024w, https:\/\/guides.muzee.it\/app\/uploads\/2025\/06\/Mapa-4-768x461.jpg 768w, https:\/\/guides.muzee.it\/app\/uploads\/2025\/06\/Mapa-4-1536x922.jpg 1536w\" sizes=\"auto, (max-width: 1800px) 100vw, 1800px\" \/>\n          <\/figure>\n    \n<\/div>\n\n<\/div>\n    <\/div>\n  <\/div>\n\n\n<div class=\"icon-tab-content overflow-hidden transition-[max-height] duration-300 max-h-0\">\n    <div class=\"pt-6\">\n      <div class=\"acf-innerblocks-container\">\n<div class=\"element audio-block\">\n  <div class=\"flex items-center\">\n            <div class=\"flex-1 info\">\n              <h3 class=\"text-xl font-bold\">Estiraments corporals<\/h3>\n                          <div class=\"flex flex-wrap -mx-2 -mt-2\">\n                      <a href=\"#\" data-target=\"#transcription-54b22f80675dc52b9224c89d66a2749d\" data-toggle=\"modal\"\n              class=\"px-2 text-sm border-0 text-accent\">\n              <svg width=\"11\" height=\"12\" class=\"inline-block mr-1 text-accent\"\n                xmlns=\"http:\/\/www.w3.org\/2000\/svg\">\n                <path d=\"M0 0h11v9H8.7642v2.8481L5.5 9H0z\" fill=\"currentColor\" fill-rule=\"evenodd\" \/>\n              <\/svg>\n              <span class=\"underline underline-offset\">Transcripci\u00f3<\/span>\n            <\/a>\n                            <\/div>\n          <\/div>\n    <div class=\"flex flex-col items-center ml-4 audio-control rtl:ml-0 rtl:mr-4\">\n      <button class=\"flex items-center justify-center w-12 h-12 !p-0 !my-0 rounded-full btn !text-bg\"\n  data-target=\"#audio-54b22f80675dc52b9224c89d66a2749d\">\n  <svg width=\"100%\" height=\"100%\" viewBox=\"0 0 36 36\" version=\"1.1\" xmlns=\"http:\/\/www.w3.org\/2000\/svg\" xmlns:xlink=\"http:\/\/www.w3.org\/1999\/xlink\">\n  <path id=\"ytp-12\" d=\"M11,10 L18,13.74 18,22.28 11,26 M18,13.74 L26,18 26,18 18,22.28\" fill=\"currentColor\">\n    <animate id=\"animation\" begin=\"indefinite\" attributeType=\"XML\" attributeName=\"d\" fill=\"freeze\" from=\"M11,10 L17,10 17,26 11,26 M20,10 L26,10 26,26 20,26\" to=\"M11,10 L18,13.74 18,22.28 11,26 M18,13.74 L26,18 26,18 18,22.28\" dur=\"0.1s\" keySplines=\".4 0 1 1\" repeatCount=\"1\" data-play=\"M11,10 L18,13.74 18,22.28 11,26 M18,13.74 L26,18 26,18 18,22.28\" data-pause=\"M11,10 L17,10 17,26 11,26 M20,10 L26,10 26,26 20,26\"><\/animate>\n  <\/path>\n<\/svg>\n<\/button>\n      <div class=\"text-sm total-time\"><\/div>\n    <\/div>\n  <\/div>\n        <div class=\"audio-content\" dir=\"ltr\">\n      <audio id=\"audio-54b22f80675dc52b9224c89d66a2749d\" data-label=\"Estiraments corporals\"\n        data-category=\"04-SALUT-CAT-TERCERA-PARADA_mezcla2.mp3\" class=\"hidden\" controls\n        src=\"https:\/\/guides.muzee.it\/app\/uploads\/2025\/06\/04-SALUT-CAT-TERCERA-PARADA_mezcla2.mp3\"><\/audio>\n      <div class=\"mt-2 transition-opacity opacity-0 meta\">\n        <div class=\"flex items-end\" style=\"gap: 16px;\">\n          <div class=\"flex-1\">\n            <progress class=\"w-full border-0 appearance-none\" value=\"0\" max=\"1\"><\/progress>\n            <div class=\"flex justify-between text-sm\">\n              <div class=\"current-time\"><\/div>\n              <div class=\"total-time\"><\/div>\n            <\/div>\n          <\/div>\n                  <\/div>\n      <\/div>\n    <\/div>\n        <div id=\"transcription-54b22f80675dc52b9224c89d66a2749d\"\n  class=\"fixed inset-0 z-50 hidden w-screen h-screen opacity-0 pointer-events-none modal transcription\"\n  tabindex=\"-1\" role=\"dialog\">\n  <div class=\"absolute w-full h-full bg-black opacity-75 modal-overlay\"><\/div>\n  <div\n    class=\"absolute z-30 w-11\/12 mx-auto overflow-y-auto text-black bg-white shadow-lg modal-container center-xy md:max-w-4xl\"\n    role=\"document\">\n    <div class=\"flex items-center justify-between px-4 py-4 text-gray-700 border-b md:px-8\">\n      <h2 class=\"!mb-0 font-bold\">Transcripci\u00f3<\/h2>\n      <div class=\"z-50 flex flex-col items-center ml-auto cursor-pointer rtl:ml-0 rtl:mr-auto modal-close\">\n        <svg class=\"w-auto h-6\" width=\"18\" height=\"23\" xmlns=\"http:\/\/www.w3.org\/2000\/svg\">\n  <g stroke=\"currentColor\" fill=\"none\" fill-rule=\"evenodd\" stroke-linecap=\"square\">\n    <path d=\"M.7248.974l16.1076 20.6167M16.655 1.2654L.9097 22.1601\" \/>\n  <\/g>\n<\/svg>        <div class=\"hidden\">Close<\/div>\n      <\/div>\n    <\/div>\n    <div class=\"px-4 py-8 overflow-y-auto max-h-modal md:px-8 modal-content\">\n      <div class=\"mb-6\">\n                      <h3 class=\"text-xl font-bold\">Estiraments corporals<\/h3>\n                            <\/div>\n            <p>Pot ser que en aquest punt notis el cos una mica tens, aix\u00ed que et proposo una s\u00e8rie d\u2019exercicis per <strong>alliberar tensions<\/strong>. Ara que et trobes al <strong>jard\u00ed de les escultures<\/strong>, busca un espai tranquil. Pot ser a les escales per on has arribat, els bancs que hi ha al lateral o al costat de l\u2019arbre que hi ha al costat de l\u2019edifici de la <strong>Fundaci\u00f3<\/strong>, qualsevol lloc que tri\u00efs estar\u00e0 b\u00e9. Ves al teu ritme, no forcis i fes fins on el teu cos pugui. Recorda sempre fer moviments suaus.<\/p>\n<p>Som-hi!<\/p>\n<p>&#8211; Obre i tanca els dits de les mans \u00e0mpliament. Quan ho hagis fet unes quantes vegades, agita les mans cap avall, com si et volguessis expulsar alguna cosa que t\u2019hi hagi quedat.<\/p>\n<p>&#8211; Passa la m\u00e0 dreta per damunt del cap i porta-la cap al clatell. Alhora, amb la m\u00e0 esquerra, porta-la a la zona lumbar. Els moviments han de ser suaus, sense for\u00e7ar-los, tant \u00e9s on arribis, nom\u00e9s volem deixar anar el cos i alliberar-lo si hi ha hagut alguna mol\u00e8stia. Despr\u00e9s, fes-ho al rev\u00e9s: la m\u00e0 esquerra va a buscar el clatell i la m\u00e0 dreta, la zona lumbar. Repeteix l\u2019exercici diverses vegades i recorda no busquem rapidesa, sin\u00f3 fer el moviment ample, fluid, sense fer-nos mal.<\/p>\n<p>&#8211; Recolza el pes sobre el peu esquerre i puja el genoll dret. De nou, no es tracta de for\u00e7ar el cos ni de perdre l\u2019equilibri, nom\u00e9s volem donar una mica de mobilitat a les cames. Despr\u00e9s, recolza el pes al peu dret i puja el genoll esquerre. Repeteix-ho diverses vegades.<\/p>\n<p>&#8211; Sense moure el cos, gira el cap com si volguessis mirar per damunt de l\u2019espatlla dreta. Amb suavitat i consci\u00e8ncia, gira el cap com si volguessis mirar per damunt de l\u2019espatlla esquerra. Aquest moviment \u00e9s molt important fer-lo lentament per evitar marejos. Mentre ho fas, vull que sentis com s\u2019estira la musculatura del coll cap on condueixes la mirada.<\/p>\n<p>&#8211; Un cop estirat el cos, et convido a beure una mica d\u2019aigua per tenir una correcta hidrataci\u00f3 abans de seguir amb la ruta.<\/p>\n    <\/div>\n  <\/div>\n<\/div>\n    <\/div>\n\n<\/div>\n    <\/div>\n  <\/div>\n\n\n<div class=\"icon-tab-content overflow-hidden transition-[max-height] duration-300 max-h-0\">\n    <div class=\"pt-6\">\n      <div class=\"acf-innerblocks-container\">\n<div class=\"element audio-block\">\n  <div class=\"flex items-center\">\n            <div class=\"flex-1 info\">\n              <h3 class=\"text-xl font-bold\">Perspectiva<\/h3>\n                          <div class=\"flex flex-wrap -mx-2 -mt-2\">\n                      <a href=\"#\" data-target=\"#transcription-3be5670d4b23721fe4514acec81384fd\" data-toggle=\"modal\"\n              class=\"px-2 text-sm border-0 text-accent\">\n              <svg width=\"11\" height=\"12\" class=\"inline-block mr-1 text-accent\"\n                xmlns=\"http:\/\/www.w3.org\/2000\/svg\">\n                <path d=\"M0 0h11v9H8.7642v2.8481L5.5 9H0z\" fill=\"currentColor\" fill-rule=\"evenodd\" \/>\n              <\/svg>\n              <span class=\"underline underline-offset\">Transcripci\u00f3<\/span>\n            <\/a>\n                            <\/div>\n          <\/div>\n    <div class=\"flex flex-col items-center ml-4 audio-control rtl:ml-0 rtl:mr-4\">\n      <button class=\"flex items-center justify-center w-12 h-12 !p-0 !my-0 rounded-full btn !text-bg\"\n  data-target=\"#audio-3be5670d4b23721fe4514acec81384fd\">\n  <svg width=\"100%\" height=\"100%\" viewBox=\"0 0 36 36\" version=\"1.1\" xmlns=\"http:\/\/www.w3.org\/2000\/svg\" xmlns:xlink=\"http:\/\/www.w3.org\/1999\/xlink\">\n  <path id=\"ytp-12\" d=\"M11,10 L18,13.74 18,22.28 11,26 M18,13.74 L26,18 26,18 18,22.28\" fill=\"currentColor\">\n    <animate id=\"animation\" begin=\"indefinite\" attributeType=\"XML\" attributeName=\"d\" fill=\"freeze\" from=\"M11,10 L17,10 17,26 11,26 M20,10 L26,10 26,26 20,26\" to=\"M11,10 L18,13.74 18,22.28 11,26 M18,13.74 L26,18 26,18 18,22.28\" dur=\"0.1s\" keySplines=\".4 0 1 1\" repeatCount=\"1\" data-play=\"M11,10 L18,13.74 18,22.28 11,26 M18,13.74 L26,18 26,18 18,22.28\" data-pause=\"M11,10 L17,10 17,26 11,26 M20,10 L26,10 26,26 20,26\"><\/animate>\n  <\/path>\n<\/svg>\n<\/button>\n      <div class=\"text-sm total-time\"><\/div>\n    <\/div>\n  <\/div>\n        <div class=\"audio-content\" dir=\"ltr\">\n      <audio id=\"audio-3be5670d4b23721fe4514acec81384fd\" data-label=\"Perspectiva\"\n        data-category=\"03-FOTO-CAT-CLIP-3-PERSPECTIVA_mezcla2.mp3\" class=\"hidden\" controls\n        src=\"https:\/\/guides.muzee.it\/app\/uploads\/2025\/06\/03-FOTO-CAT-CLIP-3-PERSPECTIVA_mezcla2.mp3\"><\/audio>\n      <div class=\"mt-2 transition-opacity opacity-0 meta\">\n        <div class=\"flex items-end\" style=\"gap: 16px;\">\n          <div class=\"flex-1\">\n            <progress class=\"w-full border-0 appearance-none\" value=\"0\" max=\"1\"><\/progress>\n            <div class=\"flex justify-between text-sm\">\n              <div class=\"current-time\"><\/div>\n              <div class=\"total-time\"><\/div>\n            <\/div>\n          <\/div>\n                  <\/div>\n      <\/div>\n    <\/div>\n        <div id=\"transcription-3be5670d4b23721fe4514acec81384fd\"\n  class=\"fixed inset-0 z-50 hidden w-screen h-screen opacity-0 pointer-events-none modal transcription\"\n  tabindex=\"-1\" role=\"dialog\">\n  <div class=\"absolute w-full h-full bg-black opacity-75 modal-overlay\"><\/div>\n  <div\n    class=\"absolute z-30 w-11\/12 mx-auto overflow-y-auto text-black bg-white shadow-lg modal-container center-xy md:max-w-4xl\"\n    role=\"document\">\n    <div class=\"flex items-center justify-between px-4 py-4 text-gray-700 border-b md:px-8\">\n      <h2 class=\"!mb-0 font-bold\">Transcripci\u00f3<\/h2>\n      <div class=\"z-50 flex flex-col items-center ml-auto cursor-pointer rtl:ml-0 rtl:mr-auto modal-close\">\n        <svg class=\"w-auto h-6\" width=\"18\" height=\"23\" xmlns=\"http:\/\/www.w3.org\/2000\/svg\">\n  <g stroke=\"currentColor\" fill=\"none\" fill-rule=\"evenodd\" stroke-linecap=\"square\">\n    <path d=\"M.7248.974l16.1076 20.6167M16.655 1.2654L.9097 22.1601\" \/>\n  <\/g>\n<\/svg>        <div class=\"hidden\">Close<\/div>\n      <\/div>\n    <\/div>\n    <div class=\"px-4 py-8 overflow-y-auto max-h-modal md:px-8 modal-content\">\n      <div class=\"mb-6\">\n                      <h3 class=\"text-xl font-bold\">Perspectiva<\/h3>\n                            <\/div>\n            <p>Ara que ja hem treballat l\u2019<strong>enquadrament<\/strong>, tamb\u00e9 has de tenir en compte la <strong>perspectiva<\/strong> a l\u2019hora de crear una imatge. La <strong>perspectiva<\/strong> \u00e9s tant la relaci\u00f3 dels objectes entre si com tamb\u00e9 la direcci\u00f3 i posici\u00f3 des d\u2019on es fa la fotografia.<\/p>\n<p>Habitualment, fem fotografies amb el punt de vista al nivell dels nostres ulls. \u00c9s normal, \u00e9s des d\u2019on veiem el m\u00f3n. Per\u00f2 atreveix-te a canviar la perspectiva a l\u2019hora de fer fotografies i tamb\u00e9 a la vida! Aix\u00f2 ajuda a veure les coses com potser mai les havies vist abans. Fes la fotografia des d\u2019arran de terra o des de dalt d\u2019una escalinata mirant cap a baix. Mou-te, busca angles diferents, ja veur\u00e0s com les imatges seran molt m\u00e9s creatives!<\/p>\n<p>El punt de vista \u201cpicat\u201d \u00e9s quan la c\u00e0mera est\u00e0 situada m\u00e9s amunt de l\u2019element fotografiat, i el \u201ccontrapicat\u201d, tot el contrari, quan est\u00e0 a un nivell inferior.<\/p>\n    <\/div>\n  <\/div>\n<\/div>\n    <\/div>\n\n\n<div class=\"element gallery-block\">\n          <div class=\"relative overflow-hidden gallery swiper-container\">\n      <div class=\"swiper-wrapper\">\n                  <figure class=\"mb-0 swiper-slide\">\n            <img loading=\"lazy\" decoding=\"async\" width=\"1620\" height=\"1080\" src=\"https:\/\/guides.muzee.it\/app\/uploads\/2025\/06\/2.-SF_Ma-Manelic-1.jpg\" class=\"block mx-auto\" alt=\"\" srcset=\"https:\/\/guides.muzee.it\/app\/uploads\/2025\/06\/2.-SF_Ma-Manelic-1.jpg 1620w, https:\/\/guides.muzee.it\/app\/uploads\/2025\/06\/2.-SF_Ma-Manelic-1-300x200.jpg 300w, https:\/\/guides.muzee.it\/app\/uploads\/2025\/06\/2.-SF_Ma-Manelic-1-1024x683.jpg 1024w, https:\/\/guides.muzee.it\/app\/uploads\/2025\/06\/2.-SF_Ma-Manelic-1-768x512.jpg 768w, https:\/\/guides.muzee.it\/app\/uploads\/2025\/06\/2.-SF_Ma-Manelic-1-1536x1024.jpg 1536w\" sizes=\"auto, (max-width: 1620px) 100vw, 1620px\" \/>\n                      <\/figure>\n                  <figure class=\"mb-0 swiper-slide\">\n            <img loading=\"lazy\" decoding=\"async\" width=\"1620\" height=\"1080\" src=\"https:\/\/guides.muzee.it\/app\/uploads\/2025\/06\/1.-SF-Palmeres-1.jpg\" class=\"block mx-auto\" alt=\"\" srcset=\"https:\/\/guides.muzee.it\/app\/uploads\/2025\/06\/1.-SF-Palmeres-1.jpg 1620w, https:\/\/guides.muzee.it\/app\/uploads\/2025\/06\/1.-SF-Palmeres-1-300x200.jpg 300w, https:\/\/guides.muzee.it\/app\/uploads\/2025\/06\/1.-SF-Palmeres-1-1024x683.jpg 1024w, https:\/\/guides.muzee.it\/app\/uploads\/2025\/06\/1.-SF-Palmeres-1-768x512.jpg 768w, https:\/\/guides.muzee.it\/app\/uploads\/2025\/06\/1.-SF-Palmeres-1-1536x1024.jpg 1536w\" sizes=\"auto, (max-width: 1620px) 100vw, 1620px\" \/>\n                      <\/figure>\n              <\/div>\n      <div class=\"inset-0 swiper-pagination w-fit\"><\/div>\n      <div class=\"swiper-button-prev\"><\/div>\n      <div class=\"swiper-button-next\"><\/div>\n    <\/div>\n  <\/div>\n\n<\/div>\n    <\/div>\n  <\/div>\n\n\n<div class=\"icon-tab-content overflow-hidden transition-[max-height] duration-300 max-h-0\">\n    <div class=\"pt-6\">\n      <div class=\"acf-innerblocks-container\">\n<div class=\"element text-block\">\n      <div class=\"flex mb-4\">\n            <div class=\"flex-1 info\">\n                  <h3 class=\"text-xl font-bold\">Fragment de &#8220;Breviario de un Viejo corredor&#8221; de Llu\u00eds  Alabern <\/h3>\n                      <\/div>\n    <\/div>\n        <div class=\"mb-4 prose\">\n      <p>\u00ab<strong>Thoreau<\/strong>, en su tratado <em>Caminar<\/em> (1861), comenta: &#8220;A medida que el hombre envejece aumenta su disposici\u00f3n para la inmovilidad y las ocupaciones caseras. El corredor de caminos anciano rompe con ese postulado tan humano, vuelve al estado salvaje que lo obliga a estar siempre alerta, siempre movi\u00e9ndose. Se adentra en el camino que no conoce para llegar al lugar desconocido. Cuando quiero relajarme, busco el bosque m\u00e1s oscuro, o el pantano que, a ojos de mis conciudadanos, resulta m\u00e1s impenetrable y l\u00fagubre. Camino por all\u00ed como por un lugar sagrado; un sanctasanct\u00f3rum. All\u00ed est\u00e1 la fuerza, la m\u00e9dula de la naturaleza&#8221;, concluye <strong>Thoreau<\/strong>. Trotar adentr\u00e1ndose en el bosque pone en funcionamiento los resortes de la atenci\u00f3n. Nos conecta de nuevo con la naturaleza. Solo si dibujamos sin rumbo, solo si nos adentramos en un paseo invernal, la densa vegetaci\u00f3n de lo desconocido, el dibujo nos llevar\u00e1 a un nuevo sitio.\u00bb<\/p>\n\n    <\/div>\n  <\/div>\n\n<\/div>\n    <\/div>\n  <\/div>\n\n<\/div>\n    <\/div>\n  <\/div>\n\n<\/div>\n          <\/div>\n      <\/section>\n\n\n<section class=\"section  section-collapsible  mb-8\"\n    id=\"section-69eeffc558132\" data-title=\"4. L\u2019esclat del color! Jardins Moss\u00e8n Cinto Verdaguer\">\n          <div class=\"sticky z-10 w-full bg-bg  top-16 \">\n              <div role=\"button\" class=\"cursor-pointer\" tabindex=\"0\" data-toggle=\"collapse\"\n        data-target=\"#section-block_506b620b95caf1fbb3b52378918e9ef4-content\" data-group=\"sections\"\n        aria-controls=\"section-block_506b620b95caf1fbb3b52378918e9ef4-content\" aria-expanded=\"false\">\n              <h2 class=\"flex items-baseline text-3xl leading-tight font-headings !mb-0 pb-2\">\n                  <i class=\"mr-4 rtl:mr-0 rtl:ml-4 text-accent\">\n            <svg width=\"22\" height=\"21\" viewBox=\"0 0 22 21\" xmlns=\"http:\/\/www.w3.org\/2000\/svg\"><path d=\"M9.6875.5v15.2123l-7.337-6.9876L.5 10.5l10.5 10 10.5-10-1.8504-1.7623-7.3371 6.9746V.5z\" fill=\"currentColor\" fill-rule=\"nonzero\"\/><\/svg>\n          <\/i>\n                <span>4. L\u2019esclat del color! <br><small><em>Jardins Moss\u00e8n Cinto Verdaguer<\/em><\/small><\/span>\n      <\/h2>\n                  <\/div>\n              <\/div>\n              <div id=\"section-block_506b620b95caf1fbb3b52378918e9ef4-content\"\n        class=\"overflow-hidden transition-[max-height] duration-300 max-h-0 collapse-flexible\">\n        \n    <div class=\"acf-innerblocks-container\">\n<div class=\"element audio-block\">\n  <div class=\"flex items-center\">\n            <div class=\"flex-1 info\">\n              <h3 class=\"text-xl font-bold\">Jardins de Moss\u00e8n Cinto Verdaguer<\/h3>\n                          <div class=\"flex flex-wrap -mx-2 -mt-2\">\n                      <a href=\"#\" data-target=\"#transcription-7d107a22798c32b059c16130da16b2bd\" data-toggle=\"modal\"\n              class=\"px-2 text-sm border-0 text-accent\">\n              <svg width=\"11\" height=\"12\" class=\"inline-block mr-1 text-accent\"\n                xmlns=\"http:\/\/www.w3.org\/2000\/svg\">\n                <path d=\"M0 0h11v9H8.7642v2.8481L5.5 9H0z\" fill=\"currentColor\" fill-rule=\"evenodd\" \/>\n              <\/svg>\n              <span class=\"underline underline-offset\">Transcripci\u00f3<\/span>\n            <\/a>\n                            <\/div>\n          <\/div>\n    <div class=\"flex flex-col items-center ml-4 audio-control rtl:ml-0 rtl:mr-4\">\n      <button class=\"flex items-center justify-center w-12 h-12 !p-0 !my-0 rounded-full btn !text-bg\"\n  data-target=\"#audio-7d107a22798c32b059c16130da16b2bd\">\n  <svg width=\"100%\" height=\"100%\" viewBox=\"0 0 36 36\" version=\"1.1\" xmlns=\"http:\/\/www.w3.org\/2000\/svg\" xmlns:xlink=\"http:\/\/www.w3.org\/1999\/xlink\">\n  <path id=\"ytp-12\" d=\"M11,10 L18,13.74 18,22.28 11,26 M18,13.74 L26,18 26,18 18,22.28\" fill=\"currentColor\">\n    <animate id=\"animation\" begin=\"indefinite\" attributeType=\"XML\" attributeName=\"d\" fill=\"freeze\" from=\"M11,10 L17,10 17,26 11,26 M20,10 L26,10 26,26 20,26\" to=\"M11,10 L18,13.74 18,22.28 11,26 M18,13.74 L26,18 26,18 18,22.28\" dur=\"0.1s\" keySplines=\".4 0 1 1\" repeatCount=\"1\" data-play=\"M11,10 L18,13.74 18,22.28 11,26 M18,13.74 L26,18 26,18 18,22.28\" data-pause=\"M11,10 L17,10 17,26 11,26 M20,10 L26,10 26,26 20,26\"><\/animate>\n  <\/path>\n<\/svg>\n<\/button>\n      <div class=\"text-sm total-time\"><\/div>\n    <\/div>\n  <\/div>\n        <div class=\"audio-content\" dir=\"ltr\">\n      <audio id=\"audio-7d107a22798c32b059c16130da16b2bd\" data-label=\"Jardins de Moss\u00e8n Cinto Verdaguer\"\n        data-category=\"05-Silvia-Bel-CAT-3R-TRAM-AUDIO-5_mezcla2.mp3\" class=\"hidden\" controls\n        src=\"https:\/\/guides.muzee.it\/app\/uploads\/2025\/06\/05-Silvia-Bel-CAT-3R-TRAM-AUDIO-5_mezcla2.mp3\"><\/audio>\n      <div class=\"mt-2 transition-opacity opacity-0 meta\">\n        <div class=\"flex items-end\" style=\"gap: 16px;\">\n          <div class=\"flex-1\">\n            <progress class=\"w-full border-0 appearance-none\" value=\"0\" max=\"1\"><\/progress>\n            <div class=\"flex justify-between text-sm\">\n              <div class=\"current-time\"><\/div>\n              <div class=\"total-time\"><\/div>\n            <\/div>\n          <\/div>\n                  <\/div>\n      <\/div>\n    <\/div>\n        <div id=\"transcription-7d107a22798c32b059c16130da16b2bd\"\n  class=\"fixed inset-0 z-50 hidden w-screen h-screen opacity-0 pointer-events-none modal transcription\"\n  tabindex=\"-1\" role=\"dialog\">\n  <div class=\"absolute w-full h-full bg-black opacity-75 modal-overlay\"><\/div>\n  <div\n    class=\"absolute z-30 w-11\/12 mx-auto overflow-y-auto text-black bg-white shadow-lg modal-container center-xy md:max-w-4xl\"\n    role=\"document\">\n    <div class=\"flex items-center justify-between px-4 py-4 text-gray-700 border-b md:px-8\">\n      <h2 class=\"!mb-0 font-bold\">Transcripci\u00f3<\/h2>\n      <div class=\"z-50 flex flex-col items-center ml-auto cursor-pointer rtl:ml-0 rtl:mr-auto modal-close\">\n        <svg class=\"w-auto h-6\" width=\"18\" height=\"23\" xmlns=\"http:\/\/www.w3.org\/2000\/svg\">\n  <g stroke=\"currentColor\" fill=\"none\" fill-rule=\"evenodd\" stroke-linecap=\"square\">\n    <path d=\"M.7248.974l16.1076 20.6167M16.655 1.2654L.9097 22.1601\" \/>\n  <\/g>\n<\/svg>        <div class=\"hidden\">Close<\/div>\n      <\/div>\n    <\/div>\n    <div class=\"px-4 py-8 overflow-y-auto max-h-modal md:px-8 modal-content\">\n      <div class=\"mb-6\">\n                      <h3 class=\"text-xl font-bold\">Jardins de Moss\u00e8n Cinto Verdaguer<\/h3>\n                            <\/div>\n            <p>Ens trobem a l\u2019entrada d\u2019una petita joia de Barcelona, una festa per als sentits: els <strong>Jardins de Moss\u00e8n Cinto Verdaguer<\/strong>. S\u00f3n un dels indrets amb m\u00e9s calma i bellesa de la ciutat, i no sempre s\u00f3n del tot coneguts. Un oasi curull d\u2019arbres i vegetaci\u00f3, per\u00f2 sobretot de flors bulboses i aqu\u00e0tiques de colors intensos i vius.<\/p>\n<p>El jard\u00ed es va construir el 1970, juntament amb els<strong> jardins de Moss\u00e8n Costa i Llobera<\/strong> i els de<strong> Joan Maragall<\/strong>, tots tres a <strong>Montju\u00efc<\/strong> i tots tres dedicats a poetes catalans.<\/p>\n<p><strong>Jacint Verdaguer<\/strong>, <strong>moss\u00e8n Cinto<\/strong>, va ser una de les figures cabdals de la <strong>Renaixen\u00e7a<\/strong> i va gaudir d\u2019un enorme suport popular al llarg de la seva vida extraordin\u00e0ria. Observador de la natura i gran coneixedor de cada muntanya, ocell, flor o arbre, per a ell els poemes s\u00f3n com les flors, i aix\u00ed ens en parla:<\/p>\n<p>&#8220;Sou, oh flors,<br \/>\njoguines dels \u00e0ngels,<br \/>\npromesa del cel,<br \/>\nrecord del parad\u00eds perdut,<br \/>\npenyora del parad\u00eds que ens espera,<br \/>\ns\u00edmbol i imatge de l&#8217;\u00e0nima pura&#8221;.<\/p>\n<p>I aix\u00ed veu la primavera:<\/p>\n<p>&#8220;Los n\u00favols se&#8217;n van,<br \/>\nlo cel s&#8217;asserena.<br \/>\nla neu s&#8217;aprima en bocins,<br \/>\nI en la vessant la congesta.<br \/>\nLes muntanyes i turons lo vestit d&#8217;hivern se lleven,<br \/>\nposant-se&#8217;l de set i verd tot gemmat de perles.<br \/>\nSentint en lo Mas, cantar l&#8217;oreneta,<br \/>\nEn son coix\u00ed de verdor la pr\u00edmula se desvetlla.&#8221;<\/p>\n<p>Per\u00f2 m\u00e9s enll\u00e0 de les seves grans obres, com <em>Canig\u00f3<\/em> o <em>L\u2019Atl\u00e0ntida<\/em>, <strong>Jacint Verdaguer<\/strong> tamb\u00e9 va descriure la muntanya de <strong>Montju\u00efc<\/strong> al seu poema &#8220;A Barcelona&#8221;:<\/p>\n<p>\u201cI al veure que traus sempre rocam de ses entranyes<br \/>\nPer tos Casals, que creixen com arbres amb sa\u00f3,<br \/>\nApar que diga a l&#8217;ona i al cel i a les muntanyes:<br \/>\n&#8220;Mirau-la; os de mos ossos, s&#8217;\u00e9s feta gran com jo!&#8221;<\/p>\n<p>Puja les escales fins al cim del jard\u00ed gaudint de cada rac\u00f3. Segueix amb la mirada les traces del temps encarnades en les heures que defineixen els graons, acaricia amb els dits l\u2019escor\u00e7a dels arbres: s\u00f3n com mapes en relleu de la seva hist\u00f2ria, una pell aspra per\u00f2 c\u00e0lida. Magn\u00f2lies, pollancres, eucaliptus, xiprers i ac\u00e0cies del Jap\u00f3 ens acompanyen en aquest passeig.<\/p>\n<p>A la part central del jard\u00ed hi trobem la col\u00b7lecci\u00f3 de plantes bulboses; algunes les trobar\u00e0s tot l\u2019any, per\u00f2 d\u2019altres nom\u00e9s floreixen en les dues grans \u00e8poques de floraci\u00f3: de mar\u00e7 a abril i de finals de juliol a principis de setembre. Una bona ra\u00f3 per tornar a gaudir de <em>L\u2019art de caminar<\/em>\u00a0durant aquests mesos!<\/p>\n<p>Fem via cap a la part alta del parc per les escales de la dreta i un cop arribem al cim hi trobarem una petita bassa amb un pont de fusta d\u2019inspiraci\u00f3 japonesa que amaga molts secrets.<\/p>\n<p>Per continuar el recorregut activa el clip <em>Nen\u00fafars<\/em>.<\/p>\n    <\/div>\n  <\/div>\n<\/div>\n    <\/div>\n\n\n<div class=\"element audio-block\">\n  <div class=\"flex items-center\">\n            <div class=\"flex-1 info\">\n              <h3 class=\"text-xl font-bold\">Nen\u00fafars<\/h3>\n                          <div class=\"flex flex-wrap -mx-2 -mt-2\">\n                      <a href=\"#\" data-target=\"#transcription-8357b7cc58cc59ff87513bf1090c0511\" data-toggle=\"modal\"\n              class=\"px-2 text-sm border-0 text-accent\">\n              <svg width=\"11\" height=\"12\" class=\"inline-block mr-1 text-accent\"\n                xmlns=\"http:\/\/www.w3.org\/2000\/svg\">\n                <path d=\"M0 0h11v9H8.7642v2.8481L5.5 9H0z\" fill=\"currentColor\" fill-rule=\"evenodd\" \/>\n              <\/svg>\n              <span class=\"underline underline-offset\">Transcripci\u00f3<\/span>\n            <\/a>\n                            <\/div>\n          <\/div>\n    <div class=\"flex flex-col items-center ml-4 audio-control rtl:ml-0 rtl:mr-4\">\n      <button class=\"flex items-center justify-center w-12 h-12 !p-0 !my-0 rounded-full btn !text-bg\"\n  data-target=\"#audio-8357b7cc58cc59ff87513bf1090c0511\">\n  <svg width=\"100%\" height=\"100%\" viewBox=\"0 0 36 36\" version=\"1.1\" xmlns=\"http:\/\/www.w3.org\/2000\/svg\" xmlns:xlink=\"http:\/\/www.w3.org\/1999\/xlink\">\n  <path id=\"ytp-12\" d=\"M11,10 L18,13.74 18,22.28 11,26 M18,13.74 L26,18 26,18 18,22.28\" fill=\"currentColor\">\n    <animate id=\"animation\" begin=\"indefinite\" attributeType=\"XML\" attributeName=\"d\" fill=\"freeze\" from=\"M11,10 L17,10 17,26 11,26 M20,10 L26,10 26,26 20,26\" to=\"M11,10 L18,13.74 18,22.28 11,26 M18,13.74 L26,18 26,18 18,22.28\" dur=\"0.1s\" keySplines=\".4 0 1 1\" repeatCount=\"1\" data-play=\"M11,10 L18,13.74 18,22.28 11,26 M18,13.74 L26,18 26,18 18,22.28\" data-pause=\"M11,10 L17,10 17,26 11,26 M20,10 L26,10 26,26 20,26\"><\/animate>\n  <\/path>\n<\/svg>\n<\/button>\n      <div class=\"text-sm total-time\"><\/div>\n    <\/div>\n  <\/div>\n        <div class=\"audio-content\" dir=\"ltr\">\n      <audio id=\"audio-8357b7cc58cc59ff87513bf1090c0511\" data-label=\"Nen\u00fafars\"\n        data-category=\"06-Silvia-Bel-CAT-3R-TRAM-AUDIO-6_mezcla2.mp3\" class=\"hidden\" controls\n        src=\"https:\/\/guides.muzee.it\/app\/uploads\/2025\/06\/06-Silvia-Bel-CAT-3R-TRAM-AUDIO-6_mezcla2.mp3\"><\/audio>\n      <div class=\"mt-2 transition-opacity opacity-0 meta\">\n        <div class=\"flex items-end\" style=\"gap: 16px;\">\n          <div class=\"flex-1\">\n            <progress class=\"w-full border-0 appearance-none\" value=\"0\" max=\"1\"><\/progress>\n            <div class=\"flex justify-between text-sm\">\n              <div class=\"current-time\"><\/div>\n              <div class=\"total-time\"><\/div>\n            <\/div>\n          <\/div>\n                  <\/div>\n      <\/div>\n    <\/div>\n        <div id=\"transcription-8357b7cc58cc59ff87513bf1090c0511\"\n  class=\"fixed inset-0 z-50 hidden w-screen h-screen opacity-0 pointer-events-none modal transcription\"\n  tabindex=\"-1\" role=\"dialog\">\n  <div class=\"absolute w-full h-full bg-black opacity-75 modal-overlay\"><\/div>\n  <div\n    class=\"absolute z-30 w-11\/12 mx-auto overflow-y-auto text-black bg-white shadow-lg modal-container center-xy md:max-w-4xl\"\n    role=\"document\">\n    <div class=\"flex items-center justify-between px-4 py-4 text-gray-700 border-b md:px-8\">\n      <h2 class=\"!mb-0 font-bold\">Transcripci\u00f3<\/h2>\n      <div class=\"z-50 flex flex-col items-center ml-auto cursor-pointer rtl:ml-0 rtl:mr-auto modal-close\">\n        <svg class=\"w-auto h-6\" width=\"18\" height=\"23\" xmlns=\"http:\/\/www.w3.org\/2000\/svg\">\n  <g stroke=\"currentColor\" fill=\"none\" fill-rule=\"evenodd\" stroke-linecap=\"square\">\n    <path d=\"M.7248.974l16.1076 20.6167M16.655 1.2654L.9097 22.1601\" \/>\n  <\/g>\n<\/svg>        <div class=\"hidden\">Close<\/div>\n      <\/div>\n    <\/div>\n    <div class=\"px-4 py-8 overflow-y-auto max-h-modal md:px-8 modal-content\">\n      <div class=\"mb-6\">\n                      <h3 class=\"text-xl font-bold\">Nen\u00fafars<\/h3>\n                            <\/div>\n            <p>Ets a la part m\u00e9s espectacular del parc: una trentena de safareigs connectats per petites cascades on creixen plantes aqu\u00e0tiques d\u2019una bellesa exuberant. I els protagonistes indiscutibles s\u00f3n els magn\u00edfics nen\u00fafars! Tot un espectacle de colors i formes que suren i viuen al ritme de l\u2019aigua.<\/p>\n<p>Apropa-t\u2019hi i fixa\u2019t en cada p\u00e8tal, fulla i remol\u00ed. Hi veus res m\u00e9s? En aquestes basses tamb\u00e9 hi viuen diverses col\u00f2nies d\u2019amfibis. Busca els petits animalons amagats entre les flors, escolta l\u2019aigua refrescant que cau suaument als safareigs. I si et ve de gust captar l\u2019esclat de colors dels nen\u00fafars, et recomanem que escoltis els suggeriments de fotografia.<\/p>\n<p>Als peus de l\u2019escalinata de les basses arribar\u00e0s al gran estany del jard\u00ed, un espai de rep\u00f2s per gaudir amb la companyia d\u2019un bon llibre o senzillament per sentir els sons de la natura tot contemplant el moviment suau de les fulles dels arbres al comp\u00e0s dels ritmes del vent.<\/p>\n<p><strong>&#8211; Mira:<\/strong> Embriaga\u2019t de grocs, verds, liles i blaus observant els nen\u00fafars, i captura aquest esclat de colors escoltant els suggeriments fotogr\u00e0fics.<br \/>\n<strong>&#8211; Escolta:<\/strong> Escolta l\u2019aigua de les basses, com crea una m\u00fasica alegre i vibrant juntament amb el brunzit de les lib\u00e8l\u00b7lules.<\/p>\n<p>Si encara vols gaudir m\u00e9s d\u2019aquest moment i d\u2019aquest jard\u00ed, escolta el clip d\u2019\u00e0udio de Salut.<\/p>\n<p>I per acabar, busca un rac\u00f3 agradable i relaxa\u2019t, et volem oferir un regal ben bonic. Deixa\u2019t portar per les paraules de l\u2019escriptora <strong>Marta Orriols<\/strong> en aquest relat curt creat especialment per a tu a partir de la vida del <strong>jard\u00ed de Moss\u00e8n Cinto Verdaguer<\/strong>:<\/p>\n<p><strong>Nen\u00fafars<\/strong><br \/>\n&#8220;L\u2019associaci\u00f3 \u00e9s f\u00e0cil enmig de les basses de nen\u00fafars: rodejar-se de bellesa per encobrir tot all\u00f2 que no va b\u00e9. Exposar una experi\u00e8ncia immediata de la naturalesa quan la veritat agafa la textura tr\u00e8mula d\u2019una convulsi\u00f3. Potser soc jo, em dic. Potser s\u00f3n aquests dies de can\u00edcula i l\u2019amena\u00e7a comuna des de m\u00faltiples fronts que vaig normalitzant, potser \u00e9s que en aquest rac\u00f3 de m\u00f3n i en aquest punt del dia i del calendari, allunyada de l\u2019estretor de la rutina i les limitacions de les circumst\u00e0ncies, la bellesa es doblega sota un pes excessiu. Ho penso clavant la vista en els estams escandalosos dels nen\u00fafars blancs i tot recordant, inevitablement, la s\u00e8rie de nen\u00fafars pintats per Monet a partir de 1914. Mentre ell plantava el cavallet davant d\u2019un estany al jard\u00ed de casa seva i es disposava a pintar l\u2019exuber\u00e0ncia dels nen\u00fafars, la Primera Guerra Mundial esclatava al seu voltant. Un m\u00f3n de pau dins un m\u00f3n de guerra. El desig irrenunciable de voler ser en qualsevol altre lloc quan la realitat esdev\u00e9 temible i esgotadora i que aquest altre lloc sigui casa.<\/p>\n<p>Val a dir, a t\u00edtol personal, que sempre m\u2019ha semblat que la bellesa dels nen\u00fafars, els de Monet i els de veritat, amaga alguna cosa cruel, que cont\u00e9 una mena d\u2019indifer\u00e8ncia cap a tots els qui no aconseguim la lluminositat absoluta que irradien aquestes nimfees flotants. Els meus ulls els interpreten, des de petita, com una mena de coreografia sincronitzada, com si fossin ballarines aqu\u00e0tiques, fent rotllanes i figures tot movent les cames i bra\u00e7os amb moviments estilitzats i segurs. A les ballarines aqu\u00e0tiques i als nen\u00fafars d\u2019arreu els envejo la for\u00e7a, la resist\u00e8ncia i la flexibilitat. Els envejo aquesta bellesa innata. Sembla que existeixen per a la perfecci\u00f3 i per ser admirats, com l\u2019amor quan encara \u00e9s nom\u00e9s desig. Havia de sortir l\u2019amor, \u00e9s clar. Com s\u2019evita, l\u2019amor, com se\u2019n fuig? M\u2019enorgulleixo sovint de pensar que els meus sentiments s\u00f3n genu\u00efns, per\u00f2 nom\u00e9s cal que baixi els esglaons de l\u2019escala, amb el so m\u00ednim del rierol d\u2019aigua de fons, topi de cara amb nen\u00fafars i tot d\u2019una prengui consci\u00e8ncia que d\u2019aut\u00e8ntic, aix\u00f2 que em passa, no en t\u00e9 res.<\/p>\n<p>A hores d\u2019ara, jo ja hauria de tenir clar el relat de la meva vida, per\u00f2 encara soc all\u00e0 mateix, en aquell encreuament de camins. Ning\u00fa va dir que seria f\u00e0cil. I \u00e9s que en qualsevol relat edificant que ens expliquem a nosaltres mateixos, fins i tot en un de mirat amb perspectiva, l\u2019amor hi t\u00e9 un paper important. D\u2019ell en s\u00e9 nom\u00e9s algunes coses; ell, de mi, encara menys coses. Domesticar el desig amb aquestes mesures m\u00ednimes, nom\u00e9s amb la decoraci\u00f3 que mostrem p\u00fablicament tots dos en aquesta nova manera de relacionar-nos, sembla prou f\u00e0cil. Per ara som dos nen\u00fafars que freguen la perfecci\u00f3 surant en aig\u00fces baixes, presumint de la millor versi\u00f3 que ens podem oferir l\u2019un a l\u2019altra. El problema vindr\u00e0 quan, a mesura que el temps ens acosti, que el temps exigeixi saber m\u00e9s de mi, m\u00e9s de tu, es disparin les preguntes que ens faran baixar a tots dos cap a les profunditats, fins all\u00e0 on les arrels, fr\u00e0gils i llargues, s\u2019entortolliguen amb el passat de cadasc\u00fa. All\u00e0 sota haurem de batallar amb col\u00f2nies d\u2019amfibis que hi s\u00f3n des de sempre, criatures s\u00e0vies que saben camuflar-se i saltar lluny quan volen estar soles.<\/p>\n<p>Intento treure-hi ferro i dir-me que, al capdavall, l\u2019amor no ho \u00e9s tot, a la vida d\u2019alg\u00fa, per\u00f2 una veu s\u2019afanya a recordar-me que potser ho \u00e9s tot a la vida d\u2019alg\u00fa altre. Ho veieu? Comences mirant uns nen\u00fafars edulcorats de tanta bellesa i acabes perdent el control del teu dest\u00ed.&#8221;<\/p>\n<p>I aqu\u00ed acaba la primera part de la ruta! Si t\u2019ho estimes m\u00e9s, pots fer la segona part de la ruta un altre dia, per\u00f2 si vols continuar passejant ens dirigirem cap als jardins de Joan Brossa, on parlarem de sons, volums i textures\u2026<\/p>\n<p>Si t\u2019animes a continuar cap al pr\u00f2xim tram de la ruta, escolta l\u2019\u00e0udio d\u2019<em>Orientaci\u00f3<\/em>.<\/p>\n    <\/div>\n  <\/div>\n<\/div>\n    <\/div>\n\n\n<div class=\"element gallery-block\">\n          <div class=\"relative overflow-hidden gallery swiper-container\">\n      <div class=\"swiper-wrapper\">\n                  <figure class=\"mb-0 swiper-slide\">\n            <img loading=\"lazy\" decoding=\"async\" width=\"1536\" height=\"1024\" src=\"https:\/\/guides.muzee.it\/app\/uploads\/2025\/06\/TextMartaOrriols_carrussel.jpg\" class=\"block mx-auto\" alt=\"\" srcset=\"https:\/\/guides.muzee.it\/app\/uploads\/2025\/06\/TextMartaOrriols_carrussel.jpg 1536w, https:\/\/guides.muzee.it\/app\/uploads\/2025\/06\/TextMartaOrriols_carrussel-300x200.jpg 300w, https:\/\/guides.muzee.it\/app\/uploads\/2025\/06\/TextMartaOrriols_carrussel-1024x683.jpg 1024w, https:\/\/guides.muzee.it\/app\/uploads\/2025\/06\/TextMartaOrriols_carrussel-768x512.jpg 768w\" sizes=\"auto, (max-width: 1536px) 100vw, 1536px\" \/>\n                      <\/figure>\n                  <figure class=\"mb-0 swiper-slide\">\n            <img loading=\"lazy\" decoding=\"async\" width=\"1620\" height=\"1080\" src=\"https:\/\/guides.muzee.it\/app\/uploads\/2025\/06\/2.-Nenufar-1.jpg\" class=\"block mx-auto\" alt=\"\" srcset=\"https:\/\/guides.muzee.it\/app\/uploads\/2025\/06\/2.-Nenufar-1.jpg 1620w, https:\/\/guides.muzee.it\/app\/uploads\/2025\/06\/2.-Nenufar-1-300x200.jpg 300w, https:\/\/guides.muzee.it\/app\/uploads\/2025\/06\/2.-Nenufar-1-1024x683.jpg 1024w, https:\/\/guides.muzee.it\/app\/uploads\/2025\/06\/2.-Nenufar-1-768x512.jpg 768w, https:\/\/guides.muzee.it\/app\/uploads\/2025\/06\/2.-Nenufar-1-1536x1024.jpg 1536w\" sizes=\"auto, (max-width: 1620px) 100vw, 1620px\" \/>\n                      <\/figure>\n                  <figure class=\"mb-0 swiper-slide\">\n            <img loading=\"lazy\" decoding=\"async\" width=\"1920\" height=\"1280\" src=\"https:\/\/guides.muzee.it\/app\/uploads\/2025\/06\/3.-Bassa-1.jpg\" class=\"block mx-auto\" alt=\"\" srcset=\"https:\/\/guides.muzee.it\/app\/uploads\/2025\/06\/3.-Bassa-1.jpg 1920w, https:\/\/guides.muzee.it\/app\/uploads\/2025\/06\/3.-Bassa-1-300x200.jpg 300w, https:\/\/guides.muzee.it\/app\/uploads\/2025\/06\/3.-Bassa-1-1024x683.jpg 1024w, https:\/\/guides.muzee.it\/app\/uploads\/2025\/06\/3.-Bassa-1-768x512.jpg 768w, https:\/\/guides.muzee.it\/app\/uploads\/2025\/06\/3.-Bassa-1-1536x1024.jpg 1536w\" sizes=\"auto, (max-width: 1920px) 100vw, 1920px\" \/>\n                      <\/figure>\n                  <figure class=\"mb-0 swiper-slide\">\n            <img loading=\"lazy\" decoding=\"async\" width=\"1920\" height=\"1280\" src=\"https:\/\/guides.muzee.it\/app\/uploads\/2025\/06\/1.-Jardins-de-Mossen-Jacint-Verdaguer-1.jpg\" class=\"block mx-auto\" alt=\"\" srcset=\"https:\/\/guides.muzee.it\/app\/uploads\/2025\/06\/1.-Jardins-de-Mossen-Jacint-Verdaguer-1.jpg 1920w, https:\/\/guides.muzee.it\/app\/uploads\/2025\/06\/1.-Jardins-de-Mossen-Jacint-Verdaguer-1-300x200.jpg 300w, https:\/\/guides.muzee.it\/app\/uploads\/2025\/06\/1.-Jardins-de-Mossen-Jacint-Verdaguer-1-1024x683.jpg 1024w, https:\/\/guides.muzee.it\/app\/uploads\/2025\/06\/1.-Jardins-de-Mossen-Jacint-Verdaguer-1-768x512.jpg 768w, https:\/\/guides.muzee.it\/app\/uploads\/2025\/06\/1.-Jardins-de-Mossen-Jacint-Verdaguer-1-1536x1024.jpg 1536w\" sizes=\"auto, (max-width: 1920px) 100vw, 1920px\" \/>\n                      <\/figure>\n              <\/div>\n      <div class=\"inset-0 swiper-pagination w-fit\"><\/div>\n      <div class=\"swiper-button-prev\"><\/div>\n      <div class=\"swiper-button-next\"><\/div>\n    <\/div>\n  <\/div>\n\n\n<div class=\"element content-in-icons\">\n    <div class=\"flex icons\">\n                                  <div data-target=\"0\" data-toggle=\"tab\"\n            class=\"flex flex-col items-center flex-1 cursor-pointer icon\">\n                          <div class=\"flex-shrink-0 w-10 h-10\">\n                <svg class=\"object-contain w-full h-auto\" xmlns=\"http:\/\/www.w3.org\/2000\/svg\" fill=\"none\" viewBox=\"0 0 40 40\"><path fill=\"currentColor\" fill-rule=\"evenodd\" d=\"M20 40c11.0457 0 20-8.9543 20-20S31.0457 0 20 0 0 8.9543 0 20s8.9543 20 20 20Zm9-22c0-4.9675-4.0325-9-9-9s-9 4.0325-9 9c0 2.6142 1.3929 5.2671 3.0896 7.4986 2.484 3.267 5.5896 5.6287 5.5896 5.6287h.0005a.529.529 0 0 0 .6406 0h.0005s3.1056-2.3617 5.5896-5.6287C27.6071 23.2671 29 20.6142 29 18Zm-12.7059 0c0-2.0451 1.6608-3.7059 3.7059-3.7059S23.7059 15.9549 23.7059 18 22.0451 21.7059 20 21.7059 16.2941 20.0451 16.2941 18Z\" clip-rule=\"evenodd\"\/><\/svg>\n              <\/div>\n                                      <span class=\"text-sm font-semibold leading-none text-center lg:text-base\">Orientaci\u00f3<\/span>\n                      <\/div>\n                                          <div data-target=\"1\" data-toggle=\"tab\"\n            class=\"flex flex-col items-center flex-1 cursor-pointer icon\">\n                          <div class=\"flex-shrink-0 w-10 h-10\">\n                <svg class=\"object-contain w-full h-auto\" fill=\"none\" xmlns=\"http:\/\/www.w3.org\/2000\/svg\" viewBox=\"0 0 40 40\">\n  <path fill-rule=\"evenodd\" clip-rule=\"evenodd\"\n    d=\"M20 40c11.046 0 20-8.954 20-20S31.046 0 20 0 0 8.954 0 20s8.954 20 20 20Zm-8.552-19.077c-1.93-2.049-1.932-5.342 0-7.388 1.931-2.047 5.04-2.047 6.972 0l1.585 1.679 1.574-1.669c1.932-2.046 5.041-2.046 6.973 0 1.93 2.047 1.93 5.342 0 7.388L19.995 30l-8.547-9.077Z\"\n    fill=\"currentColor\" \/>\n<\/svg>\n              <\/div>\n                                      <span class=\"text-sm font-semibold leading-none text-center lg:text-base\">Salut<br>i benestar<\/span>\n                      <\/div>\n                                          <div data-target=\"2\" data-toggle=\"tab\"\n            class=\"flex flex-col items-center flex-1 cursor-pointer icon\">\n                          <div class=\"flex-shrink-0 w-10 h-10\">\n                <svg class=\"object-contain w-full h-auto\" xmlns=\"http:\/\/www.w3.org\/2000\/svg\" fill=\"none\" viewBox=\"0 0 40 41\"><path fill=\"currentColor\" fill-rule=\"evenodd\" d=\"M40 20.1541c0 11.0456-8.9543 20-20 20s-20-8.9544-20-20c0-11.0457 8.9543-20 20-20s20 8.9543 20 20Zm-20 4.6385c2.1628 0 3.9162-1.7533 3.9162-3.9162 0-2.1628-1.7534-3.9161-3.9162-3.9161s-3.9161 1.7533-3.9161 3.9161c0 2.1629 1.7533 3.9162 3.9161 3.9162Zm7.1395-11.0904h.935c1.7837 0 3.2298 1.4453 3.2298 3.2298v8.5792c0 1.7836-1.4461 3.2298-3.2298 3.2298h-16.149c-1.7837 0-3.2298-1.4462-3.2298-3.2298V16.932c0-1.7837 1.4461-3.2298 3.2298-3.2298h.935c.319 0 .4732 0 .5679-.0752.0886-.0703.1249-.2067.1951-.4707l.3795-1.107c.3403-.6374.503-.9966.7803-1.1991.358-.2614.9068-.2614 2.2751-.2614h5.8823c2.2857 0 2.2857.0001 2.9267 1.2171.0402.0763.0828.1573.1287.2434l.3796 1.107c.0168.055.0308.1046.0434.1493.0965.3419.112.3966.7204.3966Zm-12.5091 7.1742c0 2.9609 2.4087 5.3696 5.3696 5.3696s5.3696-2.4087 5.3696-5.3696S22.9609 15.5068 20 15.5068s-5.3696 2.4087-5.3696 5.3696Zm11.8212-3.8265c0 .4505.3649.8155.8155.8155.4505 0 .8155-.3658.8155-.8155a.8154.8154 0 0 0-.8155-.8156.8153.8153 0 0 0-.8155.8156Z\" clip-rule=\"evenodd\"\/><\/svg>\n              <\/div>\n                                      <span class=\"text-sm font-semibold leading-none text-center lg:text-base\">Suggeriments<br>fotogr\u00e0fics<\/span>\n                      <\/div>\n                                          <div data-target=\"3\" data-toggle=\"tab\"\n            class=\"flex flex-col items-center flex-1 cursor-pointer icon\">\n                          <div class=\"flex-shrink-0 w-10 h-10\">\n                <svg class=\"object-contain w-full h-auto\" xmlns=\"http:\/\/www.w3.org\/2000\/svg\" fill=\"none\" viewBox=\"0 0 40 41\"><path fill=\"currentColor\" fill-rule=\"evenodd\" d=\"M20 40.731c11.0457 0 20-8.9543 20-20s-8.9543-20-20-20-20 8.9543-20 20 8.9543 20 20 20Zm1.2245-21.2244h6.551c.6764 0 1.2245.548 1.2245 1.2244 0 .6765-.5481 1.2245-1.2245 1.2245h-6.551v6.5511c0 .6764-.5481 1.2244-1.2245 1.2244-.6764 0-1.2245-.548-1.2245-1.2244v-6.5511h-6.551c-.6764 0-1.2245-.548-1.2245-1.2245 0-.6764.5481-1.2244 1.2245-1.2244h6.551v-6.5511c0-.6764.5481-1.2245 1.2245-1.2245.6764 0 1.2245.5481 1.2245 1.2245v6.5511Z\" clip-rule=\"evenodd\"\/><\/svg>\n              <\/div>\n                                      <span class=\"text-sm font-semibold leading-none text-center lg:text-base\">M\u00e9s<br>contingut<\/span>\n                      <\/div>\n                  <\/div>\n\n    <div class=\"flex flex-col content\">\n      <div class=\"acf-innerblocks-container\">\n<div class=\"icon-tab-content overflow-hidden transition-[max-height] duration-300 max-h-0\">\n    <div class=\"pt-6\">\n      <div class=\"acf-innerblocks-container\">\n<div class=\"element audio-block\">\n  <div class=\"flex items-center\">\n            <div class=\"flex-1 info\">\n              <h3 class=\"text-xl font-bold\">Dels jardins de Moss\u00e8n Cinto Verdaguer als Jardins de Joan Brossa<\/h3>\n                          <div class=\"flex flex-wrap -mx-2 -mt-2\">\n                      <a href=\"#\" data-target=\"#transcription-5c0cb863585c05d725a20527624fddcc\" data-toggle=\"modal\"\n              class=\"px-2 text-sm border-0 text-accent\">\n              <svg width=\"11\" height=\"12\" class=\"inline-block mr-1 text-accent\"\n                xmlns=\"http:\/\/www.w3.org\/2000\/svg\">\n                <path d=\"M0 0h11v9H8.7642v2.8481L5.5 9H0z\" fill=\"currentColor\" fill-rule=\"evenodd\" \/>\n              <\/svg>\n              <span class=\"underline underline-offset\">Transcripci\u00f3<\/span>\n            <\/a>\n                            <\/div>\n          <\/div>\n    <div class=\"flex flex-col items-center ml-4 audio-control rtl:ml-0 rtl:mr-4\">\n      <button class=\"flex items-center justify-center w-12 h-12 !p-0 !my-0 rounded-full btn !text-bg\"\n  data-target=\"#audio-5c0cb863585c05d725a20527624fddcc\">\n  <svg width=\"100%\" height=\"100%\" viewBox=\"0 0 36 36\" version=\"1.1\" xmlns=\"http:\/\/www.w3.org\/2000\/svg\" xmlns:xlink=\"http:\/\/www.w3.org\/1999\/xlink\">\n  <path id=\"ytp-12\" d=\"M11,10 L18,13.74 18,22.28 11,26 M18,13.74 L26,18 26,18 18,22.28\" fill=\"currentColor\">\n    <animate id=\"animation\" begin=\"indefinite\" attributeType=\"XML\" attributeName=\"d\" fill=\"freeze\" from=\"M11,10 L17,10 17,26 11,26 M20,10 L26,10 26,26 20,26\" to=\"M11,10 L18,13.74 18,22.28 11,26 M18,13.74 L26,18 26,18 18,22.28\" dur=\"0.1s\" keySplines=\".4 0 1 1\" repeatCount=\"1\" data-play=\"M11,10 L18,13.74 18,22.28 11,26 M18,13.74 L26,18 26,18 18,22.28\" data-pause=\"M11,10 L17,10 17,26 11,26 M20,10 L26,10 26,26 20,26\"><\/animate>\n  <\/path>\n<\/svg>\n<\/button>\n      <div class=\"text-sm total-time\"><\/div>\n    <\/div>\n  <\/div>\n        <div class=\"audio-content\" dir=\"ltr\">\n      <audio id=\"audio-5c0cb863585c05d725a20527624fddcc\" data-label=\"Dels jardins de Moss\u00e8n Cinto Verdaguer als Jardins de Joan Brossa\"\n        data-category=\"05-ORIENTACIO-CAT-TRAM-3_mezcla2-1.mp3\" class=\"hidden\" controls\n        src=\"https:\/\/guides.muzee.it\/app\/uploads\/2025\/06\/05-ORIENTACIO-CAT-TRAM-3_mezcla2-1.mp3\"><\/audio>\n      <div class=\"mt-2 transition-opacity opacity-0 meta\">\n        <div class=\"flex items-end\" style=\"gap: 16px;\">\n          <div class=\"flex-1\">\n            <progress class=\"w-full border-0 appearance-none\" value=\"0\" max=\"1\"><\/progress>\n            <div class=\"flex justify-between text-sm\">\n              <div class=\"current-time\"><\/div>\n              <div class=\"total-time\"><\/div>\n            <\/div>\n          <\/div>\n                  <\/div>\n      <\/div>\n    <\/div>\n        <div id=\"transcription-5c0cb863585c05d725a20527624fddcc\"\n  class=\"fixed inset-0 z-50 hidden w-screen h-screen opacity-0 pointer-events-none modal transcription\"\n  tabindex=\"-1\" role=\"dialog\">\n  <div class=\"absolute w-full h-full bg-black opacity-75 modal-overlay\"><\/div>\n  <div\n    class=\"absolute z-30 w-11\/12 mx-auto overflow-y-auto text-black bg-white shadow-lg modal-container center-xy md:max-w-4xl\"\n    role=\"document\">\n    <div class=\"flex items-center justify-between px-4 py-4 text-gray-700 border-b md:px-8\">\n      <h2 class=\"!mb-0 font-bold\">Transcripci\u00f3<\/h2>\n      <div class=\"z-50 flex flex-col items-center ml-auto cursor-pointer rtl:ml-0 rtl:mr-auto modal-close\">\n        <svg class=\"w-auto h-6\" width=\"18\" height=\"23\" xmlns=\"http:\/\/www.w3.org\/2000\/svg\">\n  <g stroke=\"currentColor\" fill=\"none\" fill-rule=\"evenodd\" stroke-linecap=\"square\">\n    <path d=\"M.7248.974l16.1076 20.6167M16.655 1.2654L.9097 22.1601\" \/>\n  <\/g>\n<\/svg>        <div class=\"hidden\">Close<\/div>\n      <\/div>\n    <\/div>\n    <div class=\"px-4 py-8 overflow-y-auto max-h-modal md:px-8 modal-content\">\n      <div class=\"mb-6\">\n                      <h3 class=\"text-xl font-bold\">Dels jardins de Moss\u00e8n Cinto Verdaguer als Jardins de Joan Brossa<\/h3>\n                            <\/div>\n            <p>Per arribar als <strong>Jardins de Joan Brossa<\/strong> baixa per les basses de les plantes aqu\u00e0tiques, i s&#8217;arriba al petit llac del jard\u00ed.<\/p>\n<p>Just al davant hi trobar\u00e0s l\u2019altra porta de sortida del parc, travessa el carrer dels tarongers pel pas de vianants i entra als<strong> jardins de Joan Brossa<\/strong>.<\/p>\n    <\/div>\n  <\/div>\n<\/div>\n    <\/div>\n\n\n<div class=\"element image-block\">\n      <div class=\"flex mb-4\">\n            <div class=\"flex-1 info\">\n                  <h3 class=\"text-xl font-bold\">Mapa<\/h3>\n                      <\/div>\n    <\/div>\n          <figure class=\"mb-0\">\n      <img loading=\"lazy\" decoding=\"async\" width=\"1800\" height=\"1080\" src=\"https:\/\/guides.muzee.it\/app\/uploads\/2025\/06\/Mapa-5.jpg\" class=\"block mx-auto\" alt=\"\" srcset=\"https:\/\/guides.muzee.it\/app\/uploads\/2025\/06\/Mapa-5.jpg 1800w, https:\/\/guides.muzee.it\/app\/uploads\/2025\/06\/Mapa-5-300x180.jpg 300w, https:\/\/guides.muzee.it\/app\/uploads\/2025\/06\/Mapa-5-1024x614.jpg 1024w, https:\/\/guides.muzee.it\/app\/uploads\/2025\/06\/Mapa-5-768x461.jpg 768w, https:\/\/guides.muzee.it\/app\/uploads\/2025\/06\/Mapa-5-1536x922.jpg 1536w\" sizes=\"auto, (max-width: 1800px) 100vw, 1800px\" \/>\n          <\/figure>\n    \n<\/div>\n\n<\/div>\n    <\/div>\n  <\/div>\n\n\n<div class=\"icon-tab-content overflow-hidden transition-[max-height] duration-300 max-h-0\">\n    <div class=\"pt-6\">\n      <div class=\"acf-innerblocks-container\">\n<div class=\"element audio-block\">\n  <div class=\"flex items-center\">\n            <div class=\"flex-1 info\">\n              <h3 class=\"text-xl font-bold\">Sensacions<\/h3>\n                          <div class=\"flex flex-wrap -mx-2 -mt-2\">\n                      <a href=\"#\" data-target=\"#transcription-76c4454c5ad8fa581665ff79949b9f3d\" data-toggle=\"modal\"\n              class=\"px-2 text-sm border-0 text-accent\">\n              <svg width=\"11\" height=\"12\" class=\"inline-block mr-1 text-accent\"\n                xmlns=\"http:\/\/www.w3.org\/2000\/svg\">\n                <path d=\"M0 0h11v9H8.7642v2.8481L5.5 9H0z\" fill=\"currentColor\" fill-rule=\"evenodd\" \/>\n              <\/svg>\n              <span class=\"underline underline-offset\">Transcripci\u00f3<\/span>\n            <\/a>\n                            <\/div>\n          <\/div>\n    <div class=\"flex flex-col items-center ml-4 audio-control rtl:ml-0 rtl:mr-4\">\n      <button class=\"flex items-center justify-center w-12 h-12 !p-0 !my-0 rounded-full btn !text-bg\"\n  data-target=\"#audio-76c4454c5ad8fa581665ff79949b9f3d\">\n  <svg width=\"100%\" height=\"100%\" viewBox=\"0 0 36 36\" version=\"1.1\" xmlns=\"http:\/\/www.w3.org\/2000\/svg\" xmlns:xlink=\"http:\/\/www.w3.org\/1999\/xlink\">\n  <path id=\"ytp-12\" d=\"M11,10 L18,13.74 18,22.28 11,26 M18,13.74 L26,18 26,18 18,22.28\" fill=\"currentColor\">\n    <animate id=\"animation\" begin=\"indefinite\" attributeType=\"XML\" attributeName=\"d\" fill=\"freeze\" from=\"M11,10 L17,10 17,26 11,26 M20,10 L26,10 26,26 20,26\" to=\"M11,10 L18,13.74 18,22.28 11,26 M18,13.74 L26,18 26,18 18,22.28\" dur=\"0.1s\" keySplines=\".4 0 1 1\" repeatCount=\"1\" data-play=\"M11,10 L18,13.74 18,22.28 11,26 M18,13.74 L26,18 26,18 18,22.28\" data-pause=\"M11,10 L17,10 17,26 11,26 M20,10 L26,10 26,26 20,26\"><\/animate>\n  <\/path>\n<\/svg>\n<\/button>\n      <div class=\"text-sm total-time\"><\/div>\n    <\/div>\n  <\/div>\n        <div class=\"audio-content\" dir=\"ltr\">\n      <audio id=\"audio-76c4454c5ad8fa581665ff79949b9f3d\" data-label=\"Sensacions\"\n        data-category=\"05-SALUT-CAT-ENTRE-LA-TERCERA-I-QUARTA-PARADA_mezcla2.mp3\" class=\"hidden\" controls\n        src=\"https:\/\/guides.muzee.it\/app\/uploads\/2025\/06\/05-SALUT-CAT-ENTRE-LA-TERCERA-I-QUARTA-PARADA_mezcla2.mp3\"><\/audio>\n      <div class=\"mt-2 transition-opacity opacity-0 meta\">\n        <div class=\"flex items-end\" style=\"gap: 16px;\">\n          <div class=\"flex-1\">\n            <progress class=\"w-full border-0 appearance-none\" value=\"0\" max=\"1\"><\/progress>\n            <div class=\"flex justify-between text-sm\">\n              <div class=\"current-time\"><\/div>\n              <div class=\"total-time\"><\/div>\n            <\/div>\n          <\/div>\n                  <\/div>\n      <\/div>\n    <\/div>\n        <div id=\"transcription-76c4454c5ad8fa581665ff79949b9f3d\"\n  class=\"fixed inset-0 z-50 hidden w-screen h-screen opacity-0 pointer-events-none modal transcription\"\n  tabindex=\"-1\" role=\"dialog\">\n  <div class=\"absolute w-full h-full bg-black opacity-75 modal-overlay\"><\/div>\n  <div\n    class=\"absolute z-30 w-11\/12 mx-auto overflow-y-auto text-black bg-white shadow-lg modal-container center-xy md:max-w-4xl\"\n    role=\"document\">\n    <div class=\"flex items-center justify-between px-4 py-4 text-gray-700 border-b md:px-8\">\n      <h2 class=\"!mb-0 font-bold\">Transcripci\u00f3<\/h2>\n      <div class=\"z-50 flex flex-col items-center ml-auto cursor-pointer rtl:ml-0 rtl:mr-auto modal-close\">\n        <svg class=\"w-auto h-6\" width=\"18\" height=\"23\" xmlns=\"http:\/\/www.w3.org\/2000\/svg\">\n  <g stroke=\"currentColor\" fill=\"none\" fill-rule=\"evenodd\" stroke-linecap=\"square\">\n    <path d=\"M.7248.974l16.1076 20.6167M16.655 1.2654L.9097 22.1601\" \/>\n  <\/g>\n<\/svg>        <div class=\"hidden\">Close<\/div>\n      <\/div>\n    <\/div>\n    <div class=\"px-4 py-8 overflow-y-auto max-h-modal md:px-8 modal-content\">\n      <div class=\"mb-6\">\n                      <h3 class=\"text-xl font-bold\">Sensacions<\/h3>\n                            <\/div>\n            <p>Mentre recorres el paisatge verd dels <strong>Jardins de Moss\u00e8n Cinto Verdaguer<\/strong> vull que portis l\u2019atenci\u00f3 a la pressi\u00f3 que exerceixen els teus peus sobre el terra.<\/p>\n<p>Nota si et recolzes de manera asim\u00e8trica en l\u2019un i en l\u2019altre, o potser portes el pes de manera equitativa en tots dos peus. De nou, no volem jutjar ni canviar res, nom\u00e9s volem observar all\u00f2 que hi ha. Com notes el terra? \u00c9s regular? \u00c9s irregular? Hi ha fulles? \u00c9s humit? \u00c9s sec? Centra\u2019t en aquestes sensacions. Recorda que est\u00e0s fent un passeig i has de gaudir de l\u2019espai i la natura. No corris, no forcis el cos. Ves fent parades i admirant el contrast de colors que ofereix la natura en contacte amb la llum.<\/p>\n<p>Porta l\u2019atenci\u00f3 a les sensacions damunt de la teva pell. Notes si hi ha brisa? Potser hi ha vent? \u00c9s un dia pluj\u00f3s i les gotes et cauen sobre la cara? Fa humitat? O, al contrari, \u00e9s un dia sec? Fixa\u2019t en tot aix\u00f2, de nou, sense voler canviar, acceptant el dia i la seva meteorologia tal com s\u00f3n.<\/p>\n<p>Ara, vull que et fixis en si notes alguna olor especial. Deixa que les olors vinguin a tu, sense for\u00e7ar-ho, sense esfor\u00e7ar-t\u2019hi gaire, posant una atenci\u00f3 suau en el nas.<\/p>\n    <\/div>\n  <\/div>\n<\/div>\n    <\/div>\n\n<\/div>\n    <\/div>\n  <\/div>\n\n\n<div class=\"icon-tab-content overflow-hidden transition-[max-height] duration-300 max-h-0\">\n    <div class=\"pt-6\">\n      <div class=\"acf-innerblocks-container\">\n<div class=\"element audio-block\">\n  <div class=\"flex items-center\">\n            <div class=\"flex-1 info\">\n              <h3 class=\"text-xl font-bold\">La m\u00e0gia del color<\/h3>\n                          <div class=\"flex flex-wrap -mx-2 -mt-2\">\n                      <a href=\"#\" data-target=\"#transcription-ff88c05e5e7ad1808dd9d50db6983196\" data-toggle=\"modal\"\n              class=\"px-2 text-sm border-0 text-accent\">\n              <svg width=\"11\" height=\"12\" class=\"inline-block mr-1 text-accent\"\n                xmlns=\"http:\/\/www.w3.org\/2000\/svg\">\n                <path d=\"M0 0h11v9H8.7642v2.8481L5.5 9H0z\" fill=\"currentColor\" fill-rule=\"evenodd\" \/>\n              <\/svg>\n              <span class=\"underline underline-offset\">Transcripci\u00f3<\/span>\n            <\/a>\n                            <\/div>\n          <\/div>\n    <div class=\"flex flex-col items-center ml-4 audio-control rtl:ml-0 rtl:mr-4\">\n      <button class=\"flex items-center justify-center w-12 h-12 !p-0 !my-0 rounded-full btn !text-bg\"\n  data-target=\"#audio-ff88c05e5e7ad1808dd9d50db6983196\">\n  <svg width=\"100%\" height=\"100%\" viewBox=\"0 0 36 36\" version=\"1.1\" xmlns=\"http:\/\/www.w3.org\/2000\/svg\" xmlns:xlink=\"http:\/\/www.w3.org\/1999\/xlink\">\n  <path id=\"ytp-12\" d=\"M11,10 L18,13.74 18,22.28 11,26 M18,13.74 L26,18 26,18 18,22.28\" fill=\"currentColor\">\n    <animate id=\"animation\" begin=\"indefinite\" attributeType=\"XML\" attributeName=\"d\" fill=\"freeze\" from=\"M11,10 L17,10 17,26 11,26 M20,10 L26,10 26,26 20,26\" to=\"M11,10 L18,13.74 18,22.28 11,26 M18,13.74 L26,18 26,18 18,22.28\" dur=\"0.1s\" keySplines=\".4 0 1 1\" repeatCount=\"1\" data-play=\"M11,10 L18,13.74 18,22.28 11,26 M18,13.74 L26,18 26,18 18,22.28\" data-pause=\"M11,10 L17,10 17,26 11,26 M20,10 L26,10 26,26 20,26\"><\/animate>\n  <\/path>\n<\/svg>\n<\/button>\n      <div class=\"text-sm total-time\"><\/div>\n    <\/div>\n  <\/div>\n        <div class=\"audio-content\" dir=\"ltr\">\n      <audio id=\"audio-ff88c05e5e7ad1808dd9d50db6983196\" data-label=\"La m\u00e0gia del color\"\n        data-category=\"04-FOTO-CAT-CLIP-4-LA-MAGIA-DEL-COLOR_mezcla2.mp3\" class=\"hidden\" controls\n        src=\"https:\/\/guides.muzee.it\/app\/uploads\/2025\/06\/04-FOTO-CAT-CLIP-4-LA-MAGIA-DEL-COLOR_mezcla2.mp3\"><\/audio>\n      <div class=\"mt-2 transition-opacity opacity-0 meta\">\n        <div class=\"flex items-end\" style=\"gap: 16px;\">\n          <div class=\"flex-1\">\n            <progress class=\"w-full border-0 appearance-none\" value=\"0\" max=\"1\"><\/progress>\n            <div class=\"flex justify-between text-sm\">\n              <div class=\"current-time\"><\/div>\n              <div class=\"total-time\"><\/div>\n            <\/div>\n          <\/div>\n                  <\/div>\n      <\/div>\n    <\/div>\n        <div id=\"transcription-ff88c05e5e7ad1808dd9d50db6983196\"\n  class=\"fixed inset-0 z-50 hidden w-screen h-screen opacity-0 pointer-events-none modal transcription\"\n  tabindex=\"-1\" role=\"dialog\">\n  <div class=\"absolute w-full h-full bg-black opacity-75 modal-overlay\"><\/div>\n  <div\n    class=\"absolute z-30 w-11\/12 mx-auto overflow-y-auto text-black bg-white shadow-lg modal-container center-xy md:max-w-4xl\"\n    role=\"document\">\n    <div class=\"flex items-center justify-between px-4 py-4 text-gray-700 border-b md:px-8\">\n      <h2 class=\"!mb-0 font-bold\">Transcripci\u00f3<\/h2>\n      <div class=\"z-50 flex flex-col items-center ml-auto cursor-pointer rtl:ml-0 rtl:mr-auto modal-close\">\n        <svg class=\"w-auto h-6\" width=\"18\" height=\"23\" xmlns=\"http:\/\/www.w3.org\/2000\/svg\">\n  <g stroke=\"currentColor\" fill=\"none\" fill-rule=\"evenodd\" stroke-linecap=\"square\">\n    <path d=\"M.7248.974l16.1076 20.6167M16.655 1.2654L.9097 22.1601\" \/>\n  <\/g>\n<\/svg>        <div class=\"hidden\">Close<\/div>\n      <\/div>\n    <\/div>\n    <div class=\"px-4 py-8 overflow-y-auto max-h-modal md:px-8 modal-content\">\n      <div class=\"mb-6\">\n                      <h3 class=\"text-xl font-bold\">La m\u00e0gia del color<\/h3>\n                            <\/div>\n            <p>En aquest punt de la ruta podrem captar amb la nostra c\u00e0mera l\u2019explosi\u00f3 i riquesa de colors i textures que ens ofereix la natura amb les flors bulboses, les plantes aquoses, els rierols d\u2019aigua de les basses o els magn\u00edfics arbres que trobem en els <strong>Jardins de Moss\u00e8n Cinto Verdaguer<\/strong>.<\/p>\n<p>Per fer fotografies de molt a prop i capturar petits insectes o la textura de les flors, pots activar l\u2019opci\u00f3 \u201cmacro\u201d o \u201csupermacro\u201d del teu m\u00f2bil. Gaireb\u00e9 tots els tel\u00e8fons tenen aquesta opci\u00f3, avui en dia. Amb aquest mode podr\u00e0s apropar-t\u2019hi molt\u00edssim, fins a 2 o 3 cm, i capturar imatges molt n\u00edtides.<\/p>\n<p>En molts dispositius es pot ajustar el punt d\u2019enfocament tocant directament la pantalla i centrant la part de la imatge que m\u00e9s t\u2019interessa enfocar.<\/p>\n<p>Els p\u00e8tals de les flors s\u00f3n de colors molt intensos i ressalten molt b\u00e9 amb el fons verd de fulles i tiges. En aquest cas, aprofita el contrallum dels raigs del sol als p\u00e8tals (que la llum arribi per darrere) i veur\u00e0s com els colors s\u00f3n m\u00e9s lluminosos i seran com pinzellades de llum a les flors.<\/p>\n<p>En aquest espai tamb\u00e9 pots jugar amb els reflexos de l\u2019aigua. Tant en les basses dels nen\u00fafars com al llac central del jard\u00ed es poden buscar simetries i reflexos. Si fa un dia assolellat, la brillantor dels raigs de sol a l\u2019aigua pot donar un toc molt creatiu a les teves imatges.<\/p>\n    <\/div>\n  <\/div>\n<\/div>\n    <\/div>\n\n\n<div class=\"element gallery-block\">\n          <div class=\"relative overflow-hidden gallery swiper-container\">\n      <div class=\"swiper-wrapper\">\n                  <figure class=\"mb-0 swiper-slide\">\n            <img loading=\"lazy\" decoding=\"async\" width=\"1920\" height=\"1280\" src=\"https:\/\/guides.muzee.it\/app\/uploads\/2025\/06\/3.-SF_llac-1.jpg\" class=\"block mx-auto\" alt=\"\" srcset=\"https:\/\/guides.muzee.it\/app\/uploads\/2025\/06\/3.-SF_llac-1.jpg 1920w, https:\/\/guides.muzee.it\/app\/uploads\/2025\/06\/3.-SF_llac-1-300x200.jpg 300w, https:\/\/guides.muzee.it\/app\/uploads\/2025\/06\/3.-SF_llac-1-1024x683.jpg 1024w, https:\/\/guides.muzee.it\/app\/uploads\/2025\/06\/3.-SF_llac-1-768x512.jpg 768w, https:\/\/guides.muzee.it\/app\/uploads\/2025\/06\/3.-SF_llac-1-1536x1024.jpg 1536w\" sizes=\"auto, (max-width: 1920px) 100vw, 1920px\" \/>\n                      <\/figure>\n                  <figure class=\"mb-0 swiper-slide\">\n            <img loading=\"lazy\" decoding=\"async\" width=\"1620\" height=\"1080\" src=\"https:\/\/guides.muzee.it\/app\/uploads\/2025\/06\/2.-SF_Nenufar-Blanc-1.jpg\" class=\"block mx-auto\" alt=\"\" srcset=\"https:\/\/guides.muzee.it\/app\/uploads\/2025\/06\/2.-SF_Nenufar-Blanc-1.jpg 1620w, https:\/\/guides.muzee.it\/app\/uploads\/2025\/06\/2.-SF_Nenufar-Blanc-1-300x200.jpg 300w, https:\/\/guides.muzee.it\/app\/uploads\/2025\/06\/2.-SF_Nenufar-Blanc-1-1024x683.jpg 1024w, https:\/\/guides.muzee.it\/app\/uploads\/2025\/06\/2.-SF_Nenufar-Blanc-1-768x512.jpg 768w, https:\/\/guides.muzee.it\/app\/uploads\/2025\/06\/2.-SF_Nenufar-Blanc-1-1536x1024.jpg 1536w\" sizes=\"auto, (max-width: 1620px) 100vw, 1620px\" \/>\n                      <\/figure>\n                  <figure class=\"mb-0 swiper-slide\">\n            <img loading=\"lazy\" decoding=\"async\" width=\"1620\" height=\"1080\" src=\"https:\/\/guides.muzee.it\/app\/uploads\/2025\/06\/1.-SF_Macro-1.jpg\" class=\"block mx-auto\" alt=\"\" srcset=\"https:\/\/guides.muzee.it\/app\/uploads\/2025\/06\/1.-SF_Macro-1.jpg 1620w, https:\/\/guides.muzee.it\/app\/uploads\/2025\/06\/1.-SF_Macro-1-300x200.jpg 300w, https:\/\/guides.muzee.it\/app\/uploads\/2025\/06\/1.-SF_Macro-1-1024x683.jpg 1024w, https:\/\/guides.muzee.it\/app\/uploads\/2025\/06\/1.-SF_Macro-1-768x512.jpg 768w, https:\/\/guides.muzee.it\/app\/uploads\/2025\/06\/1.-SF_Macro-1-1536x1024.jpg 1536w\" sizes=\"auto, (max-width: 1620px) 100vw, 1620px\" \/>\n                      <\/figure>\n              <\/div>\n      <div class=\"inset-0 swiper-pagination w-fit\"><\/div>\n      <div class=\"swiper-button-prev\"><\/div>\n      <div class=\"swiper-button-next\"><\/div>\n    <\/div>\n  <\/div>\n\n<\/div>\n    <\/div>\n  <\/div>\n\n\n<div class=\"icon-tab-content overflow-hidden transition-[max-height] duration-300 max-h-0\">\n    <div class=\"pt-6\">\n      <div class=\"acf-innerblocks-container\">\n<div class=\"element audio-block\">\n  <div class=\"flex items-center\">\n              <figure class=\"w-12 h-12 mb-0 mr-4 rounded-full audio-thumb rtl:mr-0 rtl:ml-4\">\n        <img loading=\"lazy\" decoding=\"async\" width=\"150\" height=\"150\" src=\"https:\/\/guides.muzee.it\/app\/uploads\/2025\/06\/TextMartaOrriols_carrussel-150x150.jpg\" class=\"rounded-full\" alt=\"\" \/>\n      <\/figure>\n        <div class=\"flex-1 info\">\n              <h3 class=\"text-xl font-bold\">Nen\u00fafars<\/h3>\n                    <h4 class=\"-mt-2 text-sm\">de Marta Orriols<\/h4>\n                    <div class=\"flex flex-wrap -mx-2 -mt-2\">\n                      <a href=\"#\" data-target=\"#transcription-d68db3a8e55203485681874f0aa9623f\" data-toggle=\"modal\"\n              class=\"px-2 text-sm border-0 text-accent\">\n              <svg width=\"11\" height=\"12\" class=\"inline-block mr-1 text-accent\"\n                xmlns=\"http:\/\/www.w3.org\/2000\/svg\">\n                <path d=\"M0 0h11v9H8.7642v2.8481L5.5 9H0z\" fill=\"currentColor\" fill-rule=\"evenodd\" \/>\n              <\/svg>\n              <span class=\"underline underline-offset\">Transcripci\u00f3<\/span>\n            <\/a>\n                            <\/div>\n          <\/div>\n    <div class=\"flex flex-col items-center ml-4 audio-control rtl:ml-0 rtl:mr-4\">\n      <button class=\"flex items-center justify-center w-12 h-12 !p-0 !my-0 rounded-full btn !text-bg\"\n  data-target=\"#audio-d68db3a8e55203485681874f0aa9623f\">\n  <svg width=\"100%\" height=\"100%\" viewBox=\"0 0 36 36\" version=\"1.1\" xmlns=\"http:\/\/www.w3.org\/2000\/svg\" xmlns:xlink=\"http:\/\/www.w3.org\/1999\/xlink\">\n  <path id=\"ytp-12\" d=\"M11,10 L18,13.74 18,22.28 11,26 M18,13.74 L26,18 26,18 18,22.28\" fill=\"currentColor\">\n    <animate id=\"animation\" begin=\"indefinite\" attributeType=\"XML\" attributeName=\"d\" fill=\"freeze\" from=\"M11,10 L17,10 17,26 11,26 M20,10 L26,10 26,26 20,26\" to=\"M11,10 L18,13.74 18,22.28 11,26 M18,13.74 L26,18 26,18 18,22.28\" dur=\"0.1s\" keySplines=\".4 0 1 1\" repeatCount=\"1\" data-play=\"M11,10 L18,13.74 18,22.28 11,26 M18,13.74 L26,18 26,18 18,22.28\" data-pause=\"M11,10 L17,10 17,26 11,26 M20,10 L26,10 26,26 20,26\"><\/animate>\n  <\/path>\n<\/svg>\n<\/button>\n      <div class=\"text-sm total-time\"><\/div>\n    <\/div>\n  <\/div>\n        <div class=\"audio-content\" dir=\"ltr\">\n      <audio id=\"audio-d68db3a8e55203485681874f0aa9623f\" data-label=\"Nen\u00fafars\"\n        data-category=\"06-Silvia-Bel-CAT-3R-TRAM-AUDIO-6-conte-nenufars_mezcla-1.mp3\" class=\"hidden\" controls\n        src=\"https:\/\/guides.muzee.it\/app\/uploads\/2025\/06\/06-Silvia-Bel-CAT-3R-TRAM-AUDIO-6-conte-nenufars_mezcla-1.mp3\"><\/audio>\n      <div class=\"mt-2 transition-opacity opacity-0 meta\">\n        <div class=\"flex items-end\" style=\"gap: 16px;\">\n          <div class=\"flex-1\">\n            <progress class=\"w-full border-0 appearance-none\" value=\"0\" max=\"1\"><\/progress>\n            <div class=\"flex justify-between text-sm\">\n              <div class=\"current-time\"><\/div>\n              <div class=\"total-time\"><\/div>\n            <\/div>\n          <\/div>\n                  <\/div>\n      <\/div>\n    <\/div>\n        <div id=\"transcription-d68db3a8e55203485681874f0aa9623f\"\n  class=\"fixed inset-0 z-50 hidden w-screen h-screen opacity-0 pointer-events-none modal transcription\"\n  tabindex=\"-1\" role=\"dialog\">\n  <div class=\"absolute w-full h-full bg-black opacity-75 modal-overlay\"><\/div>\n  <div\n    class=\"absolute z-30 w-11\/12 mx-auto overflow-y-auto text-black bg-white shadow-lg modal-container center-xy md:max-w-4xl\"\n    role=\"document\">\n    <div class=\"flex items-center justify-between px-4 py-4 text-gray-700 border-b md:px-8\">\n      <h2 class=\"!mb-0 font-bold\">Transcripci\u00f3<\/h2>\n      <div class=\"z-50 flex flex-col items-center ml-auto cursor-pointer rtl:ml-0 rtl:mr-auto modal-close\">\n        <svg class=\"w-auto h-6\" width=\"18\" height=\"23\" xmlns=\"http:\/\/www.w3.org\/2000\/svg\">\n  <g stroke=\"currentColor\" fill=\"none\" fill-rule=\"evenodd\" stroke-linecap=\"square\">\n    <path d=\"M.7248.974l16.1076 20.6167M16.655 1.2654L.9097 22.1601\" \/>\n  <\/g>\n<\/svg>        <div class=\"hidden\">Close<\/div>\n      <\/div>\n    <\/div>\n    <div class=\"px-4 py-8 overflow-y-auto max-h-modal md:px-8 modal-content\">\n      <div class=\"mb-6\">\n                      <h3 class=\"text-xl font-bold\">Nen\u00fafars<\/h3>\n                                <h4 class=\"-mt-2 text-gray-700\">de Marta Orriols<\/h4>\n                  <\/div>\n            <p data-pm-slice=\"1 1 []\"><strong>Nen\u00fafars<\/strong><\/p>\n<p>L\u2019associaci\u00f3 \u00e9s f\u00e0cil enmig de les basses de nen\u00fafars: rodejar-se de bellesa per encobrir tot all\u00f2 que no va b\u00e9. Exposar una experi\u00e8ncia immediata de la naturalesa quan la veritat agafaj780 la textura tr\u00e8mula d\u2019una convulsi\u00f3. Potser s\u00f3c jo, em dic. Potser s\u00f3n aquests dies de can\u00edcula i l\u2019amena\u00e7a comuna des de m\u00faltiples fronts que vaig normalitzant, potser \u00e9s que en aquest rac\u00f3 de m\u00f3n i en aquest punt del dia i del calendari, allunyada de l\u2019estretor de la rutina, i les limitacions de les circumst\u00e0ncies, la bellesa doblega sota un pes excessiu. Ho penso clavant la vista en els estams escandalosos dels nen\u00fafars blancs i tot recordant inevitablement, la s\u00e8rie de nen\u00fafars pintats per Monet a partir de 1914. Mentre ell plantava el cavallet davant d\u2019un estanc al jard\u00ed de casa seva i es disposava a pintar l\u2019exuber\u00e0ncia dels nen\u00fafars, la Primera Guerra Mundial esclatava al seu voltant. Un m\u00f3n de pau dins un m\u00f3n de guerra. El desig irrenunciable de voler estar en qualsevol altre lloc quan la realitat esdev\u00e9 temible i esgotadora i que aquest altre lloc sigui casa.<\/p>\n<p>Val a dir, a tall personal, que la bellesa dels nen\u00fafars, els de Monet i els de veritat sempre m\u2019ha semblat que amaga alguna cosa cruel, que cont\u00e9 una mena d\u2019indifer\u00e8ncia cap a tots aquells que no aconseguim la lluminositat absoluta que irradien aquestes nimfees flotants. Els meus ulls els interpreten des de petita com una mena de coreografia sincronitzada, com si fossin ballarines aqu\u00e0tiques, fent rotllanes i figures tot movent les cames i bra\u00e7os amb moviments estilitzats i segurs. A les ballarines aqu\u00e0tiques i als nen\u00fafars d\u2019arreu els envejo la for\u00e7a, la resist\u00e8ncia i la flexibilitat. Els envejo aquesta bellesa innata. Sembla que existeixen per a la perfecci\u00f3 i per a ser admirats, com l\u2019amor quan encara \u00e9s nom\u00e9s desig. Havia de sortir l\u2019amor, \u00e9s clar. Com s\u2019evita l\u2019amor, com se\u2019n fuig? M\u2019enorgulleixo sovint de pensar que els meus sentiments s\u00f3n genu\u00efns, per\u00f2 nom\u00e9s cal que baixi els esglaons de l\u2019escala, amb el so m\u00ednim del rierol d\u2019aigua de de fons, topi de cara amb nen\u00fafars i tot d\u2019una prengui consci\u00e8ncia que d\u2019aut\u00e8ntic, aix\u00f2 que em passa, no en t\u00e9 res.<\/p>\n<p>A aquestes al\u00e7ades, jo ja hauria de tenir clar el relat de la meva vida per\u00f2 encara s\u00f3c all\u00e0 mateix, en aquell encreuament de camins. Ning\u00fa va dir que seria f\u00e0cil. I \u00e9s que en qualsevol relat edificant que ens expliquem a nosaltres mateixos, fins i tot en un mirat en perspectiva, l\u2019amor hi juga un paper important. D\u2019ell en s\u00e9 nom\u00e9s algunes coses, ell de mi encara unes coses menys. Domesticar el desig amb aquestes mesures m\u00ednimes, nom\u00e9s amb la decoraci\u00f3 que mostrem p\u00fablicament tots dos en aquesta nova manera de relacionar-nos, sembla prou f\u00e0cil. Per ara som dos nen\u00fafars que ratllen la perfecci\u00f3 surant en aig\u00fces baixes, presumint de la millor versi\u00f3 que ens podem oferir l\u2019un a l\u2019altra. El problema vindr\u00e0 quan, a mesura que el temps ens acosti, que el temps exigeixi saber m\u00e9s de mi, m\u00e9s de tu, es disparin les preguntes que ens faran baixar a tots dos cap les profunditats, fins all\u00e0 on les arrels, fr\u00e0gils i llargues, s\u2019entortolliguen amb el passat de cadasc\u00fa. All\u00e0 sota haurem de batallar amb col\u00f2nies d\u2019amfibis que hi s\u00f3n des de sempre, criatures s\u00e0vies que saben camuflar-se i saltar lluny quan volen estar soles.<\/p>\n<p>Intento treure-li fusta i dir-me que al capdavall l\u2019amor no ho \u00e9s tot a la vida d\u2019alg\u00fa, per\u00f2 una veu s\u2019afanya a recordar-me que potser ho ser\u00e0 tot en la vida d\u2019alg\u00fa altre. Ho veieu? Comences mirant uns nen\u00fafars edulcorats de tanta bellesa i acabes perdent el control del teu dest\u00ed.<\/p>\n    <\/div>\n  <\/div>\n<\/div>\n    <\/div>\n\n\n<div class=\"element text-block\">\n      <div class=\"flex mb-4\">\n            <div class=\"flex-1 info\">\n                  <h3 class=\"text-xl font-bold\">Nen\u00fafars<\/h3>\n                          <h4 class=\"-mt-2 text-sm\">de Marta Orriols<\/h4>\n              <\/div>\n    <\/div>\n        <div class=\"mb-4 prose\">\n      <p>L\u2019associaci\u00f3 \u00e9s f\u00e0cil enmig de les basses de nen\u00fafars: rodejar-se de bellesa per encobrir tot all\u00f2 que no va b\u00e9. Exposar una experi\u00e8ncia immediata de la naturalesa quan la veritat agafa la textura tr\u00e8mula d\u2019una convulsi\u00f3. Potser s\u00f3c jo, em dic. Potser s\u00f3n aquests dies de can\u00edcula i l\u2019amena\u00e7a comuna des de m\u00faltiples fronts que vaig normalitzant, potser \u00e9s que en aquest rac\u00f3 de m\u00f3n i en aquest punt del dia i del calendari, allunyada de l\u2019estretor de la rutina, i les limitacions de les circumst\u00e0ncies, la bellesa doblega sota un pes excessiu. Ho penso clavant la vista en els estams escandalosos dels nen\u00fafars blancs i tot recordant inevitablement, la s\u00e8rie de nen\u00fafars pintats per Monet a partir de 1914. Mentre ell plantava el cavallet davant d\u2019un estanc al jard\u00ed de casa seva i es disposava a pintar l\u2019exuber\u00e0ncia dels nen\u00fafars, la Primera Guerra Mundial esclatava al seu voltant. Un m\u00f3n de pau dins un m\u00f3n de guerra. El desig irrenunciable de voler estar en qualsevol altre lloc quan la realitat esdev\u00e9 temible i esgotadora i que aquest altre lloc sigui casa.<\/p>\n<p>Val a dir, a tall personal, que la bellesa dels nen\u00fafars, els de Monet i els de veritat sempre m\u2019ha semblat que amaga alguna cosa cruel, que cont\u00e9 una mena d\u2019indifer\u00e8ncia cap a tots aquells que no aconseguim la lluminositat absoluta que irradien aquestes nimfees flotants. Els meus ulls els interpreten des de petita com una mena de coreografia sincronitzada, com si fossin ballarines aqu\u00e0tiques, fent rotllanes i figures tot movent les cames i bra\u00e7os amb moviments estilitzats i segurs. A les ballarines aqu\u00e0tiques i als nen\u00fafars d\u2019arreu els envejo la for\u00e7a, la resist\u00e8ncia i la flexibilitat. Els envejo aquesta bellesa innata. Sembla que existeixen per a la perfecci\u00f3 i per a ser admirats, com l\u2019amor quan encara \u00e9s nom\u00e9s desig. Havia de sortir l\u2019amor, \u00e9s clar. Com s\u2019evita l\u2019amor, com se\u2019n fuig? M\u2019enorgulleixo sovint de pensar que els meus sentiments s\u00f3n genu\u00efns, per\u00f2 nom\u00e9s cal que baixi els esglaons de l\u2019escala, amb el so m\u00ednim del rierol d\u2019aigua de de fons, topi de cara amb nen\u00fafars i tot d\u2019una prengui consci\u00e8ncia que d\u2019aut\u00e8ntic, aix\u00f2 que em passa, no en t\u00e9 res.<\/p>\n<p>A aquestes al\u00e7ades, jo ja hauria de tenir clar el relat de la meva vida per\u00f2 encara s\u00f3c all\u00e0 mateix, en aquell encreuament de camins. Ning\u00fa va dir que seria f\u00e0cil. I \u00e9s que en qualsevol relat edificant que ens expliquem a nosaltres mateixos, fins i tot en un mirat en perspectiva, l\u2019amor hi juga un paper important. D\u2019ell en s\u00e9 nom\u00e9s algunes coses, ell de mi encara unes coses menys. Domesticar el desig amb aquestes mesures m\u00ednimes, nom\u00e9s amb la decoraci\u00f3 que mostrem p\u00fablicament tots dos en aquesta nova manera de relacionar-nos, sembla prou f\u00e0cil. Per ara som dos nen\u00fafars que ratllen la perfecci\u00f3 surant en aig\u00fces baixes, presumint de la millor versi\u00f3 que ens podem oferir l\u2019un a l\u2019altra. El problema vindr\u00e0 quan, a mesura que el temps ens acosti, que el temps exigeixi saber m\u00e9s de mi, m\u00e9s de tu, es disparin les preguntes que ens faran baixar a tots dos cap les profunditats, fins all\u00e0 on les arrels, fr\u00e0gils i llargues, s\u2019entortolliguen amb el passat de cadasc\u00fa. All\u00e0 sota haurem de batallar amb col\u00f2nies d\u2019amfibis que hi s\u00f3n des de sempre, criatures s\u00e0vies que saben camuflar-se i saltar lluny quan volen estar soles.<\/p>\n<p>Intento treure-li fusta i dir-me que al capdavall l\u2019amor no ho \u00e9s tot a la vida d\u2019alg\u00fa, per\u00f2 una veu s\u2019afanya a recordar-me que potser ho ser\u00e0 tot en la vida d\u2019alg\u00fa altre. Ho veieu? Comences mirant uns nen\u00fafars edulcorats de tanta bellesa i acabes perdent el control del teu dest\u00ed.<\/p>\n\n    <\/div>\n  <\/div>\n\n<\/div>\n    <\/div>\n  <\/div>\n\n<\/div>\n    <\/div>\n  <\/div>\n\n<\/div>\n          <\/div>\n      <\/section>\n\n\n<section class=\"section  section-collapsible  mb-8\"\n    id=\"section-69eeffc570e40\" data-title=\"5. Sons, volums i textures en el temps. Jardins de Joan Brossa\">\n          <div class=\"sticky z-10 w-full bg-bg  top-16 \">\n              <div role=\"button\" class=\"cursor-pointer\" tabindex=\"0\" data-toggle=\"collapse\"\n        data-target=\"#section-block_7fb654a5fe03fb9ed2983cb4edfa417e-content\" data-group=\"sections\"\n        aria-controls=\"section-block_7fb654a5fe03fb9ed2983cb4edfa417e-content\" aria-expanded=\"false\">\n              <h2 class=\"flex items-baseline text-3xl leading-tight font-headings !mb-0 pb-2\">\n                  <i class=\"mr-4 rtl:mr-0 rtl:ml-4 text-accent\">\n            <svg width=\"22\" height=\"21\" viewBox=\"0 0 22 21\" xmlns=\"http:\/\/www.w3.org\/2000\/svg\"><path d=\"M9.6875.5v15.2123l-7.337-6.9876L.5 10.5l10.5 10 10.5-10-1.8504-1.7623-7.3371 6.9746V.5z\" fill=\"currentColor\" fill-rule=\"nonzero\"\/><\/svg>\n          <\/i>\n                <span>5. Sons, volums i textures en el temps. <br><small><em>Jardins de Joan Brossa<\/em><\/small><\/span>\n      <\/h2>\n                  <\/div>\n              <\/div>\n              <div id=\"section-block_7fb654a5fe03fb9ed2983cb4edfa417e-content\"\n        class=\"overflow-hidden transition-[max-height] duration-300 max-h-0 collapse-flexible\">\n        \n    <div class=\"acf-innerblocks-container\">\n<div class=\"element audio-block\">\n  <div class=\"flex items-center\">\n            <div class=\"flex-1 info\">\n              <h3 class=\"text-xl font-bold\">Jardins de Joan Brossa<\/h3>\n                          <div class=\"flex flex-wrap -mx-2 -mt-2\">\n                      <a href=\"#\" data-target=\"#transcription-d198f5eb0d6e9f41a2714fd6808f9233\" data-toggle=\"modal\"\n              class=\"px-2 text-sm border-0 text-accent\">\n              <svg width=\"11\" height=\"12\" class=\"inline-block mr-1 text-accent\"\n                xmlns=\"http:\/\/www.w3.org\/2000\/svg\">\n                <path d=\"M0 0h11v9H8.7642v2.8481L5.5 9H0z\" fill=\"currentColor\" fill-rule=\"evenodd\" \/>\n              <\/svg>\n              <span class=\"underline underline-offset\">Transcripci\u00f3<\/span>\n            <\/a>\n                            <\/div>\n          <\/div>\n    <div class=\"flex flex-col items-center ml-4 audio-control rtl:ml-0 rtl:mr-4\">\n      <button class=\"flex items-center justify-center w-12 h-12 !p-0 !my-0 rounded-full btn !text-bg\"\n  data-target=\"#audio-d198f5eb0d6e9f41a2714fd6808f9233\">\n  <svg width=\"100%\" height=\"100%\" viewBox=\"0 0 36 36\" version=\"1.1\" xmlns=\"http:\/\/www.w3.org\/2000\/svg\" xmlns:xlink=\"http:\/\/www.w3.org\/1999\/xlink\">\n  <path id=\"ytp-12\" d=\"M11,10 L18,13.74 18,22.28 11,26 M18,13.74 L26,18 26,18 18,22.28\" fill=\"currentColor\">\n    <animate id=\"animation\" begin=\"indefinite\" attributeType=\"XML\" attributeName=\"d\" fill=\"freeze\" from=\"M11,10 L17,10 17,26 11,26 M20,10 L26,10 26,26 20,26\" to=\"M11,10 L18,13.74 18,22.28 11,26 M18,13.74 L26,18 26,18 18,22.28\" dur=\"0.1s\" keySplines=\".4 0 1 1\" repeatCount=\"1\" data-play=\"M11,10 L18,13.74 18,22.28 11,26 M18,13.74 L26,18 26,18 18,22.28\" data-pause=\"M11,10 L17,10 17,26 11,26 M20,10 L26,10 26,26 20,26\"><\/animate>\n  <\/path>\n<\/svg>\n<\/button>\n      <div class=\"text-sm total-time\"><\/div>\n    <\/div>\n  <\/div>\n        <div class=\"audio-content\" dir=\"ltr\">\n      <audio id=\"audio-d198f5eb0d6e9f41a2714fd6808f9233\" data-label=\"Jardins de Joan Brossa\"\n        data-category=\"07-Silvia-Bel-CAT-4T-TRAM-AUDIO-7_mezcla2.mp3\" class=\"hidden\" controls\n        src=\"https:\/\/guides.muzee.it\/app\/uploads\/2025\/06\/07-Silvia-Bel-CAT-4T-TRAM-AUDIO-7_mezcla2.mp3\"><\/audio>\n      <div class=\"mt-2 transition-opacity opacity-0 meta\">\n        <div class=\"flex items-end\" style=\"gap: 16px;\">\n          <div class=\"flex-1\">\n            <progress class=\"w-full border-0 appearance-none\" value=\"0\" max=\"1\"><\/progress>\n            <div class=\"flex justify-between text-sm\">\n              <div class=\"current-time\"><\/div>\n              <div class=\"total-time\"><\/div>\n            <\/div>\n          <\/div>\n                  <\/div>\n      <\/div>\n    <\/div>\n        <div id=\"transcription-d198f5eb0d6e9f41a2714fd6808f9233\"\n  class=\"fixed inset-0 z-50 hidden w-screen h-screen opacity-0 pointer-events-none modal transcription\"\n  tabindex=\"-1\" role=\"dialog\">\n  <div class=\"absolute w-full h-full bg-black opacity-75 modal-overlay\"><\/div>\n  <div\n    class=\"absolute z-30 w-11\/12 mx-auto overflow-y-auto text-black bg-white shadow-lg modal-container center-xy md:max-w-4xl\"\n    role=\"document\">\n    <div class=\"flex items-center justify-between px-4 py-4 text-gray-700 border-b md:px-8\">\n      <h2 class=\"!mb-0 font-bold\">Transcripci\u00f3<\/h2>\n      <div class=\"z-50 flex flex-col items-center ml-auto cursor-pointer rtl:ml-0 rtl:mr-auto modal-close\">\n        <svg class=\"w-auto h-6\" width=\"18\" height=\"23\" xmlns=\"http:\/\/www.w3.org\/2000\/svg\">\n  <g stroke=\"currentColor\" fill=\"none\" fill-rule=\"evenodd\" stroke-linecap=\"square\">\n    <path d=\"M.7248.974l16.1076 20.6167M16.655 1.2654L.9097 22.1601\" \/>\n  <\/g>\n<\/svg>        <div class=\"hidden\">Close<\/div>\n      <\/div>\n    <\/div>\n    <div class=\"px-4 py-8 overflow-y-auto max-h-modal md:px-8 modal-content\">\n      <div class=\"mb-6\">\n                      <h3 class=\"text-xl font-bold\">Jardins de Joan Brossa<\/h3>\n                            <\/div>\n            <p>Ens trobem als <strong>jardins de Joan Brossa<\/strong>, batejats en honor a un altre poeta; en aquest cas, un polifac\u00e8tic creador enamorat dels jocs de paraules i referent de l\u2019avantguarda art\u00edstica catalana.<\/p>\n<p>Avui en dia \u00e9s un indret tranquil i d\u2019esbarjo a la natura, amb vegetaci\u00f3 mediterr\u00e0nia d\u2019aspecte natural amb aires silvestres que realment ens pot fer la sensaci\u00f3 de ser en un bosc, lluny del tr\u00e0fec de la ciutat. Per\u00f2 en el passat, aquest vessant de la muntanya era un brogit de m\u00fasica i llums, espectacles, atraccions i rialles per a tothom, ja que era l\u2019espai on antigament hi havia el parc d\u2019atraccions de <strong>Montju\u00efc<\/strong>.<\/p>\n<p>Inaugurat el 1966, no va ser el primer parc d\u2019atraccions de la muntanya; de fet, va ser el tercer! A la d\u00e8cada dels anys trenta del segle passat, en aquest mateix indret s\u2019hi va construir el <strong>Maricel Park<\/strong>, i durant l\u2019<strong>Exposici\u00f3 del 1929<\/strong> se\u2019n va construir un de provisional a l\u2019<strong>antiga pedrera de la Foixarda<\/strong>. La inauguraci\u00f3 del parc d\u2019atraccions va revolucionar l\u2019oci de la ciutat. Atraccions trepidants, un <em>tablao<\/em> flamenc, restaurants amb forma de balena\u2026 Fins i tot, una discoteca, la <strong>Lord Black<\/strong>, que als anys setanta va viure l\u2019eclosi\u00f3 de la psicod\u00e8lia i el pop i va ser innovadora gr\u00e0cies a una instal\u00b7laci\u00f3 revolucion\u00e0ria aleshores amb llums de colors que se sincronitzaven amb la m\u00fasica. I \u00e9s que la m\u00fasica es va convertir en un motor per divertir-se en una \u00e8poca de repressi\u00f3 i contenci\u00f3. Al parc hi van actuar artistes com <strong>Joan Manuel Serrat<\/strong>, <strong>Lola Flores<\/strong>, <strong>Peret<\/strong> o<strong> Los Tarantos<\/strong>, humoristes com <strong>Gila<\/strong> o <strong>Eugenio<\/strong>. El parc va ser un referent de diversi\u00f3 fins que va tancar, l\u2019any 1998. Per\u00f2 per tot l\u2019espai encara hi trobem restes d\u2019aquell parc que va fer somiar Barcelona. I si parem l\u2019orella, potser encara podem sentir els ecos d\u2019aquells sons que van marcar tantes generacions com diverses textures que se superposen en el temps.<\/p>\n<p><strong>&#8211; Mira:<\/strong> Et proposem perdre\u2019t pels seus camins i buscar-hi les escultures que antigament guarnien el parc. Tingues els ulls ben oberts i estigues atent, perqu\u00e8 potser pots trobar alguna sorpresa m\u00e9s pel cam\u00ed, com un hotel per a insectes o coixins musicals! Si trobes els coixins, salta-hi a sobre i escolta els sons que fan! Potser pel jard\u00ed tamb\u00e9 hi trobes unes lletres enormes amagades. S\u00f3n un poema visual de <strong>Joan Brossa<\/strong>, el mag de la paraula.<\/p>\n<p><strong>&#8211; Escolta:<\/strong> En aquesta part de la muntanya s\u2019hi poden trobar molts ocells que omplen de sons el parc; en sents algun? O tamb\u00e9 pots sentir la remor suau del vent entre els arbres.<\/p>\n<p>Si investigues a la icona de <em>M\u00e9s contingut<\/em>, podr\u00e0s trobar l\u2019enlla\u00e7 a la <strong>Fundaci\u00f3 Joan Brossa<\/strong>. Tamb\u00e9 pots fer les activitats de salut i fotografia escoltant els \u00e0udios d\u2019aquest tram.<br \/>\nAbans de deixar el parc, busca un lloc tranquil per escoltar el text de <strong>Marta Orriols<\/strong> dedicat aquest jard\u00ed:<\/p>\n<p><strong>Jardins de Joan Brossa<\/strong><\/p>\n<p>\u00abHi ha sentiments que no queden escrits enlloc, que mentre es formen creen una il\u00b7lusi\u00f3 semblant a la de llan\u00e7ar ficcions a l\u2019aire. No passa sempre, no passa a tot arreu. Per\u00f2 passa ara i aqu\u00ed. Passa enmig del silenci i la dist\u00e0ncia reposada. Potser nom\u00e9s \u00e9s una il\u00b7lusi\u00f3 generada per les vistes de la gran ciutat de fons que esdev\u00e9 un brunzit que cont\u00e9 el nervi de les hores punta o el recolliment previ a la nit fosca, per\u00f2, en qualsevol cas, les vistes semblen pert\u00e0nyer a una altra realitat i no pas a la d\u2019aquest moment ef\u00edmer d\u2019intimitat. Olivia Laing escriu, a La ciutat solit\u00e0ria: \u201cVaig comen\u00e7ar a adonar-me que la soledat era un territori molt poblat: una ciutat per dret propi\u201d. Passejo entremig d\u2019escultures que s\u00f3n el record del que havia estat abans aquest lloc, un punt d\u2019oci que encara es respira amb petits esquitxos de fam\u00edlies aqu\u00ed i all\u00e0. Jo m\u2019he acostumat a anar sola pel m\u00f3n. M\u2019agrada, o potser \u00e9s una afirmaci\u00f3 que necessito dir-me a mi mateixa. Creure-me-la, tamb\u00e9. Un pot sentir-se sol en qualsevol lloc, per\u00f2 a la zona alta d\u2019aquesta muntanya, a mig cam\u00ed entre un parc forestal i un jard\u00ed de ciutat on alguns racons s\u00f3n un aut\u00e8ntic bosc, l\u2019isolament t\u2019empeny a evitar pensaments ombr\u00edvols; potser \u00e9s el contrast de la fressa llunyana i el silenci present que acompanya i instiga a una soledat compartida amb els altres, tamb\u00e9 amb aquells altres que ja no hi s\u00f3n.<\/p>\n<p>De fet vas ser tu qui em va explicar que els arbres tenen mem\u00f2ria i que poden fins i tot emmagatzemar informaci\u00f3 durant d\u00e8cades. L\u2019explicaci\u00f3 tenia l\u2019encanteri d\u2019un conte i el regust d\u2019una conquesta de joventut, i, tanmateix, va ser prou convincent per arrencar-me un somriure i aconseguir la meva atenci\u00f3. En el fons, en aquell temps, poques paraules ens podien definir millor que aquesta: joves. No m\u2019agradava com sonava aleshores, i encara no m\u2019agrada com sona ara. Em passa sovint amb les paraules que agrupen massa gent sota una sola categoria. Per\u00f2 n\u2019\u00e9rem, de joves, n\u2019\u00e9rem molt. Vas adoptar un posat m\u00e9s seri\u00f3s per aclarir-me que els arbres es comuniquen a trav\u00e9s de les arrels, i que no ho fan igual amb els arbres que s\u00f3n del seu mateix clan \u2014amb els quals comparteixen informaci\u00f3 sobre la qualitat del s\u00f2l, de l\u2019aigua i de l\u2019aire\u2014 que amb la resta de la vegetaci\u00f3, a la qual nom\u00e9s alerten dels perills. Recordo que all\u00f2 em va captivar. \u00c9s molt poderosa, la sensaci\u00f3 de saber que no som els \u00fanics amb coses a fer i a dir sobre aquest planeta, que els arbres s\u00f3n aqu\u00ed, entre altres coses, per il\u00b7luminar la nostra condici\u00f3 humana.<br \/>\nNo voldria ser un risc, aix\u00ed que m\u2019endinso per un cam\u00ed assilvestra envoltada de catifes de gram\u00ednies amb cautela, sigil\u00b7losa, lluny de representar cap perill. Reconec els arbres inconfusibles. Soc alg\u00fa que ha passat els estius de la seva infantesa envoltada de bosc: pins, alzines, margall\u00f3. Jo, que anhelo el mar i la sal per\u00f2 que he jugat amb troncs i terra, que m\u2019he vestit els dits de les mans amb la c\u00fapula de les bellotes, que he col\u00b7leccionat pinyes i c\u00f2dols del riu. Acarono l\u2019escor\u00e7a escrostonada d\u2019una alzina i em pregunto qu\u00e8 guardar\u00e0, ella, del meu gest, de mi. Em pregunto de quina manera em retindr\u00e0 a la seva mem\u00f2ria, quins detalls, quines impressions. T\u00e9 lloc, aleshores, un d\u2019aquells sentiments que no es poden escriure enlloc, i est\u00e0 b\u00e9 que sigui aix\u00ed.\u00bb<\/p>\n<p>Per seguir fins al pr\u00f2xim tram de la ruta, escolta el clip d\u2019\u00e0udio d\u2019<em>Orientaci\u00f3<\/em>.<\/p>\n    <\/div>\n  <\/div>\n<\/div>\n    <\/div>\n\n\n<div class=\"element gallery-block\">\n          <div class=\"relative overflow-hidden gallery swiper-container\">\n      <div class=\"swiper-wrapper\">\n                  <figure class=\"mb-0 swiper-slide\">\n            <img loading=\"lazy\" decoding=\"async\" width=\"1536\" height=\"1024\" src=\"https:\/\/guides.muzee.it\/app\/uploads\/2025\/06\/TextMartaOrriols_carrussel.jpg\" class=\"block mx-auto\" alt=\"\" srcset=\"https:\/\/guides.muzee.it\/app\/uploads\/2025\/06\/TextMartaOrriols_carrussel.jpg 1536w, https:\/\/guides.muzee.it\/app\/uploads\/2025\/06\/TextMartaOrriols_carrussel-300x200.jpg 300w, https:\/\/guides.muzee.it\/app\/uploads\/2025\/06\/TextMartaOrriols_carrussel-1024x683.jpg 1024w, https:\/\/guides.muzee.it\/app\/uploads\/2025\/06\/TextMartaOrriols_carrussel-768x512.jpg 768w\" sizes=\"auto, (max-width: 1536px) 100vw, 1536px\" \/>\n                      <\/figure>\n                  <figure class=\"mb-0 swiper-slide\">\n            <img loading=\"lazy\" decoding=\"async\" width=\"1920\" height=\"1280\" src=\"https:\/\/guides.muzee.it\/app\/uploads\/2025\/06\/2.-Arbres-Brossa-1.jpg\" class=\"block mx-auto\" alt=\"\" srcset=\"https:\/\/guides.muzee.it\/app\/uploads\/2025\/06\/2.-Arbres-Brossa-1.jpg 1920w, https:\/\/guides.muzee.it\/app\/uploads\/2025\/06\/2.-Arbres-Brossa-1-300x200.jpg 300w, https:\/\/guides.muzee.it\/app\/uploads\/2025\/06\/2.-Arbres-Brossa-1-1024x683.jpg 1024w, https:\/\/guides.muzee.it\/app\/uploads\/2025\/06\/2.-Arbres-Brossa-1-768x512.jpg 768w, https:\/\/guides.muzee.it\/app\/uploads\/2025\/06\/2.-Arbres-Brossa-1-1536x1024.jpg 1536w\" sizes=\"auto, (max-width: 1920px) 100vw, 1920px\" \/>\n                      <\/figure>\n                  <figure class=\"mb-0 swiper-slide\">\n            <img loading=\"lazy\" decoding=\"async\" width=\"1920\" height=\"1280\" src=\"https:\/\/guides.muzee.it\/app\/uploads\/2025\/06\/3.-Panoramica-Brossa-1.jpg\" class=\"block mx-auto\" alt=\"\" srcset=\"https:\/\/guides.muzee.it\/app\/uploads\/2025\/06\/3.-Panoramica-Brossa-1.jpg 1920w, https:\/\/guides.muzee.it\/app\/uploads\/2025\/06\/3.-Panoramica-Brossa-1-300x200.jpg 300w, https:\/\/guides.muzee.it\/app\/uploads\/2025\/06\/3.-Panoramica-Brossa-1-1024x683.jpg 1024w, https:\/\/guides.muzee.it\/app\/uploads\/2025\/06\/3.-Panoramica-Brossa-1-768x512.jpg 768w, https:\/\/guides.muzee.it\/app\/uploads\/2025\/06\/3.-Panoramica-Brossa-1-1536x1024.jpg 1536w\" sizes=\"auto, (max-width: 1920px) 100vw, 1920px\" \/>\n                      <\/figure>\n                  <figure class=\"mb-0 swiper-slide\">\n            <img loading=\"lazy\" decoding=\"async\" width=\"1920\" height=\"1280\" src=\"https:\/\/guides.muzee.it\/app\/uploads\/2025\/06\/1.-Jardins-Joan-Brossa-1.jpg\" class=\"block mx-auto\" alt=\"\" srcset=\"https:\/\/guides.muzee.it\/app\/uploads\/2025\/06\/1.-Jardins-Joan-Brossa-1.jpg 1920w, https:\/\/guides.muzee.it\/app\/uploads\/2025\/06\/1.-Jardins-Joan-Brossa-1-300x200.jpg 300w, https:\/\/guides.muzee.it\/app\/uploads\/2025\/06\/1.-Jardins-Joan-Brossa-1-1024x683.jpg 1024w, https:\/\/guides.muzee.it\/app\/uploads\/2025\/06\/1.-Jardins-Joan-Brossa-1-768x512.jpg 768w, https:\/\/guides.muzee.it\/app\/uploads\/2025\/06\/1.-Jardins-Joan-Brossa-1-1536x1024.jpg 1536w\" sizes=\"auto, (max-width: 1920px) 100vw, 1920px\" \/>\n                      <\/figure>\n              <\/div>\n      <div class=\"inset-0 swiper-pagination w-fit\"><\/div>\n      <div class=\"swiper-button-prev\"><\/div>\n      <div class=\"swiper-button-next\"><\/div>\n    <\/div>\n  <\/div>\n\n\n<div class=\"element content-in-icons\">\n    <div class=\"flex icons\">\n                                  <div data-target=\"0\" data-toggle=\"tab\"\n            class=\"flex flex-col items-center flex-1 cursor-pointer icon\">\n                          <div class=\"flex-shrink-0 w-10 h-10\">\n                <svg class=\"object-contain w-full h-auto\" xmlns=\"http:\/\/www.w3.org\/2000\/svg\" fill=\"none\" viewBox=\"0 0 40 40\"><path fill=\"currentColor\" fill-rule=\"evenodd\" d=\"M20 40c11.0457 0 20-8.9543 20-20S31.0457 0 20 0 0 8.9543 0 20s8.9543 20 20 20Zm9-22c0-4.9675-4.0325-9-9-9s-9 4.0325-9 9c0 2.6142 1.3929 5.2671 3.0896 7.4986 2.484 3.267 5.5896 5.6287 5.5896 5.6287h.0005a.529.529 0 0 0 .6406 0h.0005s3.1056-2.3617 5.5896-5.6287C27.6071 23.2671 29 20.6142 29 18Zm-12.7059 0c0-2.0451 1.6608-3.7059 3.7059-3.7059S23.7059 15.9549 23.7059 18 22.0451 21.7059 20 21.7059 16.2941 20.0451 16.2941 18Z\" clip-rule=\"evenodd\"\/><\/svg>\n              <\/div>\n                                      <span class=\"text-sm font-semibold leading-none text-center lg:text-base\">Orientaci\u00f3<\/span>\n                      <\/div>\n                                          <div data-target=\"1\" data-toggle=\"tab\"\n            class=\"flex flex-col items-center flex-1 cursor-pointer icon\">\n                          <div class=\"flex-shrink-0 w-10 h-10\">\n                <svg class=\"object-contain w-full h-auto\" fill=\"none\" xmlns=\"http:\/\/www.w3.org\/2000\/svg\" viewBox=\"0 0 40 40\">\n  <path fill-rule=\"evenodd\" clip-rule=\"evenodd\"\n    d=\"M20 40c11.046 0 20-8.954 20-20S31.046 0 20 0 0 8.954 0 20s8.954 20 20 20Zm-8.552-19.077c-1.93-2.049-1.932-5.342 0-7.388 1.931-2.047 5.04-2.047 6.972 0l1.585 1.679 1.574-1.669c1.932-2.046 5.041-2.046 6.973 0 1.93 2.047 1.93 5.342 0 7.388L19.995 30l-8.547-9.077Z\"\n    fill=\"currentColor\" \/>\n<\/svg>\n              <\/div>\n                                      <span class=\"text-sm font-semibold leading-none text-center lg:text-base\">Salut<br>i benestar<\/span>\n                      <\/div>\n                                          <div data-target=\"2\" data-toggle=\"tab\"\n            class=\"flex flex-col items-center flex-1 cursor-pointer icon\">\n                          <div class=\"flex-shrink-0 w-10 h-10\">\n                <svg class=\"object-contain w-full h-auto\" xmlns=\"http:\/\/www.w3.org\/2000\/svg\" fill=\"none\" viewBox=\"0 0 40 41\"><path fill=\"currentColor\" fill-rule=\"evenodd\" d=\"M40 20.1541c0 11.0456-8.9543 20-20 20s-20-8.9544-20-20c0-11.0457 8.9543-20 20-20s20 8.9543 20 20Zm-20 4.6385c2.1628 0 3.9162-1.7533 3.9162-3.9162 0-2.1628-1.7534-3.9161-3.9162-3.9161s-3.9161 1.7533-3.9161 3.9161c0 2.1629 1.7533 3.9162 3.9161 3.9162Zm7.1395-11.0904h.935c1.7837 0 3.2298 1.4453 3.2298 3.2298v8.5792c0 1.7836-1.4461 3.2298-3.2298 3.2298h-16.149c-1.7837 0-3.2298-1.4462-3.2298-3.2298V16.932c0-1.7837 1.4461-3.2298 3.2298-3.2298h.935c.319 0 .4732 0 .5679-.0752.0886-.0703.1249-.2067.1951-.4707l.3795-1.107c.3403-.6374.503-.9966.7803-1.1991.358-.2614.9068-.2614 2.2751-.2614h5.8823c2.2857 0 2.2857.0001 2.9267 1.2171.0402.0763.0828.1573.1287.2434l.3796 1.107c.0168.055.0308.1046.0434.1493.0965.3419.112.3966.7204.3966Zm-12.5091 7.1742c0 2.9609 2.4087 5.3696 5.3696 5.3696s5.3696-2.4087 5.3696-5.3696S22.9609 15.5068 20 15.5068s-5.3696 2.4087-5.3696 5.3696Zm11.8212-3.8265c0 .4505.3649.8155.8155.8155.4505 0 .8155-.3658.8155-.8155a.8154.8154 0 0 0-.8155-.8156.8153.8153 0 0 0-.8155.8156Z\" clip-rule=\"evenodd\"\/><\/svg>\n              <\/div>\n                                      <span class=\"text-sm font-semibold leading-none text-center lg:text-base\">Suggeriments<br>fotogr\u00e0fics<\/span>\n                      <\/div>\n                                          <div data-target=\"3\" data-toggle=\"tab\"\n            class=\"flex flex-col items-center flex-1 cursor-pointer icon\">\n                          <div class=\"flex-shrink-0 w-10 h-10\">\n                <svg class=\"object-contain w-full h-auto\" xmlns=\"http:\/\/www.w3.org\/2000\/svg\" fill=\"none\" viewBox=\"0 0 40 41\"><path fill=\"currentColor\" fill-rule=\"evenodd\" d=\"M20 40.731c11.0457 0 20-8.9543 20-20s-8.9543-20-20-20-20 8.9543-20 20 8.9543 20 20 20Zm1.2245-21.2244h6.551c.6764 0 1.2245.548 1.2245 1.2244 0 .6765-.5481 1.2245-1.2245 1.2245h-6.551v6.5511c0 .6764-.5481 1.2244-1.2245 1.2244-.6764 0-1.2245-.548-1.2245-1.2244v-6.5511h-6.551c-.6764 0-1.2245-.548-1.2245-1.2245 0-.6764.5481-1.2244 1.2245-1.2244h6.551v-6.5511c0-.6764.5481-1.2245 1.2245-1.2245.6764 0 1.2245.5481 1.2245 1.2245v6.5511Z\" clip-rule=\"evenodd\"\/><\/svg>\n              <\/div>\n                                      <span class=\"text-sm font-semibold leading-none text-center lg:text-base\">M\u00e9s<br>contingut<\/span>\n                      <\/div>\n                  <\/div>\n\n    <div class=\"flex flex-col content\">\n      <div class=\"acf-innerblocks-container\">\n<div class=\"icon-tab-content overflow-hidden transition-[max-height] duration-300 max-h-0\">\n    <div class=\"pt-6\">\n      <div class=\"acf-innerblocks-container\">\n<div class=\"element audio-block\">\n  <div class=\"flex items-center\">\n            <div class=\"flex-1 info\">\n              <h3 class=\"text-xl font-bold\">Dels jardins de Joan Brossa al mirador de l&#8217;alcalde<\/h3>\n                          <div class=\"flex flex-wrap -mx-2 -mt-2\">\n                      <a href=\"#\" data-target=\"#transcription-1727a438fdf537ff1d71f5144776b0f8\" data-toggle=\"modal\"\n              class=\"px-2 text-sm border-0 text-accent\">\n              <svg width=\"11\" height=\"12\" class=\"inline-block mr-1 text-accent\"\n                xmlns=\"http:\/\/www.w3.org\/2000\/svg\">\n                <path d=\"M0 0h11v9H8.7642v2.8481L5.5 9H0z\" fill=\"currentColor\" fill-rule=\"evenodd\" \/>\n              <\/svg>\n              <span class=\"underline underline-offset\">Transcripci\u00f3<\/span>\n            <\/a>\n                            <\/div>\n          <\/div>\n    <div class=\"flex flex-col items-center ml-4 audio-control rtl:ml-0 rtl:mr-4\">\n      <button class=\"flex items-center justify-center w-12 h-12 !p-0 !my-0 rounded-full btn !text-bg\"\n  data-target=\"#audio-1727a438fdf537ff1d71f5144776b0f8\">\n  <svg width=\"100%\" height=\"100%\" viewBox=\"0 0 36 36\" version=\"1.1\" xmlns=\"http:\/\/www.w3.org\/2000\/svg\" xmlns:xlink=\"http:\/\/www.w3.org\/1999\/xlink\">\n  <path id=\"ytp-12\" d=\"M11,10 L18,13.74 18,22.28 11,26 M18,13.74 L26,18 26,18 18,22.28\" fill=\"currentColor\">\n    <animate id=\"animation\" begin=\"indefinite\" attributeType=\"XML\" attributeName=\"d\" fill=\"freeze\" from=\"M11,10 L17,10 17,26 11,26 M20,10 L26,10 26,26 20,26\" to=\"M11,10 L18,13.74 18,22.28 11,26 M18,13.74 L26,18 26,18 18,22.28\" dur=\"0.1s\" keySplines=\".4 0 1 1\" repeatCount=\"1\" data-play=\"M11,10 L18,13.74 18,22.28 11,26 M18,13.74 L26,18 26,18 18,22.28\" data-pause=\"M11,10 L17,10 17,26 11,26 M20,10 L26,10 26,26 20,26\"><\/animate>\n  <\/path>\n<\/svg>\n<\/button>\n      <div class=\"text-sm total-time\"><\/div>\n    <\/div>\n  <\/div>\n        <div class=\"audio-content\" dir=\"ltr\">\n      <audio id=\"audio-1727a438fdf537ff1d71f5144776b0f8\" data-label=\"Dels jardins de Joan Brossa al mirador de l&#039;alcalde\"\n        data-category=\"06-ORIENTACIO-CAT-TRAM-4_mezcla2.mp3\" class=\"hidden\" controls\n        src=\"https:\/\/guides.muzee.it\/app\/uploads\/2025\/06\/06-ORIENTACIO-CAT-TRAM-4_mezcla2.mp3\"><\/audio>\n      <div class=\"mt-2 transition-opacity opacity-0 meta\">\n        <div class=\"flex items-end\" style=\"gap: 16px;\">\n          <div class=\"flex-1\">\n            <progress class=\"w-full border-0 appearance-none\" value=\"0\" max=\"1\"><\/progress>\n            <div class=\"flex justify-between text-sm\">\n              <div class=\"current-time\"><\/div>\n              <div class=\"total-time\"><\/div>\n            <\/div>\n          <\/div>\n                  <\/div>\n      <\/div>\n    <\/div>\n        <div id=\"transcription-1727a438fdf537ff1d71f5144776b0f8\"\n  class=\"fixed inset-0 z-50 hidden w-screen h-screen opacity-0 pointer-events-none modal transcription\"\n  tabindex=\"-1\" role=\"dialog\">\n  <div class=\"absolute w-full h-full bg-black opacity-75 modal-overlay\"><\/div>\n  <div\n    class=\"absolute z-30 w-11\/12 mx-auto overflow-y-auto text-black bg-white shadow-lg modal-container center-xy md:max-w-4xl\"\n    role=\"document\">\n    <div class=\"flex items-center justify-between px-4 py-4 text-gray-700 border-b md:px-8\">\n      <h2 class=\"!mb-0 font-bold\">Transcripci\u00f3<\/h2>\n      <div class=\"z-50 flex flex-col items-center ml-auto cursor-pointer rtl:ml-0 rtl:mr-auto modal-close\">\n        <svg class=\"w-auto h-6\" width=\"18\" height=\"23\" xmlns=\"http:\/\/www.w3.org\/2000\/svg\">\n  <g stroke=\"currentColor\" fill=\"none\" fill-rule=\"evenodd\" stroke-linecap=\"square\">\n    <path d=\"M.7248.974l16.1076 20.6167M16.655 1.2654L.9097 22.1601\" \/>\n  <\/g>\n<\/svg>        <div class=\"hidden\">Close<\/div>\n      <\/div>\n    <\/div>\n    <div class=\"px-4 py-8 overflow-y-auto max-h-modal md:px-8 modal-content\">\n      <div class=\"mb-6\">\n                      <h3 class=\"text-xl font-bold\">Dels jardins de Joan Brossa al mirador de l&#8217;alcalde<\/h3>\n                            <\/div>\n            <p>Per dirigir-te al seg\u00fcent tram de la ruta, el <strong>Mirador de l\u2019Alcalde<\/strong>, has de sortir dels <strong>jardins de Joan Brossa<\/strong> per alguna de les sortides superiors del jard\u00ed, arribar\u00e0s a la carretera de <strong>Montju\u00efc<\/strong>.<\/p>\n<p>Un cop hi arribis, has d&#8217;anar cap al <strong>Mirador de l&#8217;Alcalde<\/strong>. Puja aproximadament uns 50 metres per la carretera i travessa-la pel pas de vianants, i arribar\u00e0s al <strong>m<\/strong><strong>irador<\/strong>.<\/p>\n    <\/div>\n  <\/div>\n<\/div>\n    <\/div>\n\n\n<div class=\"element image-block\">\n      <div class=\"flex mb-4\">\n            <div class=\"flex-1 info\">\n                  <h3 class=\"text-xl font-bold\">Mapa<\/h3>\n                      <\/div>\n    <\/div>\n          <figure class=\"mb-0\">\n      <img loading=\"lazy\" decoding=\"async\" width=\"1800\" height=\"1080\" src=\"https:\/\/guides.muzee.it\/app\/uploads\/2025\/06\/Mapa-6.jpg\" class=\"block mx-auto\" alt=\"\" srcset=\"https:\/\/guides.muzee.it\/app\/uploads\/2025\/06\/Mapa-6.jpg 1800w, https:\/\/guides.muzee.it\/app\/uploads\/2025\/06\/Mapa-6-300x180.jpg 300w, https:\/\/guides.muzee.it\/app\/uploads\/2025\/06\/Mapa-6-1024x614.jpg 1024w, https:\/\/guides.muzee.it\/app\/uploads\/2025\/06\/Mapa-6-768x461.jpg 768w, https:\/\/guides.muzee.it\/app\/uploads\/2025\/06\/Mapa-6-1536x922.jpg 1536w\" sizes=\"auto, (max-width: 1800px) 100vw, 1800px\" \/>\n          <\/figure>\n    \n<\/div>\n\n<\/div>\n    <\/div>\n  <\/div>\n\n\n<div class=\"icon-tab-content overflow-hidden transition-[max-height] duration-300 max-h-0\">\n    <div class=\"pt-6\">\n      <div class=\"acf-innerblocks-container\">\n<div class=\"element audio-block\">\n  <div class=\"flex items-center\">\n            <div class=\"flex-1 info\">\n              <h3 class=\"text-xl font-bold\">Atenci\u00f3 plena<\/h3>\n                          <div class=\"flex flex-wrap -mx-2 -mt-2\">\n                      <a href=\"#\" data-target=\"#transcription-a13871b8d1220e4ed4223325745c4ea5\" data-toggle=\"modal\"\n              class=\"px-2 text-sm border-0 text-accent\">\n              <svg width=\"11\" height=\"12\" class=\"inline-block mr-1 text-accent\"\n                xmlns=\"http:\/\/www.w3.org\/2000\/svg\">\n                <path d=\"M0 0h11v9H8.7642v2.8481L5.5 9H0z\" fill=\"currentColor\" fill-rule=\"evenodd\" \/>\n              <\/svg>\n              <span class=\"underline underline-offset\">Transcripci\u00f3<\/span>\n            <\/a>\n                            <\/div>\n          <\/div>\n    <div class=\"flex flex-col items-center ml-4 audio-control rtl:ml-0 rtl:mr-4\">\n      <button class=\"flex items-center justify-center w-12 h-12 !p-0 !my-0 rounded-full btn !text-bg\"\n  data-target=\"#audio-a13871b8d1220e4ed4223325745c4ea5\">\n  <svg width=\"100%\" height=\"100%\" viewBox=\"0 0 36 36\" version=\"1.1\" xmlns=\"http:\/\/www.w3.org\/2000\/svg\" xmlns:xlink=\"http:\/\/www.w3.org\/1999\/xlink\">\n  <path id=\"ytp-12\" d=\"M11,10 L18,13.74 18,22.28 11,26 M18,13.74 L26,18 26,18 18,22.28\" fill=\"currentColor\">\n    <animate id=\"animation\" begin=\"indefinite\" attributeType=\"XML\" attributeName=\"d\" fill=\"freeze\" from=\"M11,10 L17,10 17,26 11,26 M20,10 L26,10 26,26 20,26\" to=\"M11,10 L18,13.74 18,22.28 11,26 M18,13.74 L26,18 26,18 18,22.28\" dur=\"0.1s\" keySplines=\".4 0 1 1\" repeatCount=\"1\" data-play=\"M11,10 L18,13.74 18,22.28 11,26 M18,13.74 L26,18 26,18 18,22.28\" data-pause=\"M11,10 L17,10 17,26 11,26 M20,10 L26,10 26,26 20,26\"><\/animate>\n  <\/path>\n<\/svg>\n<\/button>\n      <div class=\"text-sm total-time\"><\/div>\n    <\/div>\n  <\/div>\n        <div class=\"audio-content\" dir=\"ltr\">\n      <audio id=\"audio-a13871b8d1220e4ed4223325745c4ea5\" data-label=\"Atenci\u00f3 plena\"\n        data-category=\"06-SALUT-CAT-QUARTA-PARADA_mezcla2.mp3\" class=\"hidden\" controls\n        src=\"https:\/\/guides.muzee.it\/app\/uploads\/2025\/06\/06-SALUT-CAT-QUARTA-PARADA_mezcla2.mp3\"><\/audio>\n      <div class=\"mt-2 transition-opacity opacity-0 meta\">\n        <div class=\"flex items-end\" style=\"gap: 16px;\">\n          <div class=\"flex-1\">\n            <progress class=\"w-full border-0 appearance-none\" value=\"0\" max=\"1\"><\/progress>\n            <div class=\"flex justify-between text-sm\">\n              <div class=\"current-time\"><\/div>\n              <div class=\"total-time\"><\/div>\n            <\/div>\n          <\/div>\n                  <\/div>\n      <\/div>\n    <\/div>\n        <div id=\"transcription-a13871b8d1220e4ed4223325745c4ea5\"\n  class=\"fixed inset-0 z-50 hidden w-screen h-screen opacity-0 pointer-events-none modal transcription\"\n  tabindex=\"-1\" role=\"dialog\">\n  <div class=\"absolute w-full h-full bg-black opacity-75 modal-overlay\"><\/div>\n  <div\n    class=\"absolute z-30 w-11\/12 mx-auto overflow-y-auto text-black bg-white shadow-lg modal-container center-xy md:max-w-4xl\"\n    role=\"document\">\n    <div class=\"flex items-center justify-between px-4 py-4 text-gray-700 border-b md:px-8\">\n      <h2 class=\"!mb-0 font-bold\">Transcripci\u00f3<\/h2>\n      <div class=\"z-50 flex flex-col items-center ml-auto cursor-pointer rtl:ml-0 rtl:mr-auto modal-close\">\n        <svg class=\"w-auto h-6\" width=\"18\" height=\"23\" xmlns=\"http:\/\/www.w3.org\/2000\/svg\">\n  <g stroke=\"currentColor\" fill=\"none\" fill-rule=\"evenodd\" stroke-linecap=\"square\">\n    <path d=\"M.7248.974l16.1076 20.6167M16.655 1.2654L.9097 22.1601\" \/>\n  <\/g>\n<\/svg>        <div class=\"hidden\">Close<\/div>\n      <\/div>\n    <\/div>\n    <div class=\"px-4 py-8 overflow-y-auto max-h-modal md:px-8 modal-content\">\n      <div class=\"mb-6\">\n                      <h3 class=\"text-xl font-bold\">Atenci\u00f3 plena<\/h3>\n                            <\/div>\n            <p>Si encara vols gaudir m\u00e9s d\u2019aquest moment, et convido que portis la teva atenci\u00f3 al teu entorn, a l\u2019aqu\u00ed i l\u2019ara, al moment present.<\/p>\n<p>Fixa\u2019t en la gent que tens al teu voltant, fixa\u2019t en la natura que t\u2019envolta, fixa\u2019t en els n\u00favols al cel i el recorregut que fan, fixa\u2019t en les teves mans, la teva cintura, les teves cames, els teus peus. Per uns instants, connecta\u2019t al moment present: deixa anar els pensaments, no et distreguis amb el m\u00f2bil. Centra la teva atenci\u00f3 en un punt concret que et cridi l\u2019atenci\u00f3, pel seu color, forma, intensitat, moviment&#8230; Tot est\u00e0 b\u00e9, no importa el que ha passat fins ara, no importa el que passar\u00e0 a partir d\u2019ara. Centra\u2019t en el moment que est\u00e0s vivint. Gaudeix-lo, viu-lo, \u00e9s \u00fanic, no es repetir\u00e0.<\/p>\n<p>Queda\u2019t una estona gaudint del teu moment.<\/p>\n    <\/div>\n  <\/div>\n<\/div>\n    <\/div>\n\n<\/div>\n    <\/div>\n  <\/div>\n\n\n<div class=\"icon-tab-content overflow-hidden transition-[max-height] duration-300 max-h-0\">\n    <div class=\"pt-6\">\n      <div class=\"acf-innerblocks-container\">\n<div class=\"element audio-block\">\n  <div class=\"flex items-center\">\n            <div class=\"flex-1 info\">\n              <h3 class=\"text-xl font-bold\">Els paisatges de la muntanya<\/h3>\n                          <div class=\"flex flex-wrap -mx-2 -mt-2\">\n                      <a href=\"#\" data-target=\"#transcription-4e3e72015948f63fc586a6b32ea9cec0\" data-toggle=\"modal\"\n              class=\"px-2 text-sm border-0 text-accent\">\n              <svg width=\"11\" height=\"12\" class=\"inline-block mr-1 text-accent\"\n                xmlns=\"http:\/\/www.w3.org\/2000\/svg\">\n                <path d=\"M0 0h11v9H8.7642v2.8481L5.5 9H0z\" fill=\"currentColor\" fill-rule=\"evenodd\" \/>\n              <\/svg>\n              <span class=\"underline underline-offset\">Transcripci\u00f3<\/span>\n            <\/a>\n                            <\/div>\n          <\/div>\n    <div class=\"flex flex-col items-center ml-4 audio-control rtl:ml-0 rtl:mr-4\">\n      <button class=\"flex items-center justify-center w-12 h-12 !p-0 !my-0 rounded-full btn !text-bg\"\n  data-target=\"#audio-4e3e72015948f63fc586a6b32ea9cec0\">\n  <svg width=\"100%\" height=\"100%\" viewBox=\"0 0 36 36\" version=\"1.1\" xmlns=\"http:\/\/www.w3.org\/2000\/svg\" xmlns:xlink=\"http:\/\/www.w3.org\/1999\/xlink\">\n  <path id=\"ytp-12\" d=\"M11,10 L18,13.74 18,22.28 11,26 M18,13.74 L26,18 26,18 18,22.28\" fill=\"currentColor\">\n    <animate id=\"animation\" begin=\"indefinite\" attributeType=\"XML\" attributeName=\"d\" fill=\"freeze\" from=\"M11,10 L17,10 17,26 11,26 M20,10 L26,10 26,26 20,26\" to=\"M11,10 L18,13.74 18,22.28 11,26 M18,13.74 L26,18 26,18 18,22.28\" dur=\"0.1s\" keySplines=\".4 0 1 1\" repeatCount=\"1\" data-play=\"M11,10 L18,13.74 18,22.28 11,26 M18,13.74 L26,18 26,18 18,22.28\" data-pause=\"M11,10 L17,10 17,26 11,26 M20,10 L26,10 26,26 20,26\"><\/animate>\n  <\/path>\n<\/svg>\n<\/button>\n      <div class=\"text-sm total-time\"><\/div>\n    <\/div>\n  <\/div>\n        <div class=\"audio-content\" dir=\"ltr\">\n      <audio id=\"audio-4e3e72015948f63fc586a6b32ea9cec0\" data-label=\"Els paisatges de la muntanya\"\n        data-category=\"05-FOTO-CAT-CLIP-5-ELS-PAISATGES-DE-LA-MUNTANYA_mezcla2.mp3\" class=\"hidden\" controls\n        src=\"https:\/\/guides.muzee.it\/app\/uploads\/2025\/06\/05-FOTO-CAT-CLIP-5-ELS-PAISATGES-DE-LA-MUNTANYA_mezcla2.mp3\"><\/audio>\n      <div class=\"mt-2 transition-opacity opacity-0 meta\">\n        <div class=\"flex items-end\" style=\"gap: 16px;\">\n          <div class=\"flex-1\">\n            <progress class=\"w-full border-0 appearance-none\" value=\"0\" max=\"1\"><\/progress>\n            <div class=\"flex justify-between text-sm\">\n              <div class=\"current-time\"><\/div>\n              <div class=\"total-time\"><\/div>\n            <\/div>\n          <\/div>\n                  <\/div>\n      <\/div>\n    <\/div>\n        <div id=\"transcription-4e3e72015948f63fc586a6b32ea9cec0\"\n  class=\"fixed inset-0 z-50 hidden w-screen h-screen opacity-0 pointer-events-none modal transcription\"\n  tabindex=\"-1\" role=\"dialog\">\n  <div class=\"absolute w-full h-full bg-black opacity-75 modal-overlay\"><\/div>\n  <div\n    class=\"absolute z-30 w-11\/12 mx-auto overflow-y-auto text-black bg-white shadow-lg modal-container center-xy md:max-w-4xl\"\n    role=\"document\">\n    <div class=\"flex items-center justify-between px-4 py-4 text-gray-700 border-b md:px-8\">\n      <h2 class=\"!mb-0 font-bold\">Transcripci\u00f3<\/h2>\n      <div class=\"z-50 flex flex-col items-center ml-auto cursor-pointer rtl:ml-0 rtl:mr-auto modal-close\">\n        <svg class=\"w-auto h-6\" width=\"18\" height=\"23\" xmlns=\"http:\/\/www.w3.org\/2000\/svg\">\n  <g stroke=\"currentColor\" fill=\"none\" fill-rule=\"evenodd\" stroke-linecap=\"square\">\n    <path d=\"M.7248.974l16.1076 20.6167M16.655 1.2654L.9097 22.1601\" \/>\n  <\/g>\n<\/svg>        <div class=\"hidden\">Close<\/div>\n      <\/div>\n    <\/div>\n    <div class=\"px-4 py-8 overflow-y-auto max-h-modal md:px-8 modal-content\">\n      <div class=\"mb-6\">\n                      <h3 class=\"text-xl font-bold\">Els paisatges de la muntanya<\/h3>\n                            <\/div>\n            <p>Del primer pla de les precioses flors arribem a les grans <strong>panor\u00e0miques<\/strong>. Passejant per la muntanya t\u2019haur\u00e0s adonat dels paisatges tan fant\u00e0stics que ofereix <strong>Montju\u00efc<\/strong>. Per capturar-los, segueix les seg\u00fcents recomanacions:<\/p>\n<p>&#8211; Les fotografies de paisatges es fan normalment amb la c\u00e0mera en horitzontal, per poder abastar un angle m\u00e9s gran, sobretot si tens una l\u00ednia d\u2019horitz\u00f3, encara que tamb\u00e9 pots fer les fotografies en vertical si els elements que hi apareixen tenen l\u00ednies verticals, com, per exemple, els arbres o l\u00ednies diagonals, que ajuden a donar dinamisme a la imatge.<\/p>\n<p>&#8211; L\u2019\u00f2ptica a utilitzar per capturar un gran paisatge \u00e9s una obertura normal o angular. Per\u00f2 vigila si utilitzes un gran angular, perqu\u00e8 si \u00e9s molt obert deforma els laterals de la imatge.<\/p>\n<p>&#8211; Gaireb\u00e9 tots els tel\u00e8fons m\u00f2bils tenen el zoom \u00f2ptic molt limitat i utilitzen el zoom digital. No el facis servir mai, restar\u00e0 qualitat a la imatge.<\/p>\n<p>&#8211; Els nostres ulls s\u00f3n capa\u00e7os de percebre detalls i equilibrar els contrastos de llum que la teva c\u00e0mera no pot percebre. En aquest cas, pots activar al men\u00fa l\u2019opci\u00f3 HDR, que ajudar\u00e0 que les fotos amb un alt contrast estiguin m\u00e9s equilibrades i no apareguin zones molt fosques o zones \u201ccremades\u201d amb massa llum.<\/p>\n<p>&#8211; A vegades no cal que surtin gaires elements a la imatge, menys \u00e9s m\u00e9s.<\/p>\n<p>&#8211; Encara que sigui fotografia de paisatge, tingues al cap qu\u00e8 vols transmetre, quina sensaci\u00f3 o idea vols plasmar en la teva fotografia. Aix\u00f2 t\u2019ajudar\u00e0 a decidir com ser\u00e0 la imatge i quins elements hi apareixeran.<\/p>\n    <\/div>\n  <\/div>\n<\/div>\n    <\/div>\n\n\n<div class=\"element gallery-block\">\n          <div class=\"relative overflow-hidden gallery swiper-container\">\n      <div class=\"swiper-wrapper\">\n                  <figure class=\"mb-0 swiper-slide\">\n            <img loading=\"lazy\" decoding=\"async\" width=\"1920\" height=\"1280\" src=\"https:\/\/guides.muzee.it\/app\/uploads\/2025\/06\/2.-SF_Escultura-Sardana-1.jpg\" class=\"block mx-auto\" alt=\"\" srcset=\"https:\/\/guides.muzee.it\/app\/uploads\/2025\/06\/2.-SF_Escultura-Sardana-1.jpg 1920w, https:\/\/guides.muzee.it\/app\/uploads\/2025\/06\/2.-SF_Escultura-Sardana-1-300x200.jpg 300w, https:\/\/guides.muzee.it\/app\/uploads\/2025\/06\/2.-SF_Escultura-Sardana-1-1024x683.jpg 1024w, https:\/\/guides.muzee.it\/app\/uploads\/2025\/06\/2.-SF_Escultura-Sardana-1-768x512.jpg 768w, https:\/\/guides.muzee.it\/app\/uploads\/2025\/06\/2.-SF_Escultura-Sardana-1-1536x1024.jpg 1536w\" sizes=\"auto, (max-width: 1920px) 100vw, 1920px\" \/>\n                      <\/figure>\n                  <figure class=\"mb-0 swiper-slide\">\n            <img loading=\"lazy\" decoding=\"async\" width=\"1920\" height=\"1280\" src=\"https:\/\/guides.muzee.it\/app\/uploads\/2025\/06\/3.-SF_Detall-poema-Brossa-1.jpg\" class=\"block mx-auto\" alt=\"\" srcset=\"https:\/\/guides.muzee.it\/app\/uploads\/2025\/06\/3.-SF_Detall-poema-Brossa-1.jpg 1920w, https:\/\/guides.muzee.it\/app\/uploads\/2025\/06\/3.-SF_Detall-poema-Brossa-1-300x200.jpg 300w, https:\/\/guides.muzee.it\/app\/uploads\/2025\/06\/3.-SF_Detall-poema-Brossa-1-1024x683.jpg 1024w, https:\/\/guides.muzee.it\/app\/uploads\/2025\/06\/3.-SF_Detall-poema-Brossa-1-768x512.jpg 768w, https:\/\/guides.muzee.it\/app\/uploads\/2025\/06\/3.-SF_Detall-poema-Brossa-1-1536x1024.jpg 1536w\" sizes=\"auto, (max-width: 1920px) 100vw, 1920px\" \/>\n                      <\/figure>\n                  <figure class=\"mb-0 swiper-slide\">\n            <img loading=\"lazy\" decoding=\"async\" width=\"1620\" height=\"1080\" src=\"https:\/\/guides.muzee.it\/app\/uploads\/2025\/06\/1.-SF_Teleferic2-1.jpg\" class=\"block mx-auto\" alt=\"\" srcset=\"https:\/\/guides.muzee.it\/app\/uploads\/2025\/06\/1.-SF_Teleferic2-1.jpg 1620w, https:\/\/guides.muzee.it\/app\/uploads\/2025\/06\/1.-SF_Teleferic2-1-300x200.jpg 300w, https:\/\/guides.muzee.it\/app\/uploads\/2025\/06\/1.-SF_Teleferic2-1-1024x683.jpg 1024w, https:\/\/guides.muzee.it\/app\/uploads\/2025\/06\/1.-SF_Teleferic2-1-768x512.jpg 768w, https:\/\/guides.muzee.it\/app\/uploads\/2025\/06\/1.-SF_Teleferic2-1-1536x1024.jpg 1536w\" sizes=\"auto, (max-width: 1620px) 100vw, 1620px\" \/>\n                      <\/figure>\n              <\/div>\n      <div class=\"inset-0 swiper-pagination w-fit\"><\/div>\n      <div class=\"swiper-button-prev\"><\/div>\n      <div class=\"swiper-button-next\"><\/div>\n    <\/div>\n  <\/div>\n\n<\/div>\n    <\/div>\n  <\/div>\n\n\n<div class=\"icon-tab-content overflow-hidden transition-[max-height] duration-300 max-h-0\">\n    <div class=\"pt-6\">\n      <div class=\"acf-innerblocks-container\">\n<div class=\"element video-block\">\n      <div class=\"flex mb-4\">\n            <div class=\"flex-1 info\">\n                  <h3 class=\"text-xl font-bold\">Imatges antigues Parc d&#8217;atraccions (Filmoteca)<\/h3>\n                      <\/div>\n    <\/div>\n          <div class=\"embed-responsive\"><iframe loading=\"lazy\" title=\"MNAC ITINERARI MONTJUI\u0308C - PARC p3\" width=\"640\" height=\"360\" src=\"https:\/\/www.youtube.com\/embed\/Mf-iI4rNYqM?feature=oembed\" frameborder=\"0\" allow=\"accelerometer; autoplay; clipboard-write; encrypted-media; gyroscope; picture-in-picture; web-share\" referrerpolicy=\"strict-origin-when-cross-origin\" allowfullscreen><\/iframe><\/div>\n    \n<\/div>\n\n\n<div class=\"element audio-block\">\n  <div class=\"flex items-center\">\n              <figure class=\"w-12 h-12 mb-0 mr-4 rounded-full audio-thumb rtl:mr-0 rtl:ml-4\">\n        <img loading=\"lazy\" decoding=\"async\" width=\"150\" height=\"150\" src=\"https:\/\/guides.muzee.it\/app\/uploads\/2025\/06\/TextMartaOrriols_carrussel-150x150.jpg\" class=\"rounded-full\" alt=\"\" \/>\n      <\/figure>\n        <div class=\"flex-1 info\">\n              <h3 class=\"text-xl font-bold\">Jardins de Joan Brossa<\/h3>\n                    <h4 class=\"-mt-2 text-sm\">de Marta Orriols<\/h4>\n                    <div class=\"flex flex-wrap -mx-2 -mt-2\">\n                      <a href=\"#\" data-target=\"#transcription-84c94248f90a5d759770d4279b2b6f4c\" data-toggle=\"modal\"\n              class=\"px-2 text-sm border-0 text-accent\">\n              <svg width=\"11\" height=\"12\" class=\"inline-block mr-1 text-accent\"\n                xmlns=\"http:\/\/www.w3.org\/2000\/svg\">\n                <path d=\"M0 0h11v9H8.7642v2.8481L5.5 9H0z\" fill=\"currentColor\" fill-rule=\"evenodd\" \/>\n              <\/svg>\n              <span class=\"underline underline-offset\">Transcripci\u00f3<\/span>\n            <\/a>\n                            <\/div>\n          <\/div>\n    <div class=\"flex flex-col items-center ml-4 audio-control rtl:ml-0 rtl:mr-4\">\n      <button class=\"flex items-center justify-center w-12 h-12 !p-0 !my-0 rounded-full btn !text-bg\"\n  data-target=\"#audio-84c94248f90a5d759770d4279b2b6f4c\">\n  <svg width=\"100%\" height=\"100%\" viewBox=\"0 0 36 36\" version=\"1.1\" xmlns=\"http:\/\/www.w3.org\/2000\/svg\" xmlns:xlink=\"http:\/\/www.w3.org\/1999\/xlink\">\n  <path id=\"ytp-12\" d=\"M11,10 L18,13.74 18,22.28 11,26 M18,13.74 L26,18 26,18 18,22.28\" fill=\"currentColor\">\n    <animate id=\"animation\" begin=\"indefinite\" attributeType=\"XML\" attributeName=\"d\" fill=\"freeze\" from=\"M11,10 L17,10 17,26 11,26 M20,10 L26,10 26,26 20,26\" to=\"M11,10 L18,13.74 18,22.28 11,26 M18,13.74 L26,18 26,18 18,22.28\" dur=\"0.1s\" keySplines=\".4 0 1 1\" repeatCount=\"1\" data-play=\"M11,10 L18,13.74 18,22.28 11,26 M18,13.74 L26,18 26,18 18,22.28\" data-pause=\"M11,10 L17,10 17,26 11,26 M20,10 L26,10 26,26 20,26\"><\/animate>\n  <\/path>\n<\/svg>\n<\/button>\n      <div class=\"text-sm total-time\"><\/div>\n    <\/div>\n  <\/div>\n        <div class=\"audio-content\" dir=\"ltr\">\n      <audio id=\"audio-84c94248f90a5d759770d4279b2b6f4c\" data-label=\"Jardins de Joan Brossa\"\n        data-category=\"07-Silvia-Bel-CAT-4T-TRAM-AUDIO-7-conte-joan-brossa_mezcla.mp3\" class=\"hidden\" controls\n        src=\"https:\/\/guides.muzee.it\/app\/uploads\/2025\/06\/07-Silvia-Bel-CAT-4T-TRAM-AUDIO-7-conte-joan-brossa_mezcla.mp3\"><\/audio>\n      <div class=\"mt-2 transition-opacity opacity-0 meta\">\n        <div class=\"flex items-end\" style=\"gap: 16px;\">\n          <div class=\"flex-1\">\n            <progress class=\"w-full border-0 appearance-none\" value=\"0\" max=\"1\"><\/progress>\n            <div class=\"flex justify-between text-sm\">\n              <div class=\"current-time\"><\/div>\n              <div class=\"total-time\"><\/div>\n            <\/div>\n          <\/div>\n                  <\/div>\n      <\/div>\n    <\/div>\n        <div id=\"transcription-84c94248f90a5d759770d4279b2b6f4c\"\n  class=\"fixed inset-0 z-50 hidden w-screen h-screen opacity-0 pointer-events-none modal transcription\"\n  tabindex=\"-1\" role=\"dialog\">\n  <div class=\"absolute w-full h-full bg-black opacity-75 modal-overlay\"><\/div>\n  <div\n    class=\"absolute z-30 w-11\/12 mx-auto overflow-y-auto text-black bg-white shadow-lg modal-container center-xy md:max-w-4xl\"\n    role=\"document\">\n    <div class=\"flex items-center justify-between px-4 py-4 text-gray-700 border-b md:px-8\">\n      <h2 class=\"!mb-0 font-bold\">Transcripci\u00f3<\/h2>\n      <div class=\"z-50 flex flex-col items-center ml-auto cursor-pointer rtl:ml-0 rtl:mr-auto modal-close\">\n        <svg class=\"w-auto h-6\" width=\"18\" height=\"23\" xmlns=\"http:\/\/www.w3.org\/2000\/svg\">\n  <g stroke=\"currentColor\" fill=\"none\" fill-rule=\"evenodd\" stroke-linecap=\"square\">\n    <path d=\"M.7248.974l16.1076 20.6167M16.655 1.2654L.9097 22.1601\" \/>\n  <\/g>\n<\/svg>        <div class=\"hidden\">Close<\/div>\n      <\/div>\n    <\/div>\n    <div class=\"px-4 py-8 overflow-y-auto max-h-modal md:px-8 modal-content\">\n      <div class=\"mb-6\">\n                      <h3 class=\"text-xl font-bold\">Jardins de Joan Brossa<\/h3>\n                                <h4 class=\"-mt-2 text-gray-700\">de Marta Orriols<\/h4>\n                  <\/div>\n            <p>There are feelings that are not written anywhere. While they are formed they create an illusion similar to that of throwing fictions into the air. It doesn&#8217;t always happen, it doesn&#8217;t happen everywhere. But it happens here and now. It happens in the midst of silence and restful distance. Perhaps it is only an illusion generated by the views of the big city in the background. It becomes a hum that contains the nerve of rush hour or the gathering up before the dark night, but in any case the views seem to belong to another reality and not to this ephemeral moment of intimacy. In The Lonely City: Olivia Laing writes, &#8220;I began to realize that solitude was a very populated territory: a city in its own right.&#8221; I walk among sculptures that are the memory of what this place used to be, a place of leisure that still breathes with little splashes of families here and there. I&#8217;ve become used to going around the world alone. I like it, or perhaps it&#8217;s something I need to affirm to myself. Believe me, too: one can feel lonely anywhere, but high on this mountain, halfway between a forest park and a city garden, where some corners are a true forest, the isolation drives you to avoid gloomy thoughts. Perhaps it is the contrast of the distant rush and the present silence that accompanies and instigates a loneliness shared with others, even with others who are no longer there. In fact, it was you who explained to me that trees have memory and that they can even store information for decades. The explanation had the charm of a fairy tale and the aftertaste of a youthful conquest, and yet it was convincing enough to make me smile and capture my attention. Basically, at that time, few words could define us better than this: young people. I didn&#8217;t like the way it sounded then, and I still don&#8217;t like the way it sounds now. It happens to me often with words that lump too many people under one category.<\/p>\n    <\/div>\n  <\/div>\n<\/div>\n    <\/div>\n\n\n<div class=\"element text-block\">\n      <div class=\"flex mb-4\">\n            <div class=\"flex-1 info\">\n                  <h3 class=\"text-xl font-bold\">Jardins de Joan Brossa<\/h3>\n                          <h4 class=\"-mt-2 text-sm\">de Marta Orriols<\/h4>\n              <\/div>\n    <\/div>\n        <div class=\"mb-4 prose\">\n      <p>Hi ha sentiments que no queden escrits enlloc, que mentre es formen creen una il\u00b7lusi\u00f3 semblant a la de llan\u00e7ar ficcions a l\u2019aire. No passa sempre, no passa a tot arreu. Per\u00f2 passa ara i aqu\u00ed. Passa enmig del silenci i la dist\u00e0ncia reposada. Potser sigui nom\u00e9s una il\u00b7lusi\u00f3 generada per les vistes de la gran ciutat de fons que esdev\u00e9 un brunzit que cont\u00e9 el nervi de les hores puntes o el recolliment previ a la nit fosca, per\u00f2 en qualsevol cas, les vistes semblen pert\u00e0nyer a un altra realitat i no pas a la d\u2019aquest moment ef\u00edmer d\u2019intimitat. Escriu Olivia Laing a La ciutat solit\u00e0ria: \u201cVaig comen\u00e7ar a adonar-me que la soledat era un territori molt poblat: una ciutat per dret propi\u201d. Passejo entremig d\u2019escultures que s\u00f3n el record del que havia estat abans aquest lloc, un punt d\u2019oci que encara es respira amb petites esquitxades de fam\u00edlies aqu\u00ed i all\u00e0. Jo m\u2019he acostumat a anar sola pel m\u00f3n. M\u2019agrada, o potser \u00e9s una afirmaci\u00f3 que necessito dir-me a mi mateixa. Creure-me-la tamb\u00e9. Un pot sentir-se sol en qualsevol lloc, per\u00f2 a la zona alta d\u2019aquesta muntanya, a mig cam\u00ed entre un parc forestal i un jard\u00ed de ciutat on alguns racons s\u00f3n un aut\u00e8ntic bosc, l\u2019isolament t\u2019empeny a evitar pensaments ombr\u00edvols; potser \u00e9s el contrast de la fresa llunyana i el silenci present que acompanya i instiga a una soledat compartida amb els altres, tamb\u00e9 amb aquells altres que ja no hi s\u00f3n.<\/p>\n<p>De fet vas ser tu qui em va explicar que els arbres tenen mem\u00f2ria i que poden fins i tot emmagatzemar informaci\u00f3 durant d\u00e8cades. L\u2019explicaci\u00f3 tenia l\u2019encanteri d\u2019un conte i el regust d\u2019una conquesta de joventut, i tanmateix va ser prou convincent per arrencar-me un somriure i aconseguir la meva atenci\u00f3. En el fons, en aquell temps poques paraules ens podien definir millor que aquesta: joves. No m\u2019agradava com sonava aleshores, encara no m\u2019agrada com sona ara. Em passa sovint amb les paraules que agrupen a massa gent sota una sola categoria. Per\u00f2 ho \u00e9rem, de joves, ho \u00e9rem molt. Vas adoptar un posat m\u00e9s seri\u00f3s per aclarir-me que els arbres es comuniquen a trav\u00e9s de les arrels, i que no ho fan igual amb els arbres que s\u00f3n del seu mateix clan, \u2014amb qui comparteixen informaci\u00f3 sobre la qualitat del s\u00f2l, de l\u2019aigua i de l\u2019aire\u2014 que amb la resta de vegetaci\u00f3, a qui nom\u00e9s alerten dels perills. Recordo que all\u00f2 em va captivar. \u00c9s molt poderosa la sensaci\u00f3 de saber que no som els \u00fanics amb coses a fer i a dir sobre en aquest planeta, que els arbres s\u00f3n aqu\u00ed, entre d\u2019altres coses, per il\u00b7luminar la nostra condici\u00f3 humana.<\/p>\n<p>No voldria ser un risc, aix\u00ed que m\u2019endinso per un cam\u00ed assilvestrat rodejada de catifes de gram\u00ednies amb cautela, sigil\u00b7losa, lluny de representar cap perill. Reconec els arbres inconfusibles. S\u00f3c alg\u00fa que ha passat els estius de la seva infantesa rodejada de bosc: pins, alzines, margall\u00f3. Jo, que anhelo el mar i la sal per\u00f2 que he jugat amb troncs i terra, que m\u2019he vestit els dits de les mans amb la c\u00fapula de les bellotes, que he col\u00b7leccionat pinyes i c\u00f2dols del riu. Acarono l\u2019escor\u00e7a escrostonada d\u2019una alzina i em pregunto qu\u00e8 guardar\u00e0 ella del meu gest, de mi. Em pregunto de quina manera em retindr\u00e0 a la seva mem\u00f2ria, quins detalls, quines impressions. T\u00e9 lloc aleshores un d\u2019aquells sentiments que no es poden escriure enlloc, i est\u00e0 b\u00e9 que sigui aix\u00ed.<\/p>\n\n    <\/div>\n  <\/div>\n\n<\/div>\n    <\/div>\n  <\/div>\n\n<\/div>\n    <\/div>\n  <\/div>\n\n<\/div>\n          <\/div>\n      <\/section>\n\n\n<section class=\"section  section-collapsible  mb-8\"\n    id=\"section-69eeffc58adc0\" data-title=\"6. Pinzellades a la terra i al mar. Mirador de l\u2019Alcalde\">\n          <div class=\"sticky z-10 w-full bg-bg  top-16 \">\n              <div role=\"button\" class=\"cursor-pointer\" tabindex=\"0\" data-toggle=\"collapse\"\n        data-target=\"#section-block_2bc97c879caece52ddc3294bd2c8ec9e-content\" data-group=\"sections\"\n        aria-controls=\"section-block_2bc97c879caece52ddc3294bd2c8ec9e-content\" aria-expanded=\"false\">\n              <h2 class=\"flex items-baseline text-3xl leading-tight font-headings !mb-0 pb-2\">\n                  <i class=\"mr-4 rtl:mr-0 rtl:ml-4 text-accent\">\n            <svg width=\"22\" height=\"21\" viewBox=\"0 0 22 21\" xmlns=\"http:\/\/www.w3.org\/2000\/svg\"><path d=\"M9.6875.5v15.2123l-7.337-6.9876L.5 10.5l10.5 10 10.5-10-1.8504-1.7623-7.3371 6.9746V.5z\" fill=\"currentColor\" fill-rule=\"nonzero\"\/><\/svg>\n          <\/i>\n                <span>6. Pinzellades a la terra i al mar. <br><small><em>Mirador de l\u2019Alcalde<\/em><\/small><\/span>\n      <\/h2>\n                  <\/div>\n              <\/div>\n              <div id=\"section-block_2bc97c879caece52ddc3294bd2c8ec9e-content\"\n        class=\"overflow-hidden transition-[max-height] duration-300 max-h-0 collapse-flexible\">\n        \n    <div class=\"acf-innerblocks-container\">\n<div class=\"element audio-block\">\n  <div class=\"flex items-center\">\n            <div class=\"flex-1 info\">\n              <h3 class=\"text-xl font-bold\">Mirador de l\u2019alcalde<\/h3>\n                          <div class=\"flex flex-wrap -mx-2 -mt-2\">\n                      <a href=\"#\" data-target=\"#transcription-030068cb619c2a9cfa48695d81d7eb68\" data-toggle=\"modal\"\n              class=\"px-2 text-sm border-0 text-accent\">\n              <svg width=\"11\" height=\"12\" class=\"inline-block mr-1 text-accent\"\n                xmlns=\"http:\/\/www.w3.org\/2000\/svg\">\n                <path d=\"M0 0h11v9H8.7642v2.8481L5.5 9H0z\" fill=\"currentColor\" fill-rule=\"evenodd\" \/>\n              <\/svg>\n              <span class=\"underline underline-offset\">Transcripci\u00f3<\/span>\n            <\/a>\n                            <\/div>\n          <\/div>\n    <div class=\"flex flex-col items-center ml-4 audio-control rtl:ml-0 rtl:mr-4\">\n      <button class=\"flex items-center justify-center w-12 h-12 !p-0 !my-0 rounded-full btn !text-bg\"\n  data-target=\"#audio-030068cb619c2a9cfa48695d81d7eb68\">\n  <svg width=\"100%\" height=\"100%\" viewBox=\"0 0 36 36\" version=\"1.1\" xmlns=\"http:\/\/www.w3.org\/2000\/svg\" xmlns:xlink=\"http:\/\/www.w3.org\/1999\/xlink\">\n  <path id=\"ytp-12\" d=\"M11,10 L18,13.74 18,22.28 11,26 M18,13.74 L26,18 26,18 18,22.28\" fill=\"currentColor\">\n    <animate id=\"animation\" begin=\"indefinite\" attributeType=\"XML\" attributeName=\"d\" fill=\"freeze\" from=\"M11,10 L17,10 17,26 11,26 M20,10 L26,10 26,26 20,26\" to=\"M11,10 L18,13.74 18,22.28 11,26 M18,13.74 L26,18 26,18 18,22.28\" dur=\"0.1s\" keySplines=\".4 0 1 1\" repeatCount=\"1\" data-play=\"M11,10 L18,13.74 18,22.28 11,26 M18,13.74 L26,18 26,18 18,22.28\" data-pause=\"M11,10 L17,10 17,26 11,26 M20,10 L26,10 26,26 20,26\"><\/animate>\n  <\/path>\n<\/svg>\n<\/button>\n      <div class=\"text-sm total-time\"><\/div>\n    <\/div>\n  <\/div>\n        <div class=\"audio-content\" dir=\"ltr\">\n      <audio id=\"audio-030068cb619c2a9cfa48695d81d7eb68\" data-label=\"Mirador de l\u2019alcalde\"\n        data-category=\"08-Silvia-Bel-CAT-5E-TRAM-AUDIO-8_mezcla2.mp3\" class=\"hidden\" controls\n        src=\"https:\/\/guides.muzee.it\/app\/uploads\/2025\/06\/08-Silvia-Bel-CAT-5E-TRAM-AUDIO-8_mezcla2.mp3\"><\/audio>\n      <div class=\"mt-2 transition-opacity opacity-0 meta\">\n        <div class=\"flex items-end\" style=\"gap: 16px;\">\n          <div class=\"flex-1\">\n            <progress class=\"w-full border-0 appearance-none\" value=\"0\" max=\"1\"><\/progress>\n            <div class=\"flex justify-between text-sm\">\n              <div class=\"current-time\"><\/div>\n              <div class=\"total-time\"><\/div>\n            <\/div>\n          <\/div>\n                  <\/div>\n      <\/div>\n    <\/div>\n        <div id=\"transcription-030068cb619c2a9cfa48695d81d7eb68\"\n  class=\"fixed inset-0 z-50 hidden w-screen h-screen opacity-0 pointer-events-none modal transcription\"\n  tabindex=\"-1\" role=\"dialog\">\n  <div class=\"absolute w-full h-full bg-black opacity-75 modal-overlay\"><\/div>\n  <div\n    class=\"absolute z-30 w-11\/12 mx-auto overflow-y-auto text-black bg-white shadow-lg modal-container center-xy md:max-w-4xl\"\n    role=\"document\">\n    <div class=\"flex items-center justify-between px-4 py-4 text-gray-700 border-b md:px-8\">\n      <h2 class=\"!mb-0 font-bold\">Transcripci\u00f3<\/h2>\n      <div class=\"z-50 flex flex-col items-center ml-auto cursor-pointer rtl:ml-0 rtl:mr-auto modal-close\">\n        <svg class=\"w-auto h-6\" width=\"18\" height=\"23\" xmlns=\"http:\/\/www.w3.org\/2000\/svg\">\n  <g stroke=\"currentColor\" fill=\"none\" fill-rule=\"evenodd\" stroke-linecap=\"square\">\n    <path d=\"M.7248.974l16.1076 20.6167M16.655 1.2654L.9097 22.1601\" \/>\n  <\/g>\n<\/svg>        <div class=\"hidden\">Close<\/div>\n      <\/div>\n    <\/div>\n    <div class=\"px-4 py-8 overflow-y-auto max-h-modal md:px-8 modal-content\">\n      <div class=\"mb-6\">\n                      <h3 class=\"text-xl font-bold\">Mirador de l\u2019alcalde<\/h3>\n                            <\/div>\n            <p>Ja ens anem apropant al cim de <strong>Montju\u00efc<\/strong>. Una muntanya que ha vist n\u00e9ixer \u2014 i, gr\u00e0cies a les seves pedreres, literalment ha fet cr\u00e9ixer, la ciutat de Barcelona.<\/p>\n<p>Ets al <strong>Mirador de l\u2019Alcalde<\/strong>, un espai que va ser constru\u00eft als anys seixanta del segle passat com a part del pla de reurbanitzaci\u00f3 de la muntanya, juntament amb el<strong> Museu Militar del Castell de Montju\u00efc<\/strong> i el<strong> Parc d\u2019atraccions<\/strong>.<\/p>\n<p>Un cop hagis entrat a la zona del mirador atura\u2019t i mira a terra. El que veus \u00e9s un fant\u00e0stic paviment de l\u2019artista <strong>Joan-Josep Tharrats<\/strong> que cobreix tot l\u2019espai del mirador. Si t\u2019hi fixes b\u00e9, \u00e9s una obra que t\u00e9 milers de detalls. <strong>Tharrats<\/strong> va utilitzar tota mena de materials, com ara c\u00f2dols, pedres, filaments de metalls de maquin\u00e0ria, cargols, llambordes, culs d\u2019ampolla, maons\u2026, que dibuixen, tots junts, com pinzellades, diversos patrons de colors c\u00e0lids per crear una pe\u00e7a de collage semblant a una pintura impressionista. \u00c9s com caminar sobre un quadre.<\/p>\n<p>Ara, a poc a poc, al\u00e7a la mirada per veure l\u2019espectacle de la natura. Cada passa que vas fent t\u2019apropa cap al nostre mar, el Mediterrani, on tots els blaus del cel i del mar brillen per omplir-te de llum la mirada. I el seu horitz\u00f3 apareix com un tra\u00e7 fi i delicat, una l\u00ednia clara i infinita.<\/p>\n<p>El mar sempre ha estat una font d\u2019inspiraci\u00f3 per imaginar hist\u00f2ries, llegendes i mites. Com la hist\u00f2ria d\u2019amor de<strong> Madama Butterfly<\/strong> i l\u2019eterna espera de la protagonista, amb els ulls clavats a la l\u00ednia de l\u2019horitz\u00f3, d\u2019alg\u00fa que mai no arribar\u00e0. En aquesta \u00e0ria que est\u00e0s escoltant, pots percebre la malenconia de l\u2019esperan\u00e7a que es va desfent amb el pas dels anys.<\/p>\n<p>O d\u2019hist\u00f2ries de viatgers eterns com Ulisses, buscant la seva \u00cdtaca particular, immortalitzada en l\u2019epopeia d\u2019<strong>Homer<\/strong>, en el poema de <strong>Kavafis<\/strong> i en la m\u00fasica de<strong> Llu\u00eds Llach<\/strong>:<\/p>\n<p>\u201cQuan surts per fer el viatge cap a \u00cdtaca,<br \/>\nhas de pregar que el cam\u00ed sigui llarg,<br \/>\nple d&#8217;aventures, ple de coneixences.\u201d<\/p>\n<p>Tot cam\u00ed, tota ruta, \u00e9s un viatge. Sigui per terra, aire o mar. \u00c9s una oportunitat per descobrir nous horitzons i paisatges, reals o imaginaris, per entendre, al final, que tot cam\u00ed, tot viatge, \u00e9s un cam\u00ed cap a un mateix.<\/p>\n<p>\u201c\u00cdtaca t&#8217;ha donat el bell viatge.<br \/>\nSense ella no hauries pas sortit cap a fer-lo.<br \/>\nRes m\u00e9s no t\u00e9 que et pugui ja donar.<br \/>\nI si la trobes pobra, no \u00e9s que \u00cdtaca t&#8217;hagi enganyat.<br \/>\nSavi com b\u00e9 t&#8217;has fet, amb tanta experi\u00e8ncia,<br \/>\nja haur\u00e0s pogut comprendre qu\u00e8 volen dir les \u00cdtaques.\u201d<\/p>\n<p>Continuem la caminada cap a la part alta del mirador. Aquest espai est\u00e0 dividit en diverses terrasses sobreposades, connectades per diversos camins, cascades i arbres de formes temptadores. Per cert, la font central \u00e9s del mateix creador de la<strong> Font M\u00e0gica<\/strong>, <strong>Carles Bu\u00efgas<\/strong>.<\/p>\n<p><strong>&#8211; Mira:<\/strong> La gran panor\u00e0mica del mirador \u00e9s un lloc incre\u00efble per observar i sentir la immensitat del mar.<br \/>\n<strong>&#8211; Escolta:<\/strong> El brogit del port de Barcelona ens recorda que \u00e9s un dels m\u00e9s importants del Mediterrani.<\/p>\n<p>\u00c9s moment de passejar pel mirador fins a arribar a la part superior, on trobar\u00e0s una placeta. Un cop a dalt, escolta el clip d\u2019\u00e0udio de <em>Salut<\/em> per acabar amb les fant\u00e0stiques vistes del mar Mediterrani.<\/p>\n<p>Per seguir fins a l\u2019\u00faltim tram de la ruta, escolta l\u2019\u00e0udio d\u2019<em>Orientaci\u00f3<\/em>.<\/p>\n    <\/div>\n  <\/div>\n<\/div>\n    <\/div>\n\n\n<div class=\"element gallery-block\">\n          <div class=\"relative overflow-hidden gallery swiper-container\">\n      <div class=\"swiper-wrapper\">\n                  <figure class=\"mb-0 swiper-slide\">\n            <img loading=\"lazy\" decoding=\"async\" width=\"1920\" height=\"1280\" src=\"https:\/\/guides.muzee.it\/app\/uploads\/2025\/06\/1.-Mirador-de-lAlcalde-1.jpg\" class=\"block mx-auto\" alt=\"\" srcset=\"https:\/\/guides.muzee.it\/app\/uploads\/2025\/06\/1.-Mirador-de-lAlcalde-1.jpg 1920w, https:\/\/guides.muzee.it\/app\/uploads\/2025\/06\/1.-Mirador-de-lAlcalde-1-300x200.jpg 300w, https:\/\/guides.muzee.it\/app\/uploads\/2025\/06\/1.-Mirador-de-lAlcalde-1-1024x683.jpg 1024w, https:\/\/guides.muzee.it\/app\/uploads\/2025\/06\/1.-Mirador-de-lAlcalde-1-768x512.jpg 768w, https:\/\/guides.muzee.it\/app\/uploads\/2025\/06\/1.-Mirador-de-lAlcalde-1-1536x1024.jpg 1536w\" sizes=\"auto, (max-width: 1920px) 100vw, 1920px\" \/>\n                      <\/figure>\n                  <figure class=\"mb-0 swiper-slide\">\n            <img loading=\"lazy\" decoding=\"async\" width=\"1920\" height=\"1280\" src=\"https:\/\/guides.muzee.it\/app\/uploads\/2025\/06\/2.-Mirador-de-lAlcalde2.jpg\" class=\"block mx-auto\" alt=\"\" srcset=\"https:\/\/guides.muzee.it\/app\/uploads\/2025\/06\/2.-Mirador-de-lAlcalde2.jpg 1920w, https:\/\/guides.muzee.it\/app\/uploads\/2025\/06\/2.-Mirador-de-lAlcalde2-300x200.jpg 300w, https:\/\/guides.muzee.it\/app\/uploads\/2025\/06\/2.-Mirador-de-lAlcalde2-1024x683.jpg 1024w, https:\/\/guides.muzee.it\/app\/uploads\/2025\/06\/2.-Mirador-de-lAlcalde2-768x512.jpg 768w, https:\/\/guides.muzee.it\/app\/uploads\/2025\/06\/2.-Mirador-de-lAlcalde2-1536x1024.jpg 1536w\" sizes=\"auto, (max-width: 1920px) 100vw, 1920px\" \/>\n                      <\/figure>\n                  <figure class=\"mb-0 swiper-slide\">\n            <img loading=\"lazy\" decoding=\"async\" width=\"1920\" height=\"1280\" src=\"https:\/\/guides.muzee.it\/app\/uploads\/2025\/06\/3.-Mosaic-1.jpg\" class=\"block mx-auto\" alt=\"\" srcset=\"https:\/\/guides.muzee.it\/app\/uploads\/2025\/06\/3.-Mosaic-1.jpg 1920w, https:\/\/guides.muzee.it\/app\/uploads\/2025\/06\/3.-Mosaic-1-300x200.jpg 300w, https:\/\/guides.muzee.it\/app\/uploads\/2025\/06\/3.-Mosaic-1-1024x683.jpg 1024w, https:\/\/guides.muzee.it\/app\/uploads\/2025\/06\/3.-Mosaic-1-768x512.jpg 768w, https:\/\/guides.muzee.it\/app\/uploads\/2025\/06\/3.-Mosaic-1-1536x1024.jpg 1536w\" sizes=\"auto, (max-width: 1920px) 100vw, 1920px\" \/>\n                      <\/figure>\n                  <figure class=\"mb-0 swiper-slide\">\n            <img loading=\"lazy\" decoding=\"async\" width=\"1920\" height=\"1280\" src=\"https:\/\/guides.muzee.it\/app\/uploads\/2025\/06\/4.-Reflex-1.jpg\" class=\"block mx-auto\" alt=\"\" srcset=\"https:\/\/guides.muzee.it\/app\/uploads\/2025\/06\/4.-Reflex-1.jpg 1920w, https:\/\/guides.muzee.it\/app\/uploads\/2025\/06\/4.-Reflex-1-300x200.jpg 300w, https:\/\/guides.muzee.it\/app\/uploads\/2025\/06\/4.-Reflex-1-1024x683.jpg 1024w, https:\/\/guides.muzee.it\/app\/uploads\/2025\/06\/4.-Reflex-1-768x512.jpg 768w, https:\/\/guides.muzee.it\/app\/uploads\/2025\/06\/4.-Reflex-1-1536x1024.jpg 1536w\" sizes=\"auto, (max-width: 1920px) 100vw, 1920px\" \/>\n                      <\/figure>\n              <\/div>\n      <div class=\"inset-0 swiper-pagination w-fit\"><\/div>\n      <div class=\"swiper-button-prev\"><\/div>\n      <div class=\"swiper-button-next\"><\/div>\n    <\/div>\n  <\/div>\n\n\n<div class=\"element content-in-icons\">\n    <div class=\"flex icons\">\n                                  <div data-target=\"0\" data-toggle=\"tab\"\n            class=\"flex flex-col items-center flex-1 cursor-pointer icon\">\n                          <div class=\"flex-shrink-0 w-10 h-10\">\n                <svg class=\"object-contain w-full h-auto\" xmlns=\"http:\/\/www.w3.org\/2000\/svg\" fill=\"none\" viewBox=\"0 0 40 40\"><path fill=\"currentColor\" fill-rule=\"evenodd\" d=\"M20 40c11.0457 0 20-8.9543 20-20S31.0457 0 20 0 0 8.9543 0 20s8.9543 20 20 20Zm9-22c0-4.9675-4.0325-9-9-9s-9 4.0325-9 9c0 2.6142 1.3929 5.2671 3.0896 7.4986 2.484 3.267 5.5896 5.6287 5.5896 5.6287h.0005a.529.529 0 0 0 .6406 0h.0005s3.1056-2.3617 5.5896-5.6287C27.6071 23.2671 29 20.6142 29 18Zm-12.7059 0c0-2.0451 1.6608-3.7059 3.7059-3.7059S23.7059 15.9549 23.7059 18 22.0451 21.7059 20 21.7059 16.2941 20.0451 16.2941 18Z\" clip-rule=\"evenodd\"\/><\/svg>\n              <\/div>\n                                      <span class=\"text-sm font-semibold leading-none text-center lg:text-base\">Orientaci\u00f3<\/span>\n                      <\/div>\n                                          <div data-target=\"1\" data-toggle=\"tab\"\n            class=\"flex flex-col items-center flex-1 cursor-pointer icon\">\n                          <div class=\"flex-shrink-0 w-10 h-10\">\n                <svg class=\"object-contain w-full h-auto\" fill=\"none\" xmlns=\"http:\/\/www.w3.org\/2000\/svg\" viewBox=\"0 0 40 40\">\n  <path fill-rule=\"evenodd\" clip-rule=\"evenodd\"\n    d=\"M20 40c11.046 0 20-8.954 20-20S31.046 0 20 0 0 8.954 0 20s8.954 20 20 20Zm-8.552-19.077c-1.93-2.049-1.932-5.342 0-7.388 1.931-2.047 5.04-2.047 6.972 0l1.585 1.679 1.574-1.669c1.932-2.046 5.041-2.046 6.973 0 1.93 2.047 1.93 5.342 0 7.388L19.995 30l-8.547-9.077Z\"\n    fill=\"currentColor\" \/>\n<\/svg>\n              <\/div>\n                                      <span class=\"text-sm font-semibold leading-none text-center lg:text-base\">Salut<br>i benestar<\/span>\n                      <\/div>\n                                          <div data-target=\"2\" data-toggle=\"tab\"\n            class=\"flex flex-col items-center flex-1 cursor-pointer icon\">\n                          <div class=\"flex-shrink-0 w-10 h-10\">\n                <svg class=\"object-contain w-full h-auto\" xmlns=\"http:\/\/www.w3.org\/2000\/svg\" fill=\"none\" viewBox=\"0 0 40 41\"><path fill=\"currentColor\" fill-rule=\"evenodd\" d=\"M40 20.1541c0 11.0456-8.9543 20-20 20s-20-8.9544-20-20c0-11.0457 8.9543-20 20-20s20 8.9543 20 20Zm-20 4.6385c2.1628 0 3.9162-1.7533 3.9162-3.9162 0-2.1628-1.7534-3.9161-3.9162-3.9161s-3.9161 1.7533-3.9161 3.9161c0 2.1629 1.7533 3.9162 3.9161 3.9162Zm7.1395-11.0904h.935c1.7837 0 3.2298 1.4453 3.2298 3.2298v8.5792c0 1.7836-1.4461 3.2298-3.2298 3.2298h-16.149c-1.7837 0-3.2298-1.4462-3.2298-3.2298V16.932c0-1.7837 1.4461-3.2298 3.2298-3.2298h.935c.319 0 .4732 0 .5679-.0752.0886-.0703.1249-.2067.1951-.4707l.3795-1.107c.3403-.6374.503-.9966.7803-1.1991.358-.2614.9068-.2614 2.2751-.2614h5.8823c2.2857 0 2.2857.0001 2.9267 1.2171.0402.0763.0828.1573.1287.2434l.3796 1.107c.0168.055.0308.1046.0434.1493.0965.3419.112.3966.7204.3966Zm-12.5091 7.1742c0 2.9609 2.4087 5.3696 5.3696 5.3696s5.3696-2.4087 5.3696-5.3696S22.9609 15.5068 20 15.5068s-5.3696 2.4087-5.3696 5.3696Zm11.8212-3.8265c0 .4505.3649.8155.8155.8155.4505 0 .8155-.3658.8155-.8155a.8154.8154 0 0 0-.8155-.8156.8153.8153 0 0 0-.8155.8156Z\" clip-rule=\"evenodd\"\/><\/svg>\n              <\/div>\n                                      <span class=\"text-sm font-semibold leading-none text-center lg:text-base\">Suggeriments<br>fotogr\u00e0fics<\/span>\n                      <\/div>\n                                          <div data-target=\"3\" data-toggle=\"tab\"\n            class=\"flex flex-col items-center flex-1 cursor-pointer icon\">\n                          <div class=\"flex-shrink-0 w-10 h-10\">\n                <svg class=\"object-contain w-full h-auto\" xmlns=\"http:\/\/www.w3.org\/2000\/svg\" fill=\"none\" viewBox=\"0 0 40 41\"><path fill=\"currentColor\" fill-rule=\"evenodd\" d=\"M20 40.731c11.0457 0 20-8.9543 20-20s-8.9543-20-20-20-20 8.9543-20 20 8.9543 20 20 20Zm1.2245-21.2244h6.551c.6764 0 1.2245.548 1.2245 1.2244 0 .6765-.5481 1.2245-1.2245 1.2245h-6.551v6.5511c0 .6764-.5481 1.2244-1.2245 1.2244-.6764 0-1.2245-.548-1.2245-1.2244v-6.5511h-6.551c-.6764 0-1.2245-.548-1.2245-1.2245 0-.6764.5481-1.2244 1.2245-1.2244h6.551v-6.5511c0-.6764.5481-1.2245 1.2245-1.2245.6764 0 1.2245.5481 1.2245 1.2245v6.5511Z\" clip-rule=\"evenodd\"\/><\/svg>\n              <\/div>\n                                      <span class=\"text-sm font-semibold leading-none text-center lg:text-base\">M\u00e9s<br>contingut<\/span>\n                      <\/div>\n                  <\/div>\n\n    <div class=\"flex flex-col content\">\n      <div class=\"acf-innerblocks-container\">\n<div class=\"icon-tab-content overflow-hidden transition-[max-height] duration-300 max-h-0\">\n    <div class=\"pt-6\">\n      <div class=\"acf-innerblocks-container\">\n<div class=\"element audio-block\">\n  <div class=\"flex items-center\">\n            <div class=\"flex-1 info\">\n              <h3 class=\"text-xl font-bold\">Del Mirador de l&#8217;Alcalde al Castell i cim de Montju\u00efc<\/h3>\n                          <div class=\"flex flex-wrap -mx-2 -mt-2\">\n                      <a href=\"#\" data-target=\"#transcription-00636c3cc0c318ceb233ba3f118b3b1f\" data-toggle=\"modal\"\n              class=\"px-2 text-sm border-0 text-accent\">\n              <svg width=\"11\" height=\"12\" class=\"inline-block mr-1 text-accent\"\n                xmlns=\"http:\/\/www.w3.org\/2000\/svg\">\n                <path d=\"M0 0h11v9H8.7642v2.8481L5.5 9H0z\" fill=\"currentColor\" fill-rule=\"evenodd\" \/>\n              <\/svg>\n              <span class=\"underline underline-offset\">Transcripci\u00f3<\/span>\n            <\/a>\n                            <\/div>\n          <\/div>\n    <div class=\"flex flex-col items-center ml-4 audio-control rtl:ml-0 rtl:mr-4\">\n      <button class=\"flex items-center justify-center w-12 h-12 !p-0 !my-0 rounded-full btn !text-bg\"\n  data-target=\"#audio-00636c3cc0c318ceb233ba3f118b3b1f\">\n  <svg width=\"100%\" height=\"100%\" viewBox=\"0 0 36 36\" version=\"1.1\" xmlns=\"http:\/\/www.w3.org\/2000\/svg\" xmlns:xlink=\"http:\/\/www.w3.org\/1999\/xlink\">\n  <path id=\"ytp-12\" d=\"M11,10 L18,13.74 18,22.28 11,26 M18,13.74 L26,18 26,18 18,22.28\" fill=\"currentColor\">\n    <animate id=\"animation\" begin=\"indefinite\" attributeType=\"XML\" attributeName=\"d\" fill=\"freeze\" from=\"M11,10 L17,10 17,26 11,26 M20,10 L26,10 26,26 20,26\" to=\"M11,10 L18,13.74 18,22.28 11,26 M18,13.74 L26,18 26,18 18,22.28\" dur=\"0.1s\" keySplines=\".4 0 1 1\" repeatCount=\"1\" data-play=\"M11,10 L18,13.74 18,22.28 11,26 M18,13.74 L26,18 26,18 18,22.28\" data-pause=\"M11,10 L17,10 17,26 11,26 M20,10 L26,10 26,26 20,26\"><\/animate>\n  <\/path>\n<\/svg>\n<\/button>\n      <div class=\"text-sm total-time\"><\/div>\n    <\/div>\n  <\/div>\n        <div class=\"audio-content\" dir=\"ltr\">\n      <audio id=\"audio-00636c3cc0c318ceb233ba3f118b3b1f\" data-label=\"Del Mirador de l&#039;Alcalde al Castell i cim de Montju\u00efc\"\n        data-category=\"07-ORIENTACIO-CAT-TRAM-5_mezcla2.mp3\" class=\"hidden\" controls\n        src=\"https:\/\/guides.muzee.it\/app\/uploads\/2025\/06\/07-ORIENTACIO-CAT-TRAM-5_mezcla2.mp3\"><\/audio>\n      <div class=\"mt-2 transition-opacity opacity-0 meta\">\n        <div class=\"flex items-end\" style=\"gap: 16px;\">\n          <div class=\"flex-1\">\n            <progress class=\"w-full border-0 appearance-none\" value=\"0\" max=\"1\"><\/progress>\n            <div class=\"flex justify-between text-sm\">\n              <div class=\"current-time\"><\/div>\n              <div class=\"total-time\"><\/div>\n            <\/div>\n          <\/div>\n                  <\/div>\n      <\/div>\n    <\/div>\n        <div id=\"transcription-00636c3cc0c318ceb233ba3f118b3b1f\"\n  class=\"fixed inset-0 z-50 hidden w-screen h-screen opacity-0 pointer-events-none modal transcription\"\n  tabindex=\"-1\" role=\"dialog\">\n  <div class=\"absolute w-full h-full bg-black opacity-75 modal-overlay\"><\/div>\n  <div\n    class=\"absolute z-30 w-11\/12 mx-auto overflow-y-auto text-black bg-white shadow-lg modal-container center-xy md:max-w-4xl\"\n    role=\"document\">\n    <div class=\"flex items-center justify-between px-4 py-4 text-gray-700 border-b md:px-8\">\n      <h2 class=\"!mb-0 font-bold\">Transcripci\u00f3<\/h2>\n      <div class=\"z-50 flex flex-col items-center ml-auto cursor-pointer rtl:ml-0 rtl:mr-auto modal-close\">\n        <svg class=\"w-auto h-6\" width=\"18\" height=\"23\" xmlns=\"http:\/\/www.w3.org\/2000\/svg\">\n  <g stroke=\"currentColor\" fill=\"none\" fill-rule=\"evenodd\" stroke-linecap=\"square\">\n    <path d=\"M.7248.974l16.1076 20.6167M16.655 1.2654L.9097 22.1601\" \/>\n  <\/g>\n<\/svg>        <div class=\"hidden\">Close<\/div>\n      <\/div>\n    <\/div>\n    <div class=\"px-4 py-8 overflow-y-auto max-h-modal md:px-8 modal-content\">\n      <div class=\"mb-6\">\n                      <h3 class=\"text-xl font-bold\">Del Mirador de l&#8217;Alcalde al Castell i cim de Montju\u00efc<\/h3>\n                            <\/div>\n            <p>Per arribar al cim de la muntanya i al <strong>Castell<\/strong> dirigeix-te a la part m\u00e9s alta del mirador, on hi ha un cam\u00ed de pins. Uns metres m\u00e9s enll\u00e0 veur\u00e0s unes escales a la dreta, segueix-les per arribar al cim de la muntanya i acabar la ruta al <strong>Castell de Montju\u00efc<\/strong>.<\/p>\n    <\/div>\n  <\/div>\n<\/div>\n    <\/div>\n\n\n<div class=\"element image-block\">\n      <div class=\"flex mb-4\">\n            <div class=\"flex-1 info\">\n                  <h3 class=\"text-xl font-bold\">Mapa<\/h3>\n                      <\/div>\n    <\/div>\n          <figure class=\"mb-0\">\n      <img loading=\"lazy\" decoding=\"async\" width=\"1800\" height=\"1080\" src=\"https:\/\/guides.muzee.it\/app\/uploads\/2025\/06\/Mapa-7.jpg\" class=\"block mx-auto\" alt=\"\" srcset=\"https:\/\/guides.muzee.it\/app\/uploads\/2025\/06\/Mapa-7.jpg 1800w, https:\/\/guides.muzee.it\/app\/uploads\/2025\/06\/Mapa-7-300x180.jpg 300w, https:\/\/guides.muzee.it\/app\/uploads\/2025\/06\/Mapa-7-1024x614.jpg 1024w, https:\/\/guides.muzee.it\/app\/uploads\/2025\/06\/Mapa-7-768x461.jpg 768w, https:\/\/guides.muzee.it\/app\/uploads\/2025\/06\/Mapa-7-1536x922.jpg 1536w\" sizes=\"auto, (max-width: 1800px) 100vw, 1800px\" \/>\n          <\/figure>\n    \n<\/div>\n\n<\/div>\n    <\/div>\n  <\/div>\n\n\n<div class=\"icon-tab-content overflow-hidden transition-[max-height] duration-300 max-h-0\">\n    <div class=\"pt-6\">\n      <div class=\"acf-innerblocks-container\">\n<div class=\"element audio-block\">\n  <div class=\"flex items-center\">\n            <div class=\"flex-1 info\">\n              <h3 class=\"text-xl font-bold\">Exercicis per alliberar tensions<\/h3>\n                          <div class=\"flex flex-wrap -mx-2 -mt-2\">\n                      <a href=\"#\" data-target=\"#transcription-532ed75f41b368fe6b17a02db2fe21e9\" data-toggle=\"modal\"\n              class=\"px-2 text-sm border-0 text-accent\">\n              <svg width=\"11\" height=\"12\" class=\"inline-block mr-1 text-accent\"\n                xmlns=\"http:\/\/www.w3.org\/2000\/svg\">\n                <path d=\"M0 0h11v9H8.7642v2.8481L5.5 9H0z\" fill=\"currentColor\" fill-rule=\"evenodd\" \/>\n              <\/svg>\n              <span class=\"underline underline-offset\">Transcripci\u00f3<\/span>\n            <\/a>\n                            <\/div>\n          <\/div>\n    <div class=\"flex flex-col items-center ml-4 audio-control rtl:ml-0 rtl:mr-4\">\n      <button class=\"flex items-center justify-center w-12 h-12 !p-0 !my-0 rounded-full btn !text-bg\"\n  data-target=\"#audio-532ed75f41b368fe6b17a02db2fe21e9\">\n  <svg width=\"100%\" height=\"100%\" viewBox=\"0 0 36 36\" version=\"1.1\" xmlns=\"http:\/\/www.w3.org\/2000\/svg\" xmlns:xlink=\"http:\/\/www.w3.org\/1999\/xlink\">\n  <path id=\"ytp-12\" d=\"M11,10 L18,13.74 18,22.28 11,26 M18,13.74 L26,18 26,18 18,22.28\" fill=\"currentColor\">\n    <animate id=\"animation\" begin=\"indefinite\" attributeType=\"XML\" attributeName=\"d\" fill=\"freeze\" from=\"M11,10 L17,10 17,26 11,26 M20,10 L26,10 26,26 20,26\" to=\"M11,10 L18,13.74 18,22.28 11,26 M18,13.74 L26,18 26,18 18,22.28\" dur=\"0.1s\" keySplines=\".4 0 1 1\" repeatCount=\"1\" data-play=\"M11,10 L18,13.74 18,22.28 11,26 M18,13.74 L26,18 26,18 18,22.28\" data-pause=\"M11,10 L17,10 17,26 11,26 M20,10 L26,10 26,26 20,26\"><\/animate>\n  <\/path>\n<\/svg>\n<\/button>\n      <div class=\"text-sm total-time\"><\/div>\n    <\/div>\n  <\/div>\n        <div class=\"audio-content\" dir=\"ltr\">\n      <audio id=\"audio-532ed75f41b368fe6b17a02db2fe21e9\" data-label=\"Exercicis per alliberar tensions\"\n        data-category=\"07-SALUT-CAT-CINQUENA-PARADA_mezcla2.mp3\" class=\"hidden\" controls\n        src=\"https:\/\/guides.muzee.it\/app\/uploads\/2025\/06\/07-SALUT-CAT-CINQUENA-PARADA_mezcla2.mp3\"><\/audio>\n      <div class=\"mt-2 transition-opacity opacity-0 meta\">\n        <div class=\"flex items-end\" style=\"gap: 16px;\">\n          <div class=\"flex-1\">\n            <progress class=\"w-full border-0 appearance-none\" value=\"0\" max=\"1\"><\/progress>\n            <div class=\"flex justify-between text-sm\">\n              <div class=\"current-time\"><\/div>\n              <div class=\"total-time\"><\/div>\n            <\/div>\n          <\/div>\n                  <\/div>\n      <\/div>\n    <\/div>\n        <div id=\"transcription-532ed75f41b368fe6b17a02db2fe21e9\"\n  class=\"fixed inset-0 z-50 hidden w-screen h-screen opacity-0 pointer-events-none modal transcription\"\n  tabindex=\"-1\" role=\"dialog\">\n  <div class=\"absolute w-full h-full bg-black opacity-75 modal-overlay\"><\/div>\n  <div\n    class=\"absolute z-30 w-11\/12 mx-auto overflow-y-auto text-black bg-white shadow-lg modal-container center-xy md:max-w-4xl\"\n    role=\"document\">\n    <div class=\"flex items-center justify-between px-4 py-4 text-gray-700 border-b md:px-8\">\n      <h2 class=\"!mb-0 font-bold\">Transcripci\u00f3<\/h2>\n      <div class=\"z-50 flex flex-col items-center ml-auto cursor-pointer rtl:ml-0 rtl:mr-auto modal-close\">\n        <svg class=\"w-auto h-6\" width=\"18\" height=\"23\" xmlns=\"http:\/\/www.w3.org\/2000\/svg\">\n  <g stroke=\"currentColor\" fill=\"none\" fill-rule=\"evenodd\" stroke-linecap=\"square\">\n    <path d=\"M.7248.974l16.1076 20.6167M16.655 1.2654L.9097 22.1601\" \/>\n  <\/g>\n<\/svg>        <div class=\"hidden\">Close<\/div>\n      <\/div>\n    <\/div>\n    <div class=\"px-4 py-8 overflow-y-auto max-h-modal md:px-8 modal-content\">\n      <div class=\"mb-6\">\n                      <h3 class=\"text-xl font-bold\">Exercicis per alliberar tensions<\/h3>\n                            <\/div>\n            <p>Despr\u00e9s de passejar pels <strong>Jardins de Joan Brossa<\/strong> i potser jugar amb els coixins musicals, comences a sentir el cos cansat, \u00e9s normal. Et proposo una s\u00e8rie d\u2019exercicis senzills perqu\u00e8 torni l\u2019energia i, alhora, alliberis tensions. Recorda, qualsevol moviment que et faci mal o notis mol\u00e8sties f\u00edsiques, no el facis.<\/p>\n<p>Quan inhalis, aixeca els bra\u00e7os per damunt del cap i, en exhalar, deixa anar els bra\u00e7os al costat del cos, allibera\u2019ls, deixa\u2019t anar com si fossis una nina de drap. Repeteix l\u2019exercici unes quantes vegades.<\/p>\n<p>Amb els bra\u00e7os al costat del cos, deixa\u2019ls com morts i porta l\u2019espatlla dreta en rotaci\u00f3 cap enrere, girant la cintura. Notar\u00e0s com l\u2019espatlla esquerra va cap endavant; alhora, deixa els bra\u00e7os que es belluguin al seu ritme, de nou, com si fossis una nina de drap. Recorda que el que busquem \u00e9s alliberar tensions, ja fa una estona que duus la motxilla i potser notes una mica de cansament.<\/p>\n<p>Fes saltirons aixecant els dos peus de terra alhora. No cal que siguin gaire alts, simplement volem que les cames es relaxin una mica i, alhora, s\u2019activin.<\/p>\n<p>Recolza el pes damunt del peu esquerre i sacseja la cama dreta. Despr\u00e9s, canvia de banda: recolza el pes damunt del peu dret i sacseja la cama esquerra. Si ets una persona que nota la circulaci\u00f3 pesada o tens varius, notar\u00e0s un gran alleujament fent aquest exercici.<\/p>\n    <\/div>\n  <\/div>\n<\/div>\n    <\/div>\n\n<\/div>\n    <\/div>\n  <\/div>\n\n\n<div class=\"icon-tab-content overflow-hidden transition-[max-height] duration-300 max-h-0\">\n    <div class=\"pt-6\">\n      <div class=\"acf-innerblocks-container\">\n<div class=\"element audio-block\">\n  <div class=\"flex items-center\">\n            <div class=\"flex-1 info\">\n              <h3 class=\"text-xl font-bold\">Horitz\u00f3<\/h3>\n                          <div class=\"flex flex-wrap -mx-2 -mt-2\">\n                      <a href=\"#\" data-target=\"#transcription-66a0a2edec178f6a0c3cd2306d5efdee\" data-toggle=\"modal\"\n              class=\"px-2 text-sm border-0 text-accent\">\n              <svg width=\"11\" height=\"12\" class=\"inline-block mr-1 text-accent\"\n                xmlns=\"http:\/\/www.w3.org\/2000\/svg\">\n                <path d=\"M0 0h11v9H8.7642v2.8481L5.5 9H0z\" fill=\"currentColor\" fill-rule=\"evenodd\" \/>\n              <\/svg>\n              <span class=\"underline underline-offset\">Transcripci\u00f3<\/span>\n            <\/a>\n                            <\/div>\n          <\/div>\n    <div class=\"flex flex-col items-center ml-4 audio-control rtl:ml-0 rtl:mr-4\">\n      <button class=\"flex items-center justify-center w-12 h-12 !p-0 !my-0 rounded-full btn !text-bg\"\n  data-target=\"#audio-66a0a2edec178f6a0c3cd2306d5efdee\">\n  <svg width=\"100%\" height=\"100%\" viewBox=\"0 0 36 36\" version=\"1.1\" xmlns=\"http:\/\/www.w3.org\/2000\/svg\" xmlns:xlink=\"http:\/\/www.w3.org\/1999\/xlink\">\n  <path id=\"ytp-12\" d=\"M11,10 L18,13.74 18,22.28 11,26 M18,13.74 L26,18 26,18 18,22.28\" fill=\"currentColor\">\n    <animate id=\"animation\" begin=\"indefinite\" attributeType=\"XML\" attributeName=\"d\" fill=\"freeze\" from=\"M11,10 L17,10 17,26 11,26 M20,10 L26,10 26,26 20,26\" to=\"M11,10 L18,13.74 18,22.28 11,26 M18,13.74 L26,18 26,18 18,22.28\" dur=\"0.1s\" keySplines=\".4 0 1 1\" repeatCount=\"1\" data-play=\"M11,10 L18,13.74 18,22.28 11,26 M18,13.74 L26,18 26,18 18,22.28\" data-pause=\"M11,10 L17,10 17,26 11,26 M20,10 L26,10 26,26 20,26\"><\/animate>\n  <\/path>\n<\/svg>\n<\/button>\n      <div class=\"text-sm total-time\"><\/div>\n    <\/div>\n  <\/div>\n        <div class=\"audio-content\" dir=\"ltr\">\n      <audio id=\"audio-66a0a2edec178f6a0c3cd2306d5efdee\" data-label=\"Horitz\u00f3\"\n        data-category=\"06-FOTO-CAT-CLIP-6-HORITZO_mezcla2.mp3\" class=\"hidden\" controls\n        src=\"https:\/\/guides.muzee.it\/app\/uploads\/2025\/06\/06-FOTO-CAT-CLIP-6-HORITZO_mezcla2.mp3\"><\/audio>\n      <div class=\"mt-2 transition-opacity opacity-0 meta\">\n        <div class=\"flex items-end\" style=\"gap: 16px;\">\n          <div class=\"flex-1\">\n            <progress class=\"w-full border-0 appearance-none\" value=\"0\" max=\"1\"><\/progress>\n            <div class=\"flex justify-between text-sm\">\n              <div class=\"current-time\"><\/div>\n              <div class=\"total-time\"><\/div>\n            <\/div>\n          <\/div>\n                  <\/div>\n      <\/div>\n    <\/div>\n        <div id=\"transcription-66a0a2edec178f6a0c3cd2306d5efdee\"\n  class=\"fixed inset-0 z-50 hidden w-screen h-screen opacity-0 pointer-events-none modal transcription\"\n  tabindex=\"-1\" role=\"dialog\">\n  <div class=\"absolute w-full h-full bg-black opacity-75 modal-overlay\"><\/div>\n  <div\n    class=\"absolute z-30 w-11\/12 mx-auto overflow-y-auto text-black bg-white shadow-lg modal-container center-xy md:max-w-4xl\"\n    role=\"document\">\n    <div class=\"flex items-center justify-between px-4 py-4 text-gray-700 border-b md:px-8\">\n      <h2 class=\"!mb-0 font-bold\">Transcripci\u00f3<\/h2>\n      <div class=\"z-50 flex flex-col items-center ml-auto cursor-pointer rtl:ml-0 rtl:mr-auto modal-close\">\n        <svg class=\"w-auto h-6\" width=\"18\" height=\"23\" xmlns=\"http:\/\/www.w3.org\/2000\/svg\">\n  <g stroke=\"currentColor\" fill=\"none\" fill-rule=\"evenodd\" stroke-linecap=\"square\">\n    <path d=\"M.7248.974l16.1076 20.6167M16.655 1.2654L.9097 22.1601\" \/>\n  <\/g>\n<\/svg>        <div class=\"hidden\">Close<\/div>\n      <\/div>\n    <\/div>\n    <div class=\"px-4 py-8 overflow-y-auto max-h-modal md:px-8 modal-content\">\n      <div class=\"mb-6\">\n                      <h3 class=\"text-xl font-bold\">Horitz\u00f3<\/h3>\n                            <\/div>\n            <p>En la fotografia de paisatge l\u2019<strong>horitz\u00f3<\/strong> \u00e9s un element recurrent, com una l\u00ednia fina quan mirem cap al mar o com una l\u00ednia escarpada a les muntanyes. Per poder crear imatges on aquesta l\u00ednia tingui for\u00e7a compositiva, \u00e9s aconsellable seguir la regla de l\u2019horitz\u00f3.<\/p>\n<p>Quan estiguis enquadrant la imatge, tant si \u00e9s horitzontal com vertical, imagina\u2019t dues l\u00ednies horitzontals paral\u00b7leles dividint la imatge en tres parts iguals. Col\u00b7loca la l\u00ednia de l\u2019horitz\u00f3 en una d\u2019aquestes dues l\u00ednies depenent de l\u2019element que vulguis real\u00e7ar: el cel o la terra, el mar o les muntanyes.<\/p>\n<p>Tamb\u00e9 \u00e9s important mantenir la l\u00ednia de l\u2019horitz\u00f3 completament recta per fer una bona fotografia; si queda lleugerament descompensada, pot desequilibrar la imatge, encara que, en alguns casos, es pot buscar expressament l\u2019efecte d\u2019horitz\u00f3 desequilibrat per una imatge m\u00e9s creativa.<\/p>\n    <\/div>\n  <\/div>\n<\/div>\n    <\/div>\n\n\n<div class=\"element gallery-block\">\n          <div class=\"relative overflow-hidden gallery swiper-container\">\n      <div class=\"swiper-wrapper\">\n                  <figure class=\"mb-0 swiper-slide\">\n            <img loading=\"lazy\" decoding=\"async\" width=\"1920\" height=\"1280\" src=\"https:\/\/guides.muzee.it\/app\/uploads\/2025\/06\/1.-SF_Horitzo-1.jpg\" class=\"block mx-auto\" alt=\"\" srcset=\"https:\/\/guides.muzee.it\/app\/uploads\/2025\/06\/1.-SF_Horitzo-1.jpg 1920w, https:\/\/guides.muzee.it\/app\/uploads\/2025\/06\/1.-SF_Horitzo-1-300x200.jpg 300w, https:\/\/guides.muzee.it\/app\/uploads\/2025\/06\/1.-SF_Horitzo-1-1024x683.jpg 1024w, https:\/\/guides.muzee.it\/app\/uploads\/2025\/06\/1.-SF_Horitzo-1-768x512.jpg 768w, https:\/\/guides.muzee.it\/app\/uploads\/2025\/06\/1.-SF_Horitzo-1-1536x1024.jpg 1536w\" sizes=\"auto, (max-width: 1920px) 100vw, 1920px\" \/>\n                      <\/figure>\n                  <figure class=\"mb-0 swiper-slide\">\n            <img loading=\"lazy\" decoding=\"async\" width=\"1920\" height=\"1280\" src=\"https:\/\/guides.muzee.it\/app\/uploads\/2025\/06\/2.-SF_Balco_Mirador-de-lAlcalde-1.jpg\" class=\"block mx-auto\" alt=\"\" srcset=\"https:\/\/guides.muzee.it\/app\/uploads\/2025\/06\/2.-SF_Balco_Mirador-de-lAlcalde-1.jpg 1920w, https:\/\/guides.muzee.it\/app\/uploads\/2025\/06\/2.-SF_Balco_Mirador-de-lAlcalde-1-300x200.jpg 300w, https:\/\/guides.muzee.it\/app\/uploads\/2025\/06\/2.-SF_Balco_Mirador-de-lAlcalde-1-1024x683.jpg 1024w, https:\/\/guides.muzee.it\/app\/uploads\/2025\/06\/2.-SF_Balco_Mirador-de-lAlcalde-1-768x512.jpg 768w, https:\/\/guides.muzee.it\/app\/uploads\/2025\/06\/2.-SF_Balco_Mirador-de-lAlcalde-1-1536x1024.jpg 1536w\" sizes=\"auto, (max-width: 1920px) 100vw, 1920px\" \/>\n                      <\/figure>\n                  <figure class=\"mb-0 swiper-slide\">\n            <img loading=\"lazy\" decoding=\"async\" width=\"1920\" height=\"1280\" src=\"https:\/\/guides.muzee.it\/app\/uploads\/2025\/06\/3.-SF_Vista-ciutat-1.jpg\" class=\"block mx-auto\" alt=\"\" srcset=\"https:\/\/guides.muzee.it\/app\/uploads\/2025\/06\/3.-SF_Vista-ciutat-1.jpg 1920w, https:\/\/guides.muzee.it\/app\/uploads\/2025\/06\/3.-SF_Vista-ciutat-1-300x200.jpg 300w, https:\/\/guides.muzee.it\/app\/uploads\/2025\/06\/3.-SF_Vista-ciutat-1-1024x683.jpg 1024w, https:\/\/guides.muzee.it\/app\/uploads\/2025\/06\/3.-SF_Vista-ciutat-1-768x512.jpg 768w, https:\/\/guides.muzee.it\/app\/uploads\/2025\/06\/3.-SF_Vista-ciutat-1-1536x1024.jpg 1536w\" sizes=\"auto, (max-width: 1920px) 100vw, 1920px\" \/>\n                      <\/figure>\n              <\/div>\n      <div class=\"inset-0 swiper-pagination w-fit\"><\/div>\n      <div class=\"swiper-button-prev\"><\/div>\n      <div class=\"swiper-button-next\"><\/div>\n    <\/div>\n  <\/div>\n\n<\/div>\n    <\/div>\n  <\/div>\n\n\n<div class=\"icon-tab-content overflow-hidden transition-[max-height] duration-300 max-h-0\">\n    <div class=\"pt-6\">\n      <div class=\"acf-innerblocks-container\">\n<div class=\"element video-block\">\n      <div class=\"flex mb-4\">\n            <div class=\"flex-1 info\">\n                  <h3 class=\"text-xl font-bold\">Un bel d\u00ec vedremo<\/h3>\n                      <\/div>\n    <\/div>\n          <div class=\"embed-responsive\"><iframe loading=\"lazy\" title=\"Madama Butterfly, Act II: Un bel di, vedremo\" width=\"520\" height=\"390\" src=\"https:\/\/www.youtube.com\/embed\/Kb79-K7IaoE?feature=oembed\" frameborder=\"0\" allow=\"accelerometer; autoplay; clipboard-write; encrypted-media; gyroscope; picture-in-picture; web-share\" referrerpolicy=\"strict-origin-when-cross-origin\" allowfullscreen><\/iframe><\/div>\n    \n<\/div>\n\n<\/div>\n    <\/div>\n  <\/div>\n\n<\/div>\n    <\/div>\n  <\/div>\n\n<\/div>\n          <\/div>\n      <\/section>\n\n\n<section class=\"section  section-collapsible  mb-8\"\n    id=\"section-69eeffc594145\" data-title=\"7. L\u00ednia i punt. Cim i Castell de Montju\u00efc\">\n          <div class=\"sticky z-10 w-full bg-bg  top-16 \">\n              <div role=\"button\" class=\"cursor-pointer\" tabindex=\"0\" data-toggle=\"collapse\"\n        data-target=\"#section-block_5d6d449e3d1df9ab0175a8e5321d9317-content\" data-group=\"sections\"\n        aria-controls=\"section-block_5d6d449e3d1df9ab0175a8e5321d9317-content\" aria-expanded=\"false\">\n              <h2 class=\"flex items-baseline text-3xl leading-tight font-headings !mb-0 pb-2\">\n                  <i class=\"mr-4 rtl:mr-0 rtl:ml-4 text-accent\">\n            <svg width=\"22\" height=\"21\" viewBox=\"0 0 22 21\" xmlns=\"http:\/\/www.w3.org\/2000\/svg\"><path d=\"M9.6875.5v15.2123l-7.337-6.9876L.5 10.5l10.5 10 10.5-10-1.8504-1.7623-7.3371 6.9746V.5z\" fill=\"currentColor\" fill-rule=\"nonzero\"\/><\/svg>\n          <\/i>\n                <span>7. L\u00ednia i punt. <br><small><em>Cim i Castell de Montju\u00efc<\/em><\/small><\/span>\n      <\/h2>\n                  <\/div>\n              <\/div>\n              <div id=\"section-block_5d6d449e3d1df9ab0175a8e5321d9317-content\"\n        class=\"overflow-hidden transition-[max-height] duration-300 max-h-0 collapse-flexible\">\n        \n    <div class=\"acf-innerblocks-container\">\n<div class=\"element audio-block\">\n  <div class=\"flex items-center\">\n            <div class=\"flex-1 info\">\n              <h3 class=\"text-xl font-bold\">Castell de Montju\u00efc<\/h3>\n                          <div class=\"flex flex-wrap -mx-2 -mt-2\">\n                      <a href=\"#\" data-target=\"#transcription-09fad77c19c5026c921a7d110a003ca3\" data-toggle=\"modal\"\n              class=\"px-2 text-sm border-0 text-accent\">\n              <svg width=\"11\" height=\"12\" class=\"inline-block mr-1 text-accent\"\n                xmlns=\"http:\/\/www.w3.org\/2000\/svg\">\n                <path d=\"M0 0h11v9H8.7642v2.8481L5.5 9H0z\" fill=\"currentColor\" fill-rule=\"evenodd\" \/>\n              <\/svg>\n              <span class=\"underline underline-offset\">Transcripci\u00f3<\/span>\n            <\/a>\n                            <\/div>\n          <\/div>\n    <div class=\"flex flex-col items-center ml-4 audio-control rtl:ml-0 rtl:mr-4\">\n      <button class=\"flex items-center justify-center w-12 h-12 !p-0 !my-0 rounded-full btn !text-bg\"\n  data-target=\"#audio-09fad77c19c5026c921a7d110a003ca3\">\n  <svg width=\"100%\" height=\"100%\" viewBox=\"0 0 36 36\" version=\"1.1\" xmlns=\"http:\/\/www.w3.org\/2000\/svg\" xmlns:xlink=\"http:\/\/www.w3.org\/1999\/xlink\">\n  <path id=\"ytp-12\" d=\"M11,10 L18,13.74 18,22.28 11,26 M18,13.74 L26,18 26,18 18,22.28\" fill=\"currentColor\">\n    <animate id=\"animation\" begin=\"indefinite\" attributeType=\"XML\" attributeName=\"d\" fill=\"freeze\" from=\"M11,10 L17,10 17,26 11,26 M20,10 L26,10 26,26 20,26\" to=\"M11,10 L18,13.74 18,22.28 11,26 M18,13.74 L26,18 26,18 18,22.28\" dur=\"0.1s\" keySplines=\".4 0 1 1\" repeatCount=\"1\" data-play=\"M11,10 L18,13.74 18,22.28 11,26 M18,13.74 L26,18 26,18 18,22.28\" data-pause=\"M11,10 L17,10 17,26 11,26 M20,10 L26,10 26,26 20,26\"><\/animate>\n  <\/path>\n<\/svg>\n<\/button>\n      <div class=\"text-sm total-time\"><\/div>\n    <\/div>\n  <\/div>\n        <div class=\"audio-content\" dir=\"ltr\">\n      <audio id=\"audio-09fad77c19c5026c921a7d110a003ca3\" data-label=\"Castell de Montju\u00efc\"\n        data-category=\"09-Silvia-Bel-CAT-6E-TRAM-AUDIO-9_mezcla2.mp3\" class=\"hidden\" controls\n        src=\"https:\/\/guides.muzee.it\/app\/uploads\/2025\/06\/09-Silvia-Bel-CAT-6E-TRAM-AUDIO-9_mezcla2.mp3\"><\/audio>\n      <div class=\"mt-2 transition-opacity opacity-0 meta\">\n        <div class=\"flex items-end\" style=\"gap: 16px;\">\n          <div class=\"flex-1\">\n            <progress class=\"w-full border-0 appearance-none\" value=\"0\" max=\"1\"><\/progress>\n            <div class=\"flex justify-between text-sm\">\n              <div class=\"current-time\"><\/div>\n              <div class=\"total-time\"><\/div>\n            <\/div>\n          <\/div>\n                  <\/div>\n      <\/div>\n    <\/div>\n        <div id=\"transcription-09fad77c19c5026c921a7d110a003ca3\"\n  class=\"fixed inset-0 z-50 hidden w-screen h-screen opacity-0 pointer-events-none modal transcription\"\n  tabindex=\"-1\" role=\"dialog\">\n  <div class=\"absolute w-full h-full bg-black opacity-75 modal-overlay\"><\/div>\n  <div\n    class=\"absolute z-30 w-11\/12 mx-auto overflow-y-auto text-black bg-white shadow-lg modal-container center-xy md:max-w-4xl\"\n    role=\"document\">\n    <div class=\"flex items-center justify-between px-4 py-4 text-gray-700 border-b md:px-8\">\n      <h2 class=\"!mb-0 font-bold\">Transcripci\u00f3<\/h2>\n      <div class=\"z-50 flex flex-col items-center ml-auto cursor-pointer rtl:ml-0 rtl:mr-auto modal-close\">\n        <svg class=\"w-auto h-6\" width=\"18\" height=\"23\" xmlns=\"http:\/\/www.w3.org\/2000\/svg\">\n  <g stroke=\"currentColor\" fill=\"none\" fill-rule=\"evenodd\" stroke-linecap=\"square\">\n    <path d=\"M.7248.974l16.1076 20.6167M16.655 1.2654L.9097 22.1601\" \/>\n  <\/g>\n<\/svg>        <div class=\"hidden\">Close<\/div>\n      <\/div>\n    <\/div>\n    <div class=\"px-4 py-8 overflow-y-auto max-h-modal md:px-8 modal-content\">\n      <div class=\"mb-6\">\n                      <h3 class=\"text-xl font-bold\">Castell de Montju\u00efc<\/h3>\n                            <\/div>\n            <p>Estem arribant al final! Que no \u00e9s cap altre que el cim de la muntanya de <strong>Montju\u00efc<\/strong> i el seu <strong>Castell<\/strong>. Amb m\u00e9s de tres-cents anys d\u2019hist\u00f2ria, la fortalesa \u00e9s protagonista d\u2019alguns dels episodis m\u00e9s importants, i tamb\u00e9 foscos, de la ciutat.<\/p>\n<p>En origen era un farell, documentat ja al segle\u00a0XI, que permetia avisar de l\u2019arribada de naus hostils, mitjan\u00e7ant un sistema de veles de dia i de focs de nit. Posteriorment, al segle\u00a0XVII, i amb la <strong>Guerra dels Segadors<\/strong> com a rerefons, s\u2019hi estableix un petit fort\u00ed per defensar Barcelona.<\/p>\n<p>Tanmateix, la gran ampliaci\u00f3, la que el va transformar tal com el coneixem avui en dia, va ser la reforma de l\u2019enginyer militar <strong>Juan Mart\u00edn Cerme\u00f1o<\/strong> despr\u00e9s de la <strong>Guerra de Successi\u00f3 espanyola<\/strong> al segle\u00a0XVIII, una reforma que va acabar de perfilar l\u2019estructura que veus ara mateix amb les diverses l\u00ednies rectes, els baluards, els fossats i les troneres.<\/p>\n<p>Aquest castell, al segle\u00a0XIX, es va fer servir per bombardejar la ciutat i va esdevenir un espai de repressi\u00f3 d\u2019un incipient moviment obrer. A finals d\u2019aquest mateix segle va ser protagonista del proc\u00e9s militar de <strong>Montju\u00efc<\/strong>, que s\u2019instru\u00ed despr\u00e9s de l\u2019atemptat contra la<strong> process\u00f3 del Corpus<\/strong>, el 7 de juny del 1896. El proc\u00e9s va represaliar m\u00e9s de 400\u00a0persones i va despertar una forta contestaci\u00f3 interna i internacional per la manca de garanties jur\u00eddiques.<\/p>\n<p>A l\u2019inici del segle\u00a0XX, aquest indret continuava sent testimoni dels canvis socials i pol\u00edtics de l\u2019\u00e8poca. Durant la convulsa <strong>Setmana Tr\u00e0gica del 1909<\/strong>, en la important\u00edssima vaga de <strong>La Canadenca del 1919<\/strong> o durant la<strong> Guerra Civil<\/strong>, la llegenda negra es va continuar eixamplant amb usos penitenciaris i execucions, com les del pedagog<strong> Francesc Ferrer i Gu\u00e0rdia<\/strong> o la del <strong>President de la Generalitat Llu\u00eds Companys<\/strong>. El <strong>Castell<\/strong> va ser pres\u00f3 durant la <strong>dictadura franquista<\/strong>, fins als anys seixanta del segle\u00a0XX.<\/p>\n<p>A partir del 1963, es va remodelar i obrir com a museu militar, per\u00f2 va ser l\u2019any\u00a02008 que l\u2019edifici va retornar a la ciutat. Esdev\u00e9 a partir d\u2019aleshores un espai patrimonial i de mem\u00f2ria viu, que mira al futur i que acull una programaci\u00f3 cultural diversa i al servei de tota la ciutadania.<\/p>\n<p><strong>&#8211; Mira:<\/strong> La grandiosa fortalesa sorgida de la mateixa pedra de <strong>Montju\u00efc<\/strong>, un espai patrimonial ple de mem\u00f2ria.<br \/>\n<strong>&#8211; Escolta:<\/strong> Les passes que recorren el cim de <strong>Montju\u00efc<\/strong>, les teves o les de totes aquelles persones que caminen per fer esport i salut o que gaudeixen de la muntanya i el seu gran patrimoni natural i cultural.<\/p>\n    <\/div>\n  <\/div>\n<\/div>\n    <\/div>\n\n\n<div class=\"element gallery-block\">\n          <div class=\"relative overflow-hidden gallery swiper-container\">\n      <div class=\"swiper-wrapper\">\n                  <figure class=\"mb-0 swiper-slide\">\n            <img loading=\"lazy\" decoding=\"async\" width=\"1619\" height=\"1080\" src=\"https:\/\/guides.muzee.it\/app\/uploads\/2025\/06\/1.-Castell-de-Montjuic-1.jpg\" class=\"block mx-auto\" alt=\"\" srcset=\"https:\/\/guides.muzee.it\/app\/uploads\/2025\/06\/1.-Castell-de-Montjuic-1.jpg 1619w, https:\/\/guides.muzee.it\/app\/uploads\/2025\/06\/1.-Castell-de-Montjuic-1-300x200.jpg 300w, https:\/\/guides.muzee.it\/app\/uploads\/2025\/06\/1.-Castell-de-Montjuic-1-1024x683.jpg 1024w, https:\/\/guides.muzee.it\/app\/uploads\/2025\/06\/1.-Castell-de-Montjuic-1-768x512.jpg 768w, https:\/\/guides.muzee.it\/app\/uploads\/2025\/06\/1.-Castell-de-Montjuic-1-1536x1025.jpg 1536w\" sizes=\"auto, (max-width: 1619px) 100vw, 1619px\" \/>\n                      <\/figure>\n                  <figure class=\"mb-0 swiper-slide\">\n            <img loading=\"lazy\" decoding=\"async\" width=\"1920\" height=\"1280\" src=\"https:\/\/guides.muzee.it\/app\/uploads\/2025\/06\/2.-Cami-de-pins-1.jpg\" class=\"block mx-auto\" alt=\"\" srcset=\"https:\/\/guides.muzee.it\/app\/uploads\/2025\/06\/2.-Cami-de-pins-1.jpg 1920w, https:\/\/guides.muzee.it\/app\/uploads\/2025\/06\/2.-Cami-de-pins-1-300x200.jpg 300w, https:\/\/guides.muzee.it\/app\/uploads\/2025\/06\/2.-Cami-de-pins-1-1024x683.jpg 1024w, https:\/\/guides.muzee.it\/app\/uploads\/2025\/06\/2.-Cami-de-pins-1-768x512.jpg 768w, https:\/\/guides.muzee.it\/app\/uploads\/2025\/06\/2.-Cami-de-pins-1-1536x1024.jpg 1536w\" sizes=\"auto, (max-width: 1920px) 100vw, 1920px\" \/>\n                      <\/figure>\n                  <figure class=\"mb-0 swiper-slide\">\n            <img loading=\"lazy\" decoding=\"async\" width=\"1620\" height=\"1080\" src=\"https:\/\/guides.muzee.it\/app\/uploads\/2025\/06\/3.-Vistes-cim-Montjuic-1.jpg\" class=\"block mx-auto\" alt=\"\" srcset=\"https:\/\/guides.muzee.it\/app\/uploads\/2025\/06\/3.-Vistes-cim-Montjuic-1.jpg 1620w, https:\/\/guides.muzee.it\/app\/uploads\/2025\/06\/3.-Vistes-cim-Montjuic-1-300x200.jpg 300w, https:\/\/guides.muzee.it\/app\/uploads\/2025\/06\/3.-Vistes-cim-Montjuic-1-1024x683.jpg 1024w, https:\/\/guides.muzee.it\/app\/uploads\/2025\/06\/3.-Vistes-cim-Montjuic-1-768x512.jpg 768w, https:\/\/guides.muzee.it\/app\/uploads\/2025\/06\/3.-Vistes-cim-Montjuic-1-1536x1024.jpg 1536w\" sizes=\"auto, (max-width: 1620px) 100vw, 1620px\" \/>\n                      <\/figure>\n              <\/div>\n      <div class=\"inset-0 swiper-pagination w-fit\"><\/div>\n      <div class=\"swiper-button-prev\"><\/div>\n      <div class=\"swiper-button-next\"><\/div>\n    <\/div>\n  <\/div>\n\n\n<div class=\"element content-in-icons\">\n    <div class=\"flex icons\">\n                                  <div data-target=\"0\" data-toggle=\"tab\"\n            class=\"flex flex-col items-center flex-1 cursor-pointer icon\">\n                          <div class=\"flex-shrink-0 w-10 h-10\">\n                <svg class=\"object-contain w-full h-auto\" xmlns=\"http:\/\/www.w3.org\/2000\/svg\" fill=\"none\" viewBox=\"0 0 40 40\"><path fill=\"currentColor\" fill-rule=\"evenodd\" d=\"M20 40c11.0457 0 20-8.9543 20-20S31.0457 0 20 0 0 8.9543 0 20s8.9543 20 20 20Zm9-22c0-4.9675-4.0325-9-9-9s-9 4.0325-9 9c0 2.6142 1.3929 5.2671 3.0896 7.4986 2.484 3.267 5.5896 5.6287 5.5896 5.6287h.0005a.529.529 0 0 0 .6406 0h.0005s3.1056-2.3617 5.5896-5.6287C27.6071 23.2671 29 20.6142 29 18Zm-12.7059 0c0-2.0451 1.6608-3.7059 3.7059-3.7059S23.7059 15.9549 23.7059 18 22.0451 21.7059 20 21.7059 16.2941 20.0451 16.2941 18Z\" clip-rule=\"evenodd\"\/><\/svg>\n              <\/div>\n                                      <span class=\"text-sm font-semibold leading-none text-center lg:text-base\">Orientaci\u00f3<\/span>\n                      <\/div>\n                                          <div data-target=\"1\" data-toggle=\"tab\"\n            class=\"flex flex-col items-center flex-1 cursor-pointer icon\">\n                          <div class=\"flex-shrink-0 w-10 h-10\">\n                <svg class=\"object-contain w-full h-auto\" fill=\"none\" xmlns=\"http:\/\/www.w3.org\/2000\/svg\" viewBox=\"0 0 40 40\">\n  <path fill-rule=\"evenodd\" clip-rule=\"evenodd\"\n    d=\"M20 40c11.046 0 20-8.954 20-20S31.046 0 20 0 0 8.954 0 20s8.954 20 20 20Zm-8.552-19.077c-1.93-2.049-1.932-5.342 0-7.388 1.931-2.047 5.04-2.047 6.972 0l1.585 1.679 1.574-1.669c1.932-2.046 5.041-2.046 6.973 0 1.93 2.047 1.93 5.342 0 7.388L19.995 30l-8.547-9.077Z\"\n    fill=\"currentColor\" \/>\n<\/svg>\n              <\/div>\n                                      <span class=\"text-sm font-semibold leading-none text-center lg:text-base\">Salut<br>i benestar<\/span>\n                      <\/div>\n                                          <div data-target=\"2\" data-toggle=\"tab\"\n            class=\"flex flex-col items-center flex-1 cursor-pointer icon\">\n                          <div class=\"flex-shrink-0 w-10 h-10\">\n                <svg class=\"object-contain w-full h-auto\" xmlns=\"http:\/\/www.w3.org\/2000\/svg\" fill=\"none\" viewBox=\"0 0 40 41\"><path fill=\"currentColor\" fill-rule=\"evenodd\" d=\"M40 20.1541c0 11.0456-8.9543 20-20 20s-20-8.9544-20-20c0-11.0457 8.9543-20 20-20s20 8.9543 20 20Zm-20 4.6385c2.1628 0 3.9162-1.7533 3.9162-3.9162 0-2.1628-1.7534-3.9161-3.9162-3.9161s-3.9161 1.7533-3.9161 3.9161c0 2.1629 1.7533 3.9162 3.9161 3.9162Zm7.1395-11.0904h.935c1.7837 0 3.2298 1.4453 3.2298 3.2298v8.5792c0 1.7836-1.4461 3.2298-3.2298 3.2298h-16.149c-1.7837 0-3.2298-1.4462-3.2298-3.2298V16.932c0-1.7837 1.4461-3.2298 3.2298-3.2298h.935c.319 0 .4732 0 .5679-.0752.0886-.0703.1249-.2067.1951-.4707l.3795-1.107c.3403-.6374.503-.9966.7803-1.1991.358-.2614.9068-.2614 2.2751-.2614h5.8823c2.2857 0 2.2857.0001 2.9267 1.2171.0402.0763.0828.1573.1287.2434l.3796 1.107c.0168.055.0308.1046.0434.1493.0965.3419.112.3966.7204.3966Zm-12.5091 7.1742c0 2.9609 2.4087 5.3696 5.3696 5.3696s5.3696-2.4087 5.3696-5.3696S22.9609 15.5068 20 15.5068s-5.3696 2.4087-5.3696 5.3696Zm11.8212-3.8265c0 .4505.3649.8155.8155.8155.4505 0 .8155-.3658.8155-.8155a.8154.8154 0 0 0-.8155-.8156.8153.8153 0 0 0-.8155.8156Z\" clip-rule=\"evenodd\"\/><\/svg>\n              <\/div>\n                                      <span class=\"text-sm font-semibold leading-none text-center lg:text-base\">Suggeriments<br>fotogr\u00e0fics<\/span>\n                      <\/div>\n                                          <div data-target=\"3\" data-toggle=\"tab\"\n            class=\"flex flex-col items-center flex-1 cursor-pointer icon\">\n                          <div class=\"flex-shrink-0 w-10 h-10\">\n                <svg class=\"object-contain w-full h-auto\" xmlns=\"http:\/\/www.w3.org\/2000\/svg\" fill=\"none\" viewBox=\"0 0 40 41\"><path fill=\"currentColor\" fill-rule=\"evenodd\" d=\"M20 40.731c11.0457 0 20-8.9543 20-20s-8.9543-20-20-20-20 8.9543-20 20 8.9543 20 20 20Zm1.2245-21.2244h6.551c.6764 0 1.2245.548 1.2245 1.2244 0 .6765-.5481 1.2245-1.2245 1.2245h-6.551v6.5511c0 .6764-.5481 1.2244-1.2245 1.2244-.6764 0-1.2245-.548-1.2245-1.2244v-6.5511h-6.551c-.6764 0-1.2245-.548-1.2245-1.2245 0-.6764.5481-1.2244 1.2245-1.2244h6.551v-6.5511c0-.6764.5481-1.2245 1.2245-1.2245.6764 0 1.2245.5481 1.2245 1.2245v6.5511Z\" clip-rule=\"evenodd\"\/><\/svg>\n              <\/div>\n                                      <span class=\"text-sm font-semibold leading-none text-center lg:text-base\">M\u00e9s<br>contingut<\/span>\n                      <\/div>\n                  <\/div>\n\n    <div class=\"flex flex-col content\">\n      <div class=\"acf-innerblocks-container\">\n<div class=\"icon-tab-content overflow-hidden transition-[max-height] duration-300 max-h-0\">\n    <div class=\"pt-6\">\n      <div class=\"acf-innerblocks-container\">\n<div class=\"element audio-block\">\n  <div class=\"flex items-center\">\n            <div class=\"flex-1 info\">\n              <h3 class=\"text-xl font-bold\">Cam\u00ed cobert i baixada de la muntanya<\/h3>\n                          <div class=\"flex flex-wrap -mx-2 -mt-2\">\n                      <a href=\"#\" data-target=\"#transcription-ef60c501cd4768403bc7b7aecd7c2540\" data-toggle=\"modal\"\n              class=\"px-2 text-sm border-0 text-accent\">\n              <svg width=\"11\" height=\"12\" class=\"inline-block mr-1 text-accent\"\n                xmlns=\"http:\/\/www.w3.org\/2000\/svg\">\n                <path d=\"M0 0h11v9H8.7642v2.8481L5.5 9H0z\" fill=\"currentColor\" fill-rule=\"evenodd\" \/>\n              <\/svg>\n              <span class=\"underline underline-offset\">Transcripci\u00f3<\/span>\n            <\/a>\n                            <\/div>\n          <\/div>\n    <div class=\"flex flex-col items-center ml-4 audio-control rtl:ml-0 rtl:mr-4\">\n      <button class=\"flex items-center justify-center w-12 h-12 !p-0 !my-0 rounded-full btn !text-bg\"\n  data-target=\"#audio-ef60c501cd4768403bc7b7aecd7c2540\">\n  <svg width=\"100%\" height=\"100%\" viewBox=\"0 0 36 36\" version=\"1.1\" xmlns=\"http:\/\/www.w3.org\/2000\/svg\" xmlns:xlink=\"http:\/\/www.w3.org\/1999\/xlink\">\n  <path id=\"ytp-12\" d=\"M11,10 L18,13.74 18,22.28 11,26 M18,13.74 L26,18 26,18 18,22.28\" fill=\"currentColor\">\n    <animate id=\"animation\" begin=\"indefinite\" attributeType=\"XML\" attributeName=\"d\" fill=\"freeze\" from=\"M11,10 L17,10 17,26 11,26 M20,10 L26,10 26,26 20,26\" to=\"M11,10 L18,13.74 18,22.28 11,26 M18,13.74 L26,18 26,18 18,22.28\" dur=\"0.1s\" keySplines=\".4 0 1 1\" repeatCount=\"1\" data-play=\"M11,10 L18,13.74 18,22.28 11,26 M18,13.74 L26,18 26,18 18,22.28\" data-pause=\"M11,10 L17,10 17,26 11,26 M20,10 L26,10 26,26 20,26\"><\/animate>\n  <\/path>\n<\/svg>\n<\/button>\n      <div class=\"text-sm total-time\"><\/div>\n    <\/div>\n  <\/div>\n        <div class=\"audio-content\" dir=\"ltr\">\n      <audio id=\"audio-ef60c501cd4768403bc7b7aecd7c2540\" data-label=\"Cam\u00ed cobert i baixada de la muntanya\"\n        data-category=\"08-ORIENTACIO-CAT-COMPARTEIX-LA-TEVA-MIRADA_mezcla2.mp3\" class=\"hidden\" controls\n        src=\"https:\/\/guides.muzee.it\/app\/uploads\/2025\/06\/08-ORIENTACIO-CAT-COMPARTEIX-LA-TEVA-MIRADA_mezcla2.mp3\"><\/audio>\n      <div class=\"mt-2 transition-opacity opacity-0 meta\">\n        <div class=\"flex items-end\" style=\"gap: 16px;\">\n          <div class=\"flex-1\">\n            <progress class=\"w-full border-0 appearance-none\" value=\"0\" max=\"1\"><\/progress>\n            <div class=\"flex justify-between text-sm\">\n              <div class=\"current-time\"><\/div>\n              <div class=\"total-time\"><\/div>\n            <\/div>\n          <\/div>\n                  <\/div>\n      <\/div>\n    <\/div>\n        <div id=\"transcription-ef60c501cd4768403bc7b7aecd7c2540\"\n  class=\"fixed inset-0 z-50 hidden w-screen h-screen opacity-0 pointer-events-none modal transcription\"\n  tabindex=\"-1\" role=\"dialog\">\n  <div class=\"absolute w-full h-full bg-black opacity-75 modal-overlay\"><\/div>\n  <div\n    class=\"absolute z-30 w-11\/12 mx-auto overflow-y-auto text-black bg-white shadow-lg modal-container center-xy md:max-w-4xl\"\n    role=\"document\">\n    <div class=\"flex items-center justify-between px-4 py-4 text-gray-700 border-b md:px-8\">\n      <h2 class=\"!mb-0 font-bold\">Transcripci\u00f3<\/h2>\n      <div class=\"z-50 flex flex-col items-center ml-auto cursor-pointer rtl:ml-0 rtl:mr-auto modal-close\">\n        <svg class=\"w-auto h-6\" width=\"18\" height=\"23\" xmlns=\"http:\/\/www.w3.org\/2000\/svg\">\n  <g stroke=\"currentColor\" fill=\"none\" fill-rule=\"evenodd\" stroke-linecap=\"square\">\n    <path d=\"M.7248.974l16.1076 20.6167M16.655 1.2654L.9097 22.1601\" \/>\n  <\/g>\n<\/svg>        <div class=\"hidden\">Close<\/div>\n      <\/div>\n    <\/div>\n    <div class=\"px-4 py-8 overflow-y-auto max-h-modal md:px-8 modal-content\">\n      <div class=\"mb-6\">\n                      <h3 class=\"text-xl font-bold\">Cam\u00ed cobert i baixada de la muntanya<\/h3>\n                            <\/div>\n            <p>Pots acabar la ruta passejant per tot el cam\u00ed cobert de <strong>Castell<\/strong>, nom\u00e9s cal seguir el cam\u00ed de terra que pots trobar per tot el seu per\u00edmetre. \u00c9s un recorregut circular.<\/p>\n<p>Per baixar de la muntanya amb transport p\u00fablic pots utilitzar l&#8217;autob\u00fas 150, la parada la trobar\u00e0s just baixant les escales abans d\u2019arribar al <strong>Castell<\/strong>. Tamb\u00e9 pots agafar el telef\u00e8ric i gaudir d\u2019una de les millors panor\u00e0miques des del cel de Barcelona.<\/p>\n    <\/div>\n  <\/div>\n<\/div>\n    <\/div>\n\n\n<div class=\"element image-block\">\n      <div class=\"flex mb-4\">\n            <div class=\"flex-1 info\">\n                  <h3 class=\"text-xl font-bold\">Mapa<\/h3>\n                      <\/div>\n    <\/div>\n          <figure class=\"mb-0\">\n      <img loading=\"lazy\" decoding=\"async\" width=\"1800\" height=\"1080\" src=\"https:\/\/guides.muzee.it\/app\/uploads\/2025\/06\/Mapa-8.jpg\" class=\"block mx-auto\" alt=\"\" srcset=\"https:\/\/guides.muzee.it\/app\/uploads\/2025\/06\/Mapa-8.jpg 1800w, https:\/\/guides.muzee.it\/app\/uploads\/2025\/06\/Mapa-8-300x180.jpg 300w, https:\/\/guides.muzee.it\/app\/uploads\/2025\/06\/Mapa-8-1024x614.jpg 1024w, https:\/\/guides.muzee.it\/app\/uploads\/2025\/06\/Mapa-8-768x461.jpg 768w, https:\/\/guides.muzee.it\/app\/uploads\/2025\/06\/Mapa-8-1536x922.jpg 1536w\" sizes=\"auto, (max-width: 1800px) 100vw, 1800px\" \/>\n          <\/figure>\n    \n<\/div>\n\n<\/div>\n    <\/div>\n  <\/div>\n\n\n<div class=\"icon-tab-content overflow-hidden transition-[max-height] duration-300 max-h-0\">\n    <div class=\"pt-6\">\n      <div class=\"acf-innerblocks-container\">\n<div class=\"element audio-block\">\n  <div class=\"flex items-center\">\n            <div class=\"flex-1 info\">\n              <h3 class=\"text-xl font-bold\">Per acabar<\/h3>\n                          <div class=\"flex flex-wrap -mx-2 -mt-2\">\n                      <a href=\"#\" data-target=\"#transcription-79b1133d0ddce65add64de68c4d26232\" data-toggle=\"modal\"\n              class=\"px-2 text-sm border-0 text-accent\">\n              <svg width=\"11\" height=\"12\" class=\"inline-block mr-1 text-accent\"\n                xmlns=\"http:\/\/www.w3.org\/2000\/svg\">\n                <path d=\"M0 0h11v9H8.7642v2.8481L5.5 9H0z\" fill=\"currentColor\" fill-rule=\"evenodd\" \/>\n              <\/svg>\n              <span class=\"underline underline-offset\">Transcripci\u00f3<\/span>\n            <\/a>\n                            <\/div>\n          <\/div>\n    <div class=\"flex flex-col items-center ml-4 audio-control rtl:ml-0 rtl:mr-4\">\n      <button class=\"flex items-center justify-center w-12 h-12 !p-0 !my-0 rounded-full btn !text-bg\"\n  data-target=\"#audio-79b1133d0ddce65add64de68c4d26232\">\n  <svg width=\"100%\" height=\"100%\" viewBox=\"0 0 36 36\" version=\"1.1\" xmlns=\"http:\/\/www.w3.org\/2000\/svg\" xmlns:xlink=\"http:\/\/www.w3.org\/1999\/xlink\">\n  <path id=\"ytp-12\" d=\"M11,10 L18,13.74 18,22.28 11,26 M18,13.74 L26,18 26,18 18,22.28\" fill=\"currentColor\">\n    <animate id=\"animation\" begin=\"indefinite\" attributeType=\"XML\" attributeName=\"d\" fill=\"freeze\" from=\"M11,10 L17,10 17,26 11,26 M20,10 L26,10 26,26 20,26\" to=\"M11,10 L18,13.74 18,22.28 11,26 M18,13.74 L26,18 26,18 18,22.28\" dur=\"0.1s\" keySplines=\".4 0 1 1\" repeatCount=\"1\" data-play=\"M11,10 L18,13.74 18,22.28 11,26 M18,13.74 L26,18 26,18 18,22.28\" data-pause=\"M11,10 L17,10 17,26 11,26 M20,10 L26,10 26,26 20,26\"><\/animate>\n  <\/path>\n<\/svg>\n<\/button>\n      <div class=\"text-sm total-time\"><\/div>\n    <\/div>\n  <\/div>\n        <div class=\"audio-content\" dir=\"ltr\">\n      <audio id=\"audio-79b1133d0ddce65add64de68c4d26232\" data-label=\"Per acabar\"\n        data-category=\"08-SALUT-CAT-FINAL_mezcla2.mp3\" class=\"hidden\" controls\n        src=\"https:\/\/guides.muzee.it\/app\/uploads\/2025\/06\/08-SALUT-CAT-FINAL_mezcla2.mp3\"><\/audio>\n      <div class=\"mt-2 transition-opacity opacity-0 meta\">\n        <div class=\"flex items-end\" style=\"gap: 16px;\">\n          <div class=\"flex-1\">\n            <progress class=\"w-full border-0 appearance-none\" value=\"0\" max=\"1\"><\/progress>\n            <div class=\"flex justify-between text-sm\">\n              <div class=\"current-time\"><\/div>\n              <div class=\"total-time\"><\/div>\n            <\/div>\n          <\/div>\n                  <\/div>\n      <\/div>\n    <\/div>\n        <div id=\"transcription-79b1133d0ddce65add64de68c4d26232\"\n  class=\"fixed inset-0 z-50 hidden w-screen h-screen opacity-0 pointer-events-none modal transcription\"\n  tabindex=\"-1\" role=\"dialog\">\n  <div class=\"absolute w-full h-full bg-black opacity-75 modal-overlay\"><\/div>\n  <div\n    class=\"absolute z-30 w-11\/12 mx-auto overflow-y-auto text-black bg-white shadow-lg modal-container center-xy md:max-w-4xl\"\n    role=\"document\">\n    <div class=\"flex items-center justify-between px-4 py-4 text-gray-700 border-b md:px-8\">\n      <h2 class=\"!mb-0 font-bold\">Transcripci\u00f3<\/h2>\n      <div class=\"z-50 flex flex-col items-center ml-auto cursor-pointer rtl:ml-0 rtl:mr-auto modal-close\">\n        <svg class=\"w-auto h-6\" width=\"18\" height=\"23\" xmlns=\"http:\/\/www.w3.org\/2000\/svg\">\n  <g stroke=\"currentColor\" fill=\"none\" fill-rule=\"evenodd\" stroke-linecap=\"square\">\n    <path d=\"M.7248.974l16.1076 20.6167M16.655 1.2654L.9097 22.1601\" \/>\n  <\/g>\n<\/svg>        <div class=\"hidden\">Close<\/div>\n      <\/div>\n    <\/div>\n    <div class=\"px-4 py-8 overflow-y-auto max-h-modal md:px-8 modal-content\">\n      <div class=\"mb-6\">\n                      <h3 class=\"text-xl font-bold\">Per acabar<\/h3>\n                            <\/div>\n            <p>Quan acabis la visita, vull que busquis un punt on et trobis c\u00f2mode\/a. Pot ser dempeus o assegut\/da. Quan hagis trobat aquest lloc, tanca els ulls. Porta de nou la teva atenci\u00f3 a la respiraci\u00f3 i repetirem l\u2019exercici d\u2019abans, on hem comptat les respiracions. Compta \u201cun\u201d quan inhalis, \u201cdos\u201d quan exhalis, \u201ctres\u201d quan inhalis, \u201cquatre\u201d quan exhalis&#8230; fins a arribar al n\u00famero deu. Quan arribis al deu, torna a comen\u00e7ar amb l\u2019u i fes una altra ronda.<\/p>\n<p>Quan acabis, condueix l\u2019atenci\u00f3 al centre del pit. Visualitza una bola de llum daurada que et neix des del centre del pit i, a poc a poc, es va fent m\u00e9s gran. La llum daurada et cobreix el cos i surt m\u00e9s enll\u00e0 d\u2019aquest. Il\u00b7lumina i cobreix les persones amb qui est\u00e0s, l\u2019espai on ets, <strong>Montju\u00efc<\/strong>, Barcelona, Europa&#8230; fins a il\u00b7luminar el m\u00f3n sencer. Nota com ets dins d\u2019aquesta llum, \u00e9s una llum m\u00e0gica que desf\u00e0 preocupacions i et permet estar en pau. A poc a poc, es va fent m\u00e9s petita i va tornant cap a tu, fins a convertir-se en una llumeta al centre del teu pit que genera gratitud per totes les experi\u00e8ncies que has viscut avui.<\/p>\n<p>Agraeix tot el que ha passat i tamb\u00e9 el que no ha passat. Agraeix al teu cos haver-te portat fins aqu\u00ed i haver-te pogut fer sentir totes les emocions del dia d\u2019avui, tant aquelles que han sigut agradables com les que no tant.<\/p>\n<p>Amb un ampli somriure, obre els ulls i emporta\u2019t aquesta experi\u00e8ncia.<\/p>\n    <\/div>\n  <\/div>\n<\/div>\n    <\/div>\n\n<\/div>\n    <\/div>\n  <\/div>\n\n\n<div class=\"icon-tab-content overflow-hidden transition-[max-height] duration-300 max-h-0\">\n    <div class=\"pt-6\">\n      <div class=\"acf-innerblocks-container\">\n<div class=\"element audio-block\">\n  <div class=\"flex items-center\">\n            <div class=\"flex-1 info\">\n              <h3 class=\"text-xl font-bold\">Crear i compartir!<\/h3>\n                          <div class=\"flex flex-wrap -mx-2 -mt-2\">\n                      <a href=\"#\" data-target=\"#transcription-52c753f5a74ee972bbbff412595a62d5\" data-toggle=\"modal\"\n              class=\"px-2 text-sm border-0 text-accent\">\n              <svg width=\"11\" height=\"12\" class=\"inline-block mr-1 text-accent\"\n                xmlns=\"http:\/\/www.w3.org\/2000\/svg\">\n                <path d=\"M0 0h11v9H8.7642v2.8481L5.5 9H0z\" fill=\"currentColor\" fill-rule=\"evenodd\" \/>\n              <\/svg>\n              <span class=\"underline underline-offset\">Transcripci\u00f3<\/span>\n            <\/a>\n                            <\/div>\n          <\/div>\n    <div class=\"flex flex-col items-center ml-4 audio-control rtl:ml-0 rtl:mr-4\">\n      <button class=\"flex items-center justify-center w-12 h-12 !p-0 !my-0 rounded-full btn !text-bg\"\n  data-target=\"#audio-52c753f5a74ee972bbbff412595a62d5\">\n  <svg width=\"100%\" height=\"100%\" viewBox=\"0 0 36 36\" version=\"1.1\" xmlns=\"http:\/\/www.w3.org\/2000\/svg\" xmlns:xlink=\"http:\/\/www.w3.org\/1999\/xlink\">\n  <path id=\"ytp-12\" d=\"M11,10 L18,13.74 18,22.28 11,26 M18,13.74 L26,18 26,18 18,22.28\" fill=\"currentColor\">\n    <animate id=\"animation\" begin=\"indefinite\" attributeType=\"XML\" attributeName=\"d\" fill=\"freeze\" from=\"M11,10 L17,10 17,26 11,26 M20,10 L26,10 26,26 20,26\" to=\"M11,10 L18,13.74 18,22.28 11,26 M18,13.74 L26,18 26,18 18,22.28\" dur=\"0.1s\" keySplines=\".4 0 1 1\" repeatCount=\"1\" data-play=\"M11,10 L18,13.74 18,22.28 11,26 M18,13.74 L26,18 26,18 18,22.28\" data-pause=\"M11,10 L17,10 17,26 11,26 M20,10 L26,10 26,26 20,26\"><\/animate>\n  <\/path>\n<\/svg>\n<\/button>\n      <div class=\"text-sm total-time\"><\/div>\n    <\/div>\n  <\/div>\n        <div class=\"audio-content\" dir=\"ltr\">\n      <audio id=\"audio-52c753f5a74ee972bbbff412595a62d5\" data-label=\"Crear i compartir!\"\n        data-category=\"07-FOTO-CAT-CLIP-7-A-CREAR-I-COMPARTIR_mezcla2.mp3\" class=\"hidden\" controls\n        src=\"https:\/\/guides.muzee.it\/app\/uploads\/2025\/06\/07-FOTO-CAT-CLIP-7-A-CREAR-I-COMPARTIR_mezcla2.mp3\"><\/audio>\n      <div class=\"mt-2 transition-opacity opacity-0 meta\">\n        <div class=\"flex items-end\" style=\"gap: 16px;\">\n          <div class=\"flex-1\">\n            <progress class=\"w-full border-0 appearance-none\" value=\"0\" max=\"1\"><\/progress>\n            <div class=\"flex justify-between text-sm\">\n              <div class=\"current-time\"><\/div>\n              <div class=\"total-time\"><\/div>\n            <\/div>\n          <\/div>\n                  <\/div>\n      <\/div>\n    <\/div>\n        <div id=\"transcription-52c753f5a74ee972bbbff412595a62d5\"\n  class=\"fixed inset-0 z-50 hidden w-screen h-screen opacity-0 pointer-events-none modal transcription\"\n  tabindex=\"-1\" role=\"dialog\">\n  <div class=\"absolute w-full h-full bg-black opacity-75 modal-overlay\"><\/div>\n  <div\n    class=\"absolute z-30 w-11\/12 mx-auto overflow-y-auto text-black bg-white shadow-lg modal-container center-xy md:max-w-4xl\"\n    role=\"document\">\n    <div class=\"flex items-center justify-between px-4 py-4 text-gray-700 border-b md:px-8\">\n      <h2 class=\"!mb-0 font-bold\">Transcripci\u00f3<\/h2>\n      <div class=\"z-50 flex flex-col items-center ml-auto cursor-pointer rtl:ml-0 rtl:mr-auto modal-close\">\n        <svg class=\"w-auto h-6\" width=\"18\" height=\"23\" xmlns=\"http:\/\/www.w3.org\/2000\/svg\">\n  <g stroke=\"currentColor\" fill=\"none\" fill-rule=\"evenodd\" stroke-linecap=\"square\">\n    <path d=\"M.7248.974l16.1076 20.6167M16.655 1.2654L.9097 22.1601\" \/>\n  <\/g>\n<\/svg>        <div class=\"hidden\">Close<\/div>\n      <\/div>\n    <\/div>\n    <div class=\"px-4 py-8 overflow-y-auto max-h-modal md:px-8 modal-content\">\n      <div class=\"mb-6\">\n                      <h3 class=\"text-xl font-bold\">Crear i compartir!<\/h3>\n                            <\/div>\n            <p>Per acabar, l\u2019\u00faltim suggeriment fotogr\u00e0fic que et fem \u00e9s que continu\u00efs creant i compartint les teves imatges, perqu\u00e8 la fotografia \u00e9s tamb\u00e9 l\u2019art d\u2019explicar hist\u00f2ries!<\/p>\n<p>Fotografiem el m\u00f3n per capturar la bellesa que ens envolta, per atrapar el moment, per recordar moments viscuts, per expressar emocions o per explicar hist\u00f2ries, per compartir-les.<\/p>\n<p>Pots crear una narraci\u00f3 combinant diverses imatges i crear tota una hist\u00f2ria. Les imatges parlen i dialoguen entre elles, i adquireixen m\u00e9s significat o el transformen quan van agrupades. Juga a combinar-les per crear conjunts fotogr\u00e0fics que les duguin m\u00e9s enll\u00e0!<\/p>\n<p>En aquesta ruta has trobat molts racons especials per fer bones fotografies, per\u00f2 tingues present que se\u2019n poden fer en qualsevol lloc! La fotografia t\u00e9 m\u00e9s relaci\u00f3 amb com mires les coses que no pas amb les coses que mires.<\/p>\n<p>Esperem que hagis gaudit fent fotografies durant la ruta. Si vols, les pots compartir a les xarxes socials amb l\u2019etiqueta #LArtDeCaminar.<\/p>\n<p>T&#8217;encoratgem a seguir fent fotografies all\u00e0 on vagis, en qualsevol dels camins que recorris, sempre amb els ulls ben oberts i amb la mirada atenta a cada flor, paisatge, mirada i gest.<\/p>\n    <\/div>\n  <\/div>\n<\/div>\n    <\/div>\n\n\n<div class=\"element image-block\">\n          <figure class=\"mb-0\">\n      <img loading=\"lazy\" decoding=\"async\" width=\"1920\" height=\"1280\" src=\"https:\/\/guides.muzee.it\/app\/uploads\/2025\/06\/1.-SF_Comunitat.jpg\" class=\"block mx-auto\" alt=\"\" srcset=\"https:\/\/guides.muzee.it\/app\/uploads\/2025\/06\/1.-SF_Comunitat.jpg 1920w, https:\/\/guides.muzee.it\/app\/uploads\/2025\/06\/1.-SF_Comunitat-300x200.jpg 300w, https:\/\/guides.muzee.it\/app\/uploads\/2025\/06\/1.-SF_Comunitat-1024x683.jpg 1024w, https:\/\/guides.muzee.it\/app\/uploads\/2025\/06\/1.-SF_Comunitat-768x512.jpg 768w, https:\/\/guides.muzee.it\/app\/uploads\/2025\/06\/1.-SF_Comunitat-1536x1024.jpg 1536w\" sizes=\"auto, (max-width: 1920px) 100vw, 1920px\" \/>\n          <\/figure>\n    \n<\/div>\n\n<\/div>\n    <\/div>\n  <\/div>\n\n\n<div class=\"icon-tab-content overflow-hidden transition-[max-height] duration-300 max-h-0\">\n    <div class=\"pt-6\">\n      <div class=\"acf-innerblocks-container\">\n<div class=\"element gallery-block\">\n          <div class=\"relative overflow-hidden gallery swiper-container\">\n      <div class=\"swiper-wrapper\">\n                  <figure class=\"mb-0 swiper-slide\">\n            <img loading=\"lazy\" decoding=\"async\" width=\"1418\" height=\"1080\" src=\"https:\/\/guides.muzee.it\/app\/uploads\/2025\/06\/Entrada-al-Castell-de-Montjuic.jpg\" class=\"block mx-auto\" alt=\"\" srcset=\"https:\/\/guides.muzee.it\/app\/uploads\/2025\/06\/Entrada-al-Castell-de-Montjuic.jpg 1418w, https:\/\/guides.muzee.it\/app\/uploads\/2025\/06\/Entrada-al-Castell-de-Montjuic-300x228.jpg 300w, https:\/\/guides.muzee.it\/app\/uploads\/2025\/06\/Entrada-al-Castell-de-Montjuic-1024x780.jpg 1024w, https:\/\/guides.muzee.it\/app\/uploads\/2025\/06\/Entrada-al-Castell-de-Montjuic-768x585.jpg 768w\" sizes=\"auto, (max-width: 1418px) 100vw, 1418px\" \/>\n                          <figcaption class=\"mt-2 text-sm\">Adolphe Hedwige Alphonse Delamare. Entrada al Castell de Montju\u00efc. Par\u00eds, 1793-1861. Museu Nacional d&#8217;Art de Catalunya<\/figcaption>\n                      <\/figure>\n                  <figure class=\"mb-0 swiper-slide\">\n            <img loading=\"lazy\" decoding=\"async\" width=\"835\" height=\"1080\" src=\"https:\/\/guides.muzee.it\/app\/uploads\/2025\/06\/Patio-del-Castillo-de-Montjuic_Adolphe-Hedwige-Alphonse-Delamare.jpg-1.webp\" class=\"block mx-auto\" alt=\"\" srcset=\"https:\/\/guides.muzee.it\/app\/uploads\/2025\/06\/Patio-del-Castillo-de-Montjuic_Adolphe-Hedwige-Alphonse-Delamare.jpg-1.webp 835w, https:\/\/guides.muzee.it\/app\/uploads\/2025\/06\/Patio-del-Castillo-de-Montjuic_Adolphe-Hedwige-Alphonse-Delamare.jpg-1-232x300.webp 232w, https:\/\/guides.muzee.it\/app\/uploads\/2025\/06\/Patio-del-Castillo-de-Montjuic_Adolphe-Hedwige-Alphonse-Delamare.jpg-1-792x1024.webp 792w, https:\/\/guides.muzee.it\/app\/uploads\/2025\/06\/Patio-del-Castillo-de-Montjuic_Adolphe-Hedwige-Alphonse-Delamare.jpg-1-768x993.webp 768w\" sizes=\"auto, (max-width: 835px) 100vw, 835px\" \/>\n                          <figcaption class=\"mt-2 text-sm\">Adolphe Hedwige Alphonse. Pati del Castell de Montjuic. Paris, 1793,1861. Museu Nacional d&#8217;Art de Catalunya<\/figcaption>\n                      <\/figure>\n              <\/div>\n      <div class=\"inset-0 swiper-pagination w-fit\"><\/div>\n      <div class=\"swiper-button-prev\"><\/div>\n      <div class=\"swiper-button-next\"><\/div>\n    <\/div>\n  <\/div>\n\n<\/div>\n    <\/div>\n  <\/div>\n\n<\/div>\n    <\/div>\n  <\/div>\n\n<\/div>\n          <\/div>\n      <\/section>\n\n\n<section class=\"section  section-collapsible  mb-8\"\n    id=\"section-69eeffc5955ec\" data-title=\"Comparteix la teva mirada\">\n          <div class=\"sticky z-10 w-full bg-bg  top-16 \">\n              <div role=\"button\" class=\"cursor-pointer\" tabindex=\"0\" data-toggle=\"collapse\"\n        data-target=\"#section-block_2bbea3f702ac22b05c9072a66731fd3d-content\" data-group=\"sections\"\n        aria-controls=\"section-block_2bbea3f702ac22b05c9072a66731fd3d-content\" aria-expanded=\"false\">\n              <h2 class=\"flex items-baseline text-3xl leading-tight font-headings !mb-0 pb-2\">\n                  <i class=\"mr-4 rtl:mr-0 rtl:ml-4 text-accent\">\n            <svg width=\"22\" height=\"21\" viewBox=\"0 0 22 21\" xmlns=\"http:\/\/www.w3.org\/2000\/svg\"><path d=\"M9.6875.5v15.2123l-7.337-6.9876L.5 10.5l10.5 10 10.5-10-1.8504-1.7623-7.3371 6.9746V.5z\" fill=\"currentColor\" fill-rule=\"nonzero\"\/><\/svg>\n          <\/i>\n                Comparteix la teva mirada\n      <\/h2>\n                  <\/div>\n              <\/div>\n              <div id=\"section-block_2bbea3f702ac22b05c9072a66731fd3d-content\"\n        class=\"overflow-hidden transition-[max-height] duration-300 max-h-0 collapse-flexible\">\n        \n    <div class=\"acf-innerblocks-container\">\n<div class=\"element audio-block\">\n  <div class=\"flex items-center\">\n            <div class=\"flex-1 info\">\n              <h3 class=\"text-xl font-bold\">Comiat<\/h3>\n                          <div class=\"flex flex-wrap -mx-2 -mt-2\">\n                      <a href=\"#\" data-target=\"#transcription-f1c383f5fb18ef89b5cef0573432700a\" data-toggle=\"modal\"\n              class=\"px-2 text-sm border-0 text-accent\">\n              <svg width=\"11\" height=\"12\" class=\"inline-block mr-1 text-accent\"\n                xmlns=\"http:\/\/www.w3.org\/2000\/svg\">\n                <path d=\"M0 0h11v9H8.7642v2.8481L5.5 9H0z\" fill=\"currentColor\" fill-rule=\"evenodd\" \/>\n              <\/svg>\n              <span class=\"underline underline-offset\">Transcripci\u00f3<\/span>\n            <\/a>\n                            <\/div>\n          <\/div>\n    <div class=\"flex flex-col items-center ml-4 audio-control rtl:ml-0 rtl:mr-4\">\n      <button class=\"flex items-center justify-center w-12 h-12 !p-0 !my-0 rounded-full btn !text-bg\"\n  data-target=\"#audio-f1c383f5fb18ef89b5cef0573432700a\">\n  <svg width=\"100%\" height=\"100%\" viewBox=\"0 0 36 36\" version=\"1.1\" xmlns=\"http:\/\/www.w3.org\/2000\/svg\" xmlns:xlink=\"http:\/\/www.w3.org\/1999\/xlink\">\n  <path id=\"ytp-12\" d=\"M11,10 L18,13.74 18,22.28 11,26 M18,13.74 L26,18 26,18 18,22.28\" fill=\"currentColor\">\n    <animate id=\"animation\" begin=\"indefinite\" attributeType=\"XML\" attributeName=\"d\" fill=\"freeze\" from=\"M11,10 L17,10 17,26 11,26 M20,10 L26,10 26,26 20,26\" to=\"M11,10 L18,13.74 18,22.28 11,26 M18,13.74 L26,18 26,18 18,22.28\" dur=\"0.1s\" keySplines=\".4 0 1 1\" repeatCount=\"1\" data-play=\"M11,10 L18,13.74 18,22.28 11,26 M18,13.74 L26,18 26,18 18,22.28\" data-pause=\"M11,10 L17,10 17,26 11,26 M20,10 L26,10 26,26 20,26\"><\/animate>\n  <\/path>\n<\/svg>\n<\/button>\n      <div class=\"text-sm total-time\"><\/div>\n    <\/div>\n  <\/div>\n        <div class=\"audio-content\" dir=\"ltr\">\n      <audio id=\"audio-f1c383f5fb18ef89b5cef0573432700a\" data-label=\"Comiat\"\n        data-category=\"10-Silvia-Bel-CAT-COMPARTEIX-LA-TEVA-MIRADA-AUDIO-10_mezcla2.mp3\" class=\"hidden\" controls\n        src=\"https:\/\/guides.muzee.it\/app\/uploads\/2025\/06\/10-Silvia-Bel-CAT-COMPARTEIX-LA-TEVA-MIRADA-AUDIO-10_mezcla2.mp3\"><\/audio>\n      <div class=\"mt-2 transition-opacity opacity-0 meta\">\n        <div class=\"flex items-end\" style=\"gap: 16px;\">\n          <div class=\"flex-1\">\n            <progress class=\"w-full border-0 appearance-none\" value=\"0\" max=\"1\"><\/progress>\n            <div class=\"flex justify-between text-sm\">\n              <div class=\"current-time\"><\/div>\n              <div class=\"total-time\"><\/div>\n            <\/div>\n          <\/div>\n                  <\/div>\n      <\/div>\n    <\/div>\n        <div id=\"transcription-f1c383f5fb18ef89b5cef0573432700a\"\n  class=\"fixed inset-0 z-50 hidden w-screen h-screen opacity-0 pointer-events-none modal transcription\"\n  tabindex=\"-1\" role=\"dialog\">\n  <div class=\"absolute w-full h-full bg-black opacity-75 modal-overlay\"><\/div>\n  <div\n    class=\"absolute z-30 w-11\/12 mx-auto overflow-y-auto text-black bg-white shadow-lg modal-container center-xy md:max-w-4xl\"\n    role=\"document\">\n    <div class=\"flex items-center justify-between px-4 py-4 text-gray-700 border-b md:px-8\">\n      <h2 class=\"!mb-0 font-bold\">Transcripci\u00f3<\/h2>\n      <div class=\"z-50 flex flex-col items-center ml-auto cursor-pointer rtl:ml-0 rtl:mr-auto modal-close\">\n        <svg class=\"w-auto h-6\" width=\"18\" height=\"23\" xmlns=\"http:\/\/www.w3.org\/2000\/svg\">\n  <g stroke=\"currentColor\" fill=\"none\" fill-rule=\"evenodd\" stroke-linecap=\"square\">\n    <path d=\"M.7248.974l16.1076 20.6167M16.655 1.2654L.9097 22.1601\" \/>\n  <\/g>\n<\/svg>        <div class=\"hidden\">Close<\/div>\n      <\/div>\n    <\/div>\n    <div class=\"px-4 py-8 overflow-y-auto max-h-modal md:px-8 modal-content\">\n      <div class=\"mb-6\">\n                      <h3 class=\"text-xl font-bold\">Comiat<\/h3>\n                            <\/div>\n            <p>Esperem que hagis gaudit de la ruta i del temps que t\u2019has regalat.<\/p>\n<p>Torna-hi quan vulguis, sempre que ho necessitis. Caminar ajuda a mantenir un bon estat de salut, i el parc de <strong>Montju\u00efc<\/strong> \u00e9s un lloc fant\u00e0stic per passejar: una muntanya plena de jardins i d\u2019art.<\/p>\n<p>De les sensacions d\u2019avui en pots escriure unes ratlles, fer-ne un dibuix o emmarcar algunes de les fotografies que has fet, que tamb\u00e9 pots compartir amb la comunitat a trav\u00e9s de les xarxes socials amb l\u2019etiqueta #LArtDeCaminar. De segur que la ruta t\u2019ha inspirat per crear, pensar o imaginar.<\/p>\n<p><em>L\u2019art de caminar<\/em>\u00a0\u00e9s precisament aix\u00f2: saber gaudir del moment present all\u00e0 on et portin les passes, sigui on sigui; observar amb atenci\u00f3 plena el m\u00f3n que t\u2019envolta i formar-ne part. I fer de l\u2019art un company de viatge incre\u00efble pels diversos camins de la vida.<\/p>\n<p>I recorda que, reivindicant el poeta<strong> Antonio Machado<\/strong>, en el fons no hi ha camins, sin\u00f3 que es fa cam\u00ed tot caminant.<\/p>\n    <\/div>\n  <\/div>\n<\/div>\n    <\/div>\n\n<\/div>\n          <\/div>\n      <\/section>\n\n\n<section class=\"section  section-collapsible  mb-8\"\n    id=\"section-69eeffc5965f1\" data-title=\"Assaborint l'experi\u00e8ncia. Despr\u00e9s de la ruta\">\n          <div class=\"sticky z-10 w-full bg-bg  top-16 \">\n              <div role=\"button\" class=\"cursor-pointer\" tabindex=\"0\" data-toggle=\"collapse\"\n        data-target=\"#section-block_bfc79a66db6d84bdf114c2e4907690e3-content\" data-group=\"sections\"\n        aria-controls=\"section-block_bfc79a66db6d84bdf114c2e4907690e3-content\" aria-expanded=\"false\">\n              <h2 class=\"flex items-baseline text-3xl leading-tight font-headings !mb-0 pb-2\">\n                  <i class=\"mr-4 rtl:mr-0 rtl:ml-4 text-accent\">\n            <svg width=\"22\" height=\"21\" viewBox=\"0 0 22 21\" xmlns=\"http:\/\/www.w3.org\/2000\/svg\"><path d=\"M9.6875.5v15.2123l-7.337-6.9876L.5 10.5l10.5 10 10.5-10-1.8504-1.7623-7.3371 6.9746V.5z\" fill=\"currentColor\" fill-rule=\"nonzero\"\/><\/svg>\n          <\/i>\n                <span>Assaborint l&#8217;experi\u00e8ncia. <br><small><em>Despr\u00e9s de la ruta<\/em><\/small><\/span>\n      <\/h2>\n                  <\/div>\n              <\/div>\n              <div id=\"section-block_bfc79a66db6d84bdf114c2e4907690e3-content\"\n        class=\"overflow-hidden transition-[max-height] duration-300 max-h-0 collapse-flexible\">\n        \n    <div class=\"acf-innerblocks-container\">\n<div class=\"element audio-block\">\n  <div class=\"flex items-center\">\n            <div class=\"flex-1 info\">\n              <h3 class=\"text-xl font-bold\">Sobre el MNAC<\/h3>\n                          <div class=\"flex flex-wrap -mx-2 -mt-2\">\n                      <a href=\"#\" data-target=\"#transcription-c667eb79780a0c0f29676cb1bf74f01e\" data-toggle=\"modal\"\n              class=\"px-2 text-sm border-0 text-accent\">\n              <svg width=\"11\" height=\"12\" class=\"inline-block mr-1 text-accent\"\n                xmlns=\"http:\/\/www.w3.org\/2000\/svg\">\n                <path d=\"M0 0h11v9H8.7642v2.8481L5.5 9H0z\" fill=\"currentColor\" fill-rule=\"evenodd\" \/>\n              <\/svg>\n              <span class=\"underline underline-offset\">Transcripci\u00f3<\/span>\n            <\/a>\n                            <\/div>\n          <\/div>\n    <div class=\"flex flex-col items-center ml-4 audio-control rtl:ml-0 rtl:mr-4\">\n      <button class=\"flex items-center justify-center w-12 h-12 !p-0 !my-0 rounded-full btn !text-bg\"\n  data-target=\"#audio-c667eb79780a0c0f29676cb1bf74f01e\">\n  <svg width=\"100%\" height=\"100%\" viewBox=\"0 0 36 36\" version=\"1.1\" xmlns=\"http:\/\/www.w3.org\/2000\/svg\" xmlns:xlink=\"http:\/\/www.w3.org\/1999\/xlink\">\n  <path id=\"ytp-12\" d=\"M11,10 L18,13.74 18,22.28 11,26 M18,13.74 L26,18 26,18 18,22.28\" fill=\"currentColor\">\n    <animate id=\"animation\" begin=\"indefinite\" attributeType=\"XML\" attributeName=\"d\" fill=\"freeze\" from=\"M11,10 L17,10 17,26 11,26 M20,10 L26,10 26,26 20,26\" to=\"M11,10 L18,13.74 18,22.28 11,26 M18,13.74 L26,18 26,18 18,22.28\" dur=\"0.1s\" keySplines=\".4 0 1 1\" repeatCount=\"1\" data-play=\"M11,10 L18,13.74 18,22.28 11,26 M18,13.74 L26,18 26,18 18,22.28\" data-pause=\"M11,10 L17,10 17,26 11,26 M20,10 L26,10 26,26 20,26\"><\/animate>\n  <\/path>\n<\/svg>\n<\/button>\n      <div class=\"text-sm total-time\"><\/div>\n    <\/div>\n  <\/div>\n        <div class=\"audio-content\" dir=\"ltr\">\n      <audio id=\"audio-c667eb79780a0c0f29676cb1bf74f01e\" data-label=\"Sobre el MNAC\"\n        data-category=\"09-ORIENTACIO-CAT-SOBRE-EL-MNAC_mezcla2.mp3\" class=\"hidden\" controls\n        src=\"https:\/\/guides.muzee.it\/app\/uploads\/2025\/06\/09-ORIENTACIO-CAT-SOBRE-EL-MNAC_mezcla2.mp3\"><\/audio>\n      <div class=\"mt-2 transition-opacity opacity-0 meta\">\n        <div class=\"flex items-end\" style=\"gap: 16px;\">\n          <div class=\"flex-1\">\n            <progress class=\"w-full border-0 appearance-none\" value=\"0\" max=\"1\"><\/progress>\n            <div class=\"flex justify-between text-sm\">\n              <div class=\"current-time\"><\/div>\n              <div class=\"total-time\"><\/div>\n            <\/div>\n          <\/div>\n                  <\/div>\n      <\/div>\n    <\/div>\n        <div id=\"transcription-c667eb79780a0c0f29676cb1bf74f01e\"\n  class=\"fixed inset-0 z-50 hidden w-screen h-screen opacity-0 pointer-events-none modal transcription\"\n  tabindex=\"-1\" role=\"dialog\">\n  <div class=\"absolute w-full h-full bg-black opacity-75 modal-overlay\"><\/div>\n  <div\n    class=\"absolute z-30 w-11\/12 mx-auto overflow-y-auto text-black bg-white shadow-lg modal-container center-xy md:max-w-4xl\"\n    role=\"document\">\n    <div class=\"flex items-center justify-between px-4 py-4 text-gray-700 border-b md:px-8\">\n      <h2 class=\"!mb-0 font-bold\">Transcripci\u00f3<\/h2>\n      <div class=\"z-50 flex flex-col items-center ml-auto cursor-pointer rtl:ml-0 rtl:mr-auto modal-close\">\n        <svg class=\"w-auto h-6\" width=\"18\" height=\"23\" xmlns=\"http:\/\/www.w3.org\/2000\/svg\">\n  <g stroke=\"currentColor\" fill=\"none\" fill-rule=\"evenodd\" stroke-linecap=\"square\">\n    <path d=\"M.7248.974l16.1076 20.6167M16.655 1.2654L.9097 22.1601\" \/>\n  <\/g>\n<\/svg>        <div class=\"hidden\">Close<\/div>\n      <\/div>\n    <\/div>\n    <div class=\"px-4 py-8 overflow-y-auto max-h-modal md:px-8 modal-content\">\n      <div class=\"mb-6\">\n                      <h3 class=\"text-xl font-bold\">Sobre el MNAC<\/h3>\n                            <\/div>\n            <p>Al <strong>Museu Nacional d&#8217;Art de Catalunya<\/strong> hi trobar\u00e0s m\u00e9s de mil anys d\u2019art, des del Rom\u00e0nic fins als nostres dies i podr\u00e0s veure la millor col\u00b7lecci\u00f3 de pintura mural rom\u00e0nica del m\u00f3n i els artistes m\u00e9s representatius del modernisme catal\u00e0, com ara <strong>Gaud\u00ed<\/strong> o <strong>Casas<\/strong>. Completen el fons l\u2019art g\u00f2tic, grans pintors europeus del Renaixement i del Barroc (com <strong>Tici\u00e0<\/strong>, <strong>Vel\u00e1zquez<\/strong> o <strong>Canaletto<\/strong>), i unes espectaculars galeries centrades en la <strong>Guerra Civil<\/strong>, aix\u00ed com una ampl\u00edssima col\u00b7lecci\u00f3 de fotografia.<\/p>\n<p>El <strong>MNAC<\/strong> organitza diverses exposicions temporals de primer nivell al llarg de tot l&#8217;any, aix\u00ed com una programaci\u00f3 d&#8217;activitats espec\u00edfica pels caps de setmana que et convidem a descobrir.<\/p>\n    <\/div>\n  <\/div>\n<\/div>\n    <\/div>\n\n<\/div>\n          <\/div>\n      <\/section>\n","protected":false},"author":7,"featured_media":9907,"parent":0,"template":"","class_list":["post-6611","guide","type-guide","status-publish","has-post-thumbnail","hentry"],"acf":[],"yoast_head":"<!-- This site is optimized with the Yoast SEO plugin v27.3 - https:\/\/yoast.com\/product\/yoast-seo-wordpress\/ -->\n<title>L&#039;art de caminar - Muzee<\/title>\n<meta name=\"robots\" content=\"noindex, follow, max-snippet:-1, max-image-preview:large, max-video-preview:-1\" \/>\n<meta property=\"og:locale\" content=\"ca_ES\" \/>\n<meta property=\"og:type\" content=\"article\" \/>\n<meta property=\"og:title\" content=\"L&#039;art de caminar - Muzee\" \/>\n<meta property=\"og:url\" content=\"https:\/\/guides.muzee.it\/ca\/mnac\/guide\/lart-de-caminar\/\" \/>\n<meta property=\"og:site_name\" content=\"Muzee\" \/>\n<meta property=\"article:modified_time\" content=\"2026-01-16T12:25:49+00:00\" \/>\n<meta property=\"og:image\" content=\"https:\/\/guides.muzee.it\/app\/uploads\/2025\/06\/Header_WEbAPP_ArtdeCaminar.jpg\" \/>\n\t<meta property=\"og:image:width\" content=\"635\" \/>\n\t<meta property=\"og:image:height\" content=\"638\" \/>\n\t<meta property=\"og:image:type\" content=\"image\/jpeg\" \/>\n<meta name=\"twitter:card\" content=\"summary_large_image\" \/>\n<meta name=\"twitter:label1\" content=\"Est. reading time\" \/>\n\t<meta name=\"twitter:data1\" content=\"3 minutes\" \/>\n<script type=\"application\/ld+json\" class=\"yoast-schema-graph\">{\"@context\":\"https:\\\/\\\/schema.org\",\"@graph\":[{\"@type\":\"WebPage\",\"@id\":\"https:\\\/\\\/guides.muzee.it\\\/ca\\\/mnac\\\/guide\\\/lart-de-caminar\\\/\",\"url\":\"https:\\\/\\\/guides.muzee.it\\\/ca\\\/mnac\\\/guide\\\/lart-de-caminar\\\/\",\"name\":\"L'art de caminar - Muzee\",\"isPartOf\":{\"@id\":\"https:\\\/\\\/guides.muzee.it\\\/en\\\/#website\"},\"primaryImageOfPage\":{\"@id\":\"https:\\\/\\\/guides.muzee.it\\\/ca\\\/mnac\\\/guide\\\/lart-de-caminar\\\/#primaryimage\"},\"image\":{\"@id\":\"https:\\\/\\\/guides.muzee.it\\\/ca\\\/mnac\\\/guide\\\/lart-de-caminar\\\/#primaryimage\"},\"thumbnailUrl\":\"https:\\\/\\\/guides.muzee.it\\\/app\\\/uploads\\\/2025\\\/06\\\/Header_WEbAPP_ArtdeCaminar.jpg\",\"datePublished\":\"2025-06-11T15:49:48+00:00\",\"dateModified\":\"2026-01-16T12:25:49+00:00\",\"breadcrumb\":{\"@id\":\"https:\\\/\\\/guides.muzee.it\\\/ca\\\/mnac\\\/guide\\\/lart-de-caminar\\\/#breadcrumb\"},\"inLanguage\":\"ca\",\"potentialAction\":[{\"@type\":\"ReadAction\",\"target\":[\"https:\\\/\\\/guides.muzee.it\\\/ca\\\/mnac\\\/guide\\\/lart-de-caminar\\\/\"]}]},{\"@type\":\"ImageObject\",\"inLanguage\":\"ca\",\"@id\":\"https:\\\/\\\/guides.muzee.it\\\/ca\\\/mnac\\\/guide\\\/lart-de-caminar\\\/#primaryimage\",\"url\":\"https:\\\/\\\/guides.muzee.it\\\/app\\\/uploads\\\/2025\\\/06\\\/Header_WEbAPP_ArtdeCaminar.jpg\",\"contentUrl\":\"https:\\\/\\\/guides.muzee.it\\\/app\\\/uploads\\\/2025\\\/06\\\/Header_WEbAPP_ArtdeCaminar.jpg\",\"width\":635,\"height\":638},{\"@type\":\"BreadcrumbList\",\"@id\":\"https:\\\/\\\/guides.muzee.it\\\/ca\\\/mnac\\\/guide\\\/lart-de-caminar\\\/#breadcrumb\",\"itemListElement\":[{\"@type\":\"ListItem\",\"position\":1,\"name\":\"Home\",\"item\":\"https:\\\/\\\/guides.muzee.it\\\/en\\\/\"},{\"@type\":\"ListItem\",\"position\":2,\"name\":\"L&#8217;art de caminar\"}]},{\"@type\":\"WebSite\",\"@id\":\"https:\\\/\\\/guides.muzee.it\\\/en\\\/#website\",\"url\":\"https:\\\/\\\/guides.muzee.it\\\/en\\\/\",\"name\":\"Muzee\",\"description\":\"\",\"potentialAction\":[{\"@type\":\"SearchAction\",\"target\":{\"@type\":\"EntryPoint\",\"urlTemplate\":\"https:\\\/\\\/guides.muzee.it\\\/en\\\/?s={search_term_string}\"},\"query-input\":{\"@type\":\"PropertyValueSpecification\",\"valueRequired\":true,\"valueName\":\"search_term_string\"}}],\"inLanguage\":\"ca\"}]}<\/script>\n<!-- \/ Yoast SEO plugin. -->","yoast_head_json":{"title":"L'art de caminar - Muzee","robots":{"index":"noindex","follow":"follow","max-snippet":"max-snippet:-1","max-image-preview":"max-image-preview:large","max-video-preview":"max-video-preview:-1"},"og_locale":"ca_ES","og_type":"article","og_title":"L'art de caminar - Muzee","og_url":"https:\/\/guides.muzee.it\/ca\/mnac\/guide\/lart-de-caminar\/","og_site_name":"Muzee","article_modified_time":"2026-01-16T12:25:49+00:00","og_image":[{"width":635,"height":638,"url":"https:\/\/guides.muzee.it\/app\/uploads\/2025\/06\/Header_WEbAPP_ArtdeCaminar.jpg","type":"image\/jpeg"}],"twitter_card":"summary_large_image","twitter_misc":{"Est. reading time":"3 minutes"},"schema":{"@context":"https:\/\/schema.org","@graph":[{"@type":"WebPage","@id":"https:\/\/guides.muzee.it\/ca\/mnac\/guide\/lart-de-caminar\/","url":"https:\/\/guides.muzee.it\/ca\/mnac\/guide\/lart-de-caminar\/","name":"L'art de caminar - Muzee","isPartOf":{"@id":"https:\/\/guides.muzee.it\/en\/#website"},"primaryImageOfPage":{"@id":"https:\/\/guides.muzee.it\/ca\/mnac\/guide\/lart-de-caminar\/#primaryimage"},"image":{"@id":"https:\/\/guides.muzee.it\/ca\/mnac\/guide\/lart-de-caminar\/#primaryimage"},"thumbnailUrl":"https:\/\/guides.muzee.it\/app\/uploads\/2025\/06\/Header_WEbAPP_ArtdeCaminar.jpg","datePublished":"2025-06-11T15:49:48+00:00","dateModified":"2026-01-16T12:25:49+00:00","breadcrumb":{"@id":"https:\/\/guides.muzee.it\/ca\/mnac\/guide\/lart-de-caminar\/#breadcrumb"},"inLanguage":"ca","potentialAction":[{"@type":"ReadAction","target":["https:\/\/guides.muzee.it\/ca\/mnac\/guide\/lart-de-caminar\/"]}]},{"@type":"ImageObject","inLanguage":"ca","@id":"https:\/\/guides.muzee.it\/ca\/mnac\/guide\/lart-de-caminar\/#primaryimage","url":"https:\/\/guides.muzee.it\/app\/uploads\/2025\/06\/Header_WEbAPP_ArtdeCaminar.jpg","contentUrl":"https:\/\/guides.muzee.it\/app\/uploads\/2025\/06\/Header_WEbAPP_ArtdeCaminar.jpg","width":635,"height":638},{"@type":"BreadcrumbList","@id":"https:\/\/guides.muzee.it\/ca\/mnac\/guide\/lart-de-caminar\/#breadcrumb","itemListElement":[{"@type":"ListItem","position":1,"name":"Home","item":"https:\/\/guides.muzee.it\/en\/"},{"@type":"ListItem","position":2,"name":"L&#8217;art de caminar"}]},{"@type":"WebSite","@id":"https:\/\/guides.muzee.it\/en\/#website","url":"https:\/\/guides.muzee.it\/en\/","name":"Muzee","description":"","potentialAction":[{"@type":"SearchAction","target":{"@type":"EntryPoint","urlTemplate":"https:\/\/guides.muzee.it\/en\/?s={search_term_string}"},"query-input":{"@type":"PropertyValueSpecification","valueRequired":true,"valueName":"search_term_string"}}],"inLanguage":"ca"}]}},"_links":{"self":[{"href":"https:\/\/guides.muzee.it\/ca\/wp-json\/wp\/v2\/guide\/6611","targetHints":{"allow":["GET"]}}],"collection":[{"href":"https:\/\/guides.muzee.it\/ca\/wp-json\/wp\/v2\/guide"}],"about":[{"href":"https:\/\/guides.muzee.it\/ca\/wp-json\/wp\/v2\/types\/guide"}],"author":[{"embeddable":true,"href":"https:\/\/guides.muzee.it\/ca\/wp-json\/wp\/v2\/users\/7"}],"wp:featuredmedia":[{"embeddable":true,"href":"https:\/\/guides.muzee.it\/ca\/wp-json\/wp\/v2\/media\/9907"}],"wp:attachment":[{"href":"https:\/\/guides.muzee.it\/ca\/wp-json\/wp\/v2\/media?parent=6611"}],"curies":[{"name":"wp","href":"https:\/\/api.w.org\/{rel}","templated":true}]}}