{"id":7075,"date":"2025-06-17T13:54:59","date_gmt":"2025-06-17T13:54:59","guid":{"rendered":"https:\/\/guides.muzee.it\/vallirana\/guide\/sant-silvestre-chapel\/"},"modified":"2025-11-11T08:10:04","modified_gmt":"2025-11-11T08:10:04","slug":"sant-silvestre-chapel","status":"publish","type":"guide","link":"https:\/\/guides.muzee.it\/ca\/vallirana\/guide\/sant-silvestre-chapel\/","title":{"rendered":"La Capella de Sant Silvestre"},"content":{"rendered":"<section class=\"section  section-collapsible  mb-8\"\n    id=\"section-69f399695c38e\" data-title=\"La capella\">\n              <div role=\"button\" class=\"cursor-pointer\" tabindex=\"0\" data-toggle=\"collapse\"\n        data-target=\"#section-block_238d2d8f5e95e206e15f00d8de75557f-content\" data-group=\"sections\"\n        aria-controls=\"section-block_238d2d8f5e95e206e15f00d8de75557f-content\" aria-expanded=\"false\">\n              <h2 class=\"flex items-baseline text-3xl leading-tight font-headings !mb-0 pb-2\">\n                  <i class=\"mr-4 rtl:mr-0 rtl:ml-4 text-accent\">\n            <svg width=\"22\" height=\"21\" viewBox=\"0 0 22 21\" xmlns=\"http:\/\/www.w3.org\/2000\/svg\"><path d=\"M9.6875.5v15.2123l-7.337-6.9876L.5 10.5l10.5 10 10.5-10-1.8504-1.7623-7.3371 6.9746V.5z\" fill=\"currentColor\" fill-rule=\"nonzero\"\/><\/svg>\n          <\/i>\n                La capella\n      <\/h2>\n              <img loading=\"lazy\" decoding=\"async\" width=\"1440\" height=\"1080\" src=\"https:\/\/guides.muzee.it\/app\/uploads\/2025\/06\/IMG_3933.jpg\" class=\"attachment-full size-full\" alt=\"\" srcset=\"https:\/\/guides.muzee.it\/app\/uploads\/2025\/06\/IMG_3933.jpg 1440w, https:\/\/guides.muzee.it\/app\/uploads\/2025\/06\/IMG_3933-300x225.jpg 300w, https:\/\/guides.muzee.it\/app\/uploads\/2025\/06\/IMG_3933-1024x768.jpg 1024w, https:\/\/guides.muzee.it\/app\/uploads\/2025\/06\/IMG_3933-768x576.jpg 768w\" sizes=\"auto, (max-width: 1440px) 100vw, 1440px\" \/>\n              <\/div>\n                  <div id=\"section-block_238d2d8f5e95e206e15f00d8de75557f-content\"\n        class=\"overflow-hidden transition-[max-height] duration-300 max-h-0 collapse-flexible\">\n        \n    <div class=\"acf-innerblocks-container\">\n<div class=\"element audio-block\">\n  <div class=\"flex items-center\">\n            <div class=\"flex-1 info\">\n              <h3 class=\"text-xl font-bold\">Introducci\u00f3<\/h3>\n                          <div class=\"flex flex-wrap -mx-2 -mt-2\">\n                      <a href=\"#\" data-target=\"#transcription-cce791a25cdedb5897aa1ebd6a3fd448\" data-toggle=\"modal\"\n              class=\"px-2 text-sm border-0 text-accent\">\n              <svg width=\"11\" height=\"12\" class=\"inline-block mr-1 text-accent\"\n                xmlns=\"http:\/\/www.w3.org\/2000\/svg\">\n                <path d=\"M0 0h11v9H8.7642v2.8481L5.5 9H0z\" fill=\"currentColor\" fill-rule=\"evenodd\" \/>\n              <\/svg>\n              <span class=\"underline underline-offset\">Transcripci\u00f3<\/span>\n            <\/a>\n                            <\/div>\n          <\/div>\n    <div class=\"flex flex-col items-center ml-4 audio-control rtl:ml-0 rtl:mr-4\">\n      <button class=\"flex items-center justify-center w-12 h-12 !p-0 !my-0 rounded-full btn !text-bg\"\n  data-target=\"#audio-cce791a25cdedb5897aa1ebd6a3fd448\">\n  <svg width=\"100%\" height=\"100%\" viewBox=\"0 0 36 36\" version=\"1.1\" xmlns=\"http:\/\/www.w3.org\/2000\/svg\" xmlns:xlink=\"http:\/\/www.w3.org\/1999\/xlink\">\n  <path id=\"ytp-12\" d=\"M11,10 L18,13.74 18,22.28 11,26 M18,13.74 L26,18 26,18 18,22.28\" fill=\"currentColor\">\n    <animate id=\"animation\" begin=\"indefinite\" attributeType=\"XML\" attributeName=\"d\" fill=\"freeze\" from=\"M11,10 L17,10 17,26 11,26 M20,10 L26,10 26,26 20,26\" to=\"M11,10 L18,13.74 18,22.28 11,26 M18,13.74 L26,18 26,18 18,22.28\" dur=\"0.1s\" keySplines=\".4 0 1 1\" repeatCount=\"1\" data-play=\"M11,10 L18,13.74 18,22.28 11,26 M18,13.74 L26,18 26,18 18,22.28\" data-pause=\"M11,10 L17,10 17,26 11,26 M20,10 L26,10 26,26 20,26\"><\/animate>\n  <\/path>\n<\/svg>\n<\/button>\n      <div class=\"text-sm total-time\"><\/div>\n    <\/div>\n  <\/div>\n        <div class=\"audio-content\" dir=\"ltr\">\n      <audio id=\"audio-cce791a25cdedb5897aa1ebd6a3fd448\" data-label=\"Introducci\u00f3\"\n        data-category=\"ST-SIL-LOC-1-CAT.wav\" class=\"hidden\" controls\n        src=\"https:\/\/guides.muzee.it\/app\/uploads\/2025\/06\/ST-SIL-LOC-1-CAT.wav\"><\/audio>\n      <div class=\"mt-2 transition-opacity opacity-0 meta\">\n        <div class=\"flex items-end\" style=\"gap: 16px;\">\n          <div class=\"flex-1\">\n            <progress class=\"w-full border-0 appearance-none\" value=\"0\" max=\"1\"><\/progress>\n            <div class=\"flex justify-between text-sm\">\n              <div class=\"current-time\"><\/div>\n              <div class=\"total-time\"><\/div>\n            <\/div>\n          <\/div>\n                  <\/div>\n      <\/div>\n    <\/div>\n        <div id=\"transcription-cce791a25cdedb5897aa1ebd6a3fd448\"\n  class=\"fixed inset-0 z-50 hidden w-screen h-screen opacity-0 pointer-events-none modal transcription\"\n  tabindex=\"-1\" role=\"dialog\">\n  <div class=\"absolute w-full h-full bg-black opacity-75 modal-overlay\"><\/div>\n  <div\n    class=\"absolute z-30 w-11\/12 mx-auto overflow-y-auto text-black bg-white shadow-lg modal-container center-xy md:max-w-4xl\"\n    role=\"document\">\n    <div class=\"flex items-center justify-between px-4 py-4 text-gray-700 border-b md:px-8\">\n      <h2 class=\"!mb-0 font-bold\">Transcripci\u00f3<\/h2>\n      <div class=\"z-50 flex flex-col items-center ml-auto cursor-pointer rtl:ml-0 rtl:mr-auto modal-close\">\n        <svg class=\"w-auto h-6\" width=\"18\" height=\"23\" xmlns=\"http:\/\/www.w3.org\/2000\/svg\">\n  <g stroke=\"currentColor\" fill=\"none\" fill-rule=\"evenodd\" stroke-linecap=\"square\">\n    <path d=\"M.7248.974l16.1076 20.6167M16.655 1.2654L.9097 22.1601\" \/>\n  <\/g>\n<\/svg>        <div class=\"hidden\">Close<\/div>\n      <\/div>\n    <\/div>\n    <div class=\"px-4 py-8 overflow-y-auto max-h-modal md:px-8 modal-content\">\n      <div class=\"mb-6\">\n                      <h3 class=\"text-xl font-bold\">Introducci\u00f3<\/h3>\n                            <\/div>\n            <p>Esteu davant la capella de Sant Silvestre situada a la Vall d\u2019Ar\u00fas al terme municipal de Vallirana. La Vall d&#8217;Ar\u00fas \u00e9s una de les \u00e0rees naturals m\u00e9s impressionants de Vallirana que est\u00e0 inclosa dins de l&#8217;Espai Natural Protegit de les Muntanyes de l&#8217;Ordal. L\u2019espai va ser declarat com a Zona d\u2019Especial Protecci\u00f3 per a les aus l\u2019any 2005 i posteriorment va ser ampliat passant a formar part de la xarxa europea d\u2019espais naturals protegits (Natura 2000).<\/p>\n<p>La zona \u00e9s travessada pel sender PR-C 163 homologat per la Federaci\u00f3 d\u2019Entitats Excursionistes de Catalunya i que est\u00e0 incl\u00f2s dins la xarxa de senders del Baix Llobregat.<br \/>\nLa vegetaci\u00f3 est\u00e0 representada per boscos de pi blanc i car\u00e7os, i est\u00e0 regada pel torrent de Campderr\u00f3s, pel del Salt del Bou i pels fondos de la Guixera i de la Vall d&#8217;Ar\u00fas. La vall est\u00e0 caracteritzada per les construccions de pedra seca i els forns de cal\u00e7, aix\u00ed com per la pres\u00e8ncia de la masia de can Boguny\u00e0 (una de les m\u00e9s antigues del municipi).<\/p>\n    <\/div>\n  <\/div>\n<\/div>\n    <\/div>\n\n\n<div class=\"element gallery-block\">\n          <div class=\"relative overflow-hidden gallery swiper-container\">\n      <div class=\"swiper-wrapper\">\n                  <figure class=\"mb-0 swiper-slide\">\n            <img loading=\"lazy\" decoding=\"async\" width=\"1440\" height=\"1080\" src=\"https:\/\/guides.muzee.it\/app\/uploads\/2025\/06\/IMG_3927-1.jpg\" class=\"block mx-auto\" alt=\"\" srcset=\"https:\/\/guides.muzee.it\/app\/uploads\/2025\/06\/IMG_3927-1.jpg 1440w, https:\/\/guides.muzee.it\/app\/uploads\/2025\/06\/IMG_3927-1-300x225.jpg 300w, https:\/\/guides.muzee.it\/app\/uploads\/2025\/06\/IMG_3927-1-1024x768.jpg 1024w, https:\/\/guides.muzee.it\/app\/uploads\/2025\/06\/IMG_3927-1-768x576.jpg 768w\" sizes=\"auto, (max-width: 1440px) 100vw, 1440px\" \/>\n                      <\/figure>\n                  <figure class=\"mb-0 swiper-slide\">\n            <img loading=\"lazy\" decoding=\"async\" width=\"800\" height=\"533\" src=\"https:\/\/guides.muzee.it\/app\/uploads\/2025\/06\/IMG_3931-2.jpg\" class=\"block mx-auto\" alt=\"\" srcset=\"https:\/\/guides.muzee.it\/app\/uploads\/2025\/06\/IMG_3931-2.jpg 800w, https:\/\/guides.muzee.it\/app\/uploads\/2025\/06\/IMG_3931-2-300x200.jpg 300w, https:\/\/guides.muzee.it\/app\/uploads\/2025\/06\/IMG_3931-2-768x512.jpg 768w\" sizes=\"auto, (max-width: 800px) 100vw, 800px\" \/>\n                      <\/figure>\n              <\/div>\n      <div class=\"inset-0 swiper-pagination w-fit\"><\/div>\n      <div class=\"swiper-button-prev\"><\/div>\n      <div class=\"swiper-button-next\"><\/div>\n    <\/div>\n  <\/div>\n\n\n<div class=\"element audio-block\">\n  <div class=\"flex items-center\">\n            <div class=\"flex-1 info\">\n              <h3 class=\"text-xl font-bold\">Context hist\u00f2ric i cronologia<\/h3>\n                          <div class=\"flex flex-wrap -mx-2 -mt-2\">\n                      <a href=\"#\" data-target=\"#transcription-76b371a295cfc147a702361b0400fd4b\" data-toggle=\"modal\"\n              class=\"px-2 text-sm border-0 text-accent\">\n              <svg width=\"11\" height=\"12\" class=\"inline-block mr-1 text-accent\"\n                xmlns=\"http:\/\/www.w3.org\/2000\/svg\">\n                <path d=\"M0 0h11v9H8.7642v2.8481L5.5 9H0z\" fill=\"currentColor\" fill-rule=\"evenodd\" \/>\n              <\/svg>\n              <span class=\"underline underline-offset\">Transcripci\u00f3<\/span>\n            <\/a>\n                            <\/div>\n          <\/div>\n    <div class=\"flex flex-col items-center ml-4 audio-control rtl:ml-0 rtl:mr-4\">\n      <button class=\"flex items-center justify-center w-12 h-12 !p-0 !my-0 rounded-full btn !text-bg\"\n  data-target=\"#audio-76b371a295cfc147a702361b0400fd4b\">\n  <svg width=\"100%\" height=\"100%\" viewBox=\"0 0 36 36\" version=\"1.1\" xmlns=\"http:\/\/www.w3.org\/2000\/svg\" xmlns:xlink=\"http:\/\/www.w3.org\/1999\/xlink\">\n  <path id=\"ytp-12\" d=\"M11,10 L18,13.74 18,22.28 11,26 M18,13.74 L26,18 26,18 18,22.28\" fill=\"currentColor\">\n    <animate id=\"animation\" begin=\"indefinite\" attributeType=\"XML\" attributeName=\"d\" fill=\"freeze\" from=\"M11,10 L17,10 17,26 11,26 M20,10 L26,10 26,26 20,26\" to=\"M11,10 L18,13.74 18,22.28 11,26 M18,13.74 L26,18 26,18 18,22.28\" dur=\"0.1s\" keySplines=\".4 0 1 1\" repeatCount=\"1\" data-play=\"M11,10 L18,13.74 18,22.28 11,26 M18,13.74 L26,18 26,18 18,22.28\" data-pause=\"M11,10 L17,10 17,26 11,26 M20,10 L26,10 26,26 20,26\"><\/animate>\n  <\/path>\n<\/svg>\n<\/button>\n      <div class=\"text-sm total-time\"><\/div>\n    <\/div>\n  <\/div>\n        <div class=\"audio-content\" dir=\"ltr\">\n      <audio id=\"audio-76b371a295cfc147a702361b0400fd4b\" data-label=\"Context hist\u00f2ric i cronologia\"\n        data-category=\"ST-SIL-LOC-2-CAT.wav\" class=\"hidden\" controls\n        src=\"https:\/\/guides.muzee.it\/app\/uploads\/2025\/06\/ST-SIL-LOC-2-CAT.wav\"><\/audio>\n      <div class=\"mt-2 transition-opacity opacity-0 meta\">\n        <div class=\"flex items-end\" style=\"gap: 16px;\">\n          <div class=\"flex-1\">\n            <progress class=\"w-full border-0 appearance-none\" value=\"0\" max=\"1\"><\/progress>\n            <div class=\"flex justify-between text-sm\">\n              <div class=\"current-time\"><\/div>\n              <div class=\"total-time\"><\/div>\n            <\/div>\n          <\/div>\n                  <\/div>\n      <\/div>\n    <\/div>\n        <div id=\"transcription-76b371a295cfc147a702361b0400fd4b\"\n  class=\"fixed inset-0 z-50 hidden w-screen h-screen opacity-0 pointer-events-none modal transcription\"\n  tabindex=\"-1\" role=\"dialog\">\n  <div class=\"absolute w-full h-full bg-black opacity-75 modal-overlay\"><\/div>\n  <div\n    class=\"absolute z-30 w-11\/12 mx-auto overflow-y-auto text-black bg-white shadow-lg modal-container center-xy md:max-w-4xl\"\n    role=\"document\">\n    <div class=\"flex items-center justify-between px-4 py-4 text-gray-700 border-b md:px-8\">\n      <h2 class=\"!mb-0 font-bold\">Transcripci\u00f3<\/h2>\n      <div class=\"z-50 flex flex-col items-center ml-auto cursor-pointer rtl:ml-0 rtl:mr-auto modal-close\">\n        <svg class=\"w-auto h-6\" width=\"18\" height=\"23\" xmlns=\"http:\/\/www.w3.org\/2000\/svg\">\n  <g stroke=\"currentColor\" fill=\"none\" fill-rule=\"evenodd\" stroke-linecap=\"square\">\n    <path d=\"M.7248.974l16.1076 20.6167M16.655 1.2654L.9097 22.1601\" \/>\n  <\/g>\n<\/svg>        <div class=\"hidden\">Close<\/div>\n      <\/div>\n    <\/div>\n    <div class=\"px-4 py-8 overflow-y-auto max-h-modal md:px-8 modal-content\">\n      <div class=\"mb-6\">\n                      <h3 class=\"text-xl font-bold\">Context hist\u00f2ric i cronologia<\/h3>\n                            <\/div>\n            <p>La primera refer\u00e8ncia documental relacionada amb el temple \u00e9s de l&#8217;any 904. La capella fou entregada al monestir de Sant Cugat pel bisbe Teodoric de Barcelona, convertint-se en una cel\u00b7la mon\u00e0stica dependent de l&#8217;esgl\u00e9sia de la Santa Creu (situada a la vall del castell de Cervell\u00f3).<br \/>\nA partir del segle XIII, amb l&#8217;aparici\u00f3 de l&#8217;esgl\u00e9sia de Sant Mateu al costat de la masia de can Juli\u00e0, la capella deixa de ser el temple principal del terme de Vallirana tot i que l&#8217;edifici funcionava com a capella erem\u00edtica.<\/p>\n<p>Tal com indica la data del portal, a finals del segle XVIII (1793), l&#8217;edifici fou completament reformat i pocs anys despr\u00e9s la capella va tornar a fer funcions d&#8217;esgl\u00e9sia donat que durant la guerra del Franc\u00e8s, el temple parroquial fou incendiat i destrossat.<br \/>\nPosteriorment la capella va ser transferida a la finca de can Boguny\u00e0 i l&#8217;any 1851, Josep Boguny\u00e0 demana llic\u00e8ncia per celebrar-hi missa major per la festa del sant, apareixent com a capella p\u00fablica. L\u2019aplec de Sant Silvestre se celebr\u00e0 fins la guerra civil 1936-39.<\/p>\n<p>Durant el segle XX, els propietaris tapiaren l&#8217;ermita en diverses ocasions per evitar el vandalisme creixent que patia.<br \/>\nL\u2019any 2014, l&#8217;ajuntament de Vallirana i la propietat de la finca de can Boguny\u00e0 signaren un conveni urban\u00edstic de cessi\u00f3 d&#8217;\u00fas dels terrenys on s&#8217;ubica l&#8217;ermita per 75 anys. El consistori ha estat el responsable de l&#8217;arranjament de l\u2019entorn i de la restauraci\u00f3 de l&#8217;edifici, inaugurats el 15 de maig de 2021.<\/p>\n    <\/div>\n  <\/div>\n<\/div>\n    <\/div>\n\n\n<div class=\"element gallery-block\">\n          <div class=\"relative overflow-hidden gallery swiper-container\">\n      <div class=\"swiper-wrapper\">\n                  <figure class=\"mb-0 swiper-slide\">\n            <img loading=\"lazy\" decoding=\"async\" width=\"695\" height=\"960\" src=\"https:\/\/guides.muzee.it\/app\/uploads\/2025\/06\/SANT-SILV-1930-FONT-AMICS-DE-VALLIRANA.jpg\" class=\"block mx-auto\" alt=\"\" srcset=\"https:\/\/guides.muzee.it\/app\/uploads\/2025\/06\/SANT-SILV-1930-FONT-AMICS-DE-VALLIRANA.jpg 695w, https:\/\/guides.muzee.it\/app\/uploads\/2025\/06\/SANT-SILV-1930-FONT-AMICS-DE-VALLIRANA-217x300.jpg 217w\" sizes=\"auto, (max-width: 695px) 100vw, 695px\" \/>\n                          <figcaption class=\"mt-2 text-sm\">Sant Silvestre 1930. Font: Amics de Vallirana<\/figcaption>\n                      <\/figure>\n                  <figure class=\"mb-0 swiper-slide\">\n            <img loading=\"lazy\" decoding=\"async\" width=\"764\" height=\"1080\" src=\"https:\/\/guides.muzee.it\/app\/uploads\/2025\/06\/SANT-SILV-1930.-FONT-AMICS-DE-VALLIRANA.jpg\" class=\"block mx-auto\" alt=\"\" srcset=\"https:\/\/guides.muzee.it\/app\/uploads\/2025\/06\/SANT-SILV-1930.-FONT-AMICS-DE-VALLIRANA.jpg 764w, https:\/\/guides.muzee.it\/app\/uploads\/2025\/06\/SANT-SILV-1930.-FONT-AMICS-DE-VALLIRANA-212x300.jpg 212w, https:\/\/guides.muzee.it\/app\/uploads\/2025\/06\/SANT-SILV-1930.-FONT-AMICS-DE-VALLIRANA-724x1024.jpg 724w\" sizes=\"auto, (max-width: 764px) 100vw, 764px\" \/>\n                          <figcaption class=\"mt-2 text-sm\">Sant Silvestre 1930. Font: Amics de Vallirana<\/figcaption>\n                      <\/figure>\n                  <figure class=\"mb-0 swiper-slide\">\n            <img loading=\"lazy\" decoding=\"async\" width=\"768\" height=\"1024\" src=\"https:\/\/guides.muzee.it\/app\/uploads\/2025\/06\/6bfeac23-6a16-4aee-923c-6f010043729b.jpg\" class=\"block mx-auto\" alt=\"\" srcset=\"https:\/\/guides.muzee.it\/app\/uploads\/2025\/06\/6bfeac23-6a16-4aee-923c-6f010043729b.jpg 768w, https:\/\/guides.muzee.it\/app\/uploads\/2025\/06\/6bfeac23-6a16-4aee-923c-6f010043729b-225x300.jpg 225w\" sizes=\"auto, (max-width: 768px) 100vw, 768px\" \/>\n                      <\/figure>\n                  <figure class=\"mb-0 swiper-slide\">\n            <img loading=\"lazy\" decoding=\"async\" width=\"768\" height=\"1024\" src=\"https:\/\/guides.muzee.it\/app\/uploads\/2025\/06\/e87534cc-aad4-4f86-8194-cec9ea7f5532.jpg\" class=\"block mx-auto\" alt=\"\" srcset=\"https:\/\/guides.muzee.it\/app\/uploads\/2025\/06\/e87534cc-aad4-4f86-8194-cec9ea7f5532.jpg 768w, https:\/\/guides.muzee.it\/app\/uploads\/2025\/06\/e87534cc-aad4-4f86-8194-cec9ea7f5532-225x300.jpg 225w\" sizes=\"auto, (max-width: 768px) 100vw, 768px\" \/>\n                      <\/figure>\n                  <figure class=\"mb-0 swiper-slide\">\n            <img loading=\"lazy\" decoding=\"async\" width=\"717\" height=\"1080\" src=\"https:\/\/guides.muzee.it\/app\/uploads\/2025\/06\/SANT-SILVESTRE-1-10.05-scaled-1.jpg\" class=\"block mx-auto\" alt=\"\" srcset=\"https:\/\/guides.muzee.it\/app\/uploads\/2025\/06\/SANT-SILVESTRE-1-10.05-scaled-1.jpg 717w, https:\/\/guides.muzee.it\/app\/uploads\/2025\/06\/SANT-SILVESTRE-1-10.05-scaled-1-199x300.jpg 199w, https:\/\/guides.muzee.it\/app\/uploads\/2025\/06\/SANT-SILVESTRE-1-10.05-scaled-1-680x1024.jpg 680w\" sizes=\"auto, (max-width: 717px) 100vw, 717px\" \/>\n                      <\/figure>\n                  <figure class=\"mb-0 swiper-slide\">\n            <img loading=\"lazy\" decoding=\"async\" width=\"717\" height=\"1080\" src=\"https:\/\/guides.muzee.it\/app\/uploads\/2025\/06\/Sant-Silvestre-10.05-46-scaled-1.jpg\" class=\"block mx-auto\" alt=\"\" srcset=\"https:\/\/guides.muzee.it\/app\/uploads\/2025\/06\/Sant-Silvestre-10.05-46-scaled-1.jpg 717w, https:\/\/guides.muzee.it\/app\/uploads\/2025\/06\/Sant-Silvestre-10.05-46-scaled-1-199x300.jpg 199w, https:\/\/guides.muzee.it\/app\/uploads\/2025\/06\/Sant-Silvestre-10.05-46-scaled-1-680x1024.jpg 680w\" sizes=\"auto, (max-width: 717px) 100vw, 717px\" \/>\n                      <\/figure>\n              <\/div>\n      <div class=\"inset-0 swiper-pagination w-fit\"><\/div>\n      <div class=\"swiper-button-prev\"><\/div>\n      <div class=\"swiper-button-next\"><\/div>\n    <\/div>\n  <\/div>\n\n\n<div class=\"element audio-block\">\n  <div class=\"flex items-center\">\n            <div class=\"flex-1 info\">\n              <h3 class=\"text-xl font-bold\">Descripci\u00f3 de la capella<\/h3>\n                          <div class=\"flex flex-wrap -mx-2 -mt-2\">\n                      <a href=\"#\" data-target=\"#transcription-0670efd6e8fc0145b05055686a8282ba\" data-toggle=\"modal\"\n              class=\"px-2 text-sm border-0 text-accent\">\n              <svg width=\"11\" height=\"12\" class=\"inline-block mr-1 text-accent\"\n                xmlns=\"http:\/\/www.w3.org\/2000\/svg\">\n                <path d=\"M0 0h11v9H8.7642v2.8481L5.5 9H0z\" fill=\"currentColor\" fill-rule=\"evenodd\" \/>\n              <\/svg>\n              <span class=\"underline underline-offset\">Transcripci\u00f3<\/span>\n            <\/a>\n                            <\/div>\n          <\/div>\n    <div class=\"flex flex-col items-center ml-4 audio-control rtl:ml-0 rtl:mr-4\">\n      <button class=\"flex items-center justify-center w-12 h-12 !p-0 !my-0 rounded-full btn !text-bg\"\n  data-target=\"#audio-0670efd6e8fc0145b05055686a8282ba\">\n  <svg width=\"100%\" height=\"100%\" viewBox=\"0 0 36 36\" version=\"1.1\" xmlns=\"http:\/\/www.w3.org\/2000\/svg\" xmlns:xlink=\"http:\/\/www.w3.org\/1999\/xlink\">\n  <path id=\"ytp-12\" d=\"M11,10 L18,13.74 18,22.28 11,26 M18,13.74 L26,18 26,18 18,22.28\" fill=\"currentColor\">\n    <animate id=\"animation\" begin=\"indefinite\" attributeType=\"XML\" attributeName=\"d\" fill=\"freeze\" from=\"M11,10 L17,10 17,26 11,26 M20,10 L26,10 26,26 20,26\" to=\"M11,10 L18,13.74 18,22.28 11,26 M18,13.74 L26,18 26,18 18,22.28\" dur=\"0.1s\" keySplines=\".4 0 1 1\" repeatCount=\"1\" data-play=\"M11,10 L18,13.74 18,22.28 11,26 M18,13.74 L26,18 26,18 18,22.28\" data-pause=\"M11,10 L17,10 17,26 11,26 M20,10 L26,10 26,26 20,26\"><\/animate>\n  <\/path>\n<\/svg>\n<\/button>\n      <div class=\"text-sm total-time\"><\/div>\n    <\/div>\n  <\/div>\n        <div class=\"audio-content\" dir=\"ltr\">\n      <audio id=\"audio-0670efd6e8fc0145b05055686a8282ba\" data-label=\"Descripci\u00f3 de la capella\"\n        data-category=\"ST-SIL-LOC-3-CAT.wav\" class=\"hidden\" controls\n        src=\"https:\/\/guides.muzee.it\/app\/uploads\/2025\/06\/ST-SIL-LOC-3-CAT.wav\"><\/audio>\n      <div class=\"mt-2 transition-opacity opacity-0 meta\">\n        <div class=\"flex items-end\" style=\"gap: 16px;\">\n          <div class=\"flex-1\">\n            <progress class=\"w-full border-0 appearance-none\" value=\"0\" max=\"1\"><\/progress>\n            <div class=\"flex justify-between text-sm\">\n              <div class=\"current-time\"><\/div>\n              <div class=\"total-time\"><\/div>\n            <\/div>\n          <\/div>\n                  <\/div>\n      <\/div>\n    <\/div>\n        <div id=\"transcription-0670efd6e8fc0145b05055686a8282ba\"\n  class=\"fixed inset-0 z-50 hidden w-screen h-screen opacity-0 pointer-events-none modal transcription\"\n  tabindex=\"-1\" role=\"dialog\">\n  <div class=\"absolute w-full h-full bg-black opacity-75 modal-overlay\"><\/div>\n  <div\n    class=\"absolute z-30 w-11\/12 mx-auto overflow-y-auto text-black bg-white shadow-lg modal-container center-xy md:max-w-4xl\"\n    role=\"document\">\n    <div class=\"flex items-center justify-between px-4 py-4 text-gray-700 border-b md:px-8\">\n      <h2 class=\"!mb-0 font-bold\">Transcripci\u00f3<\/h2>\n      <div class=\"z-50 flex flex-col items-center ml-auto cursor-pointer rtl:ml-0 rtl:mr-auto modal-close\">\n        <svg class=\"w-auto h-6\" width=\"18\" height=\"23\" xmlns=\"http:\/\/www.w3.org\/2000\/svg\">\n  <g stroke=\"currentColor\" fill=\"none\" fill-rule=\"evenodd\" stroke-linecap=\"square\">\n    <path d=\"M.7248.974l16.1076 20.6167M16.655 1.2654L.9097 22.1601\" \/>\n  <\/g>\n<\/svg>        <div class=\"hidden\">Close<\/div>\n      <\/div>\n    <\/div>\n    <div class=\"px-4 py-8 overflow-y-auto max-h-modal md:px-8 modal-content\">\n      <div class=\"mb-6\">\n                      <h3 class=\"text-xl font-bold\">Descripci\u00f3 de la capella<\/h3>\n                            <\/div>\n            <p>La capella de Sant Silvestre hist\u00f2ricament i arran de les excavacions arqueol\u00f2giques realitzades l\u2019any 1991, s\u2019havia considerat un edifici d\u2019origen prerom\u00e0nic, en gran part refet durant la segona meitat del segle X i un dels pocs vestigis arquitect\u00f2nics d\u2019aquesta \u00e8poca a la comarca.<\/p>\n<p>Per\u00f2 arran de l\u2019ultima intervenci\u00f3 arqueol\u00f2gica l\u2019any 2020 aquesta cronologia ha variat. S\u2019han descobert nous indicis i proves que indicarien que probablement podria tractar-se d\u2019una construcci\u00f3 amb una cronologia for\u00e7a anterior, corresponent a l\u2019\u00e8poca visigoda (segles V-VI).<\/p>\n<p>Sigui com sigui, en \u00e8poca barroca, la capella va rebre importants transformacions arquitect\u00f2niques i decoratives, que han proporcionat a l\u2019edifici la seva configuraci\u00f3 i fisonomia actuals.<br \/>\nNom\u00e9s l\u2019estructura de l\u2019absis, juntament amb el basament dels murs de la nau, es correspondrien amb la fase primig\u00e8nia de construcci\u00f3 (segles V i VI). La volta de la nau (amb el recreixement dels murs), la petita sagristia situada al costat sud del presbiteri i tamb\u00e9 l\u2019actual portada d\u2019acc\u00e9s s\u00f3n resultat de la reforma barroca ) realitzada l\u2019any 1793, com s\u2019indica a la llinda de la porta).<\/p>\n<p>El fet de situar els or\u00edgens de la capella de Sant Silvestre a l\u2019antiguitat tardana posa de relleu la gran transcend\u00e8ncia del monument dins el panorama hist\u00f2ric de l\u2019arquitectura tardo antiga i alt medieval a Catalunya.<\/p>\n    <\/div>\n  <\/div>\n<\/div>\n    <\/div>\n\n\n<div class=\"element gallery-block\">\n          <div class=\"relative overflow-hidden gallery swiper-container\">\n      <div class=\"swiper-wrapper\">\n                  <figure class=\"mb-0 swiper-slide\">\n            <img loading=\"lazy\" decoding=\"async\" width=\"1440\" height=\"1080\" src=\"https:\/\/guides.muzee.it\/app\/uploads\/2025\/06\/IMG_3932.jpg\" class=\"block mx-auto\" alt=\"\" srcset=\"https:\/\/guides.muzee.it\/app\/uploads\/2025\/06\/IMG_3932.jpg 1440w, https:\/\/guides.muzee.it\/app\/uploads\/2025\/06\/IMG_3932-300x225.jpg 300w, https:\/\/guides.muzee.it\/app\/uploads\/2025\/06\/IMG_3932-1024x768.jpg 1024w, https:\/\/guides.muzee.it\/app\/uploads\/2025\/06\/IMG_3932-768x576.jpg 768w\" sizes=\"auto, (max-width: 1440px) 100vw, 1440px\" \/>\n                      <\/figure>\n                  <figure class=\"mb-0 swiper-slide\">\n            <img loading=\"lazy\" decoding=\"async\" width=\"1440\" height=\"1080\" src=\"https:\/\/guides.muzee.it\/app\/uploads\/2025\/06\/IMG_3935.jpg\" class=\"block mx-auto\" alt=\"\" srcset=\"https:\/\/guides.muzee.it\/app\/uploads\/2025\/06\/IMG_3935.jpg 1440w, https:\/\/guides.muzee.it\/app\/uploads\/2025\/06\/IMG_3935-300x225.jpg 300w, https:\/\/guides.muzee.it\/app\/uploads\/2025\/06\/IMG_3935-1024x768.jpg 1024w, https:\/\/guides.muzee.it\/app\/uploads\/2025\/06\/IMG_3935-768x576.jpg 768w\" sizes=\"auto, (max-width: 1440px) 100vw, 1440px\" \/>\n                      <\/figure>\n              <\/div>\n      <div class=\"inset-0 swiper-pagination w-fit\"><\/div>\n      <div class=\"swiper-button-prev\"><\/div>\n      <div class=\"swiper-button-next\"><\/div>\n    <\/div>\n  <\/div>\n\n\n<div class=\"element audio-block\">\n  <div class=\"flex items-center\">\n            <div class=\"flex-1 info\">\n              <h3 class=\"text-xl font-bold\">Evoluci\u00f3 arquitect\u00f2nica de l\u2019edifici<\/h3>\n                          <div class=\"flex flex-wrap -mx-2 -mt-2\">\n                      <a href=\"#\" data-target=\"#transcription-c6bc3a92938326462160e11ce0b88930\" data-toggle=\"modal\"\n              class=\"px-2 text-sm border-0 text-accent\">\n              <svg width=\"11\" height=\"12\" class=\"inline-block mr-1 text-accent\"\n                xmlns=\"http:\/\/www.w3.org\/2000\/svg\">\n                <path d=\"M0 0h11v9H8.7642v2.8481L5.5 9H0z\" fill=\"currentColor\" fill-rule=\"evenodd\" \/>\n              <\/svg>\n              <span class=\"underline underline-offset\">Transcripci\u00f3<\/span>\n            <\/a>\n                            <\/div>\n          <\/div>\n    <div class=\"flex flex-col items-center ml-4 audio-control rtl:ml-0 rtl:mr-4\">\n      <button class=\"flex items-center justify-center w-12 h-12 !p-0 !my-0 rounded-full btn !text-bg\"\n  data-target=\"#audio-c6bc3a92938326462160e11ce0b88930\">\n  <svg width=\"100%\" height=\"100%\" viewBox=\"0 0 36 36\" version=\"1.1\" xmlns=\"http:\/\/www.w3.org\/2000\/svg\" xmlns:xlink=\"http:\/\/www.w3.org\/1999\/xlink\">\n  <path id=\"ytp-12\" d=\"M11,10 L18,13.74 18,22.28 11,26 M18,13.74 L26,18 26,18 18,22.28\" fill=\"currentColor\">\n    <animate id=\"animation\" begin=\"indefinite\" attributeType=\"XML\" attributeName=\"d\" fill=\"freeze\" from=\"M11,10 L17,10 17,26 11,26 M20,10 L26,10 26,26 20,26\" to=\"M11,10 L18,13.74 18,22.28 11,26 M18,13.74 L26,18 26,18 18,22.28\" dur=\"0.1s\" keySplines=\".4 0 1 1\" repeatCount=\"1\" data-play=\"M11,10 L18,13.74 18,22.28 11,26 M18,13.74 L26,18 26,18 18,22.28\" data-pause=\"M11,10 L17,10 17,26 11,26 M20,10 L26,10 26,26 20,26\"><\/animate>\n  <\/path>\n<\/svg>\n<\/button>\n      <div class=\"text-sm total-time\"><\/div>\n    <\/div>\n  <\/div>\n        <div class=\"audio-content\" dir=\"ltr\">\n      <audio id=\"audio-c6bc3a92938326462160e11ce0b88930\" data-label=\"Evoluci\u00f3 arquitect\u00f2nica de l\u2019edifici\"\n        data-category=\"ST-SIL-LOC-4-CAT.wav\" class=\"hidden\" controls\n        src=\"https:\/\/guides.muzee.it\/app\/uploads\/2025\/06\/ST-SIL-LOC-4-CAT.wav\"><\/audio>\n      <div class=\"mt-2 transition-opacity opacity-0 meta\">\n        <div class=\"flex items-end\" style=\"gap: 16px;\">\n          <div class=\"flex-1\">\n            <progress class=\"w-full border-0 appearance-none\" value=\"0\" max=\"1\"><\/progress>\n            <div class=\"flex justify-between text-sm\">\n              <div class=\"current-time\"><\/div>\n              <div class=\"total-time\"><\/div>\n            <\/div>\n          <\/div>\n                  <\/div>\n      <\/div>\n    <\/div>\n        <div id=\"transcription-c6bc3a92938326462160e11ce0b88930\"\n  class=\"fixed inset-0 z-50 hidden w-screen h-screen opacity-0 pointer-events-none modal transcription\"\n  tabindex=\"-1\" role=\"dialog\">\n  <div class=\"absolute w-full h-full bg-black opacity-75 modal-overlay\"><\/div>\n  <div\n    class=\"absolute z-30 w-11\/12 mx-auto overflow-y-auto text-black bg-white shadow-lg modal-container center-xy md:max-w-4xl\"\n    role=\"document\">\n    <div class=\"flex items-center justify-between px-4 py-4 text-gray-700 border-b md:px-8\">\n      <h2 class=\"!mb-0 font-bold\">Transcripci\u00f3<\/h2>\n      <div class=\"z-50 flex flex-col items-center ml-auto cursor-pointer rtl:ml-0 rtl:mr-auto modal-close\">\n        <svg class=\"w-auto h-6\" width=\"18\" height=\"23\" xmlns=\"http:\/\/www.w3.org\/2000\/svg\">\n  <g stroke=\"currentColor\" fill=\"none\" fill-rule=\"evenodd\" stroke-linecap=\"square\">\n    <path d=\"M.7248.974l16.1076 20.6167M16.655 1.2654L.9097 22.1601\" \/>\n  <\/g>\n<\/svg>        <div class=\"hidden\">Close<\/div>\n      <\/div>\n    <\/div>\n    <div class=\"px-4 py-8 overflow-y-auto max-h-modal md:px-8 modal-content\">\n      <div class=\"mb-6\">\n                      <h3 class=\"text-xl font-bold\">Evoluci\u00f3 arquitect\u00f2nica de l\u2019edifici<\/h3>\n                            <\/div>\n            <p>Despr\u00e9s de varies intervencions arqueol\u00f2giques realitzades a la capella de sant Silvestre de Vallirana s\u2019han pogut establir tres fases de l\u2019evoluci\u00f3 cronol\u00f2gica de l\u2019edifici:<\/p>\n<p>La <strong>1a FASE<\/strong> , que correspondria al moment m\u00e9s antic de l\u2019edifici que s\u2019ha pogut documentar.<br \/>\nD\u2019aquest per\u00edode s\u2019han identificat les restes d&#8217;un altar rectangular de 80 x 60 cm fet amb pedres mitjanes lligades amb argamassa de cal\u00e7 que estava situat al centre de l&#8217;absis. Aquest altar portava associat un paviment de cal\u00e7 blanca en la part anterior i terra batuda en la part posterior que s\u2019assentava sobre una preparaci\u00f3 o rudus format per petits blocs de pedra irregulars (d\u2019uns 10 cm) lligats amb argiles i que es recolzaven sobre el terreny geol\u00f2gic.<br \/>\nA l\u2019absis s\u2019han localitzat diverses capes de revestiments superposats, fruit de les reformes decoratives que l\u2019edifici ha patit al llarg de la hist\u00f2ria. Destaquen els revestiments barrocs dels segles XVII i XVIII, els morters corresponents al barroc tard\u00e0 del segle XIX i emblanquinats del segle XX).<br \/>\nAl mur de l\u2019absis s\u2019hi conserva un armariet o forn\u00edcula el buit de planta semicircular per col\u00b7locar-hi una urna o escultura i que complia una funci\u00f3 ornamental.<br \/>\nLa precarietat de construcci\u00f3 de l\u2019absis i el fet que no s\u2019hi veu cap inici de volta fa pensar que el sostre origin\u00e0riament devia anar cobert amb fusta.<\/p>\n<p>Al terra de nau s\u2019han trobat restes de rudus al mateix nivell dels que s\u2019han trobat a la zona de l\u2019altar que posaria en evid\u00e8ncia que la nau i el presbiteri es trobaven en el mateix pla, sense desnivells entre ambd\u00f3s espais.<br \/>\nA la nau s\u2019han localitzat alguns enterraments d\u2019infants de curta edat ubicats cronol\u00f2gicament entre els segles X i XIII, al no trobar-se elements d\u2019aixovar o de material arqueol\u00f2gic relacionats amb l\u2019\u00e8poca d\u2019enterrament es fa dif\u00edcil la precisi\u00f3 de la seva cronologia exacte.<\/p>\n<p>A la <strong>2a FASE<\/strong>, l&#8217;altar central \u00e9s amortitzat i se&#8217;n construeix un de nou al fons de l&#8217;absis. Es construeixen graons entre l\u2019absis i la nau. L\u2019absis va associat a un paviment de lloses que durar\u00e0 fins a finals del segle XVIII.<\/p>\n<p>La <strong>3a FASE<\/strong>, correspon a la gran reforma de l&#8217;any 1793, en la que es construeix la sagristia adossada que va obligar a enderrocar part de l\u2019absis i s&#8217;ubica l&#8217;altar en el l\u00edmit amb la nau. El paviment de lloses \u00e9s substitu\u00eft per un paviment de rajoles. Tamb\u00e9 es construeix una nova coberta amb volta de llunetes i un nou portal adquirint l&#8217;aspecte actual. Podem veure la data de la gran reforma a la llinda de la porta d\u2019entrada.<\/p>\n    <\/div>\n  <\/div>\n<\/div>\n    <\/div>\n\n\n<div class=\"element video-block\">\n      <div class=\"flex mb-4\">\n            <div class=\"flex-1 info\">\n                  <h3 class=\"text-xl font-bold\">Interior de la Capella de Sant Silvestre<\/h3>\n                      <\/div>\n    <\/div>\n          <div class=\"embed-responsive\"><iframe loading=\"lazy\" title=\"Interior Capella Sant Silvestre\" width=\"640\" height=\"360\" src=\"https:\/\/www.youtube.com\/embed\/zyGQ5-Lu1Xw?feature=oembed\" frameborder=\"0\" allow=\"accelerometer; autoplay; clipboard-write; encrypted-media; gyroscope; picture-in-picture; web-share\" referrerpolicy=\"strict-origin-when-cross-origin\" allowfullscreen><\/iframe><\/div>\n    \n<\/div>\n\n\n<div class=\"element audio-block\">\n  <div class=\"flex items-center\">\n            <div class=\"flex-1 info\">\n              <h3 class=\"text-xl font-bold\">\u00daltimes intervencions arqueol\u00f2giques<\/h3>\n                          <div class=\"flex flex-wrap -mx-2 -mt-2\">\n                      <a href=\"#\" data-target=\"#transcription-9e7f0100c75588f2c9292997c48d226e\" data-toggle=\"modal\"\n              class=\"px-2 text-sm border-0 text-accent\">\n              <svg width=\"11\" height=\"12\" class=\"inline-block mr-1 text-accent\"\n                xmlns=\"http:\/\/www.w3.org\/2000\/svg\">\n                <path d=\"M0 0h11v9H8.7642v2.8481L5.5 9H0z\" fill=\"currentColor\" fill-rule=\"evenodd\" \/>\n              <\/svg>\n              <span class=\"underline underline-offset\">Transcripci\u00f3<\/span>\n            <\/a>\n                            <\/div>\n          <\/div>\n    <div class=\"flex flex-col items-center ml-4 audio-control rtl:ml-0 rtl:mr-4\">\n      <button class=\"flex items-center justify-center w-12 h-12 !p-0 !my-0 rounded-full btn !text-bg\"\n  data-target=\"#audio-9e7f0100c75588f2c9292997c48d226e\">\n  <svg width=\"100%\" height=\"100%\" viewBox=\"0 0 36 36\" version=\"1.1\" xmlns=\"http:\/\/www.w3.org\/2000\/svg\" xmlns:xlink=\"http:\/\/www.w3.org\/1999\/xlink\">\n  <path id=\"ytp-12\" d=\"M11,10 L18,13.74 18,22.28 11,26 M18,13.74 L26,18 26,18 18,22.28\" fill=\"currentColor\">\n    <animate id=\"animation\" begin=\"indefinite\" attributeType=\"XML\" attributeName=\"d\" fill=\"freeze\" from=\"M11,10 L17,10 17,26 11,26 M20,10 L26,10 26,26 20,26\" to=\"M11,10 L18,13.74 18,22.28 11,26 M18,13.74 L26,18 26,18 18,22.28\" dur=\"0.1s\" keySplines=\".4 0 1 1\" repeatCount=\"1\" data-play=\"M11,10 L18,13.74 18,22.28 11,26 M18,13.74 L26,18 26,18 18,22.28\" data-pause=\"M11,10 L17,10 17,26 11,26 M20,10 L26,10 26,26 20,26\"><\/animate>\n  <\/path>\n<\/svg>\n<\/button>\n      <div class=\"text-sm total-time\"><\/div>\n    <\/div>\n  <\/div>\n        <div class=\"audio-content\" dir=\"ltr\">\n      <audio id=\"audio-9e7f0100c75588f2c9292997c48d226e\" data-label=\"\u00daltimes intervencions arqueol\u00f2giques\"\n        data-category=\"ST-SIL-LOC-5-CAT.wav\" class=\"hidden\" controls\n        src=\"https:\/\/guides.muzee.it\/app\/uploads\/2025\/06\/ST-SIL-LOC-5-CAT.wav\"><\/audio>\n      <div class=\"mt-2 transition-opacity opacity-0 meta\">\n        <div class=\"flex items-end\" style=\"gap: 16px;\">\n          <div class=\"flex-1\">\n            <progress class=\"w-full border-0 appearance-none\" value=\"0\" max=\"1\"><\/progress>\n            <div class=\"flex justify-between text-sm\">\n              <div class=\"current-time\"><\/div>\n              <div class=\"total-time\"><\/div>\n            <\/div>\n          <\/div>\n                  <\/div>\n      <\/div>\n    <\/div>\n        <div id=\"transcription-9e7f0100c75588f2c9292997c48d226e\"\n  class=\"fixed inset-0 z-50 hidden w-screen h-screen opacity-0 pointer-events-none modal transcription\"\n  tabindex=\"-1\" role=\"dialog\">\n  <div class=\"absolute w-full h-full bg-black opacity-75 modal-overlay\"><\/div>\n  <div\n    class=\"absolute z-30 w-11\/12 mx-auto overflow-y-auto text-black bg-white shadow-lg modal-container center-xy md:max-w-4xl\"\n    role=\"document\">\n    <div class=\"flex items-center justify-between px-4 py-4 text-gray-700 border-b md:px-8\">\n      <h2 class=\"!mb-0 font-bold\">Transcripci\u00f3<\/h2>\n      <div class=\"z-50 flex flex-col items-center ml-auto cursor-pointer rtl:ml-0 rtl:mr-auto modal-close\">\n        <svg class=\"w-auto h-6\" width=\"18\" height=\"23\" xmlns=\"http:\/\/www.w3.org\/2000\/svg\">\n  <g stroke=\"currentColor\" fill=\"none\" fill-rule=\"evenodd\" stroke-linecap=\"square\">\n    <path d=\"M.7248.974l16.1076 20.6167M16.655 1.2654L.9097 22.1601\" \/>\n  <\/g>\n<\/svg>        <div class=\"hidden\">Close<\/div>\n      <\/div>\n    <\/div>\n    <div class=\"px-4 py-8 overflow-y-auto max-h-modal md:px-8 modal-content\">\n      <div class=\"mb-6\">\n                      <h3 class=\"text-xl font-bold\">\u00daltimes intervencions arqueol\u00f2giques<\/h3>\n                            <\/div>\n            <p>Les ultimes intervencions arqueol\u00f2giques (realitzades del 2018 al 2020) han fet remuntar els inicis de la construcci\u00f3 de la capella cap a per\u00edodes m\u00e9s antics al del segle X (fins ara documentat), situant els seus or\u00edgens concretament en l\u2019\u00e8poca visigoda (segles V-VI).<br \/>\nS\u2019han trobat diversos indicadors o proves que evidenciarien aquest origen visig\u00f2tic:<\/p>\n<p>En primer lloc, s\u2019han identificat restes de murs de fonamentaci\u00f3 per sota de les actuals fa\u00e7anes, concretament a la zona de l\u2019absis, a la zona de la sagristia i sota una de les fa\u00e7anes de la nau. Tamb\u00e9 s\u2019ha localitzat la continu\u00eftat d\u2019un dels murs cap a l\u2019exterior de l\u2019edifici (Que podeu veure a l\u2019exterior de la fa\u00e7ana sud de la nau).<br \/>\nLa disposici\u00f3 d\u2019aquestes restes de fonaments nom\u00e9s concorden en part amb la totalitat dels murs actuals de la capella. Fet que indica que la capella actual podria haver estat constru\u00efda damunt d\u2019un altre edifici original que actualment se\u2019n desconeix el seu volum, extensi\u00f3 i funcionalitat.<\/p>\n<ul>\n<li>Tamb\u00e9 s\u2019ha localitzat a la vessant nord exterior de l\u2019absis una estructura funer\u00e0ria de pedres rectangular de 2 m de llarg, uns 70 com d\u2019ample i uns 40 cm de profunditat amb pedres planes a la base i que sembla correspondre a una tomba singular.Aquesta estructura funeraria estaba encaixada aprofitant els fonaments de l\u2019edifici originari, per tant aquest edifici origin\u00e0ri ja estaba contru\u00eft quan hi van encaixar el sepulcre.\n<p>A l\u2019interior del sepulcre s\u2019hi han trobat les restes \u00f2ssies d\u2019un individu mascul\u00ed d\u2019edat adulta. Segons les anal\u00edtiques de radiocarboni aquestes restes correspondrien als segles VI-VII i per tant tamb\u00e9 ho serien els fonaments de l\u2019edifici originari.<\/li>\n<li>Per \u00faltim, a l\u2019absis s\u2019hi ha identificat una creu incisa de gran rusticitat de la qual pengen una lletra alfa (i tamb\u00e9 hi penjaria una lletra omega per\u00f2 no s\u2019ha trobat), aquesta iconografia es de tipus paleocristiana i tamb\u00e9 al mateix absis s\u2019hi ha identificat una pintura vermella, la m\u00e9s antiga que es conserva i que possiblement es correspondria al per\u00edode visig\u00f2tic.<\/li>\n<\/ul>\n<p>&nbsp;<\/p>\n    <\/div>\n  <\/div>\n<\/div>\n    <\/div>\n\n\n<div class=\"element gallery-block\">\n          <div class=\"relative overflow-hidden gallery swiper-container\">\n      <div class=\"swiper-wrapper\">\n                  <figure class=\"mb-0 swiper-slide\">\n            <img loading=\"lazy\" decoding=\"async\" width=\"1620\" height=\"1080\" src=\"https:\/\/guides.muzee.it\/app\/uploads\/2025\/06\/SANT-SILVESTRE-8-2021.03-8-scaled-1.jpg\" class=\"block mx-auto\" alt=\"\" srcset=\"https:\/\/guides.muzee.it\/app\/uploads\/2025\/06\/SANT-SILVESTRE-8-2021.03-8-scaled-1.jpg 1620w, https:\/\/guides.muzee.it\/app\/uploads\/2025\/06\/SANT-SILVESTRE-8-2021.03-8-scaled-1-300x200.jpg 300w, https:\/\/guides.muzee.it\/app\/uploads\/2025\/06\/SANT-SILVESTRE-8-2021.03-8-scaled-1-1024x683.jpg 1024w, https:\/\/guides.muzee.it\/app\/uploads\/2025\/06\/SANT-SILVESTRE-8-2021.03-8-scaled-1-768x512.jpg 768w, https:\/\/guides.muzee.it\/app\/uploads\/2025\/06\/SANT-SILVESTRE-8-2021.03-8-scaled-1-1536x1024.jpg 1536w\" sizes=\"auto, (max-width: 1620px) 100vw, 1620px\" \/>\n                      <\/figure>\n                  <figure class=\"mb-0 swiper-slide\">\n            <img loading=\"lazy\" decoding=\"async\" width=\"1620\" height=\"1080\" src=\"https:\/\/guides.muzee.it\/app\/uploads\/2025\/06\/Sant-Silvestre-2020.11-3-scaled-1.jpg\" class=\"block mx-auto\" alt=\"\" srcset=\"https:\/\/guides.muzee.it\/app\/uploads\/2025\/06\/Sant-Silvestre-2020.11-3-scaled-1.jpg 1620w, https:\/\/guides.muzee.it\/app\/uploads\/2025\/06\/Sant-Silvestre-2020.11-3-scaled-1-300x200.jpg 300w, https:\/\/guides.muzee.it\/app\/uploads\/2025\/06\/Sant-Silvestre-2020.11-3-scaled-1-1024x683.jpg 1024w, https:\/\/guides.muzee.it\/app\/uploads\/2025\/06\/Sant-Silvestre-2020.11-3-scaled-1-768x512.jpg 768w, https:\/\/guides.muzee.it\/app\/uploads\/2025\/06\/Sant-Silvestre-2020.11-3-scaled-1-1536x1024.jpg 1536w\" sizes=\"auto, (max-width: 1620px) 100vw, 1620px\" \/>\n                      <\/figure>\n                  <figure class=\"mb-0 swiper-slide\">\n            <img loading=\"lazy\" decoding=\"async\" width=\"1620\" height=\"1080\" src=\"https:\/\/guides.muzee.it\/app\/uploads\/2025\/06\/Sant-Silvestre-2021.03-6-scaled-1.jpg\" class=\"block mx-auto\" alt=\"\" srcset=\"https:\/\/guides.muzee.it\/app\/uploads\/2025\/06\/Sant-Silvestre-2021.03-6-scaled-1.jpg 1620w, https:\/\/guides.muzee.it\/app\/uploads\/2025\/06\/Sant-Silvestre-2021.03-6-scaled-1-300x200.jpg 300w, https:\/\/guides.muzee.it\/app\/uploads\/2025\/06\/Sant-Silvestre-2021.03-6-scaled-1-1024x683.jpg 1024w, https:\/\/guides.muzee.it\/app\/uploads\/2025\/06\/Sant-Silvestre-2021.03-6-scaled-1-768x512.jpg 768w, https:\/\/guides.muzee.it\/app\/uploads\/2025\/06\/Sant-Silvestre-2021.03-6-scaled-1-1536x1024.jpg 1536w\" sizes=\"auto, (max-width: 1620px) 100vw, 1620px\" \/>\n                      <\/figure>\n              <\/div>\n      <div class=\"inset-0 swiper-pagination w-fit\"><\/div>\n      <div class=\"swiper-button-prev\"><\/div>\n      <div class=\"swiper-button-next\"><\/div>\n    <\/div>\n  <\/div>\n\n\n<div class=\"element audio-block\">\n  <div class=\"flex items-center\">\n            <div class=\"flex-1 info\">\n              <h3 class=\"text-xl font-bold\">La capella de Sant Silvestre i la seu actual valor hist\u00f2ric<\/h3>\n                          <div class=\"flex flex-wrap -mx-2 -mt-2\">\n                      <a href=\"#\" data-target=\"#transcription-9d13344e59c501323f8eb5addb026a97\" data-toggle=\"modal\"\n              class=\"px-2 text-sm border-0 text-accent\">\n              <svg width=\"11\" height=\"12\" class=\"inline-block mr-1 text-accent\"\n                xmlns=\"http:\/\/www.w3.org\/2000\/svg\">\n                <path d=\"M0 0h11v9H8.7642v2.8481L5.5 9H0z\" fill=\"currentColor\" fill-rule=\"evenodd\" \/>\n              <\/svg>\n              <span class=\"underline underline-offset\">Transcripci\u00f3<\/span>\n            <\/a>\n                            <\/div>\n          <\/div>\n    <div class=\"flex flex-col items-center ml-4 audio-control rtl:ml-0 rtl:mr-4\">\n      <button class=\"flex items-center justify-center w-12 h-12 !p-0 !my-0 rounded-full btn !text-bg\"\n  data-target=\"#audio-9d13344e59c501323f8eb5addb026a97\">\n  <svg width=\"100%\" height=\"100%\" viewBox=\"0 0 36 36\" version=\"1.1\" xmlns=\"http:\/\/www.w3.org\/2000\/svg\" xmlns:xlink=\"http:\/\/www.w3.org\/1999\/xlink\">\n  <path id=\"ytp-12\" d=\"M11,10 L18,13.74 18,22.28 11,26 M18,13.74 L26,18 26,18 18,22.28\" fill=\"currentColor\">\n    <animate id=\"animation\" begin=\"indefinite\" attributeType=\"XML\" attributeName=\"d\" fill=\"freeze\" from=\"M11,10 L17,10 17,26 11,26 M20,10 L26,10 26,26 20,26\" to=\"M11,10 L18,13.74 18,22.28 11,26 M18,13.74 L26,18 26,18 18,22.28\" dur=\"0.1s\" keySplines=\".4 0 1 1\" repeatCount=\"1\" data-play=\"M11,10 L18,13.74 18,22.28 11,26 M18,13.74 L26,18 26,18 18,22.28\" data-pause=\"M11,10 L17,10 17,26 11,26 M20,10 L26,10 26,26 20,26\"><\/animate>\n  <\/path>\n<\/svg>\n<\/button>\n      <div class=\"text-sm total-time\"><\/div>\n    <\/div>\n  <\/div>\n        <div class=\"audio-content\" dir=\"ltr\">\n      <audio id=\"audio-9d13344e59c501323f8eb5addb026a97\" data-label=\"La capella de Sant Silvestre i la seu actual valor hist\u00f2ric\"\n        data-category=\"ST-SIL-LOC-6-CAT.wav\" class=\"hidden\" controls\n        src=\"https:\/\/guides.muzee.it\/app\/uploads\/2025\/06\/ST-SIL-LOC-6-CAT.wav\"><\/audio>\n      <div class=\"mt-2 transition-opacity opacity-0 meta\">\n        <div class=\"flex items-end\" style=\"gap: 16px;\">\n          <div class=\"flex-1\">\n            <progress class=\"w-full border-0 appearance-none\" value=\"0\" max=\"1\"><\/progress>\n            <div class=\"flex justify-between text-sm\">\n              <div class=\"current-time\"><\/div>\n              <div class=\"total-time\"><\/div>\n            <\/div>\n          <\/div>\n                  <\/div>\n      <\/div>\n    <\/div>\n        <div id=\"transcription-9d13344e59c501323f8eb5addb026a97\"\n  class=\"fixed inset-0 z-50 hidden w-screen h-screen opacity-0 pointer-events-none modal transcription\"\n  tabindex=\"-1\" role=\"dialog\">\n  <div class=\"absolute w-full h-full bg-black opacity-75 modal-overlay\"><\/div>\n  <div\n    class=\"absolute z-30 w-11\/12 mx-auto overflow-y-auto text-black bg-white shadow-lg modal-container center-xy md:max-w-4xl\"\n    role=\"document\">\n    <div class=\"flex items-center justify-between px-4 py-4 text-gray-700 border-b md:px-8\">\n      <h2 class=\"!mb-0 font-bold\">Transcripci\u00f3<\/h2>\n      <div class=\"z-50 flex flex-col items-center ml-auto cursor-pointer rtl:ml-0 rtl:mr-auto modal-close\">\n        <svg class=\"w-auto h-6\" width=\"18\" height=\"23\" xmlns=\"http:\/\/www.w3.org\/2000\/svg\">\n  <g stroke=\"currentColor\" fill=\"none\" fill-rule=\"evenodd\" stroke-linecap=\"square\">\n    <path d=\"M.7248.974l16.1076 20.6167M16.655 1.2654L.9097 22.1601\" \/>\n  <\/g>\n<\/svg>        <div class=\"hidden\">Close<\/div>\n      <\/div>\n    <\/div>\n    <div class=\"px-4 py-8 overflow-y-auto max-h-modal md:px-8 modal-content\">\n      <div class=\"mb-6\">\n                      <h3 class=\"text-xl font-bold\">La capella de Sant Silvestre i la seu actual valor hist\u00f2ric<\/h3>\n                            <\/div>\n            <p>La identificaci\u00f3 de la creu incisa a l\u2019absis com a element decoratiu, el descobriment del monument funerari aix\u00ed com la dataci\u00f3 cient\u00edfica de les seves restes \u00f2ssies situen la construcci\u00f3 origin\u00e0ria de la capella de Sant Silvestre al segle VI, passant a considerar-se un exemple extraordinari de l\u2019antiguitat tardana a Catalunya que li atorga un alt valor hist\u00f2ric, cultural i patrimonial.<\/p>\n<p>Val a dir que les intervencions arqueol\u00f2giques al voltant de la capella de Sant Silvestre no han finalitzat ja que hi ha indicis que al voltant de la capella, en concret a gran esplanada que es troba just al seu davant hi podria haver restes arqueol\u00f2giques potser de restes d\u2019un poblat tot ho apunten els resultats d\u2019una prospecci\u00f3 amb georadar i la misteriosa manca de vegetaci\u00f3 , per\u00f2 de moment s\u00f3n hip\u00f2tesis que caldr\u00e0 contrastar per tal que aportin m\u00e9s dades en refer\u00e8ncia al context hist\u00f2ric i antropol\u00f2gic de la capella de Sant Silvestre de Vallirana.<\/p>\n    <\/div>\n  <\/div>\n<\/div>\n    <\/div>\n\n\n<div class=\"element image-block\">\n          <figure class=\"mb-0\">\n      <img loading=\"lazy\" decoding=\"async\" width=\"1620\" height=\"1080\" src=\"https:\/\/guides.muzee.it\/app\/uploads\/2025\/06\/Sant-Silvestre-2020.11-5-scaled-1.jpg\" class=\"block mx-auto\" alt=\"\" srcset=\"https:\/\/guides.muzee.it\/app\/uploads\/2025\/06\/Sant-Silvestre-2020.11-5-scaled-1.jpg 1620w, https:\/\/guides.muzee.it\/app\/uploads\/2025\/06\/Sant-Silvestre-2020.11-5-scaled-1-300x200.jpg 300w, https:\/\/guides.muzee.it\/app\/uploads\/2025\/06\/Sant-Silvestre-2020.11-5-scaled-1-1024x683.jpg 1024w, https:\/\/guides.muzee.it\/app\/uploads\/2025\/06\/Sant-Silvestre-2020.11-5-scaled-1-768x512.jpg 768w, https:\/\/guides.muzee.it\/app\/uploads\/2025\/06\/Sant-Silvestre-2020.11-5-scaled-1-1536x1024.jpg 1536w\" sizes=\"auto, (max-width: 1620px) 100vw, 1620px\" \/>\n          <\/figure>\n    \n<\/div>\n\n\n<div class=\"element video-block\">\n      <div class=\"flex mb-4\">\n            <div class=\"flex-1 info\">\n                  <h3 class=\"text-xl font-bold\">Una panor\u00e0mica<\/h3>\n                      <\/div>\n    <\/div>\n          <div class=\"embed-responsive\"><iframe loading=\"lazy\" title=\"Capella Sant Silvestre\" width=\"640\" height=\"360\" src=\"https:\/\/www.youtube.com\/embed\/a2ti8To0nUU?feature=oembed\" frameborder=\"0\" allow=\"accelerometer; autoplay; clipboard-write; encrypted-media; gyroscope; picture-in-picture; web-share\" referrerpolicy=\"strict-origin-when-cross-origin\" allowfullscreen><\/iframe><\/div>\n    \n<\/div>\n\n<\/div>\n          <\/div>\n      <\/section>\n\n\n<section class=\"section  section-collapsible  mb-8\"\n    id=\"section-69f399695f5de\" data-title=\"El roure centenari de Sant Silvestre\">\n              <div role=\"button\" class=\"cursor-pointer\" tabindex=\"0\" data-toggle=\"collapse\"\n        data-target=\"#section-block_41f2a23097f535a113d2d3c3879c7296-content\" data-group=\"sections\"\n        aria-controls=\"section-block_41f2a23097f535a113d2d3c3879c7296-content\" aria-expanded=\"false\">\n              <h2 class=\"flex items-baseline text-3xl leading-tight font-headings !mb-0 pb-2\">\n                  <i class=\"mr-4 rtl:mr-0 rtl:ml-4 text-accent\">\n            <svg width=\"22\" height=\"21\" viewBox=\"0 0 22 21\" xmlns=\"http:\/\/www.w3.org\/2000\/svg\"><path d=\"M9.6875.5v15.2123l-7.337-6.9876L.5 10.5l10.5 10 10.5-10-1.8504-1.7623-7.3371 6.9746V.5z\" fill=\"currentColor\" fill-rule=\"nonzero\"\/><\/svg>\n          <\/i>\n                El roure centenari de Sant Silvestre\n      <\/h2>\n              <img loading=\"lazy\" decoding=\"async\" width=\"800\" height=\"600\" src=\"https:\/\/guides.muzee.it\/app\/uploads\/2025\/06\/BrowserPreview_tmp-2-1.jpg\" class=\"attachment-full size-full\" alt=\"\" srcset=\"https:\/\/guides.muzee.it\/app\/uploads\/2025\/06\/BrowserPreview_tmp-2-1.jpg 800w, https:\/\/guides.muzee.it\/app\/uploads\/2025\/06\/BrowserPreview_tmp-2-1-300x225.jpg 300w, https:\/\/guides.muzee.it\/app\/uploads\/2025\/06\/BrowserPreview_tmp-2-1-768x576.jpg 768w\" sizes=\"auto, (max-width: 800px) 100vw, 800px\" \/>\n              <\/div>\n                  <div id=\"section-block_41f2a23097f535a113d2d3c3879c7296-content\"\n        class=\"overflow-hidden transition-[max-height] duration-300 max-h-0 collapse-flexible\">\n        \n    <div class=\"acf-innerblocks-container\">\n<div class=\"element image-block\">\n          <figure class=\"mb-0\">\n      <img loading=\"lazy\" decoding=\"async\" width=\"353\" height=\"475\" src=\"https:\/\/guides.muzee.it\/app\/uploads\/2025\/06\/Roure-sSilvestre.jpg\" class=\"block mx-auto\" alt=\"\" srcset=\"https:\/\/guides.muzee.it\/app\/uploads\/2025\/06\/Roure-sSilvestre.jpg 353w, https:\/\/guides.muzee.it\/app\/uploads\/2025\/06\/Roure-sSilvestre-223x300.jpg 223w\" sizes=\"auto, (max-width: 353px) 100vw, 353px\" \/>\n              <figcaption class=\"mt-2 text-sm\">Font: Centre Excursionista de Vallirana<\/figcaption>\n          <\/figure>\n    \n<\/div>\n\n\n<div class=\"element text-block\">\n        <div class=\"mb-4 prose\">\n      <p>Aquesta soca pertany al roure centenari de Sant Silvestre, un arbre monumental d\u2019inter\u00e8s local que va esdevenir un referent per als valliranencs fins que es va morir arran del temporal de vent de 2009.<\/p>\n<p>La soca ens recorda el roure com a sentinella del pas del temps. Els seus anells de creixement en s\u00f3n testimoni, i tamb\u00e9 ho s\u00f3n de les condicions clim\u00e0tiques o pertorbacions que va viure durant la seva vida.<\/p>\n\n    <\/div>\n  <\/div>\n\n\n<div class=\"element gallery-block\">\n          <div class=\"relative overflow-hidden gallery swiper-container\">\n      <div class=\"swiper-wrapper\">\n                  <figure class=\"mb-0 swiper-slide\">\n            <img loading=\"lazy\" decoding=\"async\" width=\"1440\" height=\"1080\" src=\"https:\/\/guides.muzee.it\/app\/uploads\/2025\/06\/rouree-scaled-1.jpg\" class=\"block mx-auto\" alt=\"\" srcset=\"https:\/\/guides.muzee.it\/app\/uploads\/2025\/06\/rouree-scaled-1.jpg 1440w, https:\/\/guides.muzee.it\/app\/uploads\/2025\/06\/rouree-scaled-1-300x225.jpg 300w, https:\/\/guides.muzee.it\/app\/uploads\/2025\/06\/rouree-scaled-1-1024x768.jpg 1024w, https:\/\/guides.muzee.it\/app\/uploads\/2025\/06\/rouree-scaled-1-768x576.jpg 768w\" sizes=\"auto, (max-width: 1440px) 100vw, 1440px\" \/>\n                          <figcaption class=\"mt-2 text-sm\">Font: Centre Excursionista de Vallirana<\/figcaption>\n                      <\/figure>\n                  <figure class=\"mb-0 swiper-slide\">\n            <img loading=\"lazy\" decoding=\"async\" width=\"1280\" height=\"960\" src=\"https:\/\/guides.muzee.it\/app\/uploads\/2025\/06\/roure-distancia.jpg\" class=\"block mx-auto\" alt=\"\" srcset=\"https:\/\/guides.muzee.it\/app\/uploads\/2025\/06\/roure-distancia.jpg 1280w, https:\/\/guides.muzee.it\/app\/uploads\/2025\/06\/roure-distancia-300x225.jpg 300w, https:\/\/guides.muzee.it\/app\/uploads\/2025\/06\/roure-distancia-1024x768.jpg 1024w, https:\/\/guides.muzee.it\/app\/uploads\/2025\/06\/roure-distancia-768x576.jpg 768w\" sizes=\"auto, (max-width: 1280px) 100vw, 1280px\" \/>\n                          <figcaption class=\"mt-2 text-sm\">Font: Centre Excursionista de Vallirana<\/figcaption>\n                      <\/figure>\n                  <figure class=\"mb-0 swiper-slide\">\n            <img loading=\"lazy\" decoding=\"async\" width=\"1092\" height=\"1080\" src=\"https:\/\/guides.muzee.it\/app\/uploads\/2025\/06\/Roure-distancia-2.jpg\" class=\"block mx-auto\" alt=\"\" srcset=\"https:\/\/guides.muzee.it\/app\/uploads\/2025\/06\/Roure-distancia-2.jpg 1092w, https:\/\/guides.muzee.it\/app\/uploads\/2025\/06\/Roure-distancia-2-300x297.jpg 300w, https:\/\/guides.muzee.it\/app\/uploads\/2025\/06\/Roure-distancia-2-1024x1013.jpg 1024w, https:\/\/guides.muzee.it\/app\/uploads\/2025\/06\/Roure-distancia-2-768x760.jpg 768w\" sizes=\"auto, (max-width: 1092px) 100vw, 1092px\" \/>\n                          <figcaption class=\"mt-2 text-sm\">Font: Centre Excursionista de Vallirana<\/figcaption>\n                      <\/figure>\n              <\/div>\n      <div class=\"inset-0 swiper-pagination w-fit\"><\/div>\n      <div class=\"swiper-button-prev\"><\/div>\n      <div class=\"swiper-button-next\"><\/div>\n    <\/div>\n  <\/div>\n\n<\/div>\n          <\/div>\n      <\/section>\n","protected":false},"author":9,"featured_media":0,"parent":0,"template":"","class_list":["post-7075","guide","type-guide","status-publish","hentry"],"acf":[],"yoast_head":"<!-- This site is optimized with the Yoast SEO plugin v27.3 - https:\/\/yoast.com\/product\/yoast-seo-wordpress\/ -->\n<title>La Capella de Sant Silvestre - Muzee<\/title>\n<meta name=\"robots\" content=\"noindex, follow, max-snippet:-1, max-image-preview:large, max-video-preview:-1\" \/>\n<meta property=\"og:locale\" content=\"ca_ES\" \/>\n<meta property=\"og:type\" content=\"article\" \/>\n<meta property=\"og:title\" content=\"La Capella de Sant Silvestre - Muzee\" \/>\n<meta property=\"og:url\" content=\"https:\/\/guides.muzee.it\/ca\/vallirana\/guide\/sant-silvestre-chapel\/\" \/>\n<meta property=\"og:site_name\" content=\"Muzee\" \/>\n<meta property=\"article:modified_time\" content=\"2025-11-11T08:10:04+00:00\" \/>\n<meta name=\"twitter:card\" content=\"summary_large_image\" \/>\n<meta name=\"twitter:label1\" content=\"Est. reading time\" \/>\n\t<meta name=\"twitter:data1\" content=\"14 minutes\" \/>\n<script type=\"application\/ld+json\" class=\"yoast-schema-graph\">{\"@context\":\"https:\\\/\\\/schema.org\",\"@graph\":[{\"@type\":\"WebPage\",\"@id\":\"https:\\\/\\\/guides.muzee.it\\\/ca\\\/vallirana\\\/guide\\\/sant-silvestre-chapel\\\/\",\"url\":\"https:\\\/\\\/guides.muzee.it\\\/ca\\\/vallirana\\\/guide\\\/sant-silvestre-chapel\\\/\",\"name\":\"La Capella de Sant Silvestre - Muzee\",\"isPartOf\":{\"@id\":\"https:\\\/\\\/guides.muzee.it\\\/en\\\/#website\"},\"datePublished\":\"2025-06-17T13:54:59+00:00\",\"dateModified\":\"2025-11-11T08:10:04+00:00\",\"breadcrumb\":{\"@id\":\"https:\\\/\\\/guides.muzee.it\\\/ca\\\/vallirana\\\/guide\\\/sant-silvestre-chapel\\\/#breadcrumb\"},\"inLanguage\":\"ca\",\"potentialAction\":[{\"@type\":\"ReadAction\",\"target\":[\"https:\\\/\\\/guides.muzee.it\\\/ca\\\/vallirana\\\/guide\\\/sant-silvestre-chapel\\\/\"]}]},{\"@type\":\"BreadcrumbList\",\"@id\":\"https:\\\/\\\/guides.muzee.it\\\/ca\\\/vallirana\\\/guide\\\/sant-silvestre-chapel\\\/#breadcrumb\",\"itemListElement\":[{\"@type\":\"ListItem\",\"position\":1,\"name\":\"Home\",\"item\":\"https:\\\/\\\/guides.muzee.it\\\/en\\\/\"},{\"@type\":\"ListItem\",\"position\":2,\"name\":\"La Capella de Sant Silvestre\"}]},{\"@type\":\"WebSite\",\"@id\":\"https:\\\/\\\/guides.muzee.it\\\/en\\\/#website\",\"url\":\"https:\\\/\\\/guides.muzee.it\\\/en\\\/\",\"name\":\"Muzee\",\"description\":\"\",\"potentialAction\":[{\"@type\":\"SearchAction\",\"target\":{\"@type\":\"EntryPoint\",\"urlTemplate\":\"https:\\\/\\\/guides.muzee.it\\\/en\\\/?s={search_term_string}\"},\"query-input\":{\"@type\":\"PropertyValueSpecification\",\"valueRequired\":true,\"valueName\":\"search_term_string\"}}],\"inLanguage\":\"ca\"}]}<\/script>\n<!-- \/ Yoast SEO plugin. -->","yoast_head_json":{"title":"La Capella de Sant Silvestre - Muzee","robots":{"index":"noindex","follow":"follow","max-snippet":"max-snippet:-1","max-image-preview":"max-image-preview:large","max-video-preview":"max-video-preview:-1"},"og_locale":"ca_ES","og_type":"article","og_title":"La Capella de Sant Silvestre - Muzee","og_url":"https:\/\/guides.muzee.it\/ca\/vallirana\/guide\/sant-silvestre-chapel\/","og_site_name":"Muzee","article_modified_time":"2025-11-11T08:10:04+00:00","twitter_card":"summary_large_image","twitter_misc":{"Est. reading time":"14 minutes"},"schema":{"@context":"https:\/\/schema.org","@graph":[{"@type":"WebPage","@id":"https:\/\/guides.muzee.it\/ca\/vallirana\/guide\/sant-silvestre-chapel\/","url":"https:\/\/guides.muzee.it\/ca\/vallirana\/guide\/sant-silvestre-chapel\/","name":"La Capella de Sant Silvestre - Muzee","isPartOf":{"@id":"https:\/\/guides.muzee.it\/en\/#website"},"datePublished":"2025-06-17T13:54:59+00:00","dateModified":"2025-11-11T08:10:04+00:00","breadcrumb":{"@id":"https:\/\/guides.muzee.it\/ca\/vallirana\/guide\/sant-silvestre-chapel\/#breadcrumb"},"inLanguage":"ca","potentialAction":[{"@type":"ReadAction","target":["https:\/\/guides.muzee.it\/ca\/vallirana\/guide\/sant-silvestre-chapel\/"]}]},{"@type":"BreadcrumbList","@id":"https:\/\/guides.muzee.it\/ca\/vallirana\/guide\/sant-silvestre-chapel\/#breadcrumb","itemListElement":[{"@type":"ListItem","position":1,"name":"Home","item":"https:\/\/guides.muzee.it\/en\/"},{"@type":"ListItem","position":2,"name":"La Capella de Sant Silvestre"}]},{"@type":"WebSite","@id":"https:\/\/guides.muzee.it\/en\/#website","url":"https:\/\/guides.muzee.it\/en\/","name":"Muzee","description":"","potentialAction":[{"@type":"SearchAction","target":{"@type":"EntryPoint","urlTemplate":"https:\/\/guides.muzee.it\/en\/?s={search_term_string}"},"query-input":{"@type":"PropertyValueSpecification","valueRequired":true,"valueName":"search_term_string"}}],"inLanguage":"ca"}]}},"_links":{"self":[{"href":"https:\/\/guides.muzee.it\/ca\/wp-json\/wp\/v2\/guide\/7075","targetHints":{"allow":["GET"]}}],"collection":[{"href":"https:\/\/guides.muzee.it\/ca\/wp-json\/wp\/v2\/guide"}],"about":[{"href":"https:\/\/guides.muzee.it\/ca\/wp-json\/wp\/v2\/types\/guide"}],"author":[{"embeddable":true,"href":"https:\/\/guides.muzee.it\/ca\/wp-json\/wp\/v2\/users\/9"}],"wp:attachment":[{"href":"https:\/\/guides.muzee.it\/ca\/wp-json\/wp\/v2\/media?parent=7075"}],"curies":[{"name":"wp","href":"https:\/\/api.w.org\/{rel}","templated":true}]}}