{"id":7109,"date":"2025-06-17T13:54:59","date_gmt":"2025-06-17T13:54:59","guid":{"rendered":"https:\/\/guides.muzee.it\/vallirana\/guide\/sant-silvestre-chapel\/"},"modified":"2025-11-11T08:11:03","modified_gmt":"2025-11-11T08:11:03","slug":"sant-silvestre-chapel","status":"publish","type":"guide","link":"https:\/\/guides.muzee.it\/es\/vallirana\/guide\/sant-silvestre-chapel\/","title":{"rendered":"La Capilla de San Silvestre"},"content":{"rendered":"<section class=\"section  section-collapsible  mb-8\"\n    id=\"section-69f3adb7becef\" data-title=\"La capilla\">\n              <div role=\"button\" class=\"cursor-pointer\" tabindex=\"0\" data-toggle=\"collapse\"\n        data-target=\"#section-block_088bf0c8f7622836dcf44abdc98cd5a0-content\" data-group=\"sections\"\n        aria-controls=\"section-block_088bf0c8f7622836dcf44abdc98cd5a0-content\" aria-expanded=\"false\">\n              <h2 class=\"flex items-baseline text-3xl leading-tight font-headings !mb-0 pb-2\">\n                  <i class=\"mr-4 rtl:mr-0 rtl:ml-4 text-accent\">\n            <svg width=\"22\" height=\"21\" viewBox=\"0 0 22 21\" xmlns=\"http:\/\/www.w3.org\/2000\/svg\"><path d=\"M9.6875.5v15.2123l-7.337-6.9876L.5 10.5l10.5 10 10.5-10-1.8504-1.7623-7.3371 6.9746V.5z\" fill=\"currentColor\" fill-rule=\"nonzero\"\/><\/svg>\n          <\/i>\n                La capilla\n      <\/h2>\n              <img loading=\"lazy\" decoding=\"async\" width=\"1440\" height=\"1080\" src=\"https:\/\/guides.muzee.it\/app\/uploads\/2025\/06\/IMG_3933.jpg\" class=\"attachment-full size-full\" alt=\"\" srcset=\"https:\/\/guides.muzee.it\/app\/uploads\/2025\/06\/IMG_3933.jpg 1440w, https:\/\/guides.muzee.it\/app\/uploads\/2025\/06\/IMG_3933-300x225.jpg 300w, https:\/\/guides.muzee.it\/app\/uploads\/2025\/06\/IMG_3933-1024x768.jpg 1024w, https:\/\/guides.muzee.it\/app\/uploads\/2025\/06\/IMG_3933-768x576.jpg 768w\" sizes=\"auto, (max-width: 1440px) 100vw, 1440px\" \/>\n              <\/div>\n                  <div id=\"section-block_088bf0c8f7622836dcf44abdc98cd5a0-content\"\n        class=\"overflow-hidden transition-[max-height] duration-300 max-h-0 collapse-flexible\">\n        \n    <div class=\"acf-innerblocks-container\">\n<div class=\"element audio-block\">\n  <div class=\"flex items-center\">\n            <div class=\"flex-1 info\">\n              <h3 class=\"text-xl font-bold\">Introducci\u00f3n<\/h3>\n                          <div class=\"flex flex-wrap -mx-2 -mt-2\">\n                      <a href=\"#\" data-target=\"#transcription-4d0bc58489b42757886f092a85a8a9de\" data-toggle=\"modal\"\n              class=\"px-2 text-sm border-0 text-accent\">\n              <svg width=\"11\" height=\"12\" class=\"inline-block mr-1 text-accent\"\n                xmlns=\"http:\/\/www.w3.org\/2000\/svg\">\n                <path d=\"M0 0h11v9H8.7642v2.8481L5.5 9H0z\" fill=\"currentColor\" fill-rule=\"evenodd\" \/>\n              <\/svg>\n              <span class=\"underline underline-offset\">Transcripci\u00f3n<\/span>\n            <\/a>\n                            <\/div>\n          <\/div>\n    <div class=\"flex flex-col items-center ml-4 audio-control rtl:ml-0 rtl:mr-4\">\n      <button class=\"flex items-center justify-center w-12 h-12 !p-0 !my-0 rounded-full btn !text-bg\"\n  data-target=\"#audio-4d0bc58489b42757886f092a85a8a9de\">\n  <svg width=\"100%\" height=\"100%\" viewBox=\"0 0 36 36\" version=\"1.1\" xmlns=\"http:\/\/www.w3.org\/2000\/svg\" xmlns:xlink=\"http:\/\/www.w3.org\/1999\/xlink\">\n  <path id=\"ytp-12\" d=\"M11,10 L18,13.74 18,22.28 11,26 M18,13.74 L26,18 26,18 18,22.28\" fill=\"currentColor\">\n    <animate id=\"animation\" begin=\"indefinite\" attributeType=\"XML\" attributeName=\"d\" fill=\"freeze\" from=\"M11,10 L17,10 17,26 11,26 M20,10 L26,10 26,26 20,26\" to=\"M11,10 L18,13.74 18,22.28 11,26 M18,13.74 L26,18 26,18 18,22.28\" dur=\"0.1s\" keySplines=\".4 0 1 1\" repeatCount=\"1\" data-play=\"M11,10 L18,13.74 18,22.28 11,26 M18,13.74 L26,18 26,18 18,22.28\" data-pause=\"M11,10 L17,10 17,26 11,26 M20,10 L26,10 26,26 20,26\"><\/animate>\n  <\/path>\n<\/svg>\n<\/button>\n      <div class=\"text-sm total-time\"><\/div>\n    <\/div>\n  <\/div>\n        <div class=\"audio-content\" dir=\"ltr\">\n      <audio id=\"audio-4d0bc58489b42757886f092a85a8a9de\" data-label=\"Introducci\u00f3n\"\n        data-category=\"ST-SIL-LOC-1-ES.wav\" class=\"hidden\" controls\n        src=\"https:\/\/guides.muzee.it\/app\/uploads\/2025\/06\/ST-SIL-LOC-1-ES.wav\"><\/audio>\n      <div class=\"mt-2 transition-opacity opacity-0 meta\">\n        <div class=\"flex items-end\" style=\"gap: 16px;\">\n          <div class=\"flex-1\">\n            <progress class=\"w-full border-0 appearance-none\" value=\"0\" max=\"1\"><\/progress>\n            <div class=\"flex justify-between text-sm\">\n              <div class=\"current-time\"><\/div>\n              <div class=\"total-time\"><\/div>\n            <\/div>\n          <\/div>\n                  <\/div>\n      <\/div>\n    <\/div>\n        <div id=\"transcription-4d0bc58489b42757886f092a85a8a9de\"\n  class=\"fixed inset-0 z-50 hidden w-screen h-screen opacity-0 pointer-events-none modal transcription\"\n  tabindex=\"-1\" role=\"dialog\">\n  <div class=\"absolute w-full h-full bg-black opacity-75 modal-overlay\"><\/div>\n  <div\n    class=\"absolute z-30 w-11\/12 mx-auto overflow-y-auto text-black bg-white shadow-lg modal-container center-xy md:max-w-4xl\"\n    role=\"document\">\n    <div class=\"flex items-center justify-between px-4 py-4 text-gray-700 border-b md:px-8\">\n      <h2 class=\"!mb-0 font-bold\">Transcripci\u00f3n<\/h2>\n      <div class=\"z-50 flex flex-col items-center ml-auto cursor-pointer rtl:ml-0 rtl:mr-auto modal-close\">\n        <svg class=\"w-auto h-6\" width=\"18\" height=\"23\" xmlns=\"http:\/\/www.w3.org\/2000\/svg\">\n  <g stroke=\"currentColor\" fill=\"none\" fill-rule=\"evenodd\" stroke-linecap=\"square\">\n    <path d=\"M.7248.974l16.1076 20.6167M16.655 1.2654L.9097 22.1601\" \/>\n  <\/g>\n<\/svg>        <div class=\"hidden\">Close<\/div>\n      <\/div>\n    <\/div>\n    <div class=\"px-4 py-8 overflow-y-auto max-h-modal md:px-8 modal-content\">\n      <div class=\"mb-6\">\n                      <h3 class=\"text-xl font-bold\">Introducci\u00f3n<\/h3>\n                            <\/div>\n            <p>Est\u00e1n ante la capilla de San Silvestre situada en el Valle de Ar\u00fas en el t\u00e9rmino municipal de Vallirana. El Valle de Ar\u00fas es una de las \u00e1reas naturales m\u00e1s impresionantes de Vallirana que est\u00e1 incluida dentro del Espacio Natural Protegido de las Monta\u00f1as del Ordal. El espacio fue declarado como Zona de Especial Protecci\u00f3n para las aves en 2005 y posteriormente fue ampliado pasando a formar parte de la red europea de espacios naturales protegidos (Natura 2000).<\/p>\n<p>La zona es atravesada por el sendero PR-C 163 homologado por la Federaci\u00f3n de Entidades Excursionistas de Catalu\u00f1a y que est\u00e1 incluido dentro de la red de senderos del Baix Llobregat.<br \/>\nLa vegetaci\u00f3n est\u00e1 representada por bosques de pino blanco y car\u00e7os, y est\u00e1 regada por el torrente de Campderr\u00f3s, por el del Salt del Bou y por los fondos de la Guixera y del Valle de Ar\u00fas. El valle est\u00e1 caracterizada por las construcciones de piedra seca y los hornos de cal, as\u00ed como por la presencia de la mas\u00eda de Can Boguny\u00e0 (una de las m\u00e1s antiguas del municipio).<\/p>\n    <\/div>\n  <\/div>\n<\/div>\n    <\/div>\n\n\n<div class=\"element gallery-block\">\n          <div class=\"relative overflow-hidden gallery swiper-container\">\n      <div class=\"swiper-wrapper\">\n                  <figure class=\"mb-0 swiper-slide\">\n            <img loading=\"lazy\" decoding=\"async\" width=\"1440\" height=\"1080\" src=\"https:\/\/guides.muzee.it\/app\/uploads\/2025\/06\/IMG_3927-1.jpg\" class=\"block mx-auto\" alt=\"\" srcset=\"https:\/\/guides.muzee.it\/app\/uploads\/2025\/06\/IMG_3927-1.jpg 1440w, https:\/\/guides.muzee.it\/app\/uploads\/2025\/06\/IMG_3927-1-300x225.jpg 300w, https:\/\/guides.muzee.it\/app\/uploads\/2025\/06\/IMG_3927-1-1024x768.jpg 1024w, https:\/\/guides.muzee.it\/app\/uploads\/2025\/06\/IMG_3927-1-768x576.jpg 768w\" sizes=\"auto, (max-width: 1440px) 100vw, 1440px\" \/>\n                      <\/figure>\n                  <figure class=\"mb-0 swiper-slide\">\n            <img loading=\"lazy\" decoding=\"async\" width=\"800\" height=\"533\" src=\"https:\/\/guides.muzee.it\/app\/uploads\/2025\/06\/IMG_3931-2.jpg\" class=\"block mx-auto\" alt=\"\" srcset=\"https:\/\/guides.muzee.it\/app\/uploads\/2025\/06\/IMG_3931-2.jpg 800w, https:\/\/guides.muzee.it\/app\/uploads\/2025\/06\/IMG_3931-2-300x200.jpg 300w, https:\/\/guides.muzee.it\/app\/uploads\/2025\/06\/IMG_3931-2-768x512.jpg 768w\" sizes=\"auto, (max-width: 800px) 100vw, 800px\" \/>\n                      <\/figure>\n              <\/div>\n      <div class=\"inset-0 swiper-pagination w-fit\"><\/div>\n      <div class=\"swiper-button-prev\"><\/div>\n      <div class=\"swiper-button-next\"><\/div>\n    <\/div>\n  <\/div>\n\n\n<div class=\"element audio-block\">\n  <div class=\"flex items-center\">\n            <div class=\"flex-1 info\">\n              <h3 class=\"text-xl font-bold\">Contexto hist\u00f3rico y cronolog\u00eda<\/h3>\n                          <div class=\"flex flex-wrap -mx-2 -mt-2\">\n                      <a href=\"#\" data-target=\"#transcription-630d7be797b42ab3bc753e8a2458c86e\" data-toggle=\"modal\"\n              class=\"px-2 text-sm border-0 text-accent\">\n              <svg width=\"11\" height=\"12\" class=\"inline-block mr-1 text-accent\"\n                xmlns=\"http:\/\/www.w3.org\/2000\/svg\">\n                <path d=\"M0 0h11v9H8.7642v2.8481L5.5 9H0z\" fill=\"currentColor\" fill-rule=\"evenodd\" \/>\n              <\/svg>\n              <span class=\"underline underline-offset\">Transcripci\u00f3n<\/span>\n            <\/a>\n                            <\/div>\n          <\/div>\n    <div class=\"flex flex-col items-center ml-4 audio-control rtl:ml-0 rtl:mr-4\">\n      <button class=\"flex items-center justify-center w-12 h-12 !p-0 !my-0 rounded-full btn !text-bg\"\n  data-target=\"#audio-630d7be797b42ab3bc753e8a2458c86e\">\n  <svg width=\"100%\" height=\"100%\" viewBox=\"0 0 36 36\" version=\"1.1\" xmlns=\"http:\/\/www.w3.org\/2000\/svg\" xmlns:xlink=\"http:\/\/www.w3.org\/1999\/xlink\">\n  <path id=\"ytp-12\" d=\"M11,10 L18,13.74 18,22.28 11,26 M18,13.74 L26,18 26,18 18,22.28\" fill=\"currentColor\">\n    <animate id=\"animation\" begin=\"indefinite\" attributeType=\"XML\" attributeName=\"d\" fill=\"freeze\" from=\"M11,10 L17,10 17,26 11,26 M20,10 L26,10 26,26 20,26\" to=\"M11,10 L18,13.74 18,22.28 11,26 M18,13.74 L26,18 26,18 18,22.28\" dur=\"0.1s\" keySplines=\".4 0 1 1\" repeatCount=\"1\" data-play=\"M11,10 L18,13.74 18,22.28 11,26 M18,13.74 L26,18 26,18 18,22.28\" data-pause=\"M11,10 L17,10 17,26 11,26 M20,10 L26,10 26,26 20,26\"><\/animate>\n  <\/path>\n<\/svg>\n<\/button>\n      <div class=\"text-sm total-time\"><\/div>\n    <\/div>\n  <\/div>\n        <div class=\"audio-content\" dir=\"ltr\">\n      <audio id=\"audio-630d7be797b42ab3bc753e8a2458c86e\" data-label=\"Contexto hist\u00f3rico y cronolog\u00eda\"\n        data-category=\"ST-SIL-LOC-2-ES.wav\" class=\"hidden\" controls\n        src=\"https:\/\/guides.muzee.it\/app\/uploads\/2025\/06\/ST-SIL-LOC-2-ES.wav\"><\/audio>\n      <div class=\"mt-2 transition-opacity opacity-0 meta\">\n        <div class=\"flex items-end\" style=\"gap: 16px;\">\n          <div class=\"flex-1\">\n            <progress class=\"w-full border-0 appearance-none\" value=\"0\" max=\"1\"><\/progress>\n            <div class=\"flex justify-between text-sm\">\n              <div class=\"current-time\"><\/div>\n              <div class=\"total-time\"><\/div>\n            <\/div>\n          <\/div>\n                  <\/div>\n      <\/div>\n    <\/div>\n        <div id=\"transcription-630d7be797b42ab3bc753e8a2458c86e\"\n  class=\"fixed inset-0 z-50 hidden w-screen h-screen opacity-0 pointer-events-none modal transcription\"\n  tabindex=\"-1\" role=\"dialog\">\n  <div class=\"absolute w-full h-full bg-black opacity-75 modal-overlay\"><\/div>\n  <div\n    class=\"absolute z-30 w-11\/12 mx-auto overflow-y-auto text-black bg-white shadow-lg modal-container center-xy md:max-w-4xl\"\n    role=\"document\">\n    <div class=\"flex items-center justify-between px-4 py-4 text-gray-700 border-b md:px-8\">\n      <h2 class=\"!mb-0 font-bold\">Transcripci\u00f3n<\/h2>\n      <div class=\"z-50 flex flex-col items-center ml-auto cursor-pointer rtl:ml-0 rtl:mr-auto modal-close\">\n        <svg class=\"w-auto h-6\" width=\"18\" height=\"23\" xmlns=\"http:\/\/www.w3.org\/2000\/svg\">\n  <g stroke=\"currentColor\" fill=\"none\" fill-rule=\"evenodd\" stroke-linecap=\"square\">\n    <path d=\"M.7248.974l16.1076 20.6167M16.655 1.2654L.9097 22.1601\" \/>\n  <\/g>\n<\/svg>        <div class=\"hidden\">Close<\/div>\n      <\/div>\n    <\/div>\n    <div class=\"px-4 py-8 overflow-y-auto max-h-modal md:px-8 modal-content\">\n      <div class=\"mb-6\">\n                      <h3 class=\"text-xl font-bold\">Contexto hist\u00f3rico y cronolog\u00eda<\/h3>\n                            <\/div>\n            <p>La primera referencia documental relacionada con el templo es del a\u00f1o 904. La capilla fue entregada al monasterio de Sant Cugat por el obispo Teodorico de Barcelona, convirti\u00e9ndose en una celda mon\u00e1stica dependiente de la iglesia de la Santa Cruz (situada en el valle del castillo de Cervell\u00f3).<br \/>\nA partir del siglo XIII, con la aparici\u00f3n de la iglesia de San Mateo junto a la mas\u00eda de Can Juli\u00e0, la capilla deja de ser el templo principal del t\u00e9rmino de Vallirana aunque el edificio funcionaba como capilla erem\u00edtica.<\/p>\n<p>Tal como indica la fecha del portal, a finales del siglo XVIII (1793), el edificio fue completamente reformado y pocos a\u00f1os despu\u00e9s la capilla volvi\u00f3 a hacer funciones de iglesia dado que durante la guerra de la Independencia, el templo parroquial fue incendiado y destrozado.<br \/>\nPosteriormente la capilla fue transferida a la finca de Can Boguny\u00e0 y 1851, Josep Boguny\u00e0 pide licencia para celebrar misa mayor por la fiesta del santo, apareciendo como capilla p\u00fablica. El encuentro de San Silvestre se celebr\u00f3 hasta la guerra civil 1936-39.<\/p>\n<p>Durante el siglo XX, los propietarios tapiaron la ermita en varias ocasiones para evitar el vandalismo creciente que sufr\u00eda.<br \/>\nEl a\u00f1o 2014, el ayuntamiento de Vallirana y la propiedad de la finca de Can Boguny\u00e0 firmaron un convenio urban\u00edstico de cesi\u00f3n de uso de los terrenos donde se ubica la ermita por 75 a\u00f1os. El consistorio ha sido el responsable del arreglo del entorno y de la restauraci\u00f3n del edificio, inaugurados el 15 de mayo de 2021.<\/p>\n    <\/div>\n  <\/div>\n<\/div>\n    <\/div>\n\n\n<div class=\"element gallery-block\">\n          <div class=\"relative overflow-hidden gallery swiper-container\">\n      <div class=\"swiper-wrapper\">\n                  <figure class=\"mb-0 swiper-slide\">\n            <img loading=\"lazy\" decoding=\"async\" width=\"695\" height=\"960\" src=\"https:\/\/guides.muzee.it\/app\/uploads\/2025\/06\/SANT-SILV-1930-FONT-AMICS-DE-VALLIRANA.jpg\" class=\"block mx-auto\" alt=\"\" srcset=\"https:\/\/guides.muzee.it\/app\/uploads\/2025\/06\/SANT-SILV-1930-FONT-AMICS-DE-VALLIRANA.jpg 695w, https:\/\/guides.muzee.it\/app\/uploads\/2025\/06\/SANT-SILV-1930-FONT-AMICS-DE-VALLIRANA-217x300.jpg 217w\" sizes=\"auto, (max-width: 695px) 100vw, 695px\" \/>\n                          <figcaption class=\"mt-2 text-sm\">Sant Silvestre 1930. Fuente: Amics de Vallirana<\/figcaption>\n                      <\/figure>\n                  <figure class=\"mb-0 swiper-slide\">\n            <img loading=\"lazy\" decoding=\"async\" width=\"764\" height=\"1080\" src=\"https:\/\/guides.muzee.it\/app\/uploads\/2025\/06\/SANT-SILV-1930.-FONT-AMICS-DE-VALLIRANA.jpg\" class=\"block mx-auto\" alt=\"\" srcset=\"https:\/\/guides.muzee.it\/app\/uploads\/2025\/06\/SANT-SILV-1930.-FONT-AMICS-DE-VALLIRANA.jpg 764w, https:\/\/guides.muzee.it\/app\/uploads\/2025\/06\/SANT-SILV-1930.-FONT-AMICS-DE-VALLIRANA-212x300.jpg 212w, https:\/\/guides.muzee.it\/app\/uploads\/2025\/06\/SANT-SILV-1930.-FONT-AMICS-DE-VALLIRANA-724x1024.jpg 724w\" sizes=\"auto, (max-width: 764px) 100vw, 764px\" \/>\n                          <figcaption class=\"mt-2 text-sm\">Sant Silvestre 1930. Fuente: Amics de Vallirana<\/figcaption>\n                      <\/figure>\n                  <figure class=\"mb-0 swiper-slide\">\n            <img loading=\"lazy\" decoding=\"async\" width=\"768\" height=\"1024\" src=\"https:\/\/guides.muzee.it\/app\/uploads\/2025\/06\/6bfeac23-6a16-4aee-923c-6f010043729b.jpg\" class=\"block mx-auto\" alt=\"\" srcset=\"https:\/\/guides.muzee.it\/app\/uploads\/2025\/06\/6bfeac23-6a16-4aee-923c-6f010043729b.jpg 768w, https:\/\/guides.muzee.it\/app\/uploads\/2025\/06\/6bfeac23-6a16-4aee-923c-6f010043729b-225x300.jpg 225w\" sizes=\"auto, (max-width: 768px) 100vw, 768px\" \/>\n                      <\/figure>\n                  <figure class=\"mb-0 swiper-slide\">\n            <img loading=\"lazy\" decoding=\"async\" width=\"768\" height=\"1024\" src=\"https:\/\/guides.muzee.it\/app\/uploads\/2025\/06\/e87534cc-aad4-4f86-8194-cec9ea7f5532.jpg\" class=\"block mx-auto\" alt=\"\" srcset=\"https:\/\/guides.muzee.it\/app\/uploads\/2025\/06\/e87534cc-aad4-4f86-8194-cec9ea7f5532.jpg 768w, https:\/\/guides.muzee.it\/app\/uploads\/2025\/06\/e87534cc-aad4-4f86-8194-cec9ea7f5532-225x300.jpg 225w\" sizes=\"auto, (max-width: 768px) 100vw, 768px\" \/>\n                      <\/figure>\n                  <figure class=\"mb-0 swiper-slide\">\n            <img loading=\"lazy\" decoding=\"async\" width=\"717\" height=\"1080\" src=\"https:\/\/guides.muzee.it\/app\/uploads\/2025\/06\/SANT-SILVESTRE-1-10.05-scaled-1.jpg\" class=\"block mx-auto\" alt=\"\" srcset=\"https:\/\/guides.muzee.it\/app\/uploads\/2025\/06\/SANT-SILVESTRE-1-10.05-scaled-1.jpg 717w, https:\/\/guides.muzee.it\/app\/uploads\/2025\/06\/SANT-SILVESTRE-1-10.05-scaled-1-199x300.jpg 199w, https:\/\/guides.muzee.it\/app\/uploads\/2025\/06\/SANT-SILVESTRE-1-10.05-scaled-1-680x1024.jpg 680w\" sizes=\"auto, (max-width: 717px) 100vw, 717px\" \/>\n                      <\/figure>\n                  <figure class=\"mb-0 swiper-slide\">\n            <img loading=\"lazy\" decoding=\"async\" width=\"717\" height=\"1080\" src=\"https:\/\/guides.muzee.it\/app\/uploads\/2025\/06\/Sant-Silvestre-10.05-46-scaled-1.jpg\" class=\"block mx-auto\" alt=\"\" srcset=\"https:\/\/guides.muzee.it\/app\/uploads\/2025\/06\/Sant-Silvestre-10.05-46-scaled-1.jpg 717w, https:\/\/guides.muzee.it\/app\/uploads\/2025\/06\/Sant-Silvestre-10.05-46-scaled-1-199x300.jpg 199w, https:\/\/guides.muzee.it\/app\/uploads\/2025\/06\/Sant-Silvestre-10.05-46-scaled-1-680x1024.jpg 680w\" sizes=\"auto, (max-width: 717px) 100vw, 717px\" \/>\n                      <\/figure>\n              <\/div>\n      <div class=\"inset-0 swiper-pagination w-fit\"><\/div>\n      <div class=\"swiper-button-prev\"><\/div>\n      <div class=\"swiper-button-next\"><\/div>\n    <\/div>\n  <\/div>\n\n\n<div class=\"element audio-block\">\n  <div class=\"flex items-center\">\n            <div class=\"flex-1 info\">\n              <h3 class=\"text-xl font-bold\">Descripci\u00f3n de la capilla<\/h3>\n                          <div class=\"flex flex-wrap -mx-2 -mt-2\">\n                      <a href=\"#\" data-target=\"#transcription-4b7846879ff9f2ee30e90d22d71db038\" data-toggle=\"modal\"\n              class=\"px-2 text-sm border-0 text-accent\">\n              <svg width=\"11\" height=\"12\" class=\"inline-block mr-1 text-accent\"\n                xmlns=\"http:\/\/www.w3.org\/2000\/svg\">\n                <path d=\"M0 0h11v9H8.7642v2.8481L5.5 9H0z\" fill=\"currentColor\" fill-rule=\"evenodd\" \/>\n              <\/svg>\n              <span class=\"underline underline-offset\">Transcripci\u00f3n<\/span>\n            <\/a>\n                            <\/div>\n          <\/div>\n    <div class=\"flex flex-col items-center ml-4 audio-control rtl:ml-0 rtl:mr-4\">\n      <button class=\"flex items-center justify-center w-12 h-12 !p-0 !my-0 rounded-full btn !text-bg\"\n  data-target=\"#audio-4b7846879ff9f2ee30e90d22d71db038\">\n  <svg width=\"100%\" height=\"100%\" viewBox=\"0 0 36 36\" version=\"1.1\" xmlns=\"http:\/\/www.w3.org\/2000\/svg\" xmlns:xlink=\"http:\/\/www.w3.org\/1999\/xlink\">\n  <path id=\"ytp-12\" d=\"M11,10 L18,13.74 18,22.28 11,26 M18,13.74 L26,18 26,18 18,22.28\" fill=\"currentColor\">\n    <animate id=\"animation\" begin=\"indefinite\" attributeType=\"XML\" attributeName=\"d\" fill=\"freeze\" from=\"M11,10 L17,10 17,26 11,26 M20,10 L26,10 26,26 20,26\" to=\"M11,10 L18,13.74 18,22.28 11,26 M18,13.74 L26,18 26,18 18,22.28\" dur=\"0.1s\" keySplines=\".4 0 1 1\" repeatCount=\"1\" data-play=\"M11,10 L18,13.74 18,22.28 11,26 M18,13.74 L26,18 26,18 18,22.28\" data-pause=\"M11,10 L17,10 17,26 11,26 M20,10 L26,10 26,26 20,26\"><\/animate>\n  <\/path>\n<\/svg>\n<\/button>\n      <div class=\"text-sm total-time\"><\/div>\n    <\/div>\n  <\/div>\n        <div class=\"audio-content\" dir=\"ltr\">\n      <audio id=\"audio-4b7846879ff9f2ee30e90d22d71db038\" data-label=\"Descripci\u00f3n de la capilla\"\n        data-category=\"ST-SIL-LOC-3-ES.wav\" class=\"hidden\" controls\n        src=\"https:\/\/guides.muzee.it\/app\/uploads\/2025\/06\/ST-SIL-LOC-3-ES.wav\"><\/audio>\n      <div class=\"mt-2 transition-opacity opacity-0 meta\">\n        <div class=\"flex items-end\" style=\"gap: 16px;\">\n          <div class=\"flex-1\">\n            <progress class=\"w-full border-0 appearance-none\" value=\"0\" max=\"1\"><\/progress>\n            <div class=\"flex justify-between text-sm\">\n              <div class=\"current-time\"><\/div>\n              <div class=\"total-time\"><\/div>\n            <\/div>\n          <\/div>\n                  <\/div>\n      <\/div>\n    <\/div>\n        <div id=\"transcription-4b7846879ff9f2ee30e90d22d71db038\"\n  class=\"fixed inset-0 z-50 hidden w-screen h-screen opacity-0 pointer-events-none modal transcription\"\n  tabindex=\"-1\" role=\"dialog\">\n  <div class=\"absolute w-full h-full bg-black opacity-75 modal-overlay\"><\/div>\n  <div\n    class=\"absolute z-30 w-11\/12 mx-auto overflow-y-auto text-black bg-white shadow-lg modal-container center-xy md:max-w-4xl\"\n    role=\"document\">\n    <div class=\"flex items-center justify-between px-4 py-4 text-gray-700 border-b md:px-8\">\n      <h2 class=\"!mb-0 font-bold\">Transcripci\u00f3n<\/h2>\n      <div class=\"z-50 flex flex-col items-center ml-auto cursor-pointer rtl:ml-0 rtl:mr-auto modal-close\">\n        <svg class=\"w-auto h-6\" width=\"18\" height=\"23\" xmlns=\"http:\/\/www.w3.org\/2000\/svg\">\n  <g stroke=\"currentColor\" fill=\"none\" fill-rule=\"evenodd\" stroke-linecap=\"square\">\n    <path d=\"M.7248.974l16.1076 20.6167M16.655 1.2654L.9097 22.1601\" \/>\n  <\/g>\n<\/svg>        <div class=\"hidden\">Close<\/div>\n      <\/div>\n    <\/div>\n    <div class=\"px-4 py-8 overflow-y-auto max-h-modal md:px-8 modal-content\">\n      <div class=\"mb-6\">\n                      <h3 class=\"text-xl font-bold\">Descripci\u00f3n de la capilla<\/h3>\n                            <\/div>\n            <p>La capilla de San Silvestre hist\u00f3ricamente ya ra\u00edz de las excavaciones arqueol\u00f3gicas realizadas en 1991, se hab\u00eda considerado un edificio de origen prerrom\u00e1nico, en gran parte reconstruido durante la segunda mitad del siglo X y uno de los pocos vestigios arquitect\u00f3nicos de esta \u00e9poca en la comarca.<br \/>\nPero a ra\u00edz de la \u00faltima intervenci\u00f3n arqueol\u00f3gica en el a\u00f1o 2020 esta cronolog\u00eda ha variado. Se han descubierto nuevos indicios y pruebas que indicar\u00edan que probablemente podr\u00eda tratarse de una construcci\u00f3n con una cronolog\u00eda fuerza anterior, correspondiente a la \u00e9poca visigoda (siglos V-VI).<\/p>\n<p>Sea como sea, en \u00e9poca barroca, la capilla recibi\u00f3 importantes transformaciones arquitect\u00f3nicas y decorativas, que han proporcionado al edificio su configuraci\u00f3n y fisonom\u00eda actuales.<br \/>\nS\u00f3lo la estructura del \u00e1bside, junto con el basamento de los muros de la nave, se corresponder\u00edan con la fase primigenia de construcci\u00f3n (siglos V y VI). La b\u00f3veda de la nave (con el recrecimiento de los muros), la peque\u00f1a sacrist\u00eda situada en el lado sur del presbiterio y tambi\u00e9n la actual portada de acceso son resultado de la reforma barroca) realizada en 1793, como se indica en la dintel de la puerta).<\/p>\n<p>El hecho de situar los or\u00edgenes de la capilla de San Silvestre en la antig\u00fcedad tard\u00eda pone de relieve la gran trascendencia del monumento dentro del panorama hist\u00f3rico de la arquitectura tardo antigua y alto medieval en Catalu\u00f1a.<\/p>\n    <\/div>\n  <\/div>\n<\/div>\n    <\/div>\n\n\n<div class=\"element gallery-block\">\n          <div class=\"relative overflow-hidden gallery swiper-container\">\n      <div class=\"swiper-wrapper\">\n                  <figure class=\"mb-0 swiper-slide\">\n            <img loading=\"lazy\" decoding=\"async\" width=\"1440\" height=\"1080\" src=\"https:\/\/guides.muzee.it\/app\/uploads\/2025\/06\/IMG_3932.jpg\" class=\"block mx-auto\" alt=\"\" srcset=\"https:\/\/guides.muzee.it\/app\/uploads\/2025\/06\/IMG_3932.jpg 1440w, https:\/\/guides.muzee.it\/app\/uploads\/2025\/06\/IMG_3932-300x225.jpg 300w, https:\/\/guides.muzee.it\/app\/uploads\/2025\/06\/IMG_3932-1024x768.jpg 1024w, https:\/\/guides.muzee.it\/app\/uploads\/2025\/06\/IMG_3932-768x576.jpg 768w\" sizes=\"auto, (max-width: 1440px) 100vw, 1440px\" \/>\n                      <\/figure>\n                  <figure class=\"mb-0 swiper-slide\">\n            <img loading=\"lazy\" decoding=\"async\" width=\"1440\" height=\"1080\" src=\"https:\/\/guides.muzee.it\/app\/uploads\/2025\/06\/IMG_3935.jpg\" class=\"block mx-auto\" alt=\"\" srcset=\"https:\/\/guides.muzee.it\/app\/uploads\/2025\/06\/IMG_3935.jpg 1440w, https:\/\/guides.muzee.it\/app\/uploads\/2025\/06\/IMG_3935-300x225.jpg 300w, https:\/\/guides.muzee.it\/app\/uploads\/2025\/06\/IMG_3935-1024x768.jpg 1024w, https:\/\/guides.muzee.it\/app\/uploads\/2025\/06\/IMG_3935-768x576.jpg 768w\" sizes=\"auto, (max-width: 1440px) 100vw, 1440px\" \/>\n                      <\/figure>\n              <\/div>\n      <div class=\"inset-0 swiper-pagination w-fit\"><\/div>\n      <div class=\"swiper-button-prev\"><\/div>\n      <div class=\"swiper-button-next\"><\/div>\n    <\/div>\n  <\/div>\n\n\n<div class=\"element audio-block\">\n  <div class=\"flex items-center\">\n            <div class=\"flex-1 info\">\n              <h3 class=\"text-xl font-bold\">Evoluci\u00f3n arquitect\u00f3nica del edificio<\/h3>\n                          <div class=\"flex flex-wrap -mx-2 -mt-2\">\n                      <a href=\"#\" data-target=\"#transcription-d71fd215f06d3b133ef0c5d40819fe2e\" data-toggle=\"modal\"\n              class=\"px-2 text-sm border-0 text-accent\">\n              <svg width=\"11\" height=\"12\" class=\"inline-block mr-1 text-accent\"\n                xmlns=\"http:\/\/www.w3.org\/2000\/svg\">\n                <path d=\"M0 0h11v9H8.7642v2.8481L5.5 9H0z\" fill=\"currentColor\" fill-rule=\"evenodd\" \/>\n              <\/svg>\n              <span class=\"underline underline-offset\">Transcripci\u00f3n<\/span>\n            <\/a>\n                            <\/div>\n          <\/div>\n    <div class=\"flex flex-col items-center ml-4 audio-control rtl:ml-0 rtl:mr-4\">\n      <button class=\"flex items-center justify-center w-12 h-12 !p-0 !my-0 rounded-full btn !text-bg\"\n  data-target=\"#audio-d71fd215f06d3b133ef0c5d40819fe2e\">\n  <svg width=\"100%\" height=\"100%\" viewBox=\"0 0 36 36\" version=\"1.1\" xmlns=\"http:\/\/www.w3.org\/2000\/svg\" xmlns:xlink=\"http:\/\/www.w3.org\/1999\/xlink\">\n  <path id=\"ytp-12\" d=\"M11,10 L18,13.74 18,22.28 11,26 M18,13.74 L26,18 26,18 18,22.28\" fill=\"currentColor\">\n    <animate id=\"animation\" begin=\"indefinite\" attributeType=\"XML\" attributeName=\"d\" fill=\"freeze\" from=\"M11,10 L17,10 17,26 11,26 M20,10 L26,10 26,26 20,26\" to=\"M11,10 L18,13.74 18,22.28 11,26 M18,13.74 L26,18 26,18 18,22.28\" dur=\"0.1s\" keySplines=\".4 0 1 1\" repeatCount=\"1\" data-play=\"M11,10 L18,13.74 18,22.28 11,26 M18,13.74 L26,18 26,18 18,22.28\" data-pause=\"M11,10 L17,10 17,26 11,26 M20,10 L26,10 26,26 20,26\"><\/animate>\n  <\/path>\n<\/svg>\n<\/button>\n      <div class=\"text-sm total-time\"><\/div>\n    <\/div>\n  <\/div>\n        <div class=\"audio-content\" dir=\"ltr\">\n      <audio id=\"audio-d71fd215f06d3b133ef0c5d40819fe2e\" data-label=\"Evoluci\u00f3n arquitect\u00f3nica del edificio\"\n        data-category=\"ST-SIL-LOC-4-ES.wav\" class=\"hidden\" controls\n        src=\"https:\/\/guides.muzee.it\/app\/uploads\/2025\/06\/ST-SIL-LOC-4-ES.wav\"><\/audio>\n      <div class=\"mt-2 transition-opacity opacity-0 meta\">\n        <div class=\"flex items-end\" style=\"gap: 16px;\">\n          <div class=\"flex-1\">\n            <progress class=\"w-full border-0 appearance-none\" value=\"0\" max=\"1\"><\/progress>\n            <div class=\"flex justify-between text-sm\">\n              <div class=\"current-time\"><\/div>\n              <div class=\"total-time\"><\/div>\n            <\/div>\n          <\/div>\n                  <\/div>\n      <\/div>\n    <\/div>\n        <div id=\"transcription-d71fd215f06d3b133ef0c5d40819fe2e\"\n  class=\"fixed inset-0 z-50 hidden w-screen h-screen opacity-0 pointer-events-none modal transcription\"\n  tabindex=\"-1\" role=\"dialog\">\n  <div class=\"absolute w-full h-full bg-black opacity-75 modal-overlay\"><\/div>\n  <div\n    class=\"absolute z-30 w-11\/12 mx-auto overflow-y-auto text-black bg-white shadow-lg modal-container center-xy md:max-w-4xl\"\n    role=\"document\">\n    <div class=\"flex items-center justify-between px-4 py-4 text-gray-700 border-b md:px-8\">\n      <h2 class=\"!mb-0 font-bold\">Transcripci\u00f3n<\/h2>\n      <div class=\"z-50 flex flex-col items-center ml-auto cursor-pointer rtl:ml-0 rtl:mr-auto modal-close\">\n        <svg class=\"w-auto h-6\" width=\"18\" height=\"23\" xmlns=\"http:\/\/www.w3.org\/2000\/svg\">\n  <g stroke=\"currentColor\" fill=\"none\" fill-rule=\"evenodd\" stroke-linecap=\"square\">\n    <path d=\"M.7248.974l16.1076 20.6167M16.655 1.2654L.9097 22.1601\" \/>\n  <\/g>\n<\/svg>        <div class=\"hidden\">Close<\/div>\n      <\/div>\n    <\/div>\n    <div class=\"px-4 py-8 overflow-y-auto max-h-modal md:px-8 modal-content\">\n      <div class=\"mb-6\">\n                      <h3 class=\"text-xl font-bold\">Evoluci\u00f3n arquitect\u00f3nica del edificio<\/h3>\n                            <\/div>\n            <p>Despu\u00e9s de varias intervenciones arqueol\u00f3gicas realizadas en la capilla de San Silvestre de Vallirana se han podido establecer tres fases de la evoluci\u00f3n cronol\u00f3gica del edificio:<\/p>\n<p>La 1\u00aa FASE, que corresponder\u00eda al momento m\u00e1s antiguo del edificio que se ha podido documentar.<br \/>\nDe este periodo se han identificado los restos de un altar rectangular de 80 x 60 cm hecho con piedras medianas ligadas con argamasa de cal que estaba situado en el centro del \u00e1bside. Este altar llevaba asociado un pavimento de cal blanca en la parte anterior y tierra batida en la parte posterior que se asentaba sobre una preparaci\u00f3n o rudus formado por peque\u00f1os bloques de piedra irregulares (de unos 10 cm) relacionados con arcillas y que se apoyaban sobre el terreno geol\u00f3gico.<br \/>\nEn el \u00e1bside se han localizado varias capas de revestimientos superpuestos, fruto de las reformas decorativas que el edificio ha sufrido a lo largo de la historia. Destacan los revestimientos barrocos de los siglos XVII y XVIII, los morteros correspondientes al barroco tard\u00edo del siglo XIX y encalados del siglo XX).<br \/>\nEn el muro del \u00e1bside se conserva una taquilla o hornacina el vac\u00edo de planta semicircular para colocar una urna o escultura y que cumpl\u00eda una funci\u00f3n ornamental.<br \/>\nLa precariedad de construcci\u00f3n del \u00e1bside y el hecho de que no se ve ning\u00fan inicio de vuelta hace pensar que el techo originariamente deb\u00eda ir cubierto con madera.<\/p>\n<p>En el suelo de nave se han encontrado restos de rudus al mismo nivel de los que se han encontrado en la zona del altar que pondr\u00eda en evidencia que la nave y el presbiterio se encontraban en el mismo plano, sin desniveles entre ambos espacios.<br \/>\nEn la nave se han localizado algunos enterramientos de ni\u00f1os de corta edad ubicados cronol\u00f3gicamente entre los siglos X y XIII, al no encontrarse elementos de ajuar o de material arqueol\u00f3gico relacionados con la \u00e9poca de enterramiento se hace dif\u00edcil la precisi\u00f3n de su cronolog\u00eda exacta.<\/p>\n<p>En la 2\u00aa FASE, el altar central es amortizado y se construye uno nuevo al fondo del \u00e1bside. Se construyen escalones entre el \u00e1bside y la nave. El \u00e1bside va asociado a un pavimento de losas que durar\u00e1 hasta finales del siglo XVIII.<\/p>\n<p>La 3\u00aa FASE, corresponde a la gran reforma del a\u00f1o 1793, en la que se construye la sacrist\u00eda adosada que oblig\u00f3 a derribar parte del \u00e1bside y se ubica el altar en el l\u00edmite con la nave. El pavimento de losas es sustituido por un pavimento de baldosas. Tambi\u00e9n se construye una nueva cubierta con b\u00f3veda de lunetos y un nuevo portal adquiriendo el aspecto actual. Podemos ver la fecha de la gran reforma en el dintel de la puerta de entrada<\/p>\n    <\/div>\n  <\/div>\n<\/div>\n    <\/div>\n\n\n<div class=\"element video-block\">\n      <div class=\"flex mb-4\">\n            <div class=\"flex-1 info\">\n                  <h3 class=\"text-xl font-bold\">Interior de la Capilla de San Silvestre<\/h3>\n                      <\/div>\n    <\/div>\n          <div class=\"embed-responsive\"><iframe loading=\"lazy\" title=\"Interior Capella Sant Silvestre\" width=\"640\" height=\"360\" src=\"https:\/\/www.youtube.com\/embed\/zyGQ5-Lu1Xw?feature=oembed\" frameborder=\"0\" allow=\"accelerometer; autoplay; clipboard-write; encrypted-media; gyroscope; picture-in-picture; web-share\" referrerpolicy=\"strict-origin-when-cross-origin\" allowfullscreen><\/iframe><\/div>\n    \n<\/div>\n\n\n<div class=\"element audio-block\">\n  <div class=\"flex items-center\">\n            <div class=\"flex-1 info\">\n              <h3 class=\"text-xl font-bold\">\u00daltimas intervenciones arqueol\u00f3gicas<\/h3>\n                          <div class=\"flex flex-wrap -mx-2 -mt-2\">\n                      <a href=\"#\" data-target=\"#transcription-23652c79933a6591ce4a35a010038e95\" data-toggle=\"modal\"\n              class=\"px-2 text-sm border-0 text-accent\">\n              <svg width=\"11\" height=\"12\" class=\"inline-block mr-1 text-accent\"\n                xmlns=\"http:\/\/www.w3.org\/2000\/svg\">\n                <path d=\"M0 0h11v9H8.7642v2.8481L5.5 9H0z\" fill=\"currentColor\" fill-rule=\"evenodd\" \/>\n              <\/svg>\n              <span class=\"underline underline-offset\">Transcripci\u00f3n<\/span>\n            <\/a>\n                            <\/div>\n          <\/div>\n    <div class=\"flex flex-col items-center ml-4 audio-control rtl:ml-0 rtl:mr-4\">\n      <button class=\"flex items-center justify-center w-12 h-12 !p-0 !my-0 rounded-full btn !text-bg\"\n  data-target=\"#audio-23652c79933a6591ce4a35a010038e95\">\n  <svg width=\"100%\" height=\"100%\" viewBox=\"0 0 36 36\" version=\"1.1\" xmlns=\"http:\/\/www.w3.org\/2000\/svg\" xmlns:xlink=\"http:\/\/www.w3.org\/1999\/xlink\">\n  <path id=\"ytp-12\" d=\"M11,10 L18,13.74 18,22.28 11,26 M18,13.74 L26,18 26,18 18,22.28\" fill=\"currentColor\">\n    <animate id=\"animation\" begin=\"indefinite\" attributeType=\"XML\" attributeName=\"d\" fill=\"freeze\" from=\"M11,10 L17,10 17,26 11,26 M20,10 L26,10 26,26 20,26\" to=\"M11,10 L18,13.74 18,22.28 11,26 M18,13.74 L26,18 26,18 18,22.28\" dur=\"0.1s\" keySplines=\".4 0 1 1\" repeatCount=\"1\" data-play=\"M11,10 L18,13.74 18,22.28 11,26 M18,13.74 L26,18 26,18 18,22.28\" data-pause=\"M11,10 L17,10 17,26 11,26 M20,10 L26,10 26,26 20,26\"><\/animate>\n  <\/path>\n<\/svg>\n<\/button>\n      <div class=\"text-sm total-time\"><\/div>\n    <\/div>\n  <\/div>\n        <div class=\"audio-content\" dir=\"ltr\">\n      <audio id=\"audio-23652c79933a6591ce4a35a010038e95\" data-label=\"\u00daltimas intervenciones arqueol\u00f3gicas\"\n        data-category=\"ST-SIL-LOC-5-ES.wav\" class=\"hidden\" controls\n        src=\"https:\/\/guides.muzee.it\/app\/uploads\/2025\/06\/ST-SIL-LOC-5-ES.wav\"><\/audio>\n      <div class=\"mt-2 transition-opacity opacity-0 meta\">\n        <div class=\"flex items-end\" style=\"gap: 16px;\">\n          <div class=\"flex-1\">\n            <progress class=\"w-full border-0 appearance-none\" value=\"0\" max=\"1\"><\/progress>\n            <div class=\"flex justify-between text-sm\">\n              <div class=\"current-time\"><\/div>\n              <div class=\"total-time\"><\/div>\n            <\/div>\n          <\/div>\n                  <\/div>\n      <\/div>\n    <\/div>\n        <div id=\"transcription-23652c79933a6591ce4a35a010038e95\"\n  class=\"fixed inset-0 z-50 hidden w-screen h-screen opacity-0 pointer-events-none modal transcription\"\n  tabindex=\"-1\" role=\"dialog\">\n  <div class=\"absolute w-full h-full bg-black opacity-75 modal-overlay\"><\/div>\n  <div\n    class=\"absolute z-30 w-11\/12 mx-auto overflow-y-auto text-black bg-white shadow-lg modal-container center-xy md:max-w-4xl\"\n    role=\"document\">\n    <div class=\"flex items-center justify-between px-4 py-4 text-gray-700 border-b md:px-8\">\n      <h2 class=\"!mb-0 font-bold\">Transcripci\u00f3n<\/h2>\n      <div class=\"z-50 flex flex-col items-center ml-auto cursor-pointer rtl:ml-0 rtl:mr-auto modal-close\">\n        <svg class=\"w-auto h-6\" width=\"18\" height=\"23\" xmlns=\"http:\/\/www.w3.org\/2000\/svg\">\n  <g stroke=\"currentColor\" fill=\"none\" fill-rule=\"evenodd\" stroke-linecap=\"square\">\n    <path d=\"M.7248.974l16.1076 20.6167M16.655 1.2654L.9097 22.1601\" \/>\n  <\/g>\n<\/svg>        <div class=\"hidden\">Close<\/div>\n      <\/div>\n    <\/div>\n    <div class=\"px-4 py-8 overflow-y-auto max-h-modal md:px-8 modal-content\">\n      <div class=\"mb-6\">\n                      <h3 class=\"text-xl font-bold\">\u00daltimas intervenciones arqueol\u00f3gicas<\/h3>\n                            <\/div>\n            <p>Las \u00faltimas intervenciones arqueol\u00f3gicas (realizadas de 2018 a 2020) han hecho remontar los inicios de la construcci\u00f3n de la capilla hacia per\u00edodos m\u00e1s antiguos al del siglo X (hasta ahora documentado), situando sus or\u00edgenes concretamente en la \u00e9poca visigoda (siglos V -VI).<br \/>\nSe han encontrado varios indicadores o pruebas que evidenciar\u00edan este origen visig\u00f3tico:<\/p>\n<ol>\n<li>En primer lugar, se han identificado restos de muros de cimentaci\u00f3n por debajo de las actuales fachadas, concretamente en la zona del \u00e1bside, en la zona de la sacrist\u00eda y bajo una de las fachadas de la nave. Tambi\u00e9n se ha localizado la continuidad de uno de los muros hacia el exterior del edificio (Que puede ver en el exterior de la fachada sur de la nave).<br \/>\nLa disposici\u00f3n de estos restos de cimientos s\u00f3lo concuerdan en parte con la totalidad de los muros actuales de la capilla. Lo que indica que la capilla actual podr\u00eda haber sido construida encima de otro edificio original que actualmente se desconoce su volumen, extensi\u00f3n y funcionalidad.<\/li>\n<li>Tambi\u00e9n se ha localizado en la vertiente norte exterior del \u00e1bside una estructura funeraria de piedras rectangular de 2 m de largo, unos 70 como de ancho y unos 40 cm de profundidad con piedras planas en la base y que parece corresponder a una tumba singular.Esta estructura funeraria estaba encajada aprovechando los cimientos del edificio originario, por lo tanto este edificio originario ya estaba construido cuando encajaron el sepulcro.\n<p>En el interior del sepulcro se han encontrado los restos \u00f3seos de un individuo masculino de edad adulta. Seg\u00fan las anal\u00edticas de radiocarbono estos restos corresponder\u00edan a los siglos VI-VII y por lo tanto tambi\u00e9n lo ser\u00edan los cimientos del edificio originario.<\/li>\n<li>Por \u00faltimo, en el \u00e1bside se ha identificado una cruz incisa de gran rusticidad de la que cuelgan una letra alfa (y tambi\u00e9n colgar\u00eda una letra omega pero no se ha encontrado), esta iconograf\u00eda es de tipo paleocristiana y tambi\u00e9n en el mismo \u00e1bside se ha identificado una pintura roja, la m\u00e1s antigua que se conserva y que posiblemente se corresponder\u00eda al periodo visig\u00f3tico.<\/li>\n<\/ol>\n    <\/div>\n  <\/div>\n<\/div>\n    <\/div>\n\n\n<div class=\"element gallery-block\">\n          <div class=\"relative overflow-hidden gallery swiper-container\">\n      <div class=\"swiper-wrapper\">\n                  <figure class=\"mb-0 swiper-slide\">\n            <img loading=\"lazy\" decoding=\"async\" width=\"1620\" height=\"1080\" src=\"https:\/\/guides.muzee.it\/app\/uploads\/2025\/06\/SANT-SILVESTRE-8-2021.03-8-scaled-1.jpg\" class=\"block mx-auto\" alt=\"\" srcset=\"https:\/\/guides.muzee.it\/app\/uploads\/2025\/06\/SANT-SILVESTRE-8-2021.03-8-scaled-1.jpg 1620w, https:\/\/guides.muzee.it\/app\/uploads\/2025\/06\/SANT-SILVESTRE-8-2021.03-8-scaled-1-300x200.jpg 300w, https:\/\/guides.muzee.it\/app\/uploads\/2025\/06\/SANT-SILVESTRE-8-2021.03-8-scaled-1-1024x683.jpg 1024w, https:\/\/guides.muzee.it\/app\/uploads\/2025\/06\/SANT-SILVESTRE-8-2021.03-8-scaled-1-768x512.jpg 768w, https:\/\/guides.muzee.it\/app\/uploads\/2025\/06\/SANT-SILVESTRE-8-2021.03-8-scaled-1-1536x1024.jpg 1536w\" sizes=\"auto, (max-width: 1620px) 100vw, 1620px\" \/>\n                      <\/figure>\n                  <figure class=\"mb-0 swiper-slide\">\n            <img loading=\"lazy\" decoding=\"async\" width=\"1620\" height=\"1080\" src=\"https:\/\/guides.muzee.it\/app\/uploads\/2025\/06\/Sant-Silvestre-2020.11-3-scaled-1.jpg\" class=\"block mx-auto\" alt=\"\" srcset=\"https:\/\/guides.muzee.it\/app\/uploads\/2025\/06\/Sant-Silvestre-2020.11-3-scaled-1.jpg 1620w, https:\/\/guides.muzee.it\/app\/uploads\/2025\/06\/Sant-Silvestre-2020.11-3-scaled-1-300x200.jpg 300w, https:\/\/guides.muzee.it\/app\/uploads\/2025\/06\/Sant-Silvestre-2020.11-3-scaled-1-1024x683.jpg 1024w, https:\/\/guides.muzee.it\/app\/uploads\/2025\/06\/Sant-Silvestre-2020.11-3-scaled-1-768x512.jpg 768w, https:\/\/guides.muzee.it\/app\/uploads\/2025\/06\/Sant-Silvestre-2020.11-3-scaled-1-1536x1024.jpg 1536w\" sizes=\"auto, (max-width: 1620px) 100vw, 1620px\" \/>\n                      <\/figure>\n                  <figure class=\"mb-0 swiper-slide\">\n            <img loading=\"lazy\" decoding=\"async\" width=\"1620\" height=\"1080\" src=\"https:\/\/guides.muzee.it\/app\/uploads\/2025\/06\/Sant-Silvestre-2021.03-6-scaled-1.jpg\" class=\"block mx-auto\" alt=\"\" srcset=\"https:\/\/guides.muzee.it\/app\/uploads\/2025\/06\/Sant-Silvestre-2021.03-6-scaled-1.jpg 1620w, https:\/\/guides.muzee.it\/app\/uploads\/2025\/06\/Sant-Silvestre-2021.03-6-scaled-1-300x200.jpg 300w, https:\/\/guides.muzee.it\/app\/uploads\/2025\/06\/Sant-Silvestre-2021.03-6-scaled-1-1024x683.jpg 1024w, https:\/\/guides.muzee.it\/app\/uploads\/2025\/06\/Sant-Silvestre-2021.03-6-scaled-1-768x512.jpg 768w, https:\/\/guides.muzee.it\/app\/uploads\/2025\/06\/Sant-Silvestre-2021.03-6-scaled-1-1536x1024.jpg 1536w\" sizes=\"auto, (max-width: 1620px) 100vw, 1620px\" \/>\n                      <\/figure>\n              <\/div>\n      <div class=\"inset-0 swiper-pagination w-fit\"><\/div>\n      <div class=\"swiper-button-prev\"><\/div>\n      <div class=\"swiper-button-next\"><\/div>\n    <\/div>\n  <\/div>\n\n\n<div class=\"element audio-block\">\n  <div class=\"flex items-center\">\n            <div class=\"flex-1 info\">\n              <h3 class=\"text-xl font-bold\">La capilla de San Silvestre y la sede actual valor hist\u00f3rico<\/h3>\n                          <div class=\"flex flex-wrap -mx-2 -mt-2\">\n                      <a href=\"#\" data-target=\"#transcription-f616096d543285f9084196b24f91ba92\" data-toggle=\"modal\"\n              class=\"px-2 text-sm border-0 text-accent\">\n              <svg width=\"11\" height=\"12\" class=\"inline-block mr-1 text-accent\"\n                xmlns=\"http:\/\/www.w3.org\/2000\/svg\">\n                <path d=\"M0 0h11v9H8.7642v2.8481L5.5 9H0z\" fill=\"currentColor\" fill-rule=\"evenodd\" \/>\n              <\/svg>\n              <span class=\"underline underline-offset\">Transcripci\u00f3n<\/span>\n            <\/a>\n                            <\/div>\n          <\/div>\n    <div class=\"flex flex-col items-center ml-4 audio-control rtl:ml-0 rtl:mr-4\">\n      <button class=\"flex items-center justify-center w-12 h-12 !p-0 !my-0 rounded-full btn !text-bg\"\n  data-target=\"#audio-f616096d543285f9084196b24f91ba92\">\n  <svg width=\"100%\" height=\"100%\" viewBox=\"0 0 36 36\" version=\"1.1\" xmlns=\"http:\/\/www.w3.org\/2000\/svg\" xmlns:xlink=\"http:\/\/www.w3.org\/1999\/xlink\">\n  <path id=\"ytp-12\" d=\"M11,10 L18,13.74 18,22.28 11,26 M18,13.74 L26,18 26,18 18,22.28\" fill=\"currentColor\">\n    <animate id=\"animation\" begin=\"indefinite\" attributeType=\"XML\" attributeName=\"d\" fill=\"freeze\" from=\"M11,10 L17,10 17,26 11,26 M20,10 L26,10 26,26 20,26\" to=\"M11,10 L18,13.74 18,22.28 11,26 M18,13.74 L26,18 26,18 18,22.28\" dur=\"0.1s\" keySplines=\".4 0 1 1\" repeatCount=\"1\" data-play=\"M11,10 L18,13.74 18,22.28 11,26 M18,13.74 L26,18 26,18 18,22.28\" data-pause=\"M11,10 L17,10 17,26 11,26 M20,10 L26,10 26,26 20,26\"><\/animate>\n  <\/path>\n<\/svg>\n<\/button>\n      <div class=\"text-sm total-time\"><\/div>\n    <\/div>\n  <\/div>\n        <div class=\"audio-content\" dir=\"ltr\">\n      <audio id=\"audio-f616096d543285f9084196b24f91ba92\" data-label=\"La capilla de San Silvestre y la sede actual valor hist\u00f3rico\"\n        data-category=\"ST-SIL-LOC-6-ES.wav\" class=\"hidden\" controls\n        src=\"https:\/\/guides.muzee.it\/app\/uploads\/2025\/06\/ST-SIL-LOC-6-ES.wav\"><\/audio>\n      <div class=\"mt-2 transition-opacity opacity-0 meta\">\n        <div class=\"flex items-end\" style=\"gap: 16px;\">\n          <div class=\"flex-1\">\n            <progress class=\"w-full border-0 appearance-none\" value=\"0\" max=\"1\"><\/progress>\n            <div class=\"flex justify-between text-sm\">\n              <div class=\"current-time\"><\/div>\n              <div class=\"total-time\"><\/div>\n            <\/div>\n          <\/div>\n                  <\/div>\n      <\/div>\n    <\/div>\n        <div id=\"transcription-f616096d543285f9084196b24f91ba92\"\n  class=\"fixed inset-0 z-50 hidden w-screen h-screen opacity-0 pointer-events-none modal transcription\"\n  tabindex=\"-1\" role=\"dialog\">\n  <div class=\"absolute w-full h-full bg-black opacity-75 modal-overlay\"><\/div>\n  <div\n    class=\"absolute z-30 w-11\/12 mx-auto overflow-y-auto text-black bg-white shadow-lg modal-container center-xy md:max-w-4xl\"\n    role=\"document\">\n    <div class=\"flex items-center justify-between px-4 py-4 text-gray-700 border-b md:px-8\">\n      <h2 class=\"!mb-0 font-bold\">Transcripci\u00f3n<\/h2>\n      <div class=\"z-50 flex flex-col items-center ml-auto cursor-pointer rtl:ml-0 rtl:mr-auto modal-close\">\n        <svg class=\"w-auto h-6\" width=\"18\" height=\"23\" xmlns=\"http:\/\/www.w3.org\/2000\/svg\">\n  <g stroke=\"currentColor\" fill=\"none\" fill-rule=\"evenodd\" stroke-linecap=\"square\">\n    <path d=\"M.7248.974l16.1076 20.6167M16.655 1.2654L.9097 22.1601\" \/>\n  <\/g>\n<\/svg>        <div class=\"hidden\">Close<\/div>\n      <\/div>\n    <\/div>\n    <div class=\"px-4 py-8 overflow-y-auto max-h-modal md:px-8 modal-content\">\n      <div class=\"mb-6\">\n                      <h3 class=\"text-xl font-bold\">La capilla de San Silvestre y la sede actual valor hist\u00f3rico<\/h3>\n                            <\/div>\n            <p>La identificaci\u00f3n de la cruz incisa en el \u00e1bside como elemento decorativo, el descubrimiento del monumento funerario as\u00ed como la dataci\u00f3n cient\u00edfica de sus restos \u00f3seos sit\u00faan la construcci\u00f3n originaria de la capilla de San Silvestre en el siglo VI, pasando a considerarse un ejemplo extraordinario de la antig\u00fcedad tard\u00eda en Catalu\u00f1a que le otorga un alto valor hist\u00f3rico, cultural y patrimonial.<\/p>\n<p>Cabe decir que las intervenciones arqueol\u00f3gicas en torno a la capilla de San Silvestre no han finalizado ya que hay indicios de que en torno a la capilla, en concreto a gran explanada que se encuentra justo delante podr\u00eda haber restos arqueol\u00f3gicos quiz\u00e1s de restos de un poblado todo lo apuntan los resultados de una prospecci\u00f3n con georadar y la misteriosa falta de vegetaci\u00f3n, pero de momento son hip\u00f3tesis que habr\u00e1 que contrastar para que aporten m\u00e1s datos en referencia al contexto hist\u00f3rico y antropol\u00f3gico de la capilla de San Silvestre de Vallirana.<\/p>\n    <\/div>\n  <\/div>\n<\/div>\n    <\/div>\n\n\n<div class=\"element image-block\">\n          <figure class=\"mb-0\">\n      <img loading=\"lazy\" decoding=\"async\" width=\"1620\" height=\"1080\" src=\"https:\/\/guides.muzee.it\/app\/uploads\/2025\/06\/Sant-Silvestre-2020.11-5-scaled-1.jpg\" class=\"block mx-auto\" alt=\"\" srcset=\"https:\/\/guides.muzee.it\/app\/uploads\/2025\/06\/Sant-Silvestre-2020.11-5-scaled-1.jpg 1620w, https:\/\/guides.muzee.it\/app\/uploads\/2025\/06\/Sant-Silvestre-2020.11-5-scaled-1-300x200.jpg 300w, https:\/\/guides.muzee.it\/app\/uploads\/2025\/06\/Sant-Silvestre-2020.11-5-scaled-1-1024x683.jpg 1024w, https:\/\/guides.muzee.it\/app\/uploads\/2025\/06\/Sant-Silvestre-2020.11-5-scaled-1-768x512.jpg 768w, https:\/\/guides.muzee.it\/app\/uploads\/2025\/06\/Sant-Silvestre-2020.11-5-scaled-1-1536x1024.jpg 1536w\" sizes=\"auto, (max-width: 1620px) 100vw, 1620px\" \/>\n          <\/figure>\n    \n<\/div>\n\n\n<div class=\"element video-block\">\n      <div class=\"flex mb-4\">\n            <div class=\"flex-1 info\">\n                  <h3 class=\"text-xl font-bold\">Una panor\u00e1mica<\/h3>\n                      <\/div>\n    <\/div>\n          <div class=\"embed-responsive\"><iframe loading=\"lazy\" title=\"Capella Sant Silvestre\" width=\"640\" height=\"360\" src=\"https:\/\/www.youtube.com\/embed\/a2ti8To0nUU?feature=oembed\" frameborder=\"0\" allow=\"accelerometer; autoplay; clipboard-write; encrypted-media; gyroscope; picture-in-picture; web-share\" referrerpolicy=\"strict-origin-when-cross-origin\" allowfullscreen><\/iframe><\/div>\n    \n<\/div>\n\n<\/div>\n          <\/div>\n      <\/section>\n\n\n<section class=\"section  section-collapsible  mb-8\"\n    id=\"section-69f3adb7c1917\" data-title=\"El roble centenario de San Silvestre\">\n              <div role=\"button\" class=\"cursor-pointer\" tabindex=\"0\" data-toggle=\"collapse\"\n        data-target=\"#section-block_4744d991a28efb4426a26321f559f1e4-content\" data-group=\"sections\"\n        aria-controls=\"section-block_4744d991a28efb4426a26321f559f1e4-content\" aria-expanded=\"false\">\n              <h2 class=\"flex items-baseline text-3xl leading-tight font-headings !mb-0 pb-2\">\n                  <i class=\"mr-4 rtl:mr-0 rtl:ml-4 text-accent\">\n            <svg width=\"22\" height=\"21\" viewBox=\"0 0 22 21\" xmlns=\"http:\/\/www.w3.org\/2000\/svg\"><path d=\"M9.6875.5v15.2123l-7.337-6.9876L.5 10.5l10.5 10 10.5-10-1.8504-1.7623-7.3371 6.9746V.5z\" fill=\"currentColor\" fill-rule=\"nonzero\"\/><\/svg>\n          <\/i>\n                El roble centenario de San Silvestre\n      <\/h2>\n              <img loading=\"lazy\" decoding=\"async\" width=\"800\" height=\"600\" src=\"https:\/\/guides.muzee.it\/app\/uploads\/2025\/06\/BrowserPreview_tmp-2-1.jpg\" class=\"attachment-full size-full\" alt=\"\" srcset=\"https:\/\/guides.muzee.it\/app\/uploads\/2025\/06\/BrowserPreview_tmp-2-1.jpg 800w, https:\/\/guides.muzee.it\/app\/uploads\/2025\/06\/BrowserPreview_tmp-2-1-300x225.jpg 300w, https:\/\/guides.muzee.it\/app\/uploads\/2025\/06\/BrowserPreview_tmp-2-1-768x576.jpg 768w\" sizes=\"auto, (max-width: 800px) 100vw, 800px\" \/>\n              <\/div>\n                  <div id=\"section-block_4744d991a28efb4426a26321f559f1e4-content\"\n        class=\"overflow-hidden transition-[max-height] duration-300 max-h-0 collapse-flexible\">\n        \n    <div class=\"acf-innerblocks-container\">\n<div class=\"element image-block\">\n          <figure class=\"mb-0\">\n      <img loading=\"lazy\" decoding=\"async\" width=\"353\" height=\"475\" src=\"https:\/\/guides.muzee.it\/app\/uploads\/2025\/06\/Roure-sSilvestre.jpg\" class=\"block mx-auto\" alt=\"\" srcset=\"https:\/\/guides.muzee.it\/app\/uploads\/2025\/06\/Roure-sSilvestre.jpg 353w, https:\/\/guides.muzee.it\/app\/uploads\/2025\/06\/Roure-sSilvestre-223x300.jpg 223w\" sizes=\"auto, (max-width: 353px) 100vw, 353px\" \/>\n              <figcaption class=\"mt-2 text-sm\">Fuente: Centre Excursionista de Vallirana<\/figcaption>\n          <\/figure>\n    \n<\/div>\n\n\n<div class=\"element text-block\">\n        <div class=\"mb-4 prose\">\n      <p>Esta cepa pertenece al roble centenario de San Silvestre, un \u00e1rbol monumental de inter\u00e9s local que se convirti\u00f3 en un referente para los valliranenses hasta su muerte a ra\u00edz del temporal de viento de 2009.<\/p>\n<p>La cepa nos recuerda al roble como centinela del paso del tiempo. Sus anillos de crecimiento son testigo, y tambi\u00e9n lo son de las condiciones clim\u00e1ticas o perturbaciones que vivi\u00f3 durante su vida.<\/p>\n\n    <\/div>\n  <\/div>\n\n\n<div class=\"element gallery-block\">\n          <div class=\"relative overflow-hidden gallery swiper-container\">\n      <div class=\"swiper-wrapper\">\n                  <figure class=\"mb-0 swiper-slide\">\n            <img loading=\"lazy\" decoding=\"async\" width=\"1440\" height=\"1080\" src=\"https:\/\/guides.muzee.it\/app\/uploads\/2025\/06\/rouree-scaled-1.jpg\" class=\"block mx-auto\" alt=\"\" srcset=\"https:\/\/guides.muzee.it\/app\/uploads\/2025\/06\/rouree-scaled-1.jpg 1440w, https:\/\/guides.muzee.it\/app\/uploads\/2025\/06\/rouree-scaled-1-300x225.jpg 300w, https:\/\/guides.muzee.it\/app\/uploads\/2025\/06\/rouree-scaled-1-1024x768.jpg 1024w, https:\/\/guides.muzee.it\/app\/uploads\/2025\/06\/rouree-scaled-1-768x576.jpg 768w\" sizes=\"auto, (max-width: 1440px) 100vw, 1440px\" \/>\n                          <figcaption class=\"mt-2 text-sm\">Fuente: Centre Excursionista de Vallirana<\/figcaption>\n                      <\/figure>\n                  <figure class=\"mb-0 swiper-slide\">\n            <img loading=\"lazy\" decoding=\"async\" width=\"1280\" height=\"960\" src=\"https:\/\/guides.muzee.it\/app\/uploads\/2025\/06\/roure-distancia.jpg\" class=\"block mx-auto\" alt=\"\" srcset=\"https:\/\/guides.muzee.it\/app\/uploads\/2025\/06\/roure-distancia.jpg 1280w, https:\/\/guides.muzee.it\/app\/uploads\/2025\/06\/roure-distancia-300x225.jpg 300w, https:\/\/guides.muzee.it\/app\/uploads\/2025\/06\/roure-distancia-1024x768.jpg 1024w, https:\/\/guides.muzee.it\/app\/uploads\/2025\/06\/roure-distancia-768x576.jpg 768w\" sizes=\"auto, (max-width: 1280px) 100vw, 1280px\" \/>\n                          <figcaption class=\"mt-2 text-sm\">Fuente: Centre Excursionista de Vallirana<\/figcaption>\n                      <\/figure>\n                  <figure class=\"mb-0 swiper-slide\">\n            <img loading=\"lazy\" decoding=\"async\" width=\"1092\" height=\"1080\" src=\"https:\/\/guides.muzee.it\/app\/uploads\/2025\/06\/Roure-distancia-2.jpg\" class=\"block mx-auto\" alt=\"\" srcset=\"https:\/\/guides.muzee.it\/app\/uploads\/2025\/06\/Roure-distancia-2.jpg 1092w, https:\/\/guides.muzee.it\/app\/uploads\/2025\/06\/Roure-distancia-2-300x297.jpg 300w, https:\/\/guides.muzee.it\/app\/uploads\/2025\/06\/Roure-distancia-2-1024x1013.jpg 1024w, https:\/\/guides.muzee.it\/app\/uploads\/2025\/06\/Roure-distancia-2-768x760.jpg 768w\" sizes=\"auto, (max-width: 1092px) 100vw, 1092px\" \/>\n                          <figcaption class=\"mt-2 text-sm\">Fuente: Centre Excursionista de Vallirana<\/figcaption>\n                      <\/figure>\n              <\/div>\n      <div class=\"inset-0 swiper-pagination w-fit\"><\/div>\n      <div class=\"swiper-button-prev\"><\/div>\n      <div class=\"swiper-button-next\"><\/div>\n    <\/div>\n  <\/div>\n\n<\/div>\n          <\/div>\n      <\/section>\n","protected":false},"author":9,"featured_media":0,"parent":0,"template":"","class_list":["post-7109","guide","type-guide","status-publish","hentry"],"acf":[],"yoast_head":"<!-- This site is optimized with the Yoast SEO plugin v27.3 - https:\/\/yoast.com\/product\/yoast-seo-wordpress\/ -->\n<title>La Capilla de San Silvestre - Muzee<\/title>\n<meta name=\"robots\" content=\"noindex, follow, max-snippet:-1, max-image-preview:large, max-video-preview:-1\" \/>\n<meta property=\"og:locale\" content=\"es_ES\" \/>\n<meta property=\"og:type\" content=\"article\" \/>\n<meta property=\"og:title\" content=\"La Capilla de San Silvestre - Muzee\" \/>\n<meta property=\"og:url\" content=\"https:\/\/guides.muzee.it\/es\/vallirana\/guide\/sant-silvestre-chapel\/\" \/>\n<meta property=\"og:site_name\" content=\"Muzee\" \/>\n<meta property=\"article:modified_time\" content=\"2025-11-11T08:11:03+00:00\" \/>\n<meta name=\"twitter:card\" content=\"summary_large_image\" \/>\n<meta name=\"twitter:label1\" content=\"Est. reading time\" \/>\n\t<meta name=\"twitter:data1\" content=\"13 minutes\" \/>\n<script type=\"application\/ld+json\" class=\"yoast-schema-graph\">{\"@context\":\"https:\\\/\\\/schema.org\",\"@graph\":[{\"@type\":\"WebPage\",\"@id\":\"https:\\\/\\\/guides.muzee.it\\\/es\\\/vallirana\\\/guide\\\/sant-silvestre-chapel\\\/\",\"url\":\"https:\\\/\\\/guides.muzee.it\\\/es\\\/vallirana\\\/guide\\\/sant-silvestre-chapel\\\/\",\"name\":\"La Capilla de San Silvestre - Muzee\",\"isPartOf\":{\"@id\":\"https:\\\/\\\/guides.muzee.it\\\/es\\\/#website\"},\"datePublished\":\"2025-06-17T13:54:59+00:00\",\"dateModified\":\"2025-11-11T08:11:03+00:00\",\"breadcrumb\":{\"@id\":\"https:\\\/\\\/guides.muzee.it\\\/es\\\/vallirana\\\/guide\\\/sant-silvestre-chapel\\\/#breadcrumb\"},\"inLanguage\":\"es-ES\",\"potentialAction\":[{\"@type\":\"ReadAction\",\"target\":[\"https:\\\/\\\/guides.muzee.it\\\/es\\\/vallirana\\\/guide\\\/sant-silvestre-chapel\\\/\"]}]},{\"@type\":\"BreadcrumbList\",\"@id\":\"https:\\\/\\\/guides.muzee.it\\\/es\\\/vallirana\\\/guide\\\/sant-silvestre-chapel\\\/#breadcrumb\",\"itemListElement\":[{\"@type\":\"ListItem\",\"position\":1,\"name\":\"Home\",\"item\":\"https:\\\/\\\/guides.muzee.it\\\/es\\\/\"},{\"@type\":\"ListItem\",\"position\":2,\"name\":\"La Capilla de San Silvestre\"}]},{\"@type\":\"WebSite\",\"@id\":\"https:\\\/\\\/guides.muzee.it\\\/es\\\/#website\",\"url\":\"https:\\\/\\\/guides.muzee.it\\\/es\\\/\",\"name\":\"Muzee\",\"description\":\"\",\"potentialAction\":[{\"@type\":\"SearchAction\",\"target\":{\"@type\":\"EntryPoint\",\"urlTemplate\":\"https:\\\/\\\/guides.muzee.it\\\/es\\\/?s={search_term_string}\"},\"query-input\":{\"@type\":\"PropertyValueSpecification\",\"valueRequired\":true,\"valueName\":\"search_term_string\"}}],\"inLanguage\":\"es-ES\"}]}<\/script>\n<!-- \/ Yoast SEO plugin. -->","yoast_head_json":{"title":"La Capilla de San Silvestre - Muzee","robots":{"index":"noindex","follow":"follow","max-snippet":"max-snippet:-1","max-image-preview":"max-image-preview:large","max-video-preview":"max-video-preview:-1"},"og_locale":"es_ES","og_type":"article","og_title":"La Capilla de San Silvestre - Muzee","og_url":"https:\/\/guides.muzee.it\/es\/vallirana\/guide\/sant-silvestre-chapel\/","og_site_name":"Muzee","article_modified_time":"2025-11-11T08:11:03+00:00","twitter_card":"summary_large_image","twitter_misc":{"Est. reading time":"13 minutes"},"schema":{"@context":"https:\/\/schema.org","@graph":[{"@type":"WebPage","@id":"https:\/\/guides.muzee.it\/es\/vallirana\/guide\/sant-silvestre-chapel\/","url":"https:\/\/guides.muzee.it\/es\/vallirana\/guide\/sant-silvestre-chapel\/","name":"La Capilla de San Silvestre - Muzee","isPartOf":{"@id":"https:\/\/guides.muzee.it\/es\/#website"},"datePublished":"2025-06-17T13:54:59+00:00","dateModified":"2025-11-11T08:11:03+00:00","breadcrumb":{"@id":"https:\/\/guides.muzee.it\/es\/vallirana\/guide\/sant-silvestre-chapel\/#breadcrumb"},"inLanguage":"es-ES","potentialAction":[{"@type":"ReadAction","target":["https:\/\/guides.muzee.it\/es\/vallirana\/guide\/sant-silvestre-chapel\/"]}]},{"@type":"BreadcrumbList","@id":"https:\/\/guides.muzee.it\/es\/vallirana\/guide\/sant-silvestre-chapel\/#breadcrumb","itemListElement":[{"@type":"ListItem","position":1,"name":"Home","item":"https:\/\/guides.muzee.it\/es\/"},{"@type":"ListItem","position":2,"name":"La Capilla de San Silvestre"}]},{"@type":"WebSite","@id":"https:\/\/guides.muzee.it\/es\/#website","url":"https:\/\/guides.muzee.it\/es\/","name":"Muzee","description":"","potentialAction":[{"@type":"SearchAction","target":{"@type":"EntryPoint","urlTemplate":"https:\/\/guides.muzee.it\/es\/?s={search_term_string}"},"query-input":{"@type":"PropertyValueSpecification","valueRequired":true,"valueName":"search_term_string"}}],"inLanguage":"es-ES"}]}},"_links":{"self":[{"href":"https:\/\/guides.muzee.it\/es\/wp-json\/wp\/v2\/guide\/7109","targetHints":{"allow":["GET"]}}],"collection":[{"href":"https:\/\/guides.muzee.it\/es\/wp-json\/wp\/v2\/guide"}],"about":[{"href":"https:\/\/guides.muzee.it\/es\/wp-json\/wp\/v2\/types\/guide"}],"author":[{"embeddable":true,"href":"https:\/\/guides.muzee.it\/es\/wp-json\/wp\/v2\/users\/9"}],"wp:attachment":[{"href":"https:\/\/guides.muzee.it\/es\/wp-json\/wp\/v2\/media?parent=7109"}],"curies":[{"name":"wp","href":"https:\/\/api.w.org\/{rel}","templated":true}]}}